{"version":"1.0","provider_name":"Organisator","provider_url":"https:\/\/www.organisator.ch\/de","title":"Herausforderung Sonderabfall - Organisator","type":"rich","width":600,"height":338,"html":"<blockquote class=\"wp-embedded-content\" data-secret=\"Uwz6BHyjIe\"><a href=\"https:\/\/www.organisator.ch\/de\/sustainability\/2021-07-02\/herausforderung-sonderabfall\/\">Herausforderung Sonderabfall<\/a><\/blockquote><iframe sandbox=\"allow-scripts\" security=\"restricted\" src=\"https:\/\/www.organisator.ch\/de\/sustainability\/2021-07-02\/herausforderung-sonderabfall\/embed\/#?secret=Uwz6BHyjIe\" width=\"600\" height=\"338\" title=\"&#8222;Herausforderung Sonderabfall&#8220; &#8211; Organisator\" data-secret=\"Uwz6BHyjIe\" frameborder=\"0\" marginwidth=\"0\" marginheight=\"0\" scrolling=\"no\" class=\"wp-embedded-content\"><\/iframe><script>\n\/*! This file is auto-generated *\/\n!function(d,l){\"use strict\";l.querySelector&&d.addEventListener&&\"undefined\"!=typeof URL&&(d.wp=d.wp||{},d.wp.receiveEmbedMessage||(d.wp.receiveEmbedMessage=function(e){var t=e.data;if((t||t.secret||t.message||t.value)&&!\/[^a-zA-Z0-9]\/.test(t.secret)){for(var s,r,n,a=l.querySelectorAll('iframe[data-secret=\"'+t.secret+'\"]'),o=l.querySelectorAll('blockquote[data-secret=\"'+t.secret+'\"]'),c=new RegExp(\"^https?:$\",\"i\"),i=0;i<o.length;i++)o[i].style.display=\"none\";for(i=0;i<a.length;i++)s=a[i],e.source===s.contentWindow&&(s.removeAttribute(\"style\"),\"height\"===t.message?(1e3<(r=parseInt(t.value,10))?r=1e3:~~r<200&&(r=200),s.height=r):\"link\"===t.message&&(r=new URL(s.getAttribute(\"src\")),n=new URL(t.value),c.test(n.protocol))&&n.host===r.host&&l.activeElement===s&&(d.top.location.href=t.value))}},d.addEventListener(\"message\",d.wp.receiveEmbedMessage,!1),l.addEventListener(\"DOMContentLoaded\",function(){for(var e,t,s=l.querySelectorAll(\"iframe.wp-embedded-content\"),r=0;r<s.length;r++)(t=(e=s[r]).getAttribute(\"data-secret\"))||(t=Math.random().toString(36).substring(2,12),e.src+=\"#?secret=\"+t,e.setAttribute(\"data-secret\",t)),e.contentWindow.postMessage({message:\"ready\",secret:t},\"*\")},!1)))}(window,document);\n\/\/# sourceURL=https:\/\/www.organisator.ch\/wp-includes\/js\/wp-embed.min.js\n<\/script>\n","thumbnail_url":"https:\/\/www.organisator.ch\/wp-content\/uploads\/2021\/07\/Depositphotos_257660642_s-2019.jpg","thumbnail_width":1000,"thumbnail_height":667,"description":"Knapp hundert Interessierte besuchten Anfang Juni den 18. Schweizer Sonderabfalltag in Olten. \u00dcber den virtuellen Weg kamen f\u00fcnfzig weitere Personen hinzu, welche Informationen gewinnen und ihre Fragen stellen konnten. Die Hybridveranstaltung wurde auch zum zweiten Mal f\u00fcr die franz\u00f6sischsprachigen Kollegen simultan \u00fcbersetzt. Praxis und Vollzug Die komplexen Zusammenh\u00e4nge zwischen Abfall- und Gefahrgutrecht sind im Alltag [&hellip;]"}