{"id":13646,"date":"2022-06-07T08:54:26","date_gmt":"2022-06-07T06:54:26","guid":{"rendered":"https:\/\/www.organisator.ch\/?post_type=product&#038;p=13646"},"modified":"2022-06-07T08:54:49","modified_gmt":"2022-06-07T06:54:49","slug":"organisator-ausgabe-1-1976","status":"publish","type":"product","link":"https:\/\/www.organisator.ch\/de\/produkt\/organisator-ausgabe-1-1976\/","title":{"rendered":"Organisator Ausgabe 1\/1976"},"content":{"rendered":"<h2>Grundwissen und Kommentare<\/h2>\n<ul>\n<li>Verhalten in der Krise (3): Angebot spezialisieren<\/li>\n<li>Arbeitszeitverk\u00fcrzung wieder im Gespr\u00e4ch<\/li>\n<li>Auf in die Winterferien<\/li>\n<li>Voraussetzungen einer gerechten Leistungsbeurteilung<\/li>\n<li>Rechtsprechung (Rubrik)<\/li>\n<li>Checkiist: Termingerechte Beschaffung<\/li>\n<li>Rationelie Postabfertigung (1): Zur Organisation des Postdienstes<\/li>\n<li>Kontakte<\/li>\n<\/ul>\n<h2>Lesekonzentrate und st\u00e4ndige Rubriken<\/h2>\n<ul>\n<li>Aufstiegsneurosen<\/li>\n<li>Nuklearenergie und Europ\u00e4ische Gemeinschaft<\/li>\n<li>Europas Freiheit auf dem Pr\u00fcfstand<\/li>\n<li>Seibst\u00e4ndigkeit erhalten!<\/li>\n<li>Rund um das Sicherheitsproblem<\/li>\n<li>Fitness f\u00fcr Manager und Mitarbeiter<\/li>\n<li>F\u00fchren Sie verst\u00e4ndnisvoli?<\/li>\n<li>Neue F\u00fchrungssysteme auch einf\u00fchren<\/li>\n<li>Zur Bedeutung der m\u00fcndlichen Kommunikation in der Unternehmung<\/li>\n<li>Warenbezeichnung und Waren verkehrsbescheinigung<\/li>\n<li>Zur Stellung des Controllers<\/li>\n<li>Psychologische Aspekte der Revisionst\u00e4tigkeit<\/li>\n<li>Zur \u00dcberwachung der Durchf\u00fchrung von Revisionsvorschi\u00e4gen<\/li>\n<li>Notwendigkeit und M\u00f6glichkeiten der Pr\u00fcfung von EDV-Programmen<\/li>\n<li>Neue elektronische \u201eRevolution&#8220;?<\/li>\n<li>Literatur-Hinweise<\/li>\n<li>Kurse und Tagungen<\/li>\n<li>Ausstellungen<\/li>\n<li>EDV<\/li>\n<li>Tarantel: Der Gleitegeier<\/li>\n<\/ul>\n<h2>Spezialteil f\u00fcr Handel, Gewerbe und Dienstleistungsbetriebe<\/h2>\n<ul>\n<li>ERFA-Gruppen: Ausweg aus der \u00dcberforderung?<\/li>\n<li>Hersteller-Marketing besser ausn\u00fctzenl<\/li>\n<li>Catalog Showroom \u2014 nicht aus den Augen iassen!<\/li>\n<li>\u201eZ&#8217;Oeriike gits aiies!&#8220;<\/li>\n<li>Wegwerf Packungen unter Beschuss<\/li>\n<li>Leistung und psychische Gesundheit<\/li>\n<li>Der Einzelhandel im ersten Halbjahr 1975<\/li>\n<li>\u201eIch habe keine Zeit&#8220;<\/li>\n<li>Die Frau als Konsumentin<\/li>\n<li>Demn\u00e4chst im ORGANISATOR<\/li>\n<\/ul>\n<h2>Spezialteil f\u00fcr die Industrie<\/h2>\n<ul>\n<li>Gesucht: Kompass f\u00fcr den Strukturwandel<\/li>\n<li>Der \u201eAufh\u00e4nger&#8220; im Verkaufsgespr\u00e4ch<\/li>\n<li>Dualit\u00e4t statt Quantit\u00e4t in der Information<\/li>\n<li>Sekret\u00e4rin \u2014 ein Beruf f\u00fcrs Leben?<\/li>\n<li>F\u00fchrungsprobieme f\u00fcr Abteiiungsleiter (am Beispiel des EDV-Managers)<\/li>\n<li>Die grosse Versuchung des Kieincomputers<\/li>\n<li>Demn\u00e4chst im ORGANISATOR<\/li>\n<\/ul>\n","protected":false},"excerpt":{"rendered":"<p>Erhalte die deutschsprachige Fachzeitschrift \u00aborganisator\u00bb in der Ausgabe 1\/1976 als PDF-Download mit nachfolgendem Inhaltsverzeichnis:<\/p>\n","protected":false},"featured_media":13648,"template":"","meta":{"_acf_changed":false,"articlekey":""},"product_brand":[],"product_cat":[546],"product_tag":[2919],"class_list":{"0":"post-13646","1":"product","2":"type-product","3":"status-publish","4":"has-post-thumbnail","6":"product_cat-einzelausgaben","7":"product_tag-2919","9":"first","10":"instock","11":"downloadable","12":"virtual","13":"taxable","14":"purchasable","15":"product-type-simple"},"acf":[],"yoast_head":"<!-- This site is optimized with the Yoast SEO plugin v27.5 - https:\/\/yoast.com\/product\/yoast-seo-wordpress\/ -->\n<title>Organisator Ausgabe 1\/1976 - Organisator<\/title>\n<meta name=\"description\" content=\"Erhalte die deutschsprachige Fachzeitschrift \u00aborganisator\u00bb in der Ausgabe 1\/1976 als PDF-Download mit nachfolgendem Inhaltsverzeichnis:\" \/>\n<meta name=\"robots\" content=\"index, follow, max-snippet:-1, max-image-preview:large, max-video-preview:-1\" \/>\n<link rel=\"canonical\" href=\"https:\/\/www.organisator.ch\/de\/produkt\/organisator-ausgabe-1-1976\/\" \/>\n<meta property=\"og:locale\" content=\"de_DE\" \/>\n<meta property=\"og:type\" content=\"article\" \/>\n<meta property=\"og:title\" content=\"Organisator Ausgabe 1\/1976 - Organisator\" \/>\n<meta property=\"og:description\" content=\"Erhalte die deutschsprachige Fachzeitschrift \u00aborganisator\u00bb in der Ausgabe 1\/1976 als PDF-Download mit nachfolgendem Inhaltsverzeichnis:\" \/>\n<meta property=\"og:url\" content=\"https:\/\/www.organisator.ch\/de\/produkt\/organisator-ausgabe-1-1976\/\" \/>\n<meta property=\"og:site_name\" content=\"Organisator\" \/>\n<meta property=\"article:publisher\" content=\"https:\/\/www.facebook.com\/OrganisatorFachmagazin\" \/>\n<meta property=\"article:modified_time\" content=\"2022-06-07T06:54:49+00:00\" \/>\n<meta property=\"og:image\" content=\"https:\/\/www.organisator.ch\/wp-content\/uploads\/2022\/06\/organisator_1976_1.png\" \/>\n\t<meta property=\"og:image:width\" content=\"654\" \/>\n\t<meta property=\"og:image:height\" content=\"370\" \/>\n\t<meta property=\"og:image:type\" content=\"image\/png\" \/>\n<meta name=\"twitter:card\" content=\"summary_large_image\" \/>\n<script type=\"application\/ld+json\" class=\"yoast-schema-graph\">{\"@context\":\"https:\\\/\\\/schema.org\",\"@graph\":[{\"@type\":\"WebPage\",\"@id\":\"https:\\\/\\\/www.organisator.ch\\\/de\\\/produkt\\\/organisator-ausgabe-1-1976\\\/\",\"url\":\"https:\\\/\\\/www.organisator.ch\\\/de\\\/produkt\\\/organisator-ausgabe-1-1976\\\/\",\"name\":\"Organisator Ausgabe 1\\\/1976 - Organisator\",\"isPartOf\":{\"@id\":\"https:\\\/\\\/www.organisator.ch\\\/#website\"},\"primaryImageOfPage\":{\"@id\":\"https:\\\/\\\/www.organisator.ch\\\/de\\\/produkt\\\/organisator-ausgabe-1-1976\\\/#primaryimage\"},\"image\":{\"@id\":\"https:\\\/\\\/www.organisator.ch\\\/de\\\/produkt\\\/organisator-ausgabe-1-1976\\\/#primaryimage\"},\"thumbnailUrl\":\"https:\\\/\\\/www.organisator.ch\\\/wp-content\\\/uploads\\\/2022\\\/06\\\/organisator_1976_1.png\",\"datePublished\":\"2022-06-07T06:54:26+00:00\",\"dateModified\":\"2022-06-07T06:54:49+00:00\",\"description\":\"Erhalte die deutschsprachige Fachzeitschrift \u00aborganisator\u00bb in der Ausgabe 1\\\/1976 als PDF-Download mit nachfolgendem Inhaltsverzeichnis:\",\"breadcrumb\":{\"@id\":\"https:\\\/\\\/www.organisator.ch\\\/de\\\/produkt\\\/organisator-ausgabe-1-1976\\\/#breadcrumb\"},\"inLanguage\":\"de\",\"potentialAction\":[{\"@type\":\"ReadAction\",\"target\":[\"https:\\\/\\\/www.organisator.ch\\\/de\\\/produkt\\\/organisator-ausgabe-1-1976\\\/\"]}]},{\"@type\":\"ImageObject\",\"inLanguage\":\"de\",\"@id\":\"https:\\\/\\\/www.organisator.ch\\\/de\\\/produkt\\\/organisator-ausgabe-1-1976\\\/#primaryimage\",\"url\":\"https:\\\/\\\/www.organisator.ch\\\/wp-content\\\/uploads\\\/2022\\\/06\\\/organisator_1976_1.png\",\"contentUrl\":\"https:\\\/\\\/www.organisator.ch\\\/wp-content\\\/uploads\\\/2022\\\/06\\\/organisator_1976_1.png\",\"width\":654,\"height\":370},{\"@type\":\"BreadcrumbList\",\"@id\":\"https:\\\/\\\/www.organisator.ch\\\/de\\\/produkt\\\/organisator-ausgabe-1-1976\\\/#breadcrumb\",\"itemListElement\":[{\"@type\":\"ListItem\",\"position\":1,\"name\":\"Home\",\"item\":\"https:\\\/\\\/www.organisator.ch\\\/\"},{\"@type\":\"ListItem\",\"position\":2,\"name\":\"Shop\",\"item\":\"https:\\\/\\\/www.organisator.ch\\\/fr\\\/shop\\\/\"},{\"@type\":\"ListItem\",\"position\":3,\"name\":\"Organisator Ausgabe 1\\\/1976\"}]},{\"@type\":\"WebSite\",\"@id\":\"https:\\\/\\\/www.organisator.ch\\\/#website\",\"url\":\"https:\\\/\\\/www.organisator.ch\\\/\",\"name\":\"Organisator\",\"description\":\"Kompetent. Praxisnah. Der ORGANISATOR bereitet in 10 Ausgaben pro Jahr die wesentlichen Themen f\u00fcr F\u00fchrungskr\u00e4fte von KMU auf.\",\"publisher\":{\"@id\":\"https:\\\/\\\/www.organisator.ch\\\/#organization\"},\"potentialAction\":[{\"@type\":\"SearchAction\",\"target\":{\"@type\":\"EntryPoint\",\"urlTemplate\":\"https:\\\/\\\/www.organisator.ch\\\/?s={search_term_string}\"},\"query-input\":{\"@type\":\"PropertyValueSpecification\",\"valueRequired\":true,\"valueName\":\"search_term_string\"}}],\"inLanguage\":\"de\"},{\"@type\":\"Organization\",\"@id\":\"https:\\\/\\\/www.organisator.ch\\\/#organization\",\"name\":\"Organisator\",\"url\":\"https:\\\/\\\/www.organisator.ch\\\/\",\"logo\":{\"@type\":\"ImageObject\",\"inLanguage\":\"de\",\"@id\":\"https:\\\/\\\/www.organisator.ch\\\/#\\\/schema\\\/logo\\\/image\\\/\",\"url\":\"https:\\\/\\\/www.organisator.ch\\\/wp-content\\\/uploads\\\/2022\\\/01\\\/Logo_Organisator_Website.png\",\"contentUrl\":\"https:\\\/\\\/www.organisator.ch\\\/wp-content\\\/uploads\\\/2022\\\/01\\\/Logo_Organisator_Website.png\",\"width\":800,\"height\":77,\"caption\":\"Organisator\"},\"image\":{\"@id\":\"https:\\\/\\\/www.organisator.ch\\\/#\\\/schema\\\/logo\\\/image\\\/\"},\"sameAs\":[\"https:\\\/\\\/www.facebook.com\\\/OrganisatorFachmagazin\",\"https:\\\/\\\/www.linkedin.com\\\/showcase\\\/organisator-das-magazin-fr-kmu\",\"https:\\\/\\\/www.xing.com\\\/news\\\/pages\\\/organisator-ch-695\",\"https:\\\/\\\/www.youtube.com\\\/channel\\\/UCGP2Sq0iWaZwT3BdIAQFYpw\"]}]}<\/script>\n<!-- \/ Yoast SEO plugin. -->","yoast_head_json":{"title":"Organisator Ausgabe 1\/1976 - Organisator","description":"Erhalte die deutschsprachige Fachzeitschrift \u00aborganisator\u00bb in der Ausgabe 1\/1976 als PDF-Download mit nachfolgendem Inhaltsverzeichnis:","robots":{"index":"index","follow":"follow","max-snippet":"max-snippet:-1","max-image-preview":"max-image-preview:large","max-video-preview":"max-video-preview:-1"},"canonical":"https:\/\/www.organisator.ch\/de\/produkt\/organisator-ausgabe-1-1976\/","og_locale":"de_DE","og_type":"article","og_title":"Organisator Ausgabe 1\/1976 - Organisator","og_description":"Erhalte die deutschsprachige Fachzeitschrift \u00aborganisator\u00bb in der Ausgabe 1\/1976 als PDF-Download mit nachfolgendem Inhaltsverzeichnis:","og_url":"https:\/\/www.organisator.ch\/de\/produkt\/organisator-ausgabe-1-1976\/","og_site_name":"Organisator","article_publisher":"https:\/\/www.facebook.com\/OrganisatorFachmagazin","article_modified_time":"2022-06-07T06:54:49+00:00","og_image":[{"width":654,"height":370,"url":"https:\/\/www.organisator.ch\/wp-content\/uploads\/2022\/06\/organisator_1976_1.png","type":"image\/png"}],"twitter_card":"summary_large_image","schema":{"@context":"https:\/\/schema.org","@graph":[{"@type":"WebPage","@id":"https:\/\/www.organisator.ch\/de\/produkt\/organisator-ausgabe-1-1976\/","url":"https:\/\/www.organisator.ch\/de\/produkt\/organisator-ausgabe-1-1976\/","name":"Organisator Ausgabe 1\/1976 - Organisator","isPartOf":{"@id":"https:\/\/www.organisator.ch\/#website"},"primaryImageOfPage":{"@id":"https:\/\/www.organisator.ch\/de\/produkt\/organisator-ausgabe-1-1976\/#primaryimage"},"image":{"@id":"https:\/\/www.organisator.ch\/de\/produkt\/organisator-ausgabe-1-1976\/#primaryimage"},"thumbnailUrl":"https:\/\/www.organisator.ch\/wp-content\/uploads\/2022\/06\/organisator_1976_1.png","datePublished":"2022-06-07T06:54:26+00:00","dateModified":"2022-06-07T06:54:49+00:00","description":"Erhalte die deutschsprachige Fachzeitschrift \u00aborganisator\u00bb in der Ausgabe 1\/1976 als PDF-Download mit nachfolgendem Inhaltsverzeichnis:","breadcrumb":{"@id":"https:\/\/www.organisator.ch\/de\/produkt\/organisator-ausgabe-1-1976\/#breadcrumb"},"inLanguage":"de","potentialAction":[{"@type":"ReadAction","target":["https:\/\/www.organisator.ch\/de\/produkt\/organisator-ausgabe-1-1976\/"]}]},{"@type":"ImageObject","inLanguage":"de","@id":"https:\/\/www.organisator.ch\/de\/produkt\/organisator-ausgabe-1-1976\/#primaryimage","url":"https:\/\/www.organisator.ch\/wp-content\/uploads\/2022\/06\/organisator_1976_1.png","contentUrl":"https:\/\/www.organisator.ch\/wp-content\/uploads\/2022\/06\/organisator_1976_1.png","width":654,"height":370},{"@type":"BreadcrumbList","@id":"https:\/\/www.organisator.ch\/de\/produkt\/organisator-ausgabe-1-1976\/#breadcrumb","itemListElement":[{"@type":"ListItem","position":1,"name":"Home","item":"https:\/\/www.organisator.ch\/"},{"@type":"ListItem","position":2,"name":"Shop","item":"https:\/\/www.organisator.ch\/fr\/shop\/"},{"@type":"ListItem","position":3,"name":"Organisator Ausgabe 1\/1976"}]},{"@type":"WebSite","@id":"https:\/\/www.organisator.ch\/#website","url":"https:\/\/www.organisator.ch\/","name":"Organisator","description":"Kompetent. Praxisnah. Der ORGANISATOR bereitet in 10 Ausgaben pro Jahr die wesentlichen Themen f\u00fcr F\u00fchrungskr\u00e4fte von KMU auf.","publisher":{"@id":"https:\/\/www.organisator.ch\/#organization"},"potentialAction":[{"@type":"SearchAction","target":{"@type":"EntryPoint","urlTemplate":"https:\/\/www.organisator.ch\/?s={search_term_string}"},"query-input":{"@type":"PropertyValueSpecification","valueRequired":true,"valueName":"search_term_string"}}],"inLanguage":"de"},{"@type":"Organization","@id":"https:\/\/www.organisator.ch\/#organization","name":"Organisator","url":"https:\/\/www.organisator.ch\/","logo":{"@type":"ImageObject","inLanguage":"de","@id":"https:\/\/www.organisator.ch\/#\/schema\/logo\/image\/","url":"https:\/\/www.organisator.ch\/wp-content\/uploads\/2022\/01\/Logo_Organisator_Website.png","contentUrl":"https:\/\/www.organisator.ch\/wp-content\/uploads\/2022\/01\/Logo_Organisator_Website.png","width":800,"height":77,"caption":"Organisator"},"image":{"@id":"https:\/\/www.organisator.ch\/#\/schema\/logo\/image\/"},"sameAs":["https:\/\/www.facebook.com\/OrganisatorFachmagazin","https:\/\/www.linkedin.com\/showcase\/organisator-das-magazin-fr-kmu","https:\/\/www.xing.com\/news\/pages\/organisator-ch-695","https:\/\/www.youtube.com\/channel\/UCGP2Sq0iWaZwT3BdIAQFYpw"]}]}},"_links":{"self":[{"href":"https:\/\/www.organisator.ch\/de\/wp-json\/wp\/v2\/product\/13646","targetHints":{"allow":["GET"]}}],"collection":[{"href":"https:\/\/www.organisator.ch\/de\/wp-json\/wp\/v2\/product"}],"about":[{"href":"https:\/\/www.organisator.ch\/de\/wp-json\/wp\/v2\/types\/product"}],"wp:featuredmedia":[{"embeddable":true,"href":"https:\/\/www.organisator.ch\/de\/wp-json\/wp\/v2\/media\/13648"}],"wp:attachment":[{"href":"https:\/\/www.organisator.ch\/de\/wp-json\/wp\/v2\/media?parent=13646"}],"wp:term":[{"taxonomy":"product_brand","embeddable":true,"href":"https:\/\/www.organisator.ch\/de\/wp-json\/wp\/v2\/product_brand?post=13646"},{"taxonomy":"product_cat","embeddable":true,"href":"https:\/\/www.organisator.ch\/de\/wp-json\/wp\/v2\/product_cat?post=13646"},{"taxonomy":"product_tag","embeddable":true,"href":"https:\/\/www.organisator.ch\/de\/wp-json\/wp\/v2\/product_tag?post=13646"}],"curies":[{"name":"wp","href":"https:\/\/api.w.org\/{rel}","templated":true}]}}