{"id":14697,"date":"2022-06-14T14:35:46","date_gmt":"2022-06-14T12:35:46","guid":{"rendered":"https:\/\/www.organisator.ch\/?post_type=product&#038;p=14697"},"modified":"2022-06-14T14:35:47","modified_gmt":"2022-06-14T12:35:47","slug":"organisator-ausgabe-6-1992","status":"publish","type":"product","link":"https:\/\/www.organisator.ch\/de\/produkt\/organisator-ausgabe-6-1992\/","title":{"rendered":"Organisator Ausgabe 6\/1992"},"content":{"rendered":"<h2>Ab sofort bestimmen Sie mit!<\/h2>\n<p>Wir gr\u00fcnden das \u00abOrganisator-Parlament\u00bb und geben damit unseren Lesern eine wirklich funktionierende Plattform f\u00fcr die Meinungs\u00e4usserung. Gesucht sind 150 \u00abParlamentarier\/innen\u00bb<\/p>\n<p>&nbsp;<\/p>\n<h2>Titelstory \u00fcber Imaka<\/h2>\n<p>Die Akad-Gruppe ist klarer Branchenf\u00fchrer der privaten Aus- und Weiterbildnerim deutschsprachigen Raum, Die Akad-Schwester Imaka feiert ihr 25-Jahr-Jubil\u00e4um. Grund genug, da mal hinter die bisher so sorgf\u00e4ltig zugezogenen Vorh\u00e4nge zu gucken.<br \/>\nDer Beitrag enth\u00e4lt eine Checkiiste f\u00fcr die k\u00fchle Planung und den konse quenten Ausbau ihrer Karriere.<\/p>\n<p>&nbsp;<\/p>\n<h2>Wer wann wie wo. Warum?<\/h2>\n<p>Die Schweizer sind fahrl\u00e4ssig. Die NCR gibt sich gute Noten. Die Aicatei macht nebenbei einen 4,8 Mia-Deai.<br \/>\nWalter Reist vetrteiit die Jobs neu. Bei IBM sind jetzt alle Generaldirektor. Per Tandem mit Ida gegen Asyianten-Pendenzen. Und mehr.<\/p>\n<p>&nbsp;<\/p>\n<h2>Die Trends<\/h2>\n<p>Die ETH hat sie erfasst, Josef Marthaier kommentiert: G\u00fcnstige Aussichten f\u00fcr den Export; Besch\u00e4ftigungsiage dank \u00f6ffentlichen Bauvorhaben nicht so flach.Aber sonst eher mie.s wie bis anbin.<\/p>\n<p>&nbsp;<\/p>\n<h2>Praktische Neuheiten<\/h2>\n<p>Die im Organisator vorgestellten Neuheiten m\u00fcssen immer mehrere Voraussetzungen erf\u00fcllen: Sie m\u00fcssen klare Vorteile<br \/>\nbieten, ein attraktives Angebot (Preis und\/oder Originalit\u00e4t) darstellen und genau auf die Organisator-Leserschaft<br \/>\nzuge.schnitten sein. Pr\u00fcfen Sie bitte, ob das zutrifft.<\/p>\n<h2>Computer-Quizfrage<\/h2>\n<ul>\n<li>Jetzt gehen sie mit allen Mittein auf uns los und erwarten, dass wir gleich wieder einkaufen: Das neue OS\/2 von IBM<br \/>\ntritt gegen Marktbeherrscher Microsoft mit Windows an. Damit Sie damit keine Probleme haben, geben wir Ihnen<br \/>\ng\u00fcltige Antworten.<\/li>\n<li>Was gibt es an der diesj\u00e4hrigen Logic zu sehen? Was wird aus der Logic?<\/li>\n<\/ul>\n<p>&nbsp;<\/p>\n<h2>Kader-\u00dcberlebenshilfe<\/h2>\n<p>Die schiechte Besch\u00e4ftigungsiage macht auch Kaderieuten mehr und mehr zu schaffen. Outpiacement-Speziaiist<br \/>\nJ\u00fcrg Oppliger gibt einen \u00dcberblick und konkrete Tips.<\/p>\n<h2>\nInformatik-Ausbildung<\/h2>\n<p>Beim Planen der EDV-Ausbildung ihrer Mitarbeiter dient ihnen das haibj\u00e4hriich im Organisator eingeheftete \u00abInformatik-Kursbuch\u00bb mit den namentlichsten Schulen, in den Portr\u00e4ts finden Sie Ihren idealen Ausbiidungspartner.<\/p>\n<h2>\nGeistige Fitness<\/h2>\n<p>Lassen Sie die Muskeln mal Muskeln und das B\u00e4uchiein Bauch sein. Ihr Kopf hat ebenso Anspruch auf Durchl\u00fcftung.Denksport entspannt, trainiert die grauen Zeilen und ist wetterunabh\u00e4ngig. Probieren Sie&#8217;s aus &#8211; diesmal mit einem Kreuzwortr\u00e4tsel.<\/p>\n<h2>\nNeu im Organisator: Der Fach- und Serviceteil \u00abzum Anfassen\u00bb!<\/h2>\n<ul>\n<li>F\u00fcr Organisationsfachieute: Neu ab dieser Ausgabe: Die Fachseiten der SGO.<\/li>\n<li>Seiten unserer Verb\u00e4nde<\/li>\n<li>F\u00fcr Sie handverie.sene Seminare<\/li>\n<li>F\u00fcr Sie seiektionierte B\u00fccher<\/li>\n<li>Der neue Club, in dem Sie bereits Mitglied sind: Fr heisst \u00abc\/o\u00bb<\/li>\n<\/ul>\n","protected":false},"excerpt":{"rendered":"<p>Erhalte die deutschsprachige Fachzeitschrift \u00aborganisator\u00bb in der Ausgabe 6\/1992 als PDF-Download mit nachfolgendem Inhaltsverzeichnis:<\/p>\n","protected":false},"featured_media":14700,"template":"","meta":{"_acf_changed":false,"articlekey":""},"product_brand":[],"product_cat":[546],"product_tag":[2955],"class_list":{"0":"post-14697","1":"product","2":"type-product","3":"status-publish","4":"has-post-thumbnail","6":"product_cat-einzelausgaben","7":"product_tag-2955","9":"first","10":"instock","11":"downloadable","12":"virtual","13":"taxable","14":"purchasable","15":"product-type-simple"},"acf":[],"yoast_head":"<!-- This site is optimized with the Yoast SEO plugin v27.5 - https:\/\/yoast.com\/product\/yoast-seo-wordpress\/ -->\n<title>Organisator Ausgabe 6\/1992 - Organisator<\/title>\n<meta name=\"description\" content=\"Erhalte die deutschsprachige Fachzeitschrift \u00aborganisator\u00bb in der Ausgabe 6\/1992 als PDF-Download mit nachfolgendem Inhaltsverzeichnis:\" \/>\n<meta name=\"robots\" content=\"index, follow, max-snippet:-1, max-image-preview:large, max-video-preview:-1\" \/>\n<link rel=\"canonical\" href=\"https:\/\/www.organisator.ch\/de\/produkt\/organisator-ausgabe-6-1992\/\" \/>\n<meta property=\"og:locale\" content=\"de_DE\" \/>\n<meta property=\"og:type\" content=\"article\" \/>\n<meta property=\"og:title\" content=\"Organisator Ausgabe 6\/1992 - Organisator\" \/>\n<meta property=\"og:description\" content=\"Erhalte die deutschsprachige Fachzeitschrift \u00aborganisator\u00bb in der Ausgabe 6\/1992 als PDF-Download mit nachfolgendem Inhaltsverzeichnis:\" \/>\n<meta property=\"og:url\" content=\"https:\/\/www.organisator.ch\/de\/produkt\/organisator-ausgabe-6-1992\/\" \/>\n<meta property=\"og:site_name\" content=\"Organisator\" \/>\n<meta property=\"article:publisher\" content=\"https:\/\/www.facebook.com\/OrganisatorFachmagazin\" \/>\n<meta property=\"article:modified_time\" content=\"2022-06-14T12:35:47+00:00\" \/>\n<meta property=\"og:image\" content=\"https:\/\/www.organisator.ch\/wp-content\/uploads\/2022\/06\/organisator_1992_6.png\" \/>\n\t<meta property=\"og:image:width\" content=\"654\" \/>\n\t<meta property=\"og:image:height\" content=\"370\" \/>\n\t<meta property=\"og:image:type\" content=\"image\/png\" \/>\n<meta name=\"twitter:card\" content=\"summary_large_image\" \/>\n<script type=\"application\/ld+json\" class=\"yoast-schema-graph\">{\"@context\":\"https:\\\/\\\/schema.org\",\"@graph\":[{\"@type\":\"WebPage\",\"@id\":\"https:\\\/\\\/www.organisator.ch\\\/de\\\/produkt\\\/organisator-ausgabe-6-1992\\\/\",\"url\":\"https:\\\/\\\/www.organisator.ch\\\/de\\\/produkt\\\/organisator-ausgabe-6-1992\\\/\",\"name\":\"Organisator Ausgabe 6\\\/1992 - Organisator\",\"isPartOf\":{\"@id\":\"https:\\\/\\\/www.organisator.ch\\\/#website\"},\"primaryImageOfPage\":{\"@id\":\"https:\\\/\\\/www.organisator.ch\\\/de\\\/produkt\\\/organisator-ausgabe-6-1992\\\/#primaryimage\"},\"image\":{\"@id\":\"https:\\\/\\\/www.organisator.ch\\\/de\\\/produkt\\\/organisator-ausgabe-6-1992\\\/#primaryimage\"},\"thumbnailUrl\":\"https:\\\/\\\/www.organisator.ch\\\/wp-content\\\/uploads\\\/2022\\\/06\\\/organisator_1992_6.png\",\"datePublished\":\"2022-06-14T12:35:46+00:00\",\"dateModified\":\"2022-06-14T12:35:47+00:00\",\"description\":\"Erhalte die deutschsprachige Fachzeitschrift \u00aborganisator\u00bb in der Ausgabe 6\\\/1992 als PDF-Download mit nachfolgendem Inhaltsverzeichnis:\",\"breadcrumb\":{\"@id\":\"https:\\\/\\\/www.organisator.ch\\\/de\\\/produkt\\\/organisator-ausgabe-6-1992\\\/#breadcrumb\"},\"inLanguage\":\"de\",\"potentialAction\":[{\"@type\":\"ReadAction\",\"target\":[\"https:\\\/\\\/www.organisator.ch\\\/de\\\/produkt\\\/organisator-ausgabe-6-1992\\\/\"]}]},{\"@type\":\"ImageObject\",\"inLanguage\":\"de\",\"@id\":\"https:\\\/\\\/www.organisator.ch\\\/de\\\/produkt\\\/organisator-ausgabe-6-1992\\\/#primaryimage\",\"url\":\"https:\\\/\\\/www.organisator.ch\\\/wp-content\\\/uploads\\\/2022\\\/06\\\/organisator_1992_6.png\",\"contentUrl\":\"https:\\\/\\\/www.organisator.ch\\\/wp-content\\\/uploads\\\/2022\\\/06\\\/organisator_1992_6.png\",\"width\":654,\"height\":370},{\"@type\":\"BreadcrumbList\",\"@id\":\"https:\\\/\\\/www.organisator.ch\\\/de\\\/produkt\\\/organisator-ausgabe-6-1992\\\/#breadcrumb\",\"itemListElement\":[{\"@type\":\"ListItem\",\"position\":1,\"name\":\"Home\",\"item\":\"https:\\\/\\\/www.organisator.ch\\\/\"},{\"@type\":\"ListItem\",\"position\":2,\"name\":\"Shop\",\"item\":\"https:\\\/\\\/www.organisator.ch\\\/fr\\\/shop\\\/\"},{\"@type\":\"ListItem\",\"position\":3,\"name\":\"Organisator Ausgabe 6\\\/1992\"}]},{\"@type\":\"WebSite\",\"@id\":\"https:\\\/\\\/www.organisator.ch\\\/#website\",\"url\":\"https:\\\/\\\/www.organisator.ch\\\/\",\"name\":\"Organisator\",\"description\":\"Kompetent. Praxisnah. Der ORGANISATOR bereitet in 10 Ausgaben pro Jahr die wesentlichen Themen f\u00fcr F\u00fchrungskr\u00e4fte von KMU auf.\",\"publisher\":{\"@id\":\"https:\\\/\\\/www.organisator.ch\\\/#organization\"},\"potentialAction\":[{\"@type\":\"SearchAction\",\"target\":{\"@type\":\"EntryPoint\",\"urlTemplate\":\"https:\\\/\\\/www.organisator.ch\\\/?s={search_term_string}\"},\"query-input\":{\"@type\":\"PropertyValueSpecification\",\"valueRequired\":true,\"valueName\":\"search_term_string\"}}],\"inLanguage\":\"de\"},{\"@type\":\"Organization\",\"@id\":\"https:\\\/\\\/www.organisator.ch\\\/#organization\",\"name\":\"Organisator\",\"url\":\"https:\\\/\\\/www.organisator.ch\\\/\",\"logo\":{\"@type\":\"ImageObject\",\"inLanguage\":\"de\",\"@id\":\"https:\\\/\\\/www.organisator.ch\\\/#\\\/schema\\\/logo\\\/image\\\/\",\"url\":\"https:\\\/\\\/www.organisator.ch\\\/wp-content\\\/uploads\\\/2022\\\/01\\\/Logo_Organisator_Website.png\",\"contentUrl\":\"https:\\\/\\\/www.organisator.ch\\\/wp-content\\\/uploads\\\/2022\\\/01\\\/Logo_Organisator_Website.png\",\"width\":800,\"height\":77,\"caption\":\"Organisator\"},\"image\":{\"@id\":\"https:\\\/\\\/www.organisator.ch\\\/#\\\/schema\\\/logo\\\/image\\\/\"},\"sameAs\":[\"https:\\\/\\\/www.facebook.com\\\/OrganisatorFachmagazin\",\"https:\\\/\\\/www.linkedin.com\\\/showcase\\\/organisator-das-magazin-fr-kmu\",\"https:\\\/\\\/www.xing.com\\\/news\\\/pages\\\/organisator-ch-695\",\"https:\\\/\\\/www.youtube.com\\\/channel\\\/UCGP2Sq0iWaZwT3BdIAQFYpw\"]}]}<\/script>\n<!-- \/ Yoast SEO plugin. -->","yoast_head_json":{"title":"Organisator Ausgabe 6\/1992 - Organisator","description":"Erhalte die deutschsprachige Fachzeitschrift \u00aborganisator\u00bb in der Ausgabe 6\/1992 als PDF-Download mit nachfolgendem Inhaltsverzeichnis:","robots":{"index":"index","follow":"follow","max-snippet":"max-snippet:-1","max-image-preview":"max-image-preview:large","max-video-preview":"max-video-preview:-1"},"canonical":"https:\/\/www.organisator.ch\/de\/produkt\/organisator-ausgabe-6-1992\/","og_locale":"de_DE","og_type":"article","og_title":"Organisator Ausgabe 6\/1992 - Organisator","og_description":"Erhalte die deutschsprachige Fachzeitschrift \u00aborganisator\u00bb in der Ausgabe 6\/1992 als PDF-Download mit nachfolgendem Inhaltsverzeichnis:","og_url":"https:\/\/www.organisator.ch\/de\/produkt\/organisator-ausgabe-6-1992\/","og_site_name":"Organisator","article_publisher":"https:\/\/www.facebook.com\/OrganisatorFachmagazin","article_modified_time":"2022-06-14T12:35:47+00:00","og_image":[{"width":654,"height":370,"url":"https:\/\/www.organisator.ch\/wp-content\/uploads\/2022\/06\/organisator_1992_6.png","type":"image\/png"}],"twitter_card":"summary_large_image","schema":{"@context":"https:\/\/schema.org","@graph":[{"@type":"WebPage","@id":"https:\/\/www.organisator.ch\/de\/produkt\/organisator-ausgabe-6-1992\/","url":"https:\/\/www.organisator.ch\/de\/produkt\/organisator-ausgabe-6-1992\/","name":"Organisator Ausgabe 6\/1992 - Organisator","isPartOf":{"@id":"https:\/\/www.organisator.ch\/#website"},"primaryImageOfPage":{"@id":"https:\/\/www.organisator.ch\/de\/produkt\/organisator-ausgabe-6-1992\/#primaryimage"},"image":{"@id":"https:\/\/www.organisator.ch\/de\/produkt\/organisator-ausgabe-6-1992\/#primaryimage"},"thumbnailUrl":"https:\/\/www.organisator.ch\/wp-content\/uploads\/2022\/06\/organisator_1992_6.png","datePublished":"2022-06-14T12:35:46+00:00","dateModified":"2022-06-14T12:35:47+00:00","description":"Erhalte die deutschsprachige Fachzeitschrift \u00aborganisator\u00bb in der Ausgabe 6\/1992 als PDF-Download mit nachfolgendem Inhaltsverzeichnis:","breadcrumb":{"@id":"https:\/\/www.organisator.ch\/de\/produkt\/organisator-ausgabe-6-1992\/#breadcrumb"},"inLanguage":"de","potentialAction":[{"@type":"ReadAction","target":["https:\/\/www.organisator.ch\/de\/produkt\/organisator-ausgabe-6-1992\/"]}]},{"@type":"ImageObject","inLanguage":"de","@id":"https:\/\/www.organisator.ch\/de\/produkt\/organisator-ausgabe-6-1992\/#primaryimage","url":"https:\/\/www.organisator.ch\/wp-content\/uploads\/2022\/06\/organisator_1992_6.png","contentUrl":"https:\/\/www.organisator.ch\/wp-content\/uploads\/2022\/06\/organisator_1992_6.png","width":654,"height":370},{"@type":"BreadcrumbList","@id":"https:\/\/www.organisator.ch\/de\/produkt\/organisator-ausgabe-6-1992\/#breadcrumb","itemListElement":[{"@type":"ListItem","position":1,"name":"Home","item":"https:\/\/www.organisator.ch\/"},{"@type":"ListItem","position":2,"name":"Shop","item":"https:\/\/www.organisator.ch\/fr\/shop\/"},{"@type":"ListItem","position":3,"name":"Organisator Ausgabe 6\/1992"}]},{"@type":"WebSite","@id":"https:\/\/www.organisator.ch\/#website","url":"https:\/\/www.organisator.ch\/","name":"Organisator","description":"Kompetent. Praxisnah. Der ORGANISATOR bereitet in 10 Ausgaben pro Jahr die wesentlichen Themen f\u00fcr F\u00fchrungskr\u00e4fte von KMU auf.","publisher":{"@id":"https:\/\/www.organisator.ch\/#organization"},"potentialAction":[{"@type":"SearchAction","target":{"@type":"EntryPoint","urlTemplate":"https:\/\/www.organisator.ch\/?s={search_term_string}"},"query-input":{"@type":"PropertyValueSpecification","valueRequired":true,"valueName":"search_term_string"}}],"inLanguage":"de"},{"@type":"Organization","@id":"https:\/\/www.organisator.ch\/#organization","name":"Organisator","url":"https:\/\/www.organisator.ch\/","logo":{"@type":"ImageObject","inLanguage":"de","@id":"https:\/\/www.organisator.ch\/#\/schema\/logo\/image\/","url":"https:\/\/www.organisator.ch\/wp-content\/uploads\/2022\/01\/Logo_Organisator_Website.png","contentUrl":"https:\/\/www.organisator.ch\/wp-content\/uploads\/2022\/01\/Logo_Organisator_Website.png","width":800,"height":77,"caption":"Organisator"},"image":{"@id":"https:\/\/www.organisator.ch\/#\/schema\/logo\/image\/"},"sameAs":["https:\/\/www.facebook.com\/OrganisatorFachmagazin","https:\/\/www.linkedin.com\/showcase\/organisator-das-magazin-fr-kmu","https:\/\/www.xing.com\/news\/pages\/organisator-ch-695","https:\/\/www.youtube.com\/channel\/UCGP2Sq0iWaZwT3BdIAQFYpw"]}]}},"_links":{"self":[{"href":"https:\/\/www.organisator.ch\/de\/wp-json\/wp\/v2\/product\/14697","targetHints":{"allow":["GET"]}}],"collection":[{"href":"https:\/\/www.organisator.ch\/de\/wp-json\/wp\/v2\/product"}],"about":[{"href":"https:\/\/www.organisator.ch\/de\/wp-json\/wp\/v2\/types\/product"}],"wp:featuredmedia":[{"embeddable":true,"href":"https:\/\/www.organisator.ch\/de\/wp-json\/wp\/v2\/media\/14700"}],"wp:attachment":[{"href":"https:\/\/www.organisator.ch\/de\/wp-json\/wp\/v2\/media?parent=14697"}],"wp:term":[{"taxonomy":"product_brand","embeddable":true,"href":"https:\/\/www.organisator.ch\/de\/wp-json\/wp\/v2\/product_brand?post=14697"},{"taxonomy":"product_cat","embeddable":true,"href":"https:\/\/www.organisator.ch\/de\/wp-json\/wp\/v2\/product_cat?post=14697"},{"taxonomy":"product_tag","embeddable":true,"href":"https:\/\/www.organisator.ch\/de\/wp-json\/wp\/v2\/product_tag?post=14697"}],"curies":[{"name":"wp","href":"https:\/\/api.w.org\/{rel}","templated":true}]}}