{"id":14731,"date":"2022-06-15T01:44:48","date_gmt":"2022-06-14T23:44:48","guid":{"rendered":"https:\/\/www.organisator.ch\/?post_type=product&#038;p=14731"},"modified":"2022-06-15T01:44:58","modified_gmt":"2022-06-14T23:44:58","slug":"organisator-ausgabe-9-1993","status":"publish","type":"product","link":"https:\/\/www.organisator.ch\/de\/produkt\/organisator-ausgabe-9-1993\/","title":{"rendered":"Organisator Ausgabe 9\/1993"},"content":{"rendered":"<h2>Die ganz grosse Schau!<\/h2>\n<ul>\n<li>Dieses Jahr ist die \u00abOrbit\u00bb kompiett, was durchaus zu Probiemen mit der \u00dcbersicht f\u00fchren k\u00f6nnte.<br \/>\nDer ORGANiSATOR bringt den \u00dcberb\u00fcck und die interessantesten \u00abOrbit\u00bb-Neuheiten.<\/li>\n<li>Hinter der \u00abOrbit\u00bb steht der Wirtschafts verband SWiCO. Ein interview mit \u00abSWICO\u00bb-Pr\u00e4sident Dr. J\u00fcrg Lindecker<br \/>\nschafft auch hier f\u00fcr \u00dcbersicht.<\/li>\n<li>\u00abOrbit\u00bb-Neuheiten in der B\u00fcroeinrichtung.<\/li>\n<li>\u00abOrbit\u00bb-Neuheiten in der informatik und Teiekommunikation.<\/li>\n<li>\u00abOrbit\u00bb-Neuheiten in der B\u00fcro organisation und B\u00fcrotechnik.<\/li>\n<\/ul>\n<p>&nbsp;<\/p>\n<h2>Arbeitsplatzgestaltung<\/h2>\n<p>Sitzen &#8211; die \u00abunnat\u00fcr\u00fcchste Sache der Weit\u00bb, woraus Stress und Bandscheiben- probieme entstehen. In \u00abStehen Sie auf Sitzen?\u00bb werden das richtige Verhaiten am Arbeitspiatz&#8230;. und gieich die attraktivsten Sitz-und Stehm\u00f6be! vorgesteiit.<\/p>\n<p>&nbsp;<\/p>\n<h2>Management<\/h2>\n<ul>\n<li>Outsourcing iiegt nach wie vor im Trend. Aber auch insourcing kann zum Zie! f\u00fchren.<\/li>\n<li>Die Betriebs- und Datensicherheit kann im Netz von jedem einzeinen PC untergraben werden. Aber es gibt Konzepte und Mittel gegen die 100 Millionen Unsicherheiten.<\/li>\n<li>Auch in der Verwaltung wird neu gedacht: Aus der input- soll eine Output-Organisation werden.<\/li>\n<li>Einladung zur Teilnahme am 9. Management-Symposium f\u00fcr Frauen &#8211; am Er\u00f6ffnungstag auch f\u00fcr M\u00e4nner offen.<\/li>\n<\/ul>\n<p>&nbsp;<\/p>\n<h2>Unternehmensberatung<\/h2>\n<p>Ein neuer Beratungsdienst will zur L\u00f6sung vieler Probleme im Bereich des Finanzwesens, der Betriebs administration und im Gesellschafts recht beitragen.<\/p>\n<p>Der\u00abTreuhand-Briefkasten\u00bb ist hiermit er\u00f6ffnet!<\/p>\n<p>&nbsp;<\/p>\n<h2>Echos zum Jubil\u00e4um<\/h2>\n<p>Die grosse Jubil\u00e4umsausgabe hat bei unseren Lesern viel Freude, aber auch \u00c4rger ausgel\u00f6st.<\/p>\n<p>&nbsp;<\/p>\n<h2>Telekommunikation<\/h2>\n<ul>\n<li>Swissnet 2 ist keineswegsein \u00abBuch mit sieben Schl\u00fcsseln\u00bb. Damit kann sogar &#8211; besonders im KMU &#8211; Geld gespart werden!<\/li>\n<li>Mit \u00abVoice Processing\u00bb er\u00f6ffnen sich neue Welten. Das Telefon wird zum Roboter f\u00fcr die Kommunikation.<\/li>\n<\/ul>\n<p>&nbsp;<\/p>\n<h2>Fachliteratur<\/h2>\n<ul>\n<li>Die ORGANISATOR-Arbeitsmappen<\/li>\n<li>Die ORGANISATOR-B\u00fccher<\/li>\n<li>Eine Auswahl der aktuellen Informatik-Fachb\u00fccher<\/li>\n<\/ul>\n<p>&nbsp;<\/p>\n<h2>Verb\u00e4nde, Clubs<\/h2>\n<ul>\n<li>Consultant Club: Die n\u00e4chsten Veranstaltungen<\/li>\n<li>Idee-Suisse: In schlechten Zeiten sind helle K\u00f6pfe gefragt<\/li>\n<li>PSILOG: \u00abPsiTime\u00bb Zeiterfassung und eine wichtige Vorank\u00fcndigung<\/li>\n<li>SGO: Mensch &#8211; Technik &#8211; Organisation Ein SGO-Aktiv-Seminar f\u00fcr Produktionsfachleute<\/li>\n<\/ul>\n<p>&nbsp;<\/p>\n<h2>Zum Ausgleich<\/h2>\n<ul>\n<li>Der kleine \u00c4rger von Felix Rupf-Huhn diesmal \u00fcber Batterienpreise Bergwandern:<\/li>\n<li>\u00dcetliberg hell!<\/li>\n<\/ul>\n<p>&nbsp;<\/p>\n<h2>Die c\/o-Seite<\/h2>\n<p>Vorschau auf die n\u00e4chsten \u00c4usgaben Der Club der Clubs<\/p>\n<p>&nbsp;<\/p>\n","protected":false},"excerpt":{"rendered":"<p>Erhalte die deutschsprachige Fachzeitschrift \u00aborganisator\u00bb in der Ausgabe 9\/1993 als PDF-Download mit nachfolgendem Inhaltsverzeichnis:<\/p>\n","protected":false},"featured_media":14733,"template":"","meta":{"_acf_changed":false,"articlekey":""},"product_brand":[],"product_cat":[546],"product_tag":[2956],"class_list":{"0":"post-14731","1":"product","2":"type-product","3":"status-publish","4":"has-post-thumbnail","6":"product_cat-einzelausgaben","7":"product_tag-2956","9":"first","10":"instock","11":"downloadable","12":"virtual","13":"taxable","14":"purchasable","15":"product-type-simple"},"acf":[],"yoast_head":"<!-- This site is optimized with the Yoast SEO plugin v27.5 - https:\/\/yoast.com\/product\/yoast-seo-wordpress\/ -->\n<title>Organisator Ausgabe 9\/1993 - Organisator<\/title>\n<meta name=\"description\" content=\"Erhalte die deutschsprachige Fachzeitschrift \u00aborganisator\u00bb in der Ausgabe 9\/1993 als PDF-Download mit nachfolgendem Inhaltsverzeichnis:\" \/>\n<meta name=\"robots\" content=\"index, follow, max-snippet:-1, max-image-preview:large, max-video-preview:-1\" \/>\n<link rel=\"canonical\" href=\"https:\/\/www.organisator.ch\/de\/produkt\/organisator-ausgabe-9-1993\/\" \/>\n<meta property=\"og:locale\" content=\"de_DE\" \/>\n<meta property=\"og:type\" content=\"article\" \/>\n<meta property=\"og:title\" content=\"Organisator Ausgabe 9\/1993 - Organisator\" \/>\n<meta property=\"og:description\" content=\"Erhalte die deutschsprachige Fachzeitschrift \u00aborganisator\u00bb in der Ausgabe 9\/1993 als PDF-Download mit nachfolgendem Inhaltsverzeichnis:\" \/>\n<meta property=\"og:url\" content=\"https:\/\/www.organisator.ch\/de\/produkt\/organisator-ausgabe-9-1993\/\" \/>\n<meta property=\"og:site_name\" content=\"Organisator\" \/>\n<meta property=\"article:publisher\" content=\"https:\/\/www.facebook.com\/OrganisatorFachmagazin\" \/>\n<meta property=\"article:modified_time\" content=\"2022-06-14T23:44:58+00:00\" \/>\n<meta property=\"og:image\" content=\"https:\/\/www.organisator.ch\/wp-content\/uploads\/2022\/06\/organisator_1993_9.png\" \/>\n\t<meta property=\"og:image:width\" content=\"654\" \/>\n\t<meta property=\"og:image:height\" content=\"370\" \/>\n\t<meta property=\"og:image:type\" content=\"image\/png\" \/>\n<meta name=\"twitter:card\" content=\"summary_large_image\" \/>\n<script type=\"application\/ld+json\" class=\"yoast-schema-graph\">{\"@context\":\"https:\\\/\\\/schema.org\",\"@graph\":[{\"@type\":\"WebPage\",\"@id\":\"https:\\\/\\\/www.organisator.ch\\\/de\\\/produkt\\\/organisator-ausgabe-9-1993\\\/\",\"url\":\"https:\\\/\\\/www.organisator.ch\\\/de\\\/produkt\\\/organisator-ausgabe-9-1993\\\/\",\"name\":\"Organisator Ausgabe 9\\\/1993 - Organisator\",\"isPartOf\":{\"@id\":\"https:\\\/\\\/www.organisator.ch\\\/#website\"},\"primaryImageOfPage\":{\"@id\":\"https:\\\/\\\/www.organisator.ch\\\/de\\\/produkt\\\/organisator-ausgabe-9-1993\\\/#primaryimage\"},\"image\":{\"@id\":\"https:\\\/\\\/www.organisator.ch\\\/de\\\/produkt\\\/organisator-ausgabe-9-1993\\\/#primaryimage\"},\"thumbnailUrl\":\"https:\\\/\\\/www.organisator.ch\\\/wp-content\\\/uploads\\\/2022\\\/06\\\/organisator_1993_9.png\",\"datePublished\":\"2022-06-14T23:44:48+00:00\",\"dateModified\":\"2022-06-14T23:44:58+00:00\",\"description\":\"Erhalte die deutschsprachige Fachzeitschrift \u00aborganisator\u00bb in der Ausgabe 9\\\/1993 als PDF-Download mit nachfolgendem Inhaltsverzeichnis:\",\"breadcrumb\":{\"@id\":\"https:\\\/\\\/www.organisator.ch\\\/de\\\/produkt\\\/organisator-ausgabe-9-1993\\\/#breadcrumb\"},\"inLanguage\":\"de\",\"potentialAction\":[{\"@type\":\"ReadAction\",\"target\":[\"https:\\\/\\\/www.organisator.ch\\\/de\\\/produkt\\\/organisator-ausgabe-9-1993\\\/\"]}]},{\"@type\":\"ImageObject\",\"inLanguage\":\"de\",\"@id\":\"https:\\\/\\\/www.organisator.ch\\\/de\\\/produkt\\\/organisator-ausgabe-9-1993\\\/#primaryimage\",\"url\":\"https:\\\/\\\/www.organisator.ch\\\/wp-content\\\/uploads\\\/2022\\\/06\\\/organisator_1993_9.png\",\"contentUrl\":\"https:\\\/\\\/www.organisator.ch\\\/wp-content\\\/uploads\\\/2022\\\/06\\\/organisator_1993_9.png\",\"width\":654,\"height\":370},{\"@type\":\"BreadcrumbList\",\"@id\":\"https:\\\/\\\/www.organisator.ch\\\/de\\\/produkt\\\/organisator-ausgabe-9-1993\\\/#breadcrumb\",\"itemListElement\":[{\"@type\":\"ListItem\",\"position\":1,\"name\":\"Home\",\"item\":\"https:\\\/\\\/www.organisator.ch\\\/\"},{\"@type\":\"ListItem\",\"position\":2,\"name\":\"Shop\",\"item\":\"https:\\\/\\\/www.organisator.ch\\\/fr\\\/shop\\\/\"},{\"@type\":\"ListItem\",\"position\":3,\"name\":\"Organisator Ausgabe 9\\\/1993\"}]},{\"@type\":\"WebSite\",\"@id\":\"https:\\\/\\\/www.organisator.ch\\\/#website\",\"url\":\"https:\\\/\\\/www.organisator.ch\\\/\",\"name\":\"Organisator\",\"description\":\"Kompetent. Praxisnah. Der ORGANISATOR bereitet in 10 Ausgaben pro Jahr die wesentlichen Themen f\u00fcr F\u00fchrungskr\u00e4fte von KMU auf.\",\"publisher\":{\"@id\":\"https:\\\/\\\/www.organisator.ch\\\/#organization\"},\"potentialAction\":[{\"@type\":\"SearchAction\",\"target\":{\"@type\":\"EntryPoint\",\"urlTemplate\":\"https:\\\/\\\/www.organisator.ch\\\/?s={search_term_string}\"},\"query-input\":{\"@type\":\"PropertyValueSpecification\",\"valueRequired\":true,\"valueName\":\"search_term_string\"}}],\"inLanguage\":\"de\"},{\"@type\":\"Organization\",\"@id\":\"https:\\\/\\\/www.organisator.ch\\\/#organization\",\"name\":\"Organisator\",\"url\":\"https:\\\/\\\/www.organisator.ch\\\/\",\"logo\":{\"@type\":\"ImageObject\",\"inLanguage\":\"de\",\"@id\":\"https:\\\/\\\/www.organisator.ch\\\/#\\\/schema\\\/logo\\\/image\\\/\",\"url\":\"https:\\\/\\\/www.organisator.ch\\\/wp-content\\\/uploads\\\/2022\\\/01\\\/Logo_Organisator_Website.png\",\"contentUrl\":\"https:\\\/\\\/www.organisator.ch\\\/wp-content\\\/uploads\\\/2022\\\/01\\\/Logo_Organisator_Website.png\",\"width\":800,\"height\":77,\"caption\":\"Organisator\"},\"image\":{\"@id\":\"https:\\\/\\\/www.organisator.ch\\\/#\\\/schema\\\/logo\\\/image\\\/\"},\"sameAs\":[\"https:\\\/\\\/www.facebook.com\\\/OrganisatorFachmagazin\",\"https:\\\/\\\/www.linkedin.com\\\/showcase\\\/organisator-das-magazin-fr-kmu\",\"https:\\\/\\\/www.xing.com\\\/news\\\/pages\\\/organisator-ch-695\",\"https:\\\/\\\/www.youtube.com\\\/channel\\\/UCGP2Sq0iWaZwT3BdIAQFYpw\"]}]}<\/script>\n<!-- \/ Yoast SEO plugin. -->","yoast_head_json":{"title":"Organisator Ausgabe 9\/1993 - Organisator","description":"Erhalte die deutschsprachige Fachzeitschrift \u00aborganisator\u00bb in der Ausgabe 9\/1993 als PDF-Download mit nachfolgendem Inhaltsverzeichnis:","robots":{"index":"index","follow":"follow","max-snippet":"max-snippet:-1","max-image-preview":"max-image-preview:large","max-video-preview":"max-video-preview:-1"},"canonical":"https:\/\/www.organisator.ch\/de\/produkt\/organisator-ausgabe-9-1993\/","og_locale":"de_DE","og_type":"article","og_title":"Organisator Ausgabe 9\/1993 - Organisator","og_description":"Erhalte die deutschsprachige Fachzeitschrift \u00aborganisator\u00bb in der Ausgabe 9\/1993 als PDF-Download mit nachfolgendem Inhaltsverzeichnis:","og_url":"https:\/\/www.organisator.ch\/de\/produkt\/organisator-ausgabe-9-1993\/","og_site_name":"Organisator","article_publisher":"https:\/\/www.facebook.com\/OrganisatorFachmagazin","article_modified_time":"2022-06-14T23:44:58+00:00","og_image":[{"width":654,"height":370,"url":"https:\/\/www.organisator.ch\/wp-content\/uploads\/2022\/06\/organisator_1993_9.png","type":"image\/png"}],"twitter_card":"summary_large_image","schema":{"@context":"https:\/\/schema.org","@graph":[{"@type":"WebPage","@id":"https:\/\/www.organisator.ch\/de\/produkt\/organisator-ausgabe-9-1993\/","url":"https:\/\/www.organisator.ch\/de\/produkt\/organisator-ausgabe-9-1993\/","name":"Organisator Ausgabe 9\/1993 - Organisator","isPartOf":{"@id":"https:\/\/www.organisator.ch\/#website"},"primaryImageOfPage":{"@id":"https:\/\/www.organisator.ch\/de\/produkt\/organisator-ausgabe-9-1993\/#primaryimage"},"image":{"@id":"https:\/\/www.organisator.ch\/de\/produkt\/organisator-ausgabe-9-1993\/#primaryimage"},"thumbnailUrl":"https:\/\/www.organisator.ch\/wp-content\/uploads\/2022\/06\/organisator_1993_9.png","datePublished":"2022-06-14T23:44:48+00:00","dateModified":"2022-06-14T23:44:58+00:00","description":"Erhalte die deutschsprachige Fachzeitschrift \u00aborganisator\u00bb in der Ausgabe 9\/1993 als PDF-Download mit nachfolgendem Inhaltsverzeichnis:","breadcrumb":{"@id":"https:\/\/www.organisator.ch\/de\/produkt\/organisator-ausgabe-9-1993\/#breadcrumb"},"inLanguage":"de","potentialAction":[{"@type":"ReadAction","target":["https:\/\/www.organisator.ch\/de\/produkt\/organisator-ausgabe-9-1993\/"]}]},{"@type":"ImageObject","inLanguage":"de","@id":"https:\/\/www.organisator.ch\/de\/produkt\/organisator-ausgabe-9-1993\/#primaryimage","url":"https:\/\/www.organisator.ch\/wp-content\/uploads\/2022\/06\/organisator_1993_9.png","contentUrl":"https:\/\/www.organisator.ch\/wp-content\/uploads\/2022\/06\/organisator_1993_9.png","width":654,"height":370},{"@type":"BreadcrumbList","@id":"https:\/\/www.organisator.ch\/de\/produkt\/organisator-ausgabe-9-1993\/#breadcrumb","itemListElement":[{"@type":"ListItem","position":1,"name":"Home","item":"https:\/\/www.organisator.ch\/"},{"@type":"ListItem","position":2,"name":"Shop","item":"https:\/\/www.organisator.ch\/fr\/shop\/"},{"@type":"ListItem","position":3,"name":"Organisator Ausgabe 9\/1993"}]},{"@type":"WebSite","@id":"https:\/\/www.organisator.ch\/#website","url":"https:\/\/www.organisator.ch\/","name":"Organisator","description":"Kompetent. Praxisnah. Der ORGANISATOR bereitet in 10 Ausgaben pro Jahr die wesentlichen Themen f\u00fcr F\u00fchrungskr\u00e4fte von KMU auf.","publisher":{"@id":"https:\/\/www.organisator.ch\/#organization"},"potentialAction":[{"@type":"SearchAction","target":{"@type":"EntryPoint","urlTemplate":"https:\/\/www.organisator.ch\/?s={search_term_string}"},"query-input":{"@type":"PropertyValueSpecification","valueRequired":true,"valueName":"search_term_string"}}],"inLanguage":"de"},{"@type":"Organization","@id":"https:\/\/www.organisator.ch\/#organization","name":"Organisator","url":"https:\/\/www.organisator.ch\/","logo":{"@type":"ImageObject","inLanguage":"de","@id":"https:\/\/www.organisator.ch\/#\/schema\/logo\/image\/","url":"https:\/\/www.organisator.ch\/wp-content\/uploads\/2022\/01\/Logo_Organisator_Website.png","contentUrl":"https:\/\/www.organisator.ch\/wp-content\/uploads\/2022\/01\/Logo_Organisator_Website.png","width":800,"height":77,"caption":"Organisator"},"image":{"@id":"https:\/\/www.organisator.ch\/#\/schema\/logo\/image\/"},"sameAs":["https:\/\/www.facebook.com\/OrganisatorFachmagazin","https:\/\/www.linkedin.com\/showcase\/organisator-das-magazin-fr-kmu","https:\/\/www.xing.com\/news\/pages\/organisator-ch-695","https:\/\/www.youtube.com\/channel\/UCGP2Sq0iWaZwT3BdIAQFYpw"]}]}},"_links":{"self":[{"href":"https:\/\/www.organisator.ch\/de\/wp-json\/wp\/v2\/product\/14731","targetHints":{"allow":["GET"]}}],"collection":[{"href":"https:\/\/www.organisator.ch\/de\/wp-json\/wp\/v2\/product"}],"about":[{"href":"https:\/\/www.organisator.ch\/de\/wp-json\/wp\/v2\/types\/product"}],"wp:featuredmedia":[{"embeddable":true,"href":"https:\/\/www.organisator.ch\/de\/wp-json\/wp\/v2\/media\/14733"}],"wp:attachment":[{"href":"https:\/\/www.organisator.ch\/de\/wp-json\/wp\/v2\/media?parent=14731"}],"wp:term":[{"taxonomy":"product_brand","embeddable":true,"href":"https:\/\/www.organisator.ch\/de\/wp-json\/wp\/v2\/product_brand?post=14731"},{"taxonomy":"product_cat","embeddable":true,"href":"https:\/\/www.organisator.ch\/de\/wp-json\/wp\/v2\/product_cat?post=14731"},{"taxonomy":"product_tag","embeddable":true,"href":"https:\/\/www.organisator.ch\/de\/wp-json\/wp\/v2\/product_tag?post=14731"}],"curies":[{"name":"wp","href":"https:\/\/api.w.org\/{rel}","templated":true}]}}