{"id":14830,"date":"2022-06-15T09:06:15","date_gmt":"2022-06-15T07:06:15","guid":{"rendered":"https:\/\/www.organisator.ch\/?post_type=product&#038;p=14830"},"modified":"2022-06-15T09:11:03","modified_gmt":"2022-06-15T07:11:03","slug":"organisator-ausgabe-12-1995","status":"publish","type":"product","link":"https:\/\/www.organisator.ch\/de\/produkt\/organisator-ausgabe-12-1995\/","title":{"rendered":"Organisator Ausgabe 12\/1995"},"content":{"rendered":"<h2>KOMMUNIKATION IM UNTERNEHMEN<\/h2>\n<p>&nbsp;<\/p>\n<p>Angesichts des Wertewandels in unserer Gesellschaft und in den Unternehmen fordert Ursula Nicolet einen neuen F\u00fchrungsstil, der auf Teamf\u00e4higkeit und gegenseitigem Zuh\u00f6ren basiert: Mit Kreiseln statt mit Lichtsignalanlagen arbeiten.<\/p>\n<p>Bernd LeMar-Klughardt untersucht in seinem Beitrag sowohl die Ursachenvon Konflikten als auch die darin steckenden Chancen: Kommunikation und Konflikt.<\/p>\n<p>Auf den Boden der t\u00e4glichen Realit\u00e4ten bringt uns Gerd Muck mit seinen n\u00fctzlichen Ratschl\u00e4gen zu menschlich schwierigen Situationen: \u00abDa ist noch so eine unangenehme Sache &#8230;\u00bb<\/p>\n<h3>UNTERNEHMENSF\u00dcHRUNG<\/h3>\n<p>Michael Loebbert richtet an die n\u00e4chste Generation Fragen, von deren Beantwortung das Gelingen einer Nachfolgeregelung in hohem Masse abh\u00e4ngig ist:Fragen an die Nachfolger.<\/p>\n<p>Veronika Ballone stellt Beispiele aus der Zentralschweiz vor, wie private und kantonale Initiativen Existenzgr\u00fcnder und Jungunternehmer unterst\u00fctzen: Nachahmen erw\u00fcnscht.<\/p>\n<h3>MENSCHSEIN<\/h3>\n<p>Gonsaiv K. Mainbergers Kolumne \u00abK\u00fcr und Pflicht\u00bb:F\u00fcr eine Ethik der Bescheidenheit. Sind Moral und Wirtschaft wirklich zu vereinbaren? Unbequeme Reflexionen von Wolf Fl\u00f6nig zum Thema<\/p>\n<p>Management und Sinn.<\/p>\n<p>&nbsp;<\/p>\n<h3>PERSONALF\u00dcHRUNG<\/h3>\n<p>Ab dieser Ausgabe schreibt Claudia Marbach f\u00fcr die ORGANISATOR- Leserschaft die Kolumne \u00abClaudia Marbachs Alltagsgeschichten\u00bb.: \u00dcben Sie Ihre St\u00e4rken!<\/p>\n<p>Ernst W\u00fcthrich hinterfr\u00e4gt die neuen Schlagworte Intrapreneuring und Empowerment:<br \/>\nIntrapreneurship beginnt bei der F\u00fchrungskraft.<\/p>\n<p>&nbsp;<\/p>\n<h3>ORGANISATION \/ INFORMATIK \/ TELEKOMMUNIKATION<\/h3>\n<p>Die Serie \u00abFlexible Lebens- und Zeiteinteilung\u00bb (10) von Franz Schnyder will Sie zum Abschluss anregen zu einer Wegkorrektur: Lebensprofil statt Karriere.<\/p>\n<p>Soll die Personalzeiterfassung abgeschafft werden? Max Weber sieht das anders &#8211; im Interesse aller Beteiligten:<br \/>\nVom Kontroll- zum Informationssystem.<\/p>\n<h3>MARKETING<\/h3>\n<p>Ferdinand Benz gibt Tips zur Behandlung von Reklamationen wie dieser: \u00abDa haben Sie mir einen sch\u00f6nen Schrott aufgeschwatzt!\u00bbThomas Greber ermutigt Sie, ein aktives Marketingprogramm in Angriff zu nehmen: Marketing ist der Weg zur Spitze<\/p>\n<h3>BERATUNG<\/h3>\n<p>Suchen Sie einen Unternehmensberater?<\/p>\n<p>&nbsp;<\/p>\n<h3>INFO- UND SERVICE-TEIL, RUBRIKEN<\/h3>\n<p>&nbsp;<\/p>\n<ul>\n<li>Der ORGANISATOR im Dialog: Liebe Leserin, lieber Leser Weiterbildung<\/li>\n<li>Vortragslunch mit Agiaia Iten<\/li>\n<li>Kurse, Seminare, Events<\/li>\n<li>Clubs und Verb\u00e4nde Consultant Club<\/li>\n<li>Efficiency-Clubs<\/li>\n<li>FOKA Forum Kaufm\u00e4nnischer Berufsfrauen<\/li>\n<li>Idee-Suisse<\/li>\n<li>Psilog &#8211; Lieben Sie B&#8230;uchhaltung?<\/li>\n<li>VPA Verband der Personal- und Ausbildungsfachleute<\/li>\n<li>Boutique ORGANISATOR mit einigen nicht ganz gew\u00f6hnlichen Geschenkideen<\/li>\n<li>Die Jahres\u00fcbersicht 1995<\/li>\n<li>Die letzten Seiten Vorschau auf die n\u00e4chsten Ausgaben, Inserentenverzeichnis<\/li>\n<li>Ihr Nutzen- und Kompetenz-Center; Impressum<\/li>\n<\/ul>\n","protected":false},"excerpt":{"rendered":"<p>Erhalte die deutschsprachige Fachzeitschrift \u00aborganisator\u00bb in der Ausgabe 12\/1995 als PDF-Download mit nachfolgendem Inhaltsverzeichnis:<\/p>\n","protected":false},"featured_media":14832,"template":"","meta":{"_acf_changed":false,"articlekey":""},"product_brand":[],"product_cat":[546],"product_tag":[2958],"class_list":{"0":"post-14830","1":"product","2":"type-product","3":"status-publish","4":"has-post-thumbnail","6":"product_cat-einzelausgaben","7":"product_tag-2958","9":"first","10":"instock","11":"downloadable","12":"virtual","13":"taxable","14":"purchasable","15":"product-type-simple"},"acf":[],"yoast_head":"<!-- This site is optimized with the Yoast SEO plugin v27.5 - https:\/\/yoast.com\/product\/yoast-seo-wordpress\/ -->\n<title>Organisator Ausgabe 12\/1995 - Organisator<\/title>\n<meta name=\"description\" content=\"Erhalte die deutschsprachige Fachzeitschrift \u00aborganisator\u00bb in der Ausgabe 12\/1995 als PDF-Download mit nachfolgendem Inhaltsverzeichnis:\" \/>\n<meta name=\"robots\" content=\"index, follow, max-snippet:-1, max-image-preview:large, max-video-preview:-1\" \/>\n<link rel=\"canonical\" href=\"https:\/\/www.organisator.ch\/de\/produkt\/organisator-ausgabe-12-1995\/\" \/>\n<meta property=\"og:locale\" content=\"de_DE\" \/>\n<meta property=\"og:type\" content=\"article\" \/>\n<meta property=\"og:title\" content=\"Organisator Ausgabe 12\/1995 - Organisator\" \/>\n<meta property=\"og:description\" content=\"Erhalte die deutschsprachige Fachzeitschrift \u00aborganisator\u00bb in der Ausgabe 12\/1995 als PDF-Download mit nachfolgendem Inhaltsverzeichnis:\" \/>\n<meta property=\"og:url\" content=\"https:\/\/www.organisator.ch\/de\/produkt\/organisator-ausgabe-12-1995\/\" \/>\n<meta property=\"og:site_name\" content=\"Organisator\" \/>\n<meta property=\"article:publisher\" content=\"https:\/\/www.facebook.com\/OrganisatorFachmagazin\" \/>\n<meta property=\"article:modified_time\" content=\"2022-06-15T07:11:03+00:00\" \/>\n<meta property=\"og:image\" content=\"https:\/\/www.organisator.ch\/wp-content\/uploads\/2022\/06\/organisator_1995_12.png\" \/>\n\t<meta property=\"og:image:width\" content=\"654\" \/>\n\t<meta property=\"og:image:height\" content=\"370\" \/>\n\t<meta property=\"og:image:type\" content=\"image\/png\" \/>\n<meta name=\"twitter:card\" content=\"summary_large_image\" \/>\n<script type=\"application\/ld+json\" class=\"yoast-schema-graph\">{\"@context\":\"https:\\\/\\\/schema.org\",\"@graph\":[{\"@type\":\"WebPage\",\"@id\":\"https:\\\/\\\/www.organisator.ch\\\/fr\\\/produit\\\/organisator-ausgabe-12-1995\\\/\",\"url\":\"https:\\\/\\\/www.organisator.ch\\\/fr\\\/produit\\\/organisator-ausgabe-12-1995\\\/\",\"name\":\"Organisator Ausgabe 12\\\/1995 - Organisator\",\"isPartOf\":{\"@id\":\"https:\\\/\\\/www.organisator.ch\\\/#website\"},\"primaryImageOfPage\":{\"@id\":\"https:\\\/\\\/www.organisator.ch\\\/fr\\\/produit\\\/organisator-ausgabe-12-1995\\\/#primaryimage\"},\"image\":{\"@id\":\"https:\\\/\\\/www.organisator.ch\\\/fr\\\/produit\\\/organisator-ausgabe-12-1995\\\/#primaryimage\"},\"thumbnailUrl\":\"https:\\\/\\\/www.organisator.ch\\\/wp-content\\\/uploads\\\/2022\\\/06\\\/organisator_1995_12.png\",\"datePublished\":\"2022-06-15T07:06:15+00:00\",\"dateModified\":\"2022-06-15T07:11:03+00:00\",\"description\":\"Erhalte die deutschsprachige Fachzeitschrift \u00aborganisator\u00bb in der Ausgabe 12\\\/1995 als PDF-Download mit nachfolgendem Inhaltsverzeichnis:\",\"breadcrumb\":{\"@id\":\"https:\\\/\\\/www.organisator.ch\\\/fr\\\/produit\\\/organisator-ausgabe-12-1995\\\/#breadcrumb\"},\"inLanguage\":\"de\",\"potentialAction\":[{\"@type\":\"ReadAction\",\"target\":[\"https:\\\/\\\/www.organisator.ch\\\/fr\\\/produit\\\/organisator-ausgabe-12-1995\\\/\"]}]},{\"@type\":\"ImageObject\",\"inLanguage\":\"de\",\"@id\":\"https:\\\/\\\/www.organisator.ch\\\/fr\\\/produit\\\/organisator-ausgabe-12-1995\\\/#primaryimage\",\"url\":\"https:\\\/\\\/www.organisator.ch\\\/wp-content\\\/uploads\\\/2022\\\/06\\\/organisator_1995_12.png\",\"contentUrl\":\"https:\\\/\\\/www.organisator.ch\\\/wp-content\\\/uploads\\\/2022\\\/06\\\/organisator_1995_12.png\",\"width\":654,\"height\":370},{\"@type\":\"BreadcrumbList\",\"@id\":\"https:\\\/\\\/www.organisator.ch\\\/fr\\\/produit\\\/organisator-ausgabe-12-1995\\\/#breadcrumb\",\"itemListElement\":[{\"@type\":\"ListItem\",\"position\":1,\"name\":\"Home\",\"item\":\"https:\\\/\\\/www.organisator.ch\\\/\"},{\"@type\":\"ListItem\",\"position\":2,\"name\":\"Shop\",\"item\":\"https:\\\/\\\/www.organisator.ch\\\/fr\\\/shop\\\/\"},{\"@type\":\"ListItem\",\"position\":3,\"name\":\"Organisator Ausgabe 12\\\/1995\"}]},{\"@type\":\"WebSite\",\"@id\":\"https:\\\/\\\/www.organisator.ch\\\/#website\",\"url\":\"https:\\\/\\\/www.organisator.ch\\\/\",\"name\":\"Organisator\",\"description\":\"Kompetent. Praxisnah. Der ORGANISATOR bereitet in 10 Ausgaben pro Jahr die wesentlichen Themen f\u00fcr F\u00fchrungskr\u00e4fte von KMU auf.\",\"publisher\":{\"@id\":\"https:\\\/\\\/www.organisator.ch\\\/#organization\"},\"potentialAction\":[{\"@type\":\"SearchAction\",\"target\":{\"@type\":\"EntryPoint\",\"urlTemplate\":\"https:\\\/\\\/www.organisator.ch\\\/?s={search_term_string}\"},\"query-input\":{\"@type\":\"PropertyValueSpecification\",\"valueRequired\":true,\"valueName\":\"search_term_string\"}}],\"inLanguage\":\"de\"},{\"@type\":\"Organization\",\"@id\":\"https:\\\/\\\/www.organisator.ch\\\/#organization\",\"name\":\"Organisator\",\"url\":\"https:\\\/\\\/www.organisator.ch\\\/\",\"logo\":{\"@type\":\"ImageObject\",\"inLanguage\":\"de\",\"@id\":\"https:\\\/\\\/www.organisator.ch\\\/#\\\/schema\\\/logo\\\/image\\\/\",\"url\":\"https:\\\/\\\/www.organisator.ch\\\/wp-content\\\/uploads\\\/2022\\\/01\\\/Logo_Organisator_Website.png\",\"contentUrl\":\"https:\\\/\\\/www.organisator.ch\\\/wp-content\\\/uploads\\\/2022\\\/01\\\/Logo_Organisator_Website.png\",\"width\":800,\"height\":77,\"caption\":\"Organisator\"},\"image\":{\"@id\":\"https:\\\/\\\/www.organisator.ch\\\/#\\\/schema\\\/logo\\\/image\\\/\"},\"sameAs\":[\"https:\\\/\\\/www.facebook.com\\\/OrganisatorFachmagazin\",\"https:\\\/\\\/www.linkedin.com\\\/showcase\\\/organisator-das-magazin-fr-kmu\",\"https:\\\/\\\/www.xing.com\\\/news\\\/pages\\\/organisator-ch-695\",\"https:\\\/\\\/www.youtube.com\\\/channel\\\/UCGP2Sq0iWaZwT3BdIAQFYpw\"]}]}<\/script>\n<!-- \/ Yoast SEO plugin. -->","yoast_head_json":{"title":"Organisator Ausgabe 12\/1995 - Organisator","description":"Erhalte die deutschsprachige Fachzeitschrift \u00aborganisator\u00bb in der Ausgabe 12\/1995 als PDF-Download mit nachfolgendem Inhaltsverzeichnis:","robots":{"index":"index","follow":"follow","max-snippet":"max-snippet:-1","max-image-preview":"max-image-preview:large","max-video-preview":"max-video-preview:-1"},"canonical":"https:\/\/www.organisator.ch\/de\/produkt\/organisator-ausgabe-12-1995\/","og_locale":"de_DE","og_type":"article","og_title":"Organisator Ausgabe 12\/1995 - Organisator","og_description":"Erhalte die deutschsprachige Fachzeitschrift \u00aborganisator\u00bb in der Ausgabe 12\/1995 als PDF-Download mit nachfolgendem Inhaltsverzeichnis:","og_url":"https:\/\/www.organisator.ch\/de\/produkt\/organisator-ausgabe-12-1995\/","og_site_name":"Organisator","article_publisher":"https:\/\/www.facebook.com\/OrganisatorFachmagazin","article_modified_time":"2022-06-15T07:11:03+00:00","og_image":[{"width":654,"height":370,"url":"https:\/\/www.organisator.ch\/wp-content\/uploads\/2022\/06\/organisator_1995_12.png","type":"image\/png"}],"twitter_card":"summary_large_image","schema":{"@context":"https:\/\/schema.org","@graph":[{"@type":"WebPage","@id":"https:\/\/www.organisator.ch\/fr\/produit\/organisator-ausgabe-12-1995\/","url":"https:\/\/www.organisator.ch\/fr\/produit\/organisator-ausgabe-12-1995\/","name":"Organisator Ausgabe 12\/1995 - Organisator","isPartOf":{"@id":"https:\/\/www.organisator.ch\/#website"},"primaryImageOfPage":{"@id":"https:\/\/www.organisator.ch\/fr\/produit\/organisator-ausgabe-12-1995\/#primaryimage"},"image":{"@id":"https:\/\/www.organisator.ch\/fr\/produit\/organisator-ausgabe-12-1995\/#primaryimage"},"thumbnailUrl":"https:\/\/www.organisator.ch\/wp-content\/uploads\/2022\/06\/organisator_1995_12.png","datePublished":"2022-06-15T07:06:15+00:00","dateModified":"2022-06-15T07:11:03+00:00","description":"Erhalte die deutschsprachige Fachzeitschrift \u00aborganisator\u00bb in der Ausgabe 12\/1995 als PDF-Download mit nachfolgendem Inhaltsverzeichnis:","breadcrumb":{"@id":"https:\/\/www.organisator.ch\/fr\/produit\/organisator-ausgabe-12-1995\/#breadcrumb"},"inLanguage":"de","potentialAction":[{"@type":"ReadAction","target":["https:\/\/www.organisator.ch\/fr\/produit\/organisator-ausgabe-12-1995\/"]}]},{"@type":"ImageObject","inLanguage":"de","@id":"https:\/\/www.organisator.ch\/fr\/produit\/organisator-ausgabe-12-1995\/#primaryimage","url":"https:\/\/www.organisator.ch\/wp-content\/uploads\/2022\/06\/organisator_1995_12.png","contentUrl":"https:\/\/www.organisator.ch\/wp-content\/uploads\/2022\/06\/organisator_1995_12.png","width":654,"height":370},{"@type":"BreadcrumbList","@id":"https:\/\/www.organisator.ch\/fr\/produit\/organisator-ausgabe-12-1995\/#breadcrumb","itemListElement":[{"@type":"ListItem","position":1,"name":"Home","item":"https:\/\/www.organisator.ch\/"},{"@type":"ListItem","position":2,"name":"Shop","item":"https:\/\/www.organisator.ch\/fr\/shop\/"},{"@type":"ListItem","position":3,"name":"Organisator Ausgabe 12\/1995"}]},{"@type":"WebSite","@id":"https:\/\/www.organisator.ch\/#website","url":"https:\/\/www.organisator.ch\/","name":"Organisator","description":"Kompetent. Praxisnah. Der ORGANISATOR bereitet in 10 Ausgaben pro Jahr die wesentlichen Themen f\u00fcr F\u00fchrungskr\u00e4fte von KMU auf.","publisher":{"@id":"https:\/\/www.organisator.ch\/#organization"},"potentialAction":[{"@type":"SearchAction","target":{"@type":"EntryPoint","urlTemplate":"https:\/\/www.organisator.ch\/?s={search_term_string}"},"query-input":{"@type":"PropertyValueSpecification","valueRequired":true,"valueName":"search_term_string"}}],"inLanguage":"de"},{"@type":"Organization","@id":"https:\/\/www.organisator.ch\/#organization","name":"Organisator","url":"https:\/\/www.organisator.ch\/","logo":{"@type":"ImageObject","inLanguage":"de","@id":"https:\/\/www.organisator.ch\/#\/schema\/logo\/image\/","url":"https:\/\/www.organisator.ch\/wp-content\/uploads\/2022\/01\/Logo_Organisator_Website.png","contentUrl":"https:\/\/www.organisator.ch\/wp-content\/uploads\/2022\/01\/Logo_Organisator_Website.png","width":800,"height":77,"caption":"Organisator"},"image":{"@id":"https:\/\/www.organisator.ch\/#\/schema\/logo\/image\/"},"sameAs":["https:\/\/www.facebook.com\/OrganisatorFachmagazin","https:\/\/www.linkedin.com\/showcase\/organisator-das-magazin-fr-kmu","https:\/\/www.xing.com\/news\/pages\/organisator-ch-695","https:\/\/www.youtube.com\/channel\/UCGP2Sq0iWaZwT3BdIAQFYpw"]}]}},"_links":{"self":[{"href":"https:\/\/www.organisator.ch\/de\/wp-json\/wp\/v2\/product\/14830","targetHints":{"allow":["GET"]}}],"collection":[{"href":"https:\/\/www.organisator.ch\/de\/wp-json\/wp\/v2\/product"}],"about":[{"href":"https:\/\/www.organisator.ch\/de\/wp-json\/wp\/v2\/types\/product"}],"wp:featuredmedia":[{"embeddable":true,"href":"https:\/\/www.organisator.ch\/de\/wp-json\/wp\/v2\/media\/14832"}],"wp:attachment":[{"href":"https:\/\/www.organisator.ch\/de\/wp-json\/wp\/v2\/media?parent=14830"}],"wp:term":[{"taxonomy":"product_brand","embeddable":true,"href":"https:\/\/www.organisator.ch\/de\/wp-json\/wp\/v2\/product_brand?post=14830"},{"taxonomy":"product_cat","embeddable":true,"href":"https:\/\/www.organisator.ch\/de\/wp-json\/wp\/v2\/product_cat?post=14830"},{"taxonomy":"product_tag","embeddable":true,"href":"https:\/\/www.organisator.ch\/de\/wp-json\/wp\/v2\/product_tag?post=14830"}],"curies":[{"name":"wp","href":"https:\/\/api.w.org\/{rel}","templated":true}]}}