{"id":14866,"date":"2022-06-15T13:50:52","date_gmt":"2022-06-15T11:50:52","guid":{"rendered":"https:\/\/www.organisator.ch\/?post_type=product&#038;p=14866"},"modified":"2022-06-15T13:50:52","modified_gmt":"2022-06-15T11:50:52","slug":"organisator-ausgabe-7-8-1995","status":"publish","type":"product","link":"https:\/\/www.organisator.ch\/de\/produkt\/organisator-ausgabe-7-8-1995\/","title":{"rendered":"Organisator Ausgabe 7-8\/1995"},"content":{"rendered":"<h2>FIRMENGRUNDUNG UND JUNGUNTERNEHMERTUM<\/h2>\n<p>Das Schwergewicht dieser Ausgabe befasst sich mit einem der sch\u00f6nsten Vorhaben, die ein Mensch haben kann &#8211; mit der Gr\u00fcndung einer beruflichen Existenz. Mehrere Autoren haben dazu ihre Ideen und konkreten Vorschl\u00e4ge beigesteuert: Urtternehmer werden ist nicht schwer (Franz Schnyder) Beratungspool f\u00fcr Jungunternehmer (Veronika Ballone) Gateway 96 &#8211; das Tor zur Unternehmerwelt Franchising-Veranstaltung: Frauen als Unternehmerinnen\u00a0 Jetzt mache ich mich selbst\u00e4ndig! (Franz auf der Maur)\u00a0 Literaturtips f\u00fcr den erfolgreichen Start.<\/p>\n<h3>\nUNTERNEHMENSF\u00dcHRUNG<\/h3>\n<ul>\n<li>Franz Schnyder zur Lebens- und Zeiteinteilung (6):<\/li>\n<li>Priorit\u00e4ten: Der Unterschied zwischen \u00abdringend\u00bb und \u00abwichtig\u00bb<\/li>\n<li>Zur bevorstehenden Luzerner Tagung von Prista: Das \u00f6ffentliche Beschaffungswesen im Umbruch<\/li>\n<li>Kerstin Friedrich und Lothar J. Seiwert, Serie \u00fcber EKS (6):<\/li>\n<li>Je enger Sie Ihr Gesch\u00e4ftsfeld definieren, desto schneller w\u00e4chst Ihr Marktanteil<\/li>\n<\/ul>\n<h3>\nPERSONALF\u00dcHRUNG<\/h3>\n<p>Ein Denkanstoss von Priska Riereck zum Thema Delegieren: Der Kompetenz-Transfer<\/p>\n<h3>\nMENSCHSEIN<\/h3>\n<p>Mercurius zum Thema Sinnfindung: Wie w\u00e4re es mit einem Tour d&#8217;Horizon<br \/>\nArthur Br\u00fchlmeier meint, der \u00abAlibi-Feminismus\u00bb sei Kein Gewinn f\u00fcr die Frauen!<br \/>\nGonsaiv K. Mainbergers Kolumne \u00abK\u00fcr und Pflicht\u00bb: Das Ethos st\u00fctzt die Ethik, Ethik orientiert das Ethos<br \/>\nFrank Taylors Mittel gegen die Informationsflut an: Vom Informationsempf\u00e4nger zum Informationsnehmer<\/p>\n<h3>\nORGANISATION<\/h3>\n<p>Norbert Thom und Fran^oise Cantin zum Beruf des Organisators: Organisator ist jemand, der.<\/p>\n<p>&nbsp;<\/p>\n<h3>INFORMATIK, TELEKOMMUNIKATION<\/h3>\n<p>Der elektronischen Datenkommunikation haben wir unter dem Titel ORGA\u2014LINE ein ganzes Spezialmagazin gewidmet, das dieser Ausgabe beigelegt ist. Darin finden Sie ausnahmsweise auch die Softwareseite \u00abFrisch vom Markt\u00bb. Falls Ihnen jemand zuvorgekommen ist, verlangen Sie diese aktuelle Publikation beim Verlag. F\u00fcr Abonnenten gratisi.<\/p>\n<h3>\nMARKETING<\/h3>\n<p>Thomas Greber zum Marketing f\u00fcr Unternehmensberater:Eine Mission &#8211; Genau das brauchen wir!<\/p>\n<p>&nbsp;<\/p>\n<h3>INFO- UND SERVICE-TEIL, RUBRIKEN<\/h3>\n<ul>\n<li>Der ORGANISATOR Im Dialog: Liebe Leserin, lieber Leser<\/li>\n<li>Neue Angebote und Produkte<\/li>\n<li>\u00dcber Menschen, Unternehmen, Organisationen<\/li>\n<li>Guter Rat: Hier finden Sie Ihren Unternehmensberater<\/li>\n<li>Felix Rupf-Huhns \u00c4rger mit Gebrauchsanweisungen<\/li>\n<li>Horst Bissegger begibt sich auf den Blumenweg<\/li>\n<\/ul>\n<h3>\nWeiterbildung und Fachliteratur<\/h3>\n<ul>\n<li>Foka-Abendvortrag zum Thema Informationsflut<\/li>\n<li>Kurse, Seminare, Events<\/li>\n<li>Ausstellung \u00abProfessa 95\u00bb<\/li>\n<li>B\u00fccher zum Thema Firmengr\u00fcndung und Jungunternehmertum.<\/li>\n<\/ul>\n<h3>\nClubs und Verb\u00e4nde<\/h3>\n<ul>\n<li>Actors! &#8211; Ein neuer Userclub im ORGANISATOR<\/li>\n<li>Alfa &#8211; Das war schlechthin gewaltig!<\/li>\n<li>Efficiency-Clubs: Veranstaltungskalender<\/li>\n<li>Idee-Suisse: 15 Jahre erfolgreich<\/li>\n<li>Psilog: Zwei Kraftwerke begegnen sich (PSILOG-Treff 95)<\/li>\n<li>VPA: Dienstleistungen und Informationen f\u00fcr Profis<\/li>\n<\/ul>\n<h3>\nDie letzten Seiten<\/h3>\n<ul>\n<li>Vorschau auf die n\u00e4chsten Ausgaben, Inserentenverzeichnis<\/li>\n<li>Ihr Nutzen als ORGANISATOR-Abonnent<\/li>\n<li>Impressum<\/li>\n<\/ul>\n<p>&nbsp;<\/p>\n","protected":false},"excerpt":{"rendered":"<p>Erhalte die deutschsprachige Fachzeitschrift \u00aborganisator\u00bb in der Ausgabe 7-8\/1995 als PDF-Download mit nachfolgendem Inhaltsverzeichnis:<\/p>\n","protected":false},"featured_media":14868,"template":"","meta":{"_acf_changed":false,"articlekey":""},"product_brand":[],"product_cat":[546],"product_tag":[2958],"class_list":{"0":"post-14866","1":"product","2":"type-product","3":"status-publish","4":"has-post-thumbnail","6":"product_cat-einzelausgaben","7":"product_tag-2958","9":"first","10":"instock","11":"downloadable","12":"virtual","13":"taxable","14":"purchasable","15":"product-type-simple"},"acf":[],"yoast_head":"<!-- This site is optimized with the Yoast SEO plugin v27.4 - https:\/\/yoast.com\/product\/yoast-seo-wordpress\/ -->\n<title>Organisator Ausgabe 7-8\/1995 - Organisator<\/title>\n<meta name=\"description\" content=\"Erhalte die deutschsprachige Fachzeitschrift \u00aborganisator\u00bb in der Ausgabe 7-8\/1995 als PDF-Download mit nachfolgendem Inhaltsverzeichnis:\" \/>\n<meta name=\"robots\" content=\"index, follow, max-snippet:-1, max-image-preview:large, max-video-preview:-1\" \/>\n<link rel=\"canonical\" href=\"https:\/\/www.organisator.ch\/de\/produkt\/organisator-ausgabe-7-8-1995\/\" \/>\n<meta property=\"og:locale\" content=\"de_DE\" \/>\n<meta property=\"og:type\" content=\"article\" \/>\n<meta property=\"og:title\" content=\"Organisator Ausgabe 7-8\/1995 - Organisator\" \/>\n<meta property=\"og:description\" content=\"Erhalte die deutschsprachige Fachzeitschrift \u00aborganisator\u00bb in der Ausgabe 7-8\/1995 als PDF-Download mit nachfolgendem Inhaltsverzeichnis:\" \/>\n<meta property=\"og:url\" content=\"https:\/\/www.organisator.ch\/de\/produkt\/organisator-ausgabe-7-8-1995\/\" \/>\n<meta property=\"og:site_name\" content=\"Organisator\" \/>\n<meta property=\"article:publisher\" content=\"https:\/\/www.facebook.com\/OrganisatorFachmagazin\" \/>\n<meta property=\"og:image\" content=\"https:\/\/www.organisator.ch\/wp-content\/uploads\/2022\/06\/organisator_1995_7-8.png\" \/>\n\t<meta property=\"og:image:width\" content=\"654\" \/>\n\t<meta property=\"og:image:height\" content=\"370\" \/>\n\t<meta property=\"og:image:type\" content=\"image\/png\" \/>\n<meta name=\"twitter:card\" content=\"summary_large_image\" \/>\n<script type=\"application\/ld+json\" class=\"yoast-schema-graph\">{\"@context\":\"https:\\\/\\\/schema.org\",\"@graph\":[{\"@type\":\"WebPage\",\"@id\":\"https:\\\/\\\/www.organisator.ch\\\/de\\\/produkt\\\/organisator-ausgabe-7-8-1995\\\/\",\"url\":\"https:\\\/\\\/www.organisator.ch\\\/de\\\/produkt\\\/organisator-ausgabe-7-8-1995\\\/\",\"name\":\"Organisator Ausgabe 7-8\\\/1995 - Organisator\",\"isPartOf\":{\"@id\":\"https:\\\/\\\/www.organisator.ch\\\/#website\"},\"primaryImageOfPage\":{\"@id\":\"https:\\\/\\\/www.organisator.ch\\\/de\\\/produkt\\\/organisator-ausgabe-7-8-1995\\\/#primaryimage\"},\"image\":{\"@id\":\"https:\\\/\\\/www.organisator.ch\\\/de\\\/produkt\\\/organisator-ausgabe-7-8-1995\\\/#primaryimage\"},\"thumbnailUrl\":\"https:\\\/\\\/www.organisator.ch\\\/wp-content\\\/uploads\\\/2022\\\/06\\\/organisator_1995_7-8.png\",\"datePublished\":\"2022-06-15T11:50:52+00:00\",\"description\":\"Erhalte die deutschsprachige Fachzeitschrift \u00aborganisator\u00bb in der Ausgabe 7-8\\\/1995 als PDF-Download mit nachfolgendem Inhaltsverzeichnis:\",\"breadcrumb\":{\"@id\":\"https:\\\/\\\/www.organisator.ch\\\/de\\\/produkt\\\/organisator-ausgabe-7-8-1995\\\/#breadcrumb\"},\"inLanguage\":\"de\",\"potentialAction\":[{\"@type\":\"ReadAction\",\"target\":[\"https:\\\/\\\/www.organisator.ch\\\/de\\\/produkt\\\/organisator-ausgabe-7-8-1995\\\/\"]}]},{\"@type\":\"ImageObject\",\"inLanguage\":\"de\",\"@id\":\"https:\\\/\\\/www.organisator.ch\\\/de\\\/produkt\\\/organisator-ausgabe-7-8-1995\\\/#primaryimage\",\"url\":\"https:\\\/\\\/www.organisator.ch\\\/wp-content\\\/uploads\\\/2022\\\/06\\\/organisator_1995_7-8.png\",\"contentUrl\":\"https:\\\/\\\/www.organisator.ch\\\/wp-content\\\/uploads\\\/2022\\\/06\\\/organisator_1995_7-8.png\",\"width\":654,\"height\":370},{\"@type\":\"BreadcrumbList\",\"@id\":\"https:\\\/\\\/www.organisator.ch\\\/de\\\/produkt\\\/organisator-ausgabe-7-8-1995\\\/#breadcrumb\",\"itemListElement\":[{\"@type\":\"ListItem\",\"position\":1,\"name\":\"Home\",\"item\":\"https:\\\/\\\/www.organisator.ch\\\/\"},{\"@type\":\"ListItem\",\"position\":2,\"name\":\"Shop\",\"item\":\"https:\\\/\\\/www.organisator.ch\\\/fr\\\/shop\\\/\"},{\"@type\":\"ListItem\",\"position\":3,\"name\":\"Organisator Ausgabe 7-8\\\/1995\"}]},{\"@type\":\"WebSite\",\"@id\":\"https:\\\/\\\/www.organisator.ch\\\/#website\",\"url\":\"https:\\\/\\\/www.organisator.ch\\\/\",\"name\":\"Organisator\",\"description\":\"Kompetent. Praxisnah. Der ORGANISATOR bereitet in 10 Ausgaben pro Jahr die wesentlichen Themen f\u00fcr F\u00fchrungskr\u00e4fte von KMU auf.\",\"publisher\":{\"@id\":\"https:\\\/\\\/www.organisator.ch\\\/#organization\"},\"potentialAction\":[{\"@type\":\"SearchAction\",\"target\":{\"@type\":\"EntryPoint\",\"urlTemplate\":\"https:\\\/\\\/www.organisator.ch\\\/?s={search_term_string}\"},\"query-input\":{\"@type\":\"PropertyValueSpecification\",\"valueRequired\":true,\"valueName\":\"search_term_string\"}}],\"inLanguage\":\"de\"},{\"@type\":\"Organization\",\"@id\":\"https:\\\/\\\/www.organisator.ch\\\/#organization\",\"name\":\"Organisator\",\"url\":\"https:\\\/\\\/www.organisator.ch\\\/\",\"logo\":{\"@type\":\"ImageObject\",\"inLanguage\":\"de\",\"@id\":\"https:\\\/\\\/www.organisator.ch\\\/#\\\/schema\\\/logo\\\/image\\\/\",\"url\":\"https:\\\/\\\/www.organisator.ch\\\/wp-content\\\/uploads\\\/2022\\\/01\\\/Logo_Organisator_Website.png\",\"contentUrl\":\"https:\\\/\\\/www.organisator.ch\\\/wp-content\\\/uploads\\\/2022\\\/01\\\/Logo_Organisator_Website.png\",\"width\":800,\"height\":77,\"caption\":\"Organisator\"},\"image\":{\"@id\":\"https:\\\/\\\/www.organisator.ch\\\/#\\\/schema\\\/logo\\\/image\\\/\"},\"sameAs\":[\"https:\\\/\\\/www.facebook.com\\\/OrganisatorFachmagazin\",\"https:\\\/\\\/www.linkedin.com\\\/showcase\\\/organisator-das-magazin-fr-kmu\",\"https:\\\/\\\/www.xing.com\\\/news\\\/pages\\\/organisator-ch-695\",\"https:\\\/\\\/www.youtube.com\\\/channel\\\/UCGP2Sq0iWaZwT3BdIAQFYpw\"]}]}<\/script>\n<!-- \/ Yoast SEO plugin. -->","yoast_head_json":{"title":"Organisator Ausgabe 7-8\/1995 - Organisator","description":"Erhalte die deutschsprachige Fachzeitschrift \u00aborganisator\u00bb in der Ausgabe 7-8\/1995 als PDF-Download mit nachfolgendem Inhaltsverzeichnis:","robots":{"index":"index","follow":"follow","max-snippet":"max-snippet:-1","max-image-preview":"max-image-preview:large","max-video-preview":"max-video-preview:-1"},"canonical":"https:\/\/www.organisator.ch\/de\/produkt\/organisator-ausgabe-7-8-1995\/","og_locale":"de_DE","og_type":"article","og_title":"Organisator Ausgabe 7-8\/1995 - Organisator","og_description":"Erhalte die deutschsprachige Fachzeitschrift \u00aborganisator\u00bb in der Ausgabe 7-8\/1995 als PDF-Download mit nachfolgendem Inhaltsverzeichnis:","og_url":"https:\/\/www.organisator.ch\/de\/produkt\/organisator-ausgabe-7-8-1995\/","og_site_name":"Organisator","article_publisher":"https:\/\/www.facebook.com\/OrganisatorFachmagazin","og_image":[{"width":654,"height":370,"url":"https:\/\/www.organisator.ch\/wp-content\/uploads\/2022\/06\/organisator_1995_7-8.png","type":"image\/png"}],"twitter_card":"summary_large_image","schema":{"@context":"https:\/\/schema.org","@graph":[{"@type":"WebPage","@id":"https:\/\/www.organisator.ch\/de\/produkt\/organisator-ausgabe-7-8-1995\/","url":"https:\/\/www.organisator.ch\/de\/produkt\/organisator-ausgabe-7-8-1995\/","name":"Organisator Ausgabe 7-8\/1995 - Organisator","isPartOf":{"@id":"https:\/\/www.organisator.ch\/#website"},"primaryImageOfPage":{"@id":"https:\/\/www.organisator.ch\/de\/produkt\/organisator-ausgabe-7-8-1995\/#primaryimage"},"image":{"@id":"https:\/\/www.organisator.ch\/de\/produkt\/organisator-ausgabe-7-8-1995\/#primaryimage"},"thumbnailUrl":"https:\/\/www.organisator.ch\/wp-content\/uploads\/2022\/06\/organisator_1995_7-8.png","datePublished":"2022-06-15T11:50:52+00:00","description":"Erhalte die deutschsprachige Fachzeitschrift \u00aborganisator\u00bb in der Ausgabe 7-8\/1995 als PDF-Download mit nachfolgendem Inhaltsverzeichnis:","breadcrumb":{"@id":"https:\/\/www.organisator.ch\/de\/produkt\/organisator-ausgabe-7-8-1995\/#breadcrumb"},"inLanguage":"de","potentialAction":[{"@type":"ReadAction","target":["https:\/\/www.organisator.ch\/de\/produkt\/organisator-ausgabe-7-8-1995\/"]}]},{"@type":"ImageObject","inLanguage":"de","@id":"https:\/\/www.organisator.ch\/de\/produkt\/organisator-ausgabe-7-8-1995\/#primaryimage","url":"https:\/\/www.organisator.ch\/wp-content\/uploads\/2022\/06\/organisator_1995_7-8.png","contentUrl":"https:\/\/www.organisator.ch\/wp-content\/uploads\/2022\/06\/organisator_1995_7-8.png","width":654,"height":370},{"@type":"BreadcrumbList","@id":"https:\/\/www.organisator.ch\/de\/produkt\/organisator-ausgabe-7-8-1995\/#breadcrumb","itemListElement":[{"@type":"ListItem","position":1,"name":"Home","item":"https:\/\/www.organisator.ch\/"},{"@type":"ListItem","position":2,"name":"Shop","item":"https:\/\/www.organisator.ch\/fr\/shop\/"},{"@type":"ListItem","position":3,"name":"Organisator Ausgabe 7-8\/1995"}]},{"@type":"WebSite","@id":"https:\/\/www.organisator.ch\/#website","url":"https:\/\/www.organisator.ch\/","name":"Organisator","description":"Kompetent. Praxisnah. Der ORGANISATOR bereitet in 10 Ausgaben pro Jahr die wesentlichen Themen f\u00fcr F\u00fchrungskr\u00e4fte von KMU auf.","publisher":{"@id":"https:\/\/www.organisator.ch\/#organization"},"potentialAction":[{"@type":"SearchAction","target":{"@type":"EntryPoint","urlTemplate":"https:\/\/www.organisator.ch\/?s={search_term_string}"},"query-input":{"@type":"PropertyValueSpecification","valueRequired":true,"valueName":"search_term_string"}}],"inLanguage":"de"},{"@type":"Organization","@id":"https:\/\/www.organisator.ch\/#organization","name":"Organisator","url":"https:\/\/www.organisator.ch\/","logo":{"@type":"ImageObject","inLanguage":"de","@id":"https:\/\/www.organisator.ch\/#\/schema\/logo\/image\/","url":"https:\/\/www.organisator.ch\/wp-content\/uploads\/2022\/01\/Logo_Organisator_Website.png","contentUrl":"https:\/\/www.organisator.ch\/wp-content\/uploads\/2022\/01\/Logo_Organisator_Website.png","width":800,"height":77,"caption":"Organisator"},"image":{"@id":"https:\/\/www.organisator.ch\/#\/schema\/logo\/image\/"},"sameAs":["https:\/\/www.facebook.com\/OrganisatorFachmagazin","https:\/\/www.linkedin.com\/showcase\/organisator-das-magazin-fr-kmu","https:\/\/www.xing.com\/news\/pages\/organisator-ch-695","https:\/\/www.youtube.com\/channel\/UCGP2Sq0iWaZwT3BdIAQFYpw"]}]}},"_links":{"self":[{"href":"https:\/\/www.organisator.ch\/de\/wp-json\/wp\/v2\/product\/14866","targetHints":{"allow":["GET"]}}],"collection":[{"href":"https:\/\/www.organisator.ch\/de\/wp-json\/wp\/v2\/product"}],"about":[{"href":"https:\/\/www.organisator.ch\/de\/wp-json\/wp\/v2\/types\/product"}],"wp:featuredmedia":[{"embeddable":true,"href":"https:\/\/www.organisator.ch\/de\/wp-json\/wp\/v2\/media\/14868"}],"wp:attachment":[{"href":"https:\/\/www.organisator.ch\/de\/wp-json\/wp\/v2\/media?parent=14866"}],"wp:term":[{"taxonomy":"product_brand","embeddable":true,"href":"https:\/\/www.organisator.ch\/de\/wp-json\/wp\/v2\/product_brand?post=14866"},{"taxonomy":"product_cat","embeddable":true,"href":"https:\/\/www.organisator.ch\/de\/wp-json\/wp\/v2\/product_cat?post=14866"},{"taxonomy":"product_tag","embeddable":true,"href":"https:\/\/www.organisator.ch\/de\/wp-json\/wp\/v2\/product_tag?post=14866"}],"curies":[{"name":"wp","href":"https:\/\/api.w.org\/{rel}","templated":true}]}}