{"id":14882,"date":"2022-06-15T14:40:11","date_gmt":"2022-06-15T12:40:11","guid":{"rendered":"https:\/\/www.organisator.ch\/?post_type=product&#038;p=14882"},"modified":"2022-06-15T14:40:11","modified_gmt":"2022-06-15T12:40:11","slug":"organisator-ausgabe-1-2-1995","status":"publish","type":"product","link":"https:\/\/www.organisator.ch\/de\/produkt\/organisator-ausgabe-1-2-1995\/","title":{"rendered":"Organisator Ausgabe 1-2\/1995"},"content":{"rendered":"<h2>Coaching<\/h2>\n<p>&nbsp;<\/p>\n<ul>\n<li>Einzelkampf Ist Einzelkrampf &#8211; Interview mit Gustav Weder &#8230;.<\/li>\n<li>Eine besondere Sparte der Unternehmensberatung (I): Pl\u00f6tzlich wird nur noch \u00abgecoacht\u00bb<\/li>\n<\/ul>\n<p>&nbsp;<\/p>\n<h3>Management<\/h3>\n<p>Das Sekretariat wird in den meistenBetrieben total untersch\u00e4tzt. Dabei ist es nicht mehr und nicht weniger als Die Seele der Firma<br \/>\nKommunikation mit Langzeitwirkung: Image ist unbezahlbar .<\/p>\n<p>&nbsp;<\/p>\n<h3>Pers\u00f6nliche Performance<\/h3>\n<ul>\n<li>Pr\u00e4sentation 9S und Pr\u00e4sentations-Know-how: Die ersten f\u00fcnf Sekunden<\/li>\n<li>Medientraining f\u00fcr F\u00fchrungskr\u00e4fte: Vorsicht Fernsehkamera<\/li>\n<li>Flexible Lebens- und Zeiteinteilung (1): Zeit ist h\u00f6flich &#8211; sie geht immer ganz leise weg<\/li>\n<li>EKS Strategie: Was Sie mit Sicherheit erfolgreich macht<\/li>\n<\/ul>\n<p>&nbsp;<\/p>\n<h3>Menschsein<\/h3>\n<p>&nbsp;<\/p>\n<p>Neue Kolumne: Pflicht und K\u00fcr &#8211; Ethik auf dem Vormarsch?<\/p>\n<h3>\nOrganisation + Informatik<\/h3>\n<p>Rationalisierungsidee im Bereich Verwaltung\/Postcheck: Jede Menge Sparpotential<br \/>\nPers\u00f6nliche Datensicherheit: Ihre geheime Passwortstrategie<\/p>\n<p>&nbsp;<\/p>\n<h3>Personalwesen<\/h3>\n<p>Neuorientierung Personalwesen IV: Die Personalabteilung als Kraftwerk des Unternehmens.<\/p>\n<p>&nbsp;<\/p>\n<h3>Finanzwesen<\/h3>\n<p>&nbsp;<\/p>\n<p>MWST-Bulletin: Besteuerung immaterieller Werte; Baugewerbliche Spezialregelungen<\/p>\n<p>&nbsp;<\/p>\n<h3>Info- und Service-Teil<\/h3>\n<ul>\n<li>Liebe Leserin, lieber Leser<\/li>\n<li>\u00dcber<\/li>\n<li>Neu<\/li>\n<\/ul>\n<h3>Beratung<\/h3>\n<ul>\n<li>Adressen von Unternehmensberatern<\/li>\n<li>Informatikseiten Neue Software auf dem Markt<\/li>\n<\/ul>\n<p>&nbsp;<\/p>\n<h3>Ciubs und Verb\u00e4nde<\/h3>\n<ul>\n<li>Consultant Club: Veranstaltungen<\/li>\n<li>Efficiency-Clubs: Veranstaltungen<\/li>\n<li>EKS Network: Was Sie mit Sicherheit erfolgreich macht<\/li>\n<li>Foka-Frauen sind informiert!<\/li>\n<\/ul>\n<h3>Idee-Suisse:<\/h3>\n<ul>\n<li>Die Zukunft beginnt im Kopf<\/li>\n<li>Psilog: Bauen Sie sich Ihre pers\u00f6nliche Datenbank<\/li>\n<li>SGO: Prozessorganisation<\/li>\n<li>VPA: Innovative Sal\u00e4rsysteme<\/li>\n<li>Verkauf Schweiz: Moderne Ent-\/ Belohnungssysteme<\/li>\n<\/ul>\n<p>&nbsp;<\/p>\n<h3>Weiterbildung<\/h3>\n<ul>\n<li>Medientraining f\u00fcr F\u00fchrungskr\u00e4fte: Vorsicht Fernsehkamera\u00a0 Einladung zur managergerechten<\/li>\n<li>Weiterbildung: Step by Step<\/li>\n<li>Veranstaltungskalender: Kurse, Seminare, Events<\/li>\n<\/ul>\n<h3>Ausstellungen<\/h3>\n<ul>\n<li>Pr\u00e4sentation 9S<\/li>\n<li>IS heisse Messetips<\/li>\n<\/ul>\n<h2>Literatur<\/h2>\n<ul>\n<li>ORGANISATOR-Markt\u00fcbersichten<\/li>\n<li>ORGANISATOR-Quintessenzen<\/li>\n<li>ORGANISATOR-Arbeitsmappen<\/li>\n<li>Bemerkenswerte Neuerscheinungen<\/li>\n<\/ul>\n<p>&nbsp;<\/p>\n<h3>Die letzten Seiten<\/h3>\n<ul>\n<li>c\/o-Seite mit Vorschau<\/li>\n<li>Ihr Nutzen<\/li>\n<li>Impressum<\/li>\n<\/ul>\n","protected":false},"excerpt":{"rendered":"<p>Erhalte die deutschsprachige Fachzeitschrift \u00aborganisator\u00bb in der Ausgabe 1-2\/1995 als PDF-Download mit nachfolgendem Inhaltsverzeichnis:<\/p>\n","protected":false},"featured_media":14884,"template":"","meta":{"_acf_changed":false,"articlekey":""},"product_brand":[],"product_cat":[546],"product_tag":[2958],"class_list":{"0":"post-14882","1":"product","2":"type-product","3":"status-publish","4":"has-post-thumbnail","6":"product_cat-einzelausgaben","7":"product_tag-2958","9":"first","10":"instock","11":"downloadable","12":"virtual","13":"taxable","14":"purchasable","15":"product-type-simple"},"acf":[],"yoast_head":"<!-- This site is optimized with the Yoast SEO plugin v27.5 - https:\/\/yoast.com\/product\/yoast-seo-wordpress\/ -->\n<title>Organisator Ausgabe 1-2\/1995 - Organisator<\/title>\n<meta name=\"description\" content=\"Erhalte die deutschsprachige Fachzeitschrift \u00aborganisator\u00bb in der Ausgabe 1-2\/1995 als PDF-Download mit nachfolgendem Inhaltsverzeichnis:\" \/>\n<meta name=\"robots\" content=\"index, follow, max-snippet:-1, max-image-preview:large, max-video-preview:-1\" \/>\n<link rel=\"canonical\" href=\"https:\/\/www.organisator.ch\/de\/produkt\/organisator-ausgabe-1-2-1995\/\" \/>\n<meta property=\"og:locale\" content=\"de_DE\" \/>\n<meta property=\"og:type\" content=\"article\" \/>\n<meta property=\"og:title\" content=\"Organisator Ausgabe 1-2\/1995 - Organisator\" \/>\n<meta property=\"og:description\" content=\"Erhalte die deutschsprachige Fachzeitschrift \u00aborganisator\u00bb in der Ausgabe 1-2\/1995 als PDF-Download mit nachfolgendem Inhaltsverzeichnis:\" \/>\n<meta property=\"og:url\" content=\"https:\/\/www.organisator.ch\/de\/produkt\/organisator-ausgabe-1-2-1995\/\" \/>\n<meta property=\"og:site_name\" content=\"Organisator\" \/>\n<meta property=\"article:publisher\" content=\"https:\/\/www.facebook.com\/OrganisatorFachmagazin\" \/>\n<meta property=\"og:image\" content=\"https:\/\/www.organisator.ch\/wp-content\/uploads\/2022\/06\/organisator_1995_1-2.png\" \/>\n\t<meta property=\"og:image:width\" content=\"654\" \/>\n\t<meta property=\"og:image:height\" content=\"370\" \/>\n\t<meta property=\"og:image:type\" content=\"image\/png\" \/>\n<meta name=\"twitter:card\" content=\"summary_large_image\" \/>\n<script type=\"application\/ld+json\" class=\"yoast-schema-graph\">{\"@context\":\"https:\\\/\\\/schema.org\",\"@graph\":[{\"@type\":\"WebPage\",\"@id\":\"https:\\\/\\\/www.organisator.ch\\\/de\\\/produkt\\\/organisator-ausgabe-1-2-1995\\\/\",\"url\":\"https:\\\/\\\/www.organisator.ch\\\/de\\\/produkt\\\/organisator-ausgabe-1-2-1995\\\/\",\"name\":\"Organisator Ausgabe 1-2\\\/1995 - Organisator\",\"isPartOf\":{\"@id\":\"https:\\\/\\\/www.organisator.ch\\\/#website\"},\"primaryImageOfPage\":{\"@id\":\"https:\\\/\\\/www.organisator.ch\\\/de\\\/produkt\\\/organisator-ausgabe-1-2-1995\\\/#primaryimage\"},\"image\":{\"@id\":\"https:\\\/\\\/www.organisator.ch\\\/de\\\/produkt\\\/organisator-ausgabe-1-2-1995\\\/#primaryimage\"},\"thumbnailUrl\":\"https:\\\/\\\/www.organisator.ch\\\/wp-content\\\/uploads\\\/2022\\\/06\\\/organisator_1995_1-2.png\",\"datePublished\":\"2022-06-15T12:40:11+00:00\",\"description\":\"Erhalte die deutschsprachige Fachzeitschrift \u00aborganisator\u00bb in der Ausgabe 1-2\\\/1995 als PDF-Download mit nachfolgendem Inhaltsverzeichnis:\",\"breadcrumb\":{\"@id\":\"https:\\\/\\\/www.organisator.ch\\\/de\\\/produkt\\\/organisator-ausgabe-1-2-1995\\\/#breadcrumb\"},\"inLanguage\":\"de\",\"potentialAction\":[{\"@type\":\"ReadAction\",\"target\":[\"https:\\\/\\\/www.organisator.ch\\\/de\\\/produkt\\\/organisator-ausgabe-1-2-1995\\\/\"]}]},{\"@type\":\"ImageObject\",\"inLanguage\":\"de\",\"@id\":\"https:\\\/\\\/www.organisator.ch\\\/de\\\/produkt\\\/organisator-ausgabe-1-2-1995\\\/#primaryimage\",\"url\":\"https:\\\/\\\/www.organisator.ch\\\/wp-content\\\/uploads\\\/2022\\\/06\\\/organisator_1995_1-2.png\",\"contentUrl\":\"https:\\\/\\\/www.organisator.ch\\\/wp-content\\\/uploads\\\/2022\\\/06\\\/organisator_1995_1-2.png\",\"width\":654,\"height\":370},{\"@type\":\"BreadcrumbList\",\"@id\":\"https:\\\/\\\/www.organisator.ch\\\/de\\\/produkt\\\/organisator-ausgabe-1-2-1995\\\/#breadcrumb\",\"itemListElement\":[{\"@type\":\"ListItem\",\"position\":1,\"name\":\"Home\",\"item\":\"https:\\\/\\\/www.organisator.ch\\\/\"},{\"@type\":\"ListItem\",\"position\":2,\"name\":\"Shop\",\"item\":\"https:\\\/\\\/www.organisator.ch\\\/fr\\\/shop\\\/\"},{\"@type\":\"ListItem\",\"position\":3,\"name\":\"Organisator Ausgabe 1-2\\\/1995\"}]},{\"@type\":\"WebSite\",\"@id\":\"https:\\\/\\\/www.organisator.ch\\\/#website\",\"url\":\"https:\\\/\\\/www.organisator.ch\\\/\",\"name\":\"Organisator\",\"description\":\"Kompetent. Praxisnah. Der ORGANISATOR bereitet in 10 Ausgaben pro Jahr die wesentlichen Themen f\u00fcr F\u00fchrungskr\u00e4fte von KMU auf.\",\"publisher\":{\"@id\":\"https:\\\/\\\/www.organisator.ch\\\/#organization\"},\"potentialAction\":[{\"@type\":\"SearchAction\",\"target\":{\"@type\":\"EntryPoint\",\"urlTemplate\":\"https:\\\/\\\/www.organisator.ch\\\/?s={search_term_string}\"},\"query-input\":{\"@type\":\"PropertyValueSpecification\",\"valueRequired\":true,\"valueName\":\"search_term_string\"}}],\"inLanguage\":\"de\"},{\"@type\":\"Organization\",\"@id\":\"https:\\\/\\\/www.organisator.ch\\\/#organization\",\"name\":\"Organisator\",\"url\":\"https:\\\/\\\/www.organisator.ch\\\/\",\"logo\":{\"@type\":\"ImageObject\",\"inLanguage\":\"de\",\"@id\":\"https:\\\/\\\/www.organisator.ch\\\/#\\\/schema\\\/logo\\\/image\\\/\",\"url\":\"https:\\\/\\\/www.organisator.ch\\\/wp-content\\\/uploads\\\/2022\\\/01\\\/Logo_Organisator_Website.png\",\"contentUrl\":\"https:\\\/\\\/www.organisator.ch\\\/wp-content\\\/uploads\\\/2022\\\/01\\\/Logo_Organisator_Website.png\",\"width\":800,\"height\":77,\"caption\":\"Organisator\"},\"image\":{\"@id\":\"https:\\\/\\\/www.organisator.ch\\\/#\\\/schema\\\/logo\\\/image\\\/\"},\"sameAs\":[\"https:\\\/\\\/www.facebook.com\\\/OrganisatorFachmagazin\",\"https:\\\/\\\/www.linkedin.com\\\/showcase\\\/organisator-das-magazin-fr-kmu\",\"https:\\\/\\\/www.xing.com\\\/news\\\/pages\\\/organisator-ch-695\",\"https:\\\/\\\/www.youtube.com\\\/channel\\\/UCGP2Sq0iWaZwT3BdIAQFYpw\"]}]}<\/script>\n<!-- \/ Yoast SEO plugin. -->","yoast_head_json":{"title":"Organisator Ausgabe 1-2\/1995 - Organisator","description":"Erhalte die deutschsprachige Fachzeitschrift \u00aborganisator\u00bb in der Ausgabe 1-2\/1995 als PDF-Download mit nachfolgendem Inhaltsverzeichnis:","robots":{"index":"index","follow":"follow","max-snippet":"max-snippet:-1","max-image-preview":"max-image-preview:large","max-video-preview":"max-video-preview:-1"},"canonical":"https:\/\/www.organisator.ch\/de\/produkt\/organisator-ausgabe-1-2-1995\/","og_locale":"de_DE","og_type":"article","og_title":"Organisator Ausgabe 1-2\/1995 - Organisator","og_description":"Erhalte die deutschsprachige Fachzeitschrift \u00aborganisator\u00bb in der Ausgabe 1-2\/1995 als PDF-Download mit nachfolgendem Inhaltsverzeichnis:","og_url":"https:\/\/www.organisator.ch\/de\/produkt\/organisator-ausgabe-1-2-1995\/","og_site_name":"Organisator","article_publisher":"https:\/\/www.facebook.com\/OrganisatorFachmagazin","og_image":[{"width":654,"height":370,"url":"https:\/\/www.organisator.ch\/wp-content\/uploads\/2022\/06\/organisator_1995_1-2.png","type":"image\/png"}],"twitter_card":"summary_large_image","schema":{"@context":"https:\/\/schema.org","@graph":[{"@type":"WebPage","@id":"https:\/\/www.organisator.ch\/de\/produkt\/organisator-ausgabe-1-2-1995\/","url":"https:\/\/www.organisator.ch\/de\/produkt\/organisator-ausgabe-1-2-1995\/","name":"Organisator Ausgabe 1-2\/1995 - Organisator","isPartOf":{"@id":"https:\/\/www.organisator.ch\/#website"},"primaryImageOfPage":{"@id":"https:\/\/www.organisator.ch\/de\/produkt\/organisator-ausgabe-1-2-1995\/#primaryimage"},"image":{"@id":"https:\/\/www.organisator.ch\/de\/produkt\/organisator-ausgabe-1-2-1995\/#primaryimage"},"thumbnailUrl":"https:\/\/www.organisator.ch\/wp-content\/uploads\/2022\/06\/organisator_1995_1-2.png","datePublished":"2022-06-15T12:40:11+00:00","description":"Erhalte die deutschsprachige Fachzeitschrift \u00aborganisator\u00bb in der Ausgabe 1-2\/1995 als PDF-Download mit nachfolgendem Inhaltsverzeichnis:","breadcrumb":{"@id":"https:\/\/www.organisator.ch\/de\/produkt\/organisator-ausgabe-1-2-1995\/#breadcrumb"},"inLanguage":"de","potentialAction":[{"@type":"ReadAction","target":["https:\/\/www.organisator.ch\/de\/produkt\/organisator-ausgabe-1-2-1995\/"]}]},{"@type":"ImageObject","inLanguage":"de","@id":"https:\/\/www.organisator.ch\/de\/produkt\/organisator-ausgabe-1-2-1995\/#primaryimage","url":"https:\/\/www.organisator.ch\/wp-content\/uploads\/2022\/06\/organisator_1995_1-2.png","contentUrl":"https:\/\/www.organisator.ch\/wp-content\/uploads\/2022\/06\/organisator_1995_1-2.png","width":654,"height":370},{"@type":"BreadcrumbList","@id":"https:\/\/www.organisator.ch\/de\/produkt\/organisator-ausgabe-1-2-1995\/#breadcrumb","itemListElement":[{"@type":"ListItem","position":1,"name":"Home","item":"https:\/\/www.organisator.ch\/"},{"@type":"ListItem","position":2,"name":"Shop","item":"https:\/\/www.organisator.ch\/fr\/shop\/"},{"@type":"ListItem","position":3,"name":"Organisator Ausgabe 1-2\/1995"}]},{"@type":"WebSite","@id":"https:\/\/www.organisator.ch\/#website","url":"https:\/\/www.organisator.ch\/","name":"Organisator","description":"Kompetent. Praxisnah. Der ORGANISATOR bereitet in 10 Ausgaben pro Jahr die wesentlichen Themen f\u00fcr F\u00fchrungskr\u00e4fte von KMU auf.","publisher":{"@id":"https:\/\/www.organisator.ch\/#organization"},"potentialAction":[{"@type":"SearchAction","target":{"@type":"EntryPoint","urlTemplate":"https:\/\/www.organisator.ch\/?s={search_term_string}"},"query-input":{"@type":"PropertyValueSpecification","valueRequired":true,"valueName":"search_term_string"}}],"inLanguage":"de"},{"@type":"Organization","@id":"https:\/\/www.organisator.ch\/#organization","name":"Organisator","url":"https:\/\/www.organisator.ch\/","logo":{"@type":"ImageObject","inLanguage":"de","@id":"https:\/\/www.organisator.ch\/#\/schema\/logo\/image\/","url":"https:\/\/www.organisator.ch\/wp-content\/uploads\/2022\/01\/Logo_Organisator_Website.png","contentUrl":"https:\/\/www.organisator.ch\/wp-content\/uploads\/2022\/01\/Logo_Organisator_Website.png","width":800,"height":77,"caption":"Organisator"},"image":{"@id":"https:\/\/www.organisator.ch\/#\/schema\/logo\/image\/"},"sameAs":["https:\/\/www.facebook.com\/OrganisatorFachmagazin","https:\/\/www.linkedin.com\/showcase\/organisator-das-magazin-fr-kmu","https:\/\/www.xing.com\/news\/pages\/organisator-ch-695","https:\/\/www.youtube.com\/channel\/UCGP2Sq0iWaZwT3BdIAQFYpw"]}]}},"_links":{"self":[{"href":"https:\/\/www.organisator.ch\/de\/wp-json\/wp\/v2\/product\/14882","targetHints":{"allow":["GET"]}}],"collection":[{"href":"https:\/\/www.organisator.ch\/de\/wp-json\/wp\/v2\/product"}],"about":[{"href":"https:\/\/www.organisator.ch\/de\/wp-json\/wp\/v2\/types\/product"}],"wp:featuredmedia":[{"embeddable":true,"href":"https:\/\/www.organisator.ch\/de\/wp-json\/wp\/v2\/media\/14884"}],"wp:attachment":[{"href":"https:\/\/www.organisator.ch\/de\/wp-json\/wp\/v2\/media?parent=14882"}],"wp:term":[{"taxonomy":"product_brand","embeddable":true,"href":"https:\/\/www.organisator.ch\/de\/wp-json\/wp\/v2\/product_brand?post=14882"},{"taxonomy":"product_cat","embeddable":true,"href":"https:\/\/www.organisator.ch\/de\/wp-json\/wp\/v2\/product_cat?post=14882"},{"taxonomy":"product_tag","embeddable":true,"href":"https:\/\/www.organisator.ch\/de\/wp-json\/wp\/v2\/product_tag?post=14882"}],"curies":[{"name":"wp","href":"https:\/\/api.w.org\/{rel}","templated":true}]}}