{"id":15002,"date":"2022-06-16T11:40:58","date_gmt":"2022-06-16T09:40:58","guid":{"rendered":"https:\/\/www.organisator.ch\/?post_type=product&#038;p=15002"},"modified":"2022-06-16T13:48:13","modified_gmt":"2022-06-16T11:48:13","slug":"organisator-ausgabe-7-8-1997","status":"publish","type":"product","link":"https:\/\/www.organisator.ch\/de\/produkt\/organisator-ausgabe-7-8-1997\/","title":{"rendered":"Organisator Ausgabe 7-8\/1997"},"content":{"rendered":"<h2>DAS VERNETZTE UNTERNEHMEN<\/h2>\n<h2><\/h2>\n<p>Der Erfolg des Clarina-Teams war nur m\u00f6glich dank virtueller Vernetzung. Wie es funktioniert, berichtet Franz Schnyder aufgrund eines Gespr\u00e4chs mit Stephanie Schultze: Die Idee kommt vor dem Markt. W\u00e4hrend 59 Minuten und 59,2 Sekunden war der Mensch unterwegs. Sesshaft sind wir nach einer realistischen Kalkulation von C.P. Seibt erst seit 0,8 Sekunden. Und jetzt werden wir wieder Die Neuen Nomaden: Beutel Heute! Wolf H\u00f6nig \u00fcber die neue Recherchendimension im Arbeitsmarkt: Arbeitspl\u00e4tze aus dem Netzwerk\u00a0 Oliver Pott zeigt, wohin die innerbetriebliche Vernetzung geht: Intranet &#8211; Digitales Netzwerkinstrument der Gegenwart und der Zukunft.<\/p>\n<h3>MITARBEITERF\u00dcHRUNG<\/h3>\n<p>Thorsten Sievert unterst\u00fctzt Sie bei der Mitarbeitergewinnung: Mit Sicherheit die Besten w\u00e4hlen.<br \/>\nChristian Katz in seiner Kolumne \u00abCoach Yourself\u00bb: Sie brauchen nur zu lernen, was Sie f\u00fcr Ihre Ziele gerade brauchen.<br \/>\nDer Buchtip des Monats von Franz Schnyder ist tr\u00f6stlich: Die meisten Probleme sind keine .<br \/>\nPaul Dominik Hasler hat gut zugeh\u00f6rt bei den Gespr\u00e4chen mit Gott: Gott und Alice (36, Personalchefin).<\/p>\n<p>&nbsp;<\/p>\n<h3>MARKETING<\/h3>\n<p>Peter Meierhofer hat verbl\u00fcffende Marketingtips: So lernen Sie von Ihren Kunden, wo Sie morgen Ihr Geld verdienen!<br \/>\nRolf Grubers Denkanstoss:Warum sich einen Hund halten und dann selber bellen?<br \/>\nHans-Peter Zimmermann f\u00fchrt Sie auf direktem Weg zum Erfolg:Das 6-Stufen-Verkaufsgespr\u00e4ch.<\/p>\n<p>&nbsp;<\/p>\n<h3>ORGANISATION, INFORMATIK<\/h3>\n<p>Felix Niederberger &#8211; Serie \u00abProjektmanagement (4)- zeigt, wie Sie Dem Murphy ein Schnippchen schlagen<br \/>\nProduktevorstellung Ascom Axento: Ohne Draht voll auf Draht.<\/p>\n<h3>SONDERTEIL BUSINESS-SOFTWARE<\/h3>\n<ul>\n<li>Norbert Salomon gibt wertvolle Denkhilfen EDV-Planung: Vordenken statt teurem Nachsehen<\/li>\n<li>Alfred Ariger macht sich so seine Gedanken: Kasparow und deep blue &#8211; Schiller und tausend Affen<\/li>\n<li>Hanspeter Stucki setzt das Stethoskop an:Wie pannensicher ist Ihr EDV-System?<\/li>\n<li>Marco Gelmi behauptet und weist nach: Die Wirtschaftlichkeit des IT-Equipments l\u00e4sst sich steigern<\/li>\n<li>Hans Rudolf Fl\u00fcckiger sagt, wie das Internet sinnvoll zu nutzen ist; Perfekt gestrickt<\/li>\n<li>Produktevorstellungen Beratung am Bildschirm -ATO Treuhand &amp; Datenservice<\/li>\n<li>Bis 31.12.9999 haben Sie mit dieser SW keine Probleme &#8211; Dialcom<\/li>\n<li>Neues BusPro vereinfacht das Leben mit dem Bildschirm &#8211; BusPro<\/li>\n<li>Der neue Office-Standard f\u00fcr BUs und KMUs &#8211; Informing<\/li>\n<li>Die Business-Software ohne Grenzen &#8211; Navision Software (Schweiz)<\/li>\n<li>Die neue Software-Generation &#8211; Pebe Datentechnik<\/li>\n<li>So flexibel wie der Mittelstand selbst &#8211; SAP (Schweiz)<\/li>\n<li>Gesamtl\u00f6sung f\u00fcr das kaufm\u00e4nnische B\u00fcro &#8211; ASP Informatik<\/li>\n<\/ul>\n<p>&nbsp;<\/p>\n<h3>INFO- UND SERVICE-TEIL, RUBRIKEN, CLUBS<\/h3>\n<ul>\n<li>Psilog &#8211; Psion User Club of Switzerland<\/li>\n<li>Hier sind Berater zu Hause<\/li>\n<li>Akademie Organisator: Die n\u00e4chsten Events<\/li>\n<li>VPA Verband der Personal- und Ausbildungsfachleute<\/li>\n<\/ul>\n<h3>Weiterbildung<\/h3>\n<ul>\n<li>Kurse, Seminare, Events<\/li>\n<li>SIU: Know-how f\u00fcr Gewerbe und Detailhandel<\/li>\n<\/ul>\n<h3>Die letzten Seiten<\/h3>\n<ul>\n<li>Neues und Interessantes bei unseren Inserenten<\/li>\n<li>Hier sind Unternehmer zu Hause; Impressum<\/li>\n<\/ul>\n","protected":false},"excerpt":{"rendered":"<p>Erhalte die deutschsprachige Fachzeitschrift \u00aborganisator\u00bb in der Ausgabe 7-8\/1997 als PDF-Download mit nachfolgendem Inhaltsverzeichnis:<\/p>\n","protected":false},"featured_media":15004,"template":"","meta":{"_acf_changed":false,"articlekey":""},"product_brand":[],"product_cat":[546],"product_tag":[2965],"class_list":{"0":"post-15002","1":"product","2":"type-product","3":"status-publish","4":"has-post-thumbnail","6":"product_cat-einzelausgaben","7":"product_tag-2965","9":"first","10":"instock","11":"downloadable","12":"virtual","13":"taxable","14":"purchasable","15":"product-type-simple"},"acf":[],"yoast_head":"<!-- This site is optimized with the Yoast SEO plugin v27.4 - https:\/\/yoast.com\/product\/yoast-seo-wordpress\/ -->\n<title>Organisator Ausgabe 7-8\/1997 - Organisator<\/title>\n<meta name=\"description\" content=\"Erhalte die deutschsprachige Fachzeitschrift \u00aborganisator\u00bb in der Ausgabe 7-8\/1997 als PDF-Download mit nachfolgendem Inhaltsverzeichnis:\" \/>\n<meta name=\"robots\" content=\"index, follow, max-snippet:-1, max-image-preview:large, max-video-preview:-1\" \/>\n<link rel=\"canonical\" href=\"https:\/\/www.organisator.ch\/de\/produkt\/organisator-ausgabe-7-8-1997\/\" \/>\n<meta property=\"og:locale\" content=\"de_DE\" \/>\n<meta property=\"og:type\" content=\"article\" \/>\n<meta property=\"og:title\" content=\"Organisator Ausgabe 7-8\/1997 - Organisator\" \/>\n<meta property=\"og:description\" content=\"Erhalte die deutschsprachige Fachzeitschrift \u00aborganisator\u00bb in der Ausgabe 7-8\/1997 als PDF-Download mit nachfolgendem Inhaltsverzeichnis:\" \/>\n<meta property=\"og:url\" content=\"https:\/\/www.organisator.ch\/de\/produkt\/organisator-ausgabe-7-8-1997\/\" \/>\n<meta property=\"og:site_name\" content=\"Organisator\" \/>\n<meta property=\"article:publisher\" content=\"https:\/\/www.facebook.com\/OrganisatorFachmagazin\" \/>\n<meta property=\"article:modified_time\" content=\"2022-06-16T11:48:13+00:00\" \/>\n<meta property=\"og:image\" content=\"https:\/\/www.organisator.ch\/wp-content\/uploads\/2022\/06\/organisator_1997_7-8.png\" \/>\n\t<meta property=\"og:image:width\" content=\"654\" \/>\n\t<meta property=\"og:image:height\" content=\"370\" \/>\n\t<meta property=\"og:image:type\" content=\"image\/png\" \/>\n<meta name=\"twitter:card\" content=\"summary_large_image\" \/>\n<script type=\"application\/ld+json\" class=\"yoast-schema-graph\">{\"@context\":\"https:\\\/\\\/schema.org\",\"@graph\":[{\"@type\":\"WebPage\",\"@id\":\"https:\\\/\\\/www.organisator.ch\\\/de\\\/produkt\\\/organisator-ausgabe-7-8-1997\\\/\",\"url\":\"https:\\\/\\\/www.organisator.ch\\\/de\\\/produkt\\\/organisator-ausgabe-7-8-1997\\\/\",\"name\":\"Organisator Ausgabe 7-8\\\/1997 - Organisator\",\"isPartOf\":{\"@id\":\"https:\\\/\\\/www.organisator.ch\\\/#website\"},\"primaryImageOfPage\":{\"@id\":\"https:\\\/\\\/www.organisator.ch\\\/de\\\/produkt\\\/organisator-ausgabe-7-8-1997\\\/#primaryimage\"},\"image\":{\"@id\":\"https:\\\/\\\/www.organisator.ch\\\/de\\\/produkt\\\/organisator-ausgabe-7-8-1997\\\/#primaryimage\"},\"thumbnailUrl\":\"https:\\\/\\\/www.organisator.ch\\\/wp-content\\\/uploads\\\/2022\\\/06\\\/organisator_1997_7-8.png\",\"datePublished\":\"2022-06-16T09:40:58+00:00\",\"dateModified\":\"2022-06-16T11:48:13+00:00\",\"description\":\"Erhalte die deutschsprachige Fachzeitschrift \u00aborganisator\u00bb in der Ausgabe 7-8\\\/1997 als PDF-Download mit nachfolgendem Inhaltsverzeichnis:\",\"breadcrumb\":{\"@id\":\"https:\\\/\\\/www.organisator.ch\\\/de\\\/produkt\\\/organisator-ausgabe-7-8-1997\\\/#breadcrumb\"},\"inLanguage\":\"de\",\"potentialAction\":[{\"@type\":\"ReadAction\",\"target\":[\"https:\\\/\\\/www.organisator.ch\\\/de\\\/produkt\\\/organisator-ausgabe-7-8-1997\\\/\"]}]},{\"@type\":\"ImageObject\",\"inLanguage\":\"de\",\"@id\":\"https:\\\/\\\/www.organisator.ch\\\/de\\\/produkt\\\/organisator-ausgabe-7-8-1997\\\/#primaryimage\",\"url\":\"https:\\\/\\\/www.organisator.ch\\\/wp-content\\\/uploads\\\/2022\\\/06\\\/organisator_1997_7-8.png\",\"contentUrl\":\"https:\\\/\\\/www.organisator.ch\\\/wp-content\\\/uploads\\\/2022\\\/06\\\/organisator_1997_7-8.png\",\"width\":654,\"height\":370},{\"@type\":\"BreadcrumbList\",\"@id\":\"https:\\\/\\\/www.organisator.ch\\\/de\\\/produkt\\\/organisator-ausgabe-7-8-1997\\\/#breadcrumb\",\"itemListElement\":[{\"@type\":\"ListItem\",\"position\":1,\"name\":\"Home\",\"item\":\"https:\\\/\\\/www.organisator.ch\\\/\"},{\"@type\":\"ListItem\",\"position\":2,\"name\":\"Shop\",\"item\":\"https:\\\/\\\/www.organisator.ch\\\/fr\\\/shop\\\/\"},{\"@type\":\"ListItem\",\"position\":3,\"name\":\"Organisator Ausgabe 7-8\\\/1997\"}]},{\"@type\":\"WebSite\",\"@id\":\"https:\\\/\\\/www.organisator.ch\\\/#website\",\"url\":\"https:\\\/\\\/www.organisator.ch\\\/\",\"name\":\"Organisator\",\"description\":\"Kompetent. Praxisnah. Der ORGANISATOR bereitet in 10 Ausgaben pro Jahr die wesentlichen Themen f\u00fcr F\u00fchrungskr\u00e4fte von KMU auf.\",\"publisher\":{\"@id\":\"https:\\\/\\\/www.organisator.ch\\\/#organization\"},\"potentialAction\":[{\"@type\":\"SearchAction\",\"target\":{\"@type\":\"EntryPoint\",\"urlTemplate\":\"https:\\\/\\\/www.organisator.ch\\\/?s={search_term_string}\"},\"query-input\":{\"@type\":\"PropertyValueSpecification\",\"valueRequired\":true,\"valueName\":\"search_term_string\"}}],\"inLanguage\":\"de\"},{\"@type\":\"Organization\",\"@id\":\"https:\\\/\\\/www.organisator.ch\\\/#organization\",\"name\":\"Organisator\",\"url\":\"https:\\\/\\\/www.organisator.ch\\\/\",\"logo\":{\"@type\":\"ImageObject\",\"inLanguage\":\"de\",\"@id\":\"https:\\\/\\\/www.organisator.ch\\\/#\\\/schema\\\/logo\\\/image\\\/\",\"url\":\"https:\\\/\\\/www.organisator.ch\\\/wp-content\\\/uploads\\\/2022\\\/01\\\/Logo_Organisator_Website.png\",\"contentUrl\":\"https:\\\/\\\/www.organisator.ch\\\/wp-content\\\/uploads\\\/2022\\\/01\\\/Logo_Organisator_Website.png\",\"width\":800,\"height\":77,\"caption\":\"Organisator\"},\"image\":{\"@id\":\"https:\\\/\\\/www.organisator.ch\\\/#\\\/schema\\\/logo\\\/image\\\/\"},\"sameAs\":[\"https:\\\/\\\/www.facebook.com\\\/OrganisatorFachmagazin\",\"https:\\\/\\\/www.linkedin.com\\\/showcase\\\/organisator-das-magazin-fr-kmu\",\"https:\\\/\\\/www.xing.com\\\/news\\\/pages\\\/organisator-ch-695\",\"https:\\\/\\\/www.youtube.com\\\/channel\\\/UCGP2Sq0iWaZwT3BdIAQFYpw\"]}]}<\/script>\n<!-- \/ Yoast SEO plugin. -->","yoast_head_json":{"title":"Organisator Ausgabe 7-8\/1997 - Organisator","description":"Erhalte die deutschsprachige Fachzeitschrift \u00aborganisator\u00bb in der Ausgabe 7-8\/1997 als PDF-Download mit nachfolgendem Inhaltsverzeichnis:","robots":{"index":"index","follow":"follow","max-snippet":"max-snippet:-1","max-image-preview":"max-image-preview:large","max-video-preview":"max-video-preview:-1"},"canonical":"https:\/\/www.organisator.ch\/de\/produkt\/organisator-ausgabe-7-8-1997\/","og_locale":"de_DE","og_type":"article","og_title":"Organisator Ausgabe 7-8\/1997 - Organisator","og_description":"Erhalte die deutschsprachige Fachzeitschrift \u00aborganisator\u00bb in der Ausgabe 7-8\/1997 als PDF-Download mit nachfolgendem Inhaltsverzeichnis:","og_url":"https:\/\/www.organisator.ch\/de\/produkt\/organisator-ausgabe-7-8-1997\/","og_site_name":"Organisator","article_publisher":"https:\/\/www.facebook.com\/OrganisatorFachmagazin","article_modified_time":"2022-06-16T11:48:13+00:00","og_image":[{"width":654,"height":370,"url":"https:\/\/www.organisator.ch\/wp-content\/uploads\/2022\/06\/organisator_1997_7-8.png","type":"image\/png"}],"twitter_card":"summary_large_image","schema":{"@context":"https:\/\/schema.org","@graph":[{"@type":"WebPage","@id":"https:\/\/www.organisator.ch\/de\/produkt\/organisator-ausgabe-7-8-1997\/","url":"https:\/\/www.organisator.ch\/de\/produkt\/organisator-ausgabe-7-8-1997\/","name":"Organisator Ausgabe 7-8\/1997 - Organisator","isPartOf":{"@id":"https:\/\/www.organisator.ch\/#website"},"primaryImageOfPage":{"@id":"https:\/\/www.organisator.ch\/de\/produkt\/organisator-ausgabe-7-8-1997\/#primaryimage"},"image":{"@id":"https:\/\/www.organisator.ch\/de\/produkt\/organisator-ausgabe-7-8-1997\/#primaryimage"},"thumbnailUrl":"https:\/\/www.organisator.ch\/wp-content\/uploads\/2022\/06\/organisator_1997_7-8.png","datePublished":"2022-06-16T09:40:58+00:00","dateModified":"2022-06-16T11:48:13+00:00","description":"Erhalte die deutschsprachige Fachzeitschrift \u00aborganisator\u00bb in der Ausgabe 7-8\/1997 als PDF-Download mit nachfolgendem Inhaltsverzeichnis:","breadcrumb":{"@id":"https:\/\/www.organisator.ch\/de\/produkt\/organisator-ausgabe-7-8-1997\/#breadcrumb"},"inLanguage":"de","potentialAction":[{"@type":"ReadAction","target":["https:\/\/www.organisator.ch\/de\/produkt\/organisator-ausgabe-7-8-1997\/"]}]},{"@type":"ImageObject","inLanguage":"de","@id":"https:\/\/www.organisator.ch\/de\/produkt\/organisator-ausgabe-7-8-1997\/#primaryimage","url":"https:\/\/www.organisator.ch\/wp-content\/uploads\/2022\/06\/organisator_1997_7-8.png","contentUrl":"https:\/\/www.organisator.ch\/wp-content\/uploads\/2022\/06\/organisator_1997_7-8.png","width":654,"height":370},{"@type":"BreadcrumbList","@id":"https:\/\/www.organisator.ch\/de\/produkt\/organisator-ausgabe-7-8-1997\/#breadcrumb","itemListElement":[{"@type":"ListItem","position":1,"name":"Home","item":"https:\/\/www.organisator.ch\/"},{"@type":"ListItem","position":2,"name":"Shop","item":"https:\/\/www.organisator.ch\/fr\/shop\/"},{"@type":"ListItem","position":3,"name":"Organisator Ausgabe 7-8\/1997"}]},{"@type":"WebSite","@id":"https:\/\/www.organisator.ch\/#website","url":"https:\/\/www.organisator.ch\/","name":"Organisator","description":"Kompetent. Praxisnah. Der ORGANISATOR bereitet in 10 Ausgaben pro Jahr die wesentlichen Themen f\u00fcr F\u00fchrungskr\u00e4fte von KMU auf.","publisher":{"@id":"https:\/\/www.organisator.ch\/#organization"},"potentialAction":[{"@type":"SearchAction","target":{"@type":"EntryPoint","urlTemplate":"https:\/\/www.organisator.ch\/?s={search_term_string}"},"query-input":{"@type":"PropertyValueSpecification","valueRequired":true,"valueName":"search_term_string"}}],"inLanguage":"de"},{"@type":"Organization","@id":"https:\/\/www.organisator.ch\/#organization","name":"Organisator","url":"https:\/\/www.organisator.ch\/","logo":{"@type":"ImageObject","inLanguage":"de","@id":"https:\/\/www.organisator.ch\/#\/schema\/logo\/image\/","url":"https:\/\/www.organisator.ch\/wp-content\/uploads\/2022\/01\/Logo_Organisator_Website.png","contentUrl":"https:\/\/www.organisator.ch\/wp-content\/uploads\/2022\/01\/Logo_Organisator_Website.png","width":800,"height":77,"caption":"Organisator"},"image":{"@id":"https:\/\/www.organisator.ch\/#\/schema\/logo\/image\/"},"sameAs":["https:\/\/www.facebook.com\/OrganisatorFachmagazin","https:\/\/www.linkedin.com\/showcase\/organisator-das-magazin-fr-kmu","https:\/\/www.xing.com\/news\/pages\/organisator-ch-695","https:\/\/www.youtube.com\/channel\/UCGP2Sq0iWaZwT3BdIAQFYpw"]}]}},"_links":{"self":[{"href":"https:\/\/www.organisator.ch\/de\/wp-json\/wp\/v2\/product\/15002","targetHints":{"allow":["GET"]}}],"collection":[{"href":"https:\/\/www.organisator.ch\/de\/wp-json\/wp\/v2\/product"}],"about":[{"href":"https:\/\/www.organisator.ch\/de\/wp-json\/wp\/v2\/types\/product"}],"wp:featuredmedia":[{"embeddable":true,"href":"https:\/\/www.organisator.ch\/de\/wp-json\/wp\/v2\/media\/15004"}],"wp:attachment":[{"href":"https:\/\/www.organisator.ch\/de\/wp-json\/wp\/v2\/media?parent=15002"}],"wp:term":[{"taxonomy":"product_brand","embeddable":true,"href":"https:\/\/www.organisator.ch\/de\/wp-json\/wp\/v2\/product_brand?post=15002"},{"taxonomy":"product_cat","embeddable":true,"href":"https:\/\/www.organisator.ch\/de\/wp-json\/wp\/v2\/product_cat?post=15002"},{"taxonomy":"product_tag","embeddable":true,"href":"https:\/\/www.organisator.ch\/de\/wp-json\/wp\/v2\/product_tag?post=15002"}],"curies":[{"name":"wp","href":"https:\/\/api.w.org\/{rel}","templated":true}]}}