{"version":"1.0","provider_name":"Organizer","provider_url":"https:\/\/www.organisator.ch\/en","title":"Z\u00fcndet die Elektromobilit\u00e4t den Turbo? - Organisator","type":"rich","width":600,"height":338,"html":"<blockquote class=\"wp-embedded-content\" data-secret=\"EmxvIygYrI\"><a href=\"https:\/\/www.organisator.ch\/en\/sustainability\/2021-05-20\/schub-fuer-die-elektromobilitaet\/\">Is electromobility igniting the turbo?<\/a><\/blockquote><iframe sandbox=\"allow-scripts\" security=\"restricted\" src=\"https:\/\/www.organisator.ch\/en\/sustainability\/2021-05-20\/schub-fuer-die-elektromobilitaet\/embed\/#?secret=EmxvIygYrI\" width=\"600\" height=\"338\" title=\"&quot;Is electromobility igniting the turbo?&quot; - Organizer\" data-secret=\"EmxvIygYrI\" frameborder=\"0\" marginwidth=\"0\" marginheight=\"0\" scrolling=\"no\" class=\"wp-embedded-content\"><\/iframe><script>\n\/*! This file is auto-generated *\/\n!function(d,l){\"use strict\";l.querySelector&&d.addEventListener&&\"undefined\"!=typeof URL&&(d.wp=d.wp||{},d.wp.receiveEmbedMessage||(d.wp.receiveEmbedMessage=function(e){var t=e.data;if((t||t.secret||t.message||t.value)&&!\/[^a-zA-Z0-9]\/.test(t.secret)){for(var s,r,n,a=l.querySelectorAll('iframe[data-secret=\"'+t.secret+'\"]'),o=l.querySelectorAll('blockquote[data-secret=\"'+t.secret+'\"]'),c=new RegExp(\"^https?:$\",\"i\"),i=0;i<o.length;i++)o[i].style.display=\"none\";for(i=0;i<a.length;i++)s=a[i],e.source===s.contentWindow&&(s.removeAttribute(\"style\"),\"height\"===t.message?(1e3<(r=parseInt(t.value,10))?r=1e3:~~r<200&&(r=200),s.height=r):\"link\"===t.message&&(r=new URL(s.getAttribute(\"src\")),n=new URL(t.value),c.test(n.protocol))&&n.host===r.host&&l.activeElement===s&&(d.top.location.href=t.value))}},d.addEventListener(\"message\",d.wp.receiveEmbedMessage,!1),l.addEventListener(\"DOMContentLoaded\",function(){for(var e,t,s=l.querySelectorAll(\"iframe.wp-embedded-content\"),r=0;r<s.length;r++)(t=(e=s[r]).getAttribute(\"data-secret\"))||(t=Math.random().toString(36).substring(2,12),e.src+=\"#?secret=\"+t,e.setAttribute(\"data-secret\",t)),e.contentWindow.postMessage({message:\"ready\",secret:t},\"*\")},!1)))}(window,document);\n\/\/# sourceURL=https:\/\/www.organisator.ch\/wp-includes\/js\/wp-embed.min.js\n<\/script>","thumbnail_url":"https:\/\/www.organisator.ch\/wp-content\/uploads\/2021\/05\/Ladestation.gif","thumbnail_width":589,"thumbnail_height":414,"description":"Es l\u00e4sst sich nicht wegdiskutieren: Der Verkehr ist der gr\u00f6sste Klimas\u00fcnder der Schweiz \u2013 er verursacht ein Drittel der Treibhausgasemissionen. Das revidierte\u00a0CO2-Gesetz, das im Juni zur Abstimmung kommt, will den Treibhausgasausstoss der Schweiz bis ins Jahr 2030 gegen\u00fcber dem Wert von 1990 halbieren. Wie viel\u00a0die einzelnen Bereiche beitragen m\u00fcssen, ist unterschiedlich. Bis 2030 sieht die [&hellip;]"}