{"id":6131,"date":"2021-07-21T10:36:10","date_gmt":"2021-07-21T08:36:10","guid":{"rendered":"https:\/\/www.organisator.ch\/?post_type=product&#038;p=6131"},"modified":"2021-11-09T18:44:59","modified_gmt":"2021-11-09T17:44:59","slug":"organisator-ausgabe-1-2-2009","status":"publish","type":"product","link":"https:\/\/www.organisator.ch\/en\/produkt\/organisator-ausgabe-1-2-2009\/","title":{"rendered":"Organizer Edition 1-2\/2009"},"content":{"rendered":"<h2>HUMAN<\/h2>\n<p><strong>Peter G. Rebeiz successfully combines art and business acumen<\/strong><\/p>\n<ul>\n<li>The CEO of Caviar House &amp; Prunier is conquering the world of luxury indulgence with smoked salmon from Toggenburg.<\/li>\n<\/ul>\n<h2>HEAVY POINT<\/h2>\n<p><strong>Project management is quality management in action<\/strong><\/p>\n<ul>\n<li>Quality and project management are based on the same success criteria and complement each other.<\/li>\n<\/ul>\n<h2>REQUESTED<\/h2>\n<p><strong>Skilled workers from abroad: also an issue for SMEs?<\/strong><\/p>\n<ul>\n<li>How Swiss companies look for personnel abroad<\/li>\n<\/ul>\n<h2>LEADERSHIP<\/h2>\n<p><strong>Exploiting hidden potential in projects<\/strong><\/p>\n<ul>\n<li>Much of what lies beneath the iceberg can be visualized.<\/li>\n<\/ul>\n<p><strong>Be ready for the recovery<\/strong><\/p>\n<ul>\n<li>The current economic downturn can be used specifically for executive training.<\/li>\n<\/ul>\n<h2>INTERNATIONAL<\/h2>\n<p><strong>The EU VAT package brings changes<\/strong><\/p>\n<ul>\n<li>Changes to EU-wide sales taxation will come into effect in 2010, with implications for Swiss companies.<\/li>\n<\/ul>\n<h2>MARKETING<\/h2>\n<p><strong>Integrating the Internet into marketing<\/strong><\/p>\n<ul>\n<li>The right website design opens up new sales channels and business models<\/li>\n<\/ul>\n<h2>FOCUS<\/h2>\n<p><strong>Entrepreneurs are sometimes like hunted animals<\/strong><\/p>\n<ul>\n<li>With so many appointments, there is hardly any time left to live. With a few questions to yourself, your personal time management can be steered in a new direction.<\/li>\n<\/ul>\n<p><strong>Systems for recording working time must become increasingly flexible<\/strong><\/p>\n<ul>\n<li>The company Infotech AG presents a user-friendly solution<\/li>\n<\/ul>\n<h2>ICT<\/h2>\n<p><strong>Better than real? Megatrend virtualization<\/strong><\/p>\n<ul>\n<li>Virtual server environments bring benefits, but also new security requirements.<\/li>\n<\/ul>\n<h2>SECURITY<\/h2>\n<p><strong>The secure mobile world<\/strong><\/p>\n<ul>\n<li>Surfing and making phone calls while on the move require special security measures. But how much should they cost?<\/li>\n<\/ul>\n<h2>HRM<\/h2>\n<p><strong>Promoting equality in the workplace<\/strong><\/p>\n<ul>\n<li>Equal opportunities in the world of work for men and women: Not all goals have been achieved yet. The federal government supports SMEs with funding programs.<\/li>\n<\/ul>\n<h2>FINANCES<\/h2>\n<p><strong>Pay lease payments like telephone bills<\/strong><\/p>\n<ul>\n<li>A flexible and transparent leasing model for business customers facilitates fleet management.<\/li>\n<\/ul>\n<p><strong>Save energy in the office<\/strong><\/p>\n<ul>\n<li>Office equipment consumes electricity even when it is not running. There is great potential for savings here.<\/li>\n<\/ul>\n<h2>EVENTS<\/h2>\n<p><strong>University level degree<\/strong><\/p>\n<ul>\n<li>University level degreeUniversity level degree<\/li>\n<\/ul>\n<p><strong>Coaching Day<\/strong><\/p>\n<ul>\n<li>Consulting between money and spirit.<\/li>\n<\/ul>\n<p><strong>Tickets for the future<\/strong><\/p>\n<ul>\n<li>The 3rd Swiss Innovation Forum showcased innovation engines of tomorrow.<\/li>\n<\/ul>\n<h2>Rubrics<\/h2>\n<ul>\n<li>Editorial<\/li>\n<li>Scene<\/li>\n<li>Compact<\/li>\n<li>Market<\/li>\n<li>Sources of supply<\/li>\n<li>Book tip<\/li>\n<li>Service<\/li>\n<li>Column<\/li>\n<\/ul>","protected":false},"excerpt":{"rendered":"<p>Receive the German-language trade journal \"organisator\" in the Organisator issue 1-2\/2009 as a PDF download with the following table of contents:<\/p>","protected":false},"featured_media":6161,"template":"","meta":{"_acf_changed":false,"articlekey":""},"product_brand":[],"product_cat":[546],"product_tag":[556],"class_list":{"0":"post-6131","1":"product","2":"type-product","3":"status-publish","4":"has-post-thumbnail","6":"product_cat-einzelausgaben","7":"product_tag-556","9":"first","10":"instock","11":"downloadable","12":"virtual","13":"taxable","14":"purchasable","15":"product-type-simple"},"acf":[],"yoast_head":"<!-- This site is optimized with the Yoast SEO plugin v27.4 - https:\/\/yoast.com\/product\/yoast-seo-wordpress\/ -->\n<title>Organisator Ausgabe 1-2\/2009 - Organisator<\/title>\n<meta name=\"description\" content=\"Erhalte die deutschsprachige Fachzeitschrift \u00aborganisator\u00bb in der Organisator Ausgabe 1-2\/2009 als PDF-Download mit nachfolgendem Inhaltsverzeichnis:\" \/>\n<meta name=\"robots\" content=\"index, follow, max-snippet:-1, max-image-preview:large, max-video-preview:-1\" \/>\n<link rel=\"canonical\" href=\"https:\/\/www.organisator.ch\/en\/product-2\/organisator-ausgabe-1-2-2009\/\" \/>\n<meta property=\"og:locale\" content=\"en_US\" \/>\n<meta property=\"og:type\" content=\"article\" \/>\n<meta property=\"og:title\" content=\"Organisator Ausgabe 1-2\/2009 - Organisator\" \/>\n<meta property=\"og:description\" content=\"Erhalte die deutschsprachige Fachzeitschrift \u00aborganisator\u00bb in der Organisator Ausgabe 1-2\/2009 als PDF-Download mit nachfolgendem Inhaltsverzeichnis:\" \/>\n<meta property=\"og:url\" content=\"https:\/\/www.organisator.ch\/en\/product-2\/organisator-ausgabe-1-2-2009\/\" \/>\n<meta property=\"og:site_name\" content=\"Organisator\" \/>\n<meta property=\"article:publisher\" content=\"https:\/\/www.facebook.com\/OrganisatorFachmagazin\" \/>\n<meta property=\"article:modified_time\" content=\"2021-11-09T17:44:59+00:00\" \/>\n<meta property=\"og:image\" content=\"https:\/\/www.organisator.ch\/wp-content\/uploads\/2021\/07\/organisator_2009_1-2.png\" \/>\n\t<meta property=\"og:image:width\" content=\"654\" \/>\n\t<meta property=\"og:image:height\" content=\"370\" \/>\n\t<meta property=\"og:image:type\" content=\"image\/png\" \/>\n<meta name=\"twitter:card\" content=\"summary_large_image\" \/>\n<script type=\"application\/ld+json\" class=\"yoast-schema-graph\">{\"@context\":\"https:\\\/\\\/schema.org\",\"@graph\":[{\"@type\":\"WebPage\",\"@id\":\"https:\\\/\\\/www.organisator.ch\\\/it\\\/prodotto\\\/organisator-ausgabe-1-2-2009\\\/\",\"url\":\"https:\\\/\\\/www.organisator.ch\\\/it\\\/prodotto\\\/organisator-ausgabe-1-2-2009\\\/\",\"name\":\"Organisator Ausgabe 1-2\\\/2009 - Organisator\",\"isPartOf\":{\"@id\":\"https:\\\/\\\/www.organisator.ch\\\/#website\"},\"primaryImageOfPage\":{\"@id\":\"https:\\\/\\\/www.organisator.ch\\\/it\\\/prodotto\\\/organisator-ausgabe-1-2-2009\\\/#primaryimage\"},\"image\":{\"@id\":\"https:\\\/\\\/www.organisator.ch\\\/it\\\/prodotto\\\/organisator-ausgabe-1-2-2009\\\/#primaryimage\"},\"thumbnailUrl\":\"https:\\\/\\\/www.organisator.ch\\\/wp-content\\\/uploads\\\/2021\\\/07\\\/organisator_2009_1-2.png\",\"datePublished\":\"2021-07-21T08:36:10+00:00\",\"dateModified\":\"2021-11-09T17:44:59+00:00\",\"description\":\"Erhalte die deutschsprachige Fachzeitschrift \u00aborganisator\u00bb in der Organisator Ausgabe 1-2\\\/2009 als PDF-Download mit nachfolgendem Inhaltsverzeichnis:\",\"breadcrumb\":{\"@id\":\"https:\\\/\\\/www.organisator.ch\\\/it\\\/prodotto\\\/organisator-ausgabe-1-2-2009\\\/#breadcrumb\"},\"inLanguage\":\"en-US\",\"potentialAction\":[{\"@type\":\"ReadAction\",\"target\":[\"https:\\\/\\\/www.organisator.ch\\\/it\\\/prodotto\\\/organisator-ausgabe-1-2-2009\\\/\"]}]},{\"@type\":\"ImageObject\",\"inLanguage\":\"en-US\",\"@id\":\"https:\\\/\\\/www.organisator.ch\\\/it\\\/prodotto\\\/organisator-ausgabe-1-2-2009\\\/#primaryimage\",\"url\":\"https:\\\/\\\/www.organisator.ch\\\/wp-content\\\/uploads\\\/2021\\\/07\\\/organisator_2009_1-2.png\",\"contentUrl\":\"https:\\\/\\\/www.organisator.ch\\\/wp-content\\\/uploads\\\/2021\\\/07\\\/organisator_2009_1-2.png\",\"width\":654,\"height\":370},{\"@type\":\"BreadcrumbList\",\"@id\":\"https:\\\/\\\/www.organisator.ch\\\/it\\\/prodotto\\\/organisator-ausgabe-1-2-2009\\\/#breadcrumb\",\"itemListElement\":[{\"@type\":\"ListItem\",\"position\":1,\"name\":\"Home\",\"item\":\"https:\\\/\\\/www.organisator.ch\\\/\"},{\"@type\":\"ListItem\",\"position\":2,\"name\":\"Shop\",\"item\":\"https:\\\/\\\/www.organisator.ch\\\/fr\\\/shop\\\/\"},{\"@type\":\"ListItem\",\"position\":3,\"name\":\"Organisator Ausgabe 1-2\\\/2009\"}]},{\"@type\":\"WebSite\",\"@id\":\"https:\\\/\\\/www.organisator.ch\\\/#website\",\"url\":\"https:\\\/\\\/www.organisator.ch\\\/\",\"name\":\"Organisator\",\"description\":\"Kompetent. Praxisnah. Der ORGANISATOR bereitet in 10 Ausgaben pro Jahr die wesentlichen Themen f\u00fcr F\u00fchrungskr\u00e4fte von KMU auf.\",\"publisher\":{\"@id\":\"https:\\\/\\\/www.organisator.ch\\\/#organization\"},\"potentialAction\":[{\"@type\":\"SearchAction\",\"target\":{\"@type\":\"EntryPoint\",\"urlTemplate\":\"https:\\\/\\\/www.organisator.ch\\\/?s={search_term_string}\"},\"query-input\":{\"@type\":\"PropertyValueSpecification\",\"valueRequired\":true,\"valueName\":\"search_term_string\"}}],\"inLanguage\":\"en-US\"},{\"@type\":\"Organization\",\"@id\":\"https:\\\/\\\/www.organisator.ch\\\/#organization\",\"name\":\"Organisator\",\"url\":\"https:\\\/\\\/www.organisator.ch\\\/\",\"logo\":{\"@type\":\"ImageObject\",\"inLanguage\":\"en-US\",\"@id\":\"https:\\\/\\\/www.organisator.ch\\\/#\\\/schema\\\/logo\\\/image\\\/\",\"url\":\"https:\\\/\\\/www.organisator.ch\\\/wp-content\\\/uploads\\\/2022\\\/01\\\/Logo_Organisator_Website.png\",\"contentUrl\":\"https:\\\/\\\/www.organisator.ch\\\/wp-content\\\/uploads\\\/2022\\\/01\\\/Logo_Organisator_Website.png\",\"width\":800,\"height\":77,\"caption\":\"Organisator\"},\"image\":{\"@id\":\"https:\\\/\\\/www.organisator.ch\\\/#\\\/schema\\\/logo\\\/image\\\/\"},\"sameAs\":[\"https:\\\/\\\/www.facebook.com\\\/OrganisatorFachmagazin\",\"https:\\\/\\\/www.linkedin.com\\\/showcase\\\/organisator-das-magazin-fr-kmu\",\"https:\\\/\\\/www.xing.com\\\/news\\\/pages\\\/organisator-ch-695\",\"https:\\\/\\\/www.youtube.com\\\/channel\\\/UCGP2Sq0iWaZwT3BdIAQFYpw\"]}]}<\/script>\n<!-- \/ Yoast SEO plugin. -->","yoast_head_json":{"title":"Organizer issue 1-2\/2009 - Organizer","description":"Receive the German-language trade journal \"organisator\" in the Organisator issue 1-2\/2009 as a PDF download with the following table of contents:","robots":{"index":"index","follow":"follow","max-snippet":"max-snippet:-1","max-image-preview":"max-image-preview:large","max-video-preview":"max-video-preview:-1"},"canonical":"https:\/\/www.organisator.ch\/en\/product-2\/organisator-ausgabe-1-2-2009\/","og_locale":"en_US","og_type":"article","og_title":"Organisator Ausgabe 1-2\/2009 - Organisator","og_description":"Erhalte die deutschsprachige Fachzeitschrift \u00aborganisator\u00bb in der Organisator Ausgabe 1-2\/2009 als PDF-Download mit nachfolgendem Inhaltsverzeichnis:","og_url":"https:\/\/www.organisator.ch\/en\/product-2\/organisator-ausgabe-1-2-2009\/","og_site_name":"Organisator","article_publisher":"https:\/\/www.facebook.com\/OrganisatorFachmagazin","article_modified_time":"2021-11-09T17:44:59+00:00","og_image":[{"width":654,"height":370,"url":"https:\/\/www.organisator.ch\/wp-content\/uploads\/2021\/07\/organisator_2009_1-2.png","type":"image\/png"}],"twitter_card":"summary_large_image","schema":{"@context":"https:\/\/schema.org","@graph":[{"@type":"WebPage","@id":"https:\/\/www.organisator.ch\/it\/prodotto\/organisator-ausgabe-1-2-2009\/","url":"https:\/\/www.organisator.ch\/it\/prodotto\/organisator-ausgabe-1-2-2009\/","name":"Organizer issue 1-2\/2009 - Organizer","isPartOf":{"@id":"https:\/\/www.organisator.ch\/#website"},"primaryImageOfPage":{"@id":"https:\/\/www.organisator.ch\/it\/prodotto\/organisator-ausgabe-1-2-2009\/#primaryimage"},"image":{"@id":"https:\/\/www.organisator.ch\/it\/prodotto\/organisator-ausgabe-1-2-2009\/#primaryimage"},"thumbnailUrl":"https:\/\/www.organisator.ch\/wp-content\/uploads\/2021\/07\/organisator_2009_1-2.png","datePublished":"2021-07-21T08:36:10+00:00","dateModified":"2021-11-09T17:44:59+00:00","description":"Receive the German-language trade journal \"organisator\" in the Organisator issue 1-2\/2009 as a PDF download with the following table of contents:","breadcrumb":{"@id":"https:\/\/www.organisator.ch\/it\/prodotto\/organisator-ausgabe-1-2-2009\/#breadcrumb"},"inLanguage":"en-US","potentialAction":[{"@type":"ReadAction","target":["https:\/\/www.organisator.ch\/it\/prodotto\/organisator-ausgabe-1-2-2009\/"]}]},{"@type":"ImageObject","inLanguage":"en-US","@id":"https:\/\/www.organisator.ch\/it\/prodotto\/organisator-ausgabe-1-2-2009\/#primaryimage","url":"https:\/\/www.organisator.ch\/wp-content\/uploads\/2021\/07\/organisator_2009_1-2.png","contentUrl":"https:\/\/www.organisator.ch\/wp-content\/uploads\/2021\/07\/organisator_2009_1-2.png","width":654,"height":370},{"@type":"BreadcrumbList","@id":"https:\/\/www.organisator.ch\/it\/prodotto\/organisator-ausgabe-1-2-2009\/#breadcrumb","itemListElement":[{"@type":"ListItem","position":1,"name":"Home","item":"https:\/\/www.organisator.ch\/"},{"@type":"ListItem","position":2,"name":"Shop","item":"https:\/\/www.organisator.ch\/fr\/shop\/"},{"@type":"ListItem","position":3,"name":"Organisator Ausgabe 1-2\/2009"}]},{"@type":"WebSite","@id":"https:\/\/www.organisator.ch\/#website","url":"https:\/\/www.organisator.ch\/","name":"Organizer","description":"Competent. Practical. In 10 issues per year, ORGANISATOR presents the essential topics for managers of SMEs.","publisher":{"@id":"https:\/\/www.organisator.ch\/#organization"},"potentialAction":[{"@type":"SearchAction","target":{"@type":"EntryPoint","urlTemplate":"https:\/\/www.organisator.ch\/?s={search_term_string}"},"query-input":{"@type":"PropertyValueSpecification","valueRequired":true,"valueName":"search_term_string"}}],"inLanguage":"en-US"},{"@type":"Organization","@id":"https:\/\/www.organisator.ch\/#organization","name":"Organizer","url":"https:\/\/www.organisator.ch\/","logo":{"@type":"ImageObject","inLanguage":"en-US","@id":"https:\/\/www.organisator.ch\/#\/schema\/logo\/image\/","url":"https:\/\/www.organisator.ch\/wp-content\/uploads\/2022\/01\/Logo_Organisator_Website.png","contentUrl":"https:\/\/www.organisator.ch\/wp-content\/uploads\/2022\/01\/Logo_Organisator_Website.png","width":800,"height":77,"caption":"Organisator"},"image":{"@id":"https:\/\/www.organisator.ch\/#\/schema\/logo\/image\/"},"sameAs":["https:\/\/www.facebook.com\/OrganisatorFachmagazin","https:\/\/www.linkedin.com\/showcase\/organisator-das-magazin-fr-kmu","https:\/\/www.xing.com\/news\/pages\/organisator-ch-695","https:\/\/www.youtube.com\/channel\/UCGP2Sq0iWaZwT3BdIAQFYpw"]}]}},"_links":{"self":[{"href":"https:\/\/www.organisator.ch\/en\/wp-json\/wp\/v2\/product\/6131","targetHints":{"allow":["GET"]}}],"collection":[{"href":"https:\/\/www.organisator.ch\/en\/wp-json\/wp\/v2\/product"}],"about":[{"href":"https:\/\/www.organisator.ch\/en\/wp-json\/wp\/v2\/types\/product"}],"wp:featuredmedia":[{"embeddable":true,"href":"https:\/\/www.organisator.ch\/en\/wp-json\/wp\/v2\/media\/6161"}],"wp:attachment":[{"href":"https:\/\/www.organisator.ch\/en\/wp-json\/wp\/v2\/media?parent=6131"}],"wp:term":[{"taxonomy":"product_brand","embeddable":true,"href":"https:\/\/www.organisator.ch\/en\/wp-json\/wp\/v2\/product_brand?post=6131"},{"taxonomy":"product_cat","embeddable":true,"href":"https:\/\/www.organisator.ch\/en\/wp-json\/wp\/v2\/product_cat?post=6131"},{"taxonomy":"product_tag","embeddable":true,"href":"https:\/\/www.organisator.ch\/en\/wp-json\/wp\/v2\/product_tag?post=6131"}],"curies":[{"name":"wp","href":"https:\/\/api.w.org\/{rel}","templated":true}]}}