{"version":"1.0","provider_name":"Organisateur","provider_url":"https:\/\/www.organisator.ch\/fr","title":"Pendeln zur Arbeit belastet Besch\u00e4ftigte","type":"rich","width":600,"height":338,"html":"<blockquote class=\"wp-embedded-content\" data-secret=\"rugcAmx0qY\"><a href=\"https:\/\/www.organisator.ch\/fr\/allgemein\/2016-09-29\/pendeln-zur-arbeit-belastet-beschaeftigte\/\">Les d\u00e9placements domicile-travail p\u00e8sent sur les salari\u00e9s<\/a><\/blockquote><iframe sandbox=\"allow-scripts\" security=\"restricted\" src=\"https:\/\/www.organisator.ch\/fr\/allgemein\/2016-09-29\/pendeln-zur-arbeit-belastet-beschaeftigte\/embed\/#?secret=rugcAmx0qY\" width=\"600\" height=\"338\" title=\"\u00ab\u00a0Pendeln zur Arbeit belastet Besch\u00e4ftigte\u00a0\u00bb &#8212; Organisator\" data-secret=\"rugcAmx0qY\" frameborder=\"0\" marginwidth=\"0\" marginheight=\"0\" scrolling=\"no\" class=\"wp-embedded-content\"><\/iframe><script>\n\/*! This file is auto-generated *\/\n!function(d,l){\"use strict\";l.querySelector&&d.addEventListener&&\"undefined\"!=typeof URL&&(d.wp=d.wp||{},d.wp.receiveEmbedMessage||(d.wp.receiveEmbedMessage=function(e){var t=e.data;if((t||t.secret||t.message||t.value)&&!\/[^a-zA-Z0-9]\/.test(t.secret)){for(var s,r,n,a=l.querySelectorAll('iframe[data-secret=\"'+t.secret+'\"]'),o=l.querySelectorAll('blockquote[data-secret=\"'+t.secret+'\"]'),c=new RegExp(\"^https?:$\",\"i\"),i=0;i<o.length;i++)o[i].style.display=\"none\";for(i=0;i<a.length;i++)s=a[i],e.source===s.contentWindow&&(s.removeAttribute(\"style\"),\"height\"===t.message?(1e3<(r=parseInt(t.value,10))?r=1e3:~~r<200&&(r=200),s.height=r):\"link\"===t.message&&(r=new URL(s.getAttribute(\"src\")),n=new URL(t.value),c.test(n.protocol))&&n.host===r.host&&l.activeElement===s&&(d.top.location.href=t.value))}},d.addEventListener(\"message\",d.wp.receiveEmbedMessage,!1),l.addEventListener(\"DOMContentLoaded\",function(){for(var e,t,s=l.querySelectorAll(\"iframe.wp-embedded-content\"),r=0;r<s.length;r++)(t=(e=s[r]).getAttribute(\"data-secret\"))||(t=Math.random().toString(36).substring(2,12),e.src+=\"#?secret=\"+t,e.setAttribute(\"data-secret\",t)),e.contentWindow.postMessage({message:\"ready\",secret:t},\"*\")},!1)))}(window,document);\n\/\/# sourceURL=https:\/\/www.organisator.ch\/wp-includes\/js\/wp-embed.min.js\n<\/script>","thumbnail_url":"https:\/\/www.organisator.ch\/wp-content\/uploads\/2016\/12\/Pendeln-zur-Arbeit-belastet-Beschaeftigte-organisator.jpg","thumbnail_width":486,"thumbnail_height":408,"description":"Laut einer neuen Studie von Regus, dem Anbieter von flexiblen Arbeitsrauml\u00f6sungen, betrachten Besch\u00e4ftigte \u00fcberall auf der Welt ihre t\u00e4gliche Fahrt ins B\u00fcro und wieder nach Hause als Beeintr\u00e4chtigung ihrer Produktivit\u00e4t. F\u00fcr eine Vielzahl der Befragten ist der Arbeitsweg weder effektive Arbeits- noch angenehme Freizeit, sondern vielmehr ein Hindernis, um sich n\u00fctzlicheren oder unterhaltsameren Dingen zu widmen."}