{"id":13674,"date":"2022-06-07T10:11:11","date_gmt":"2022-06-07T08:11:11","guid":{"rendered":"https:\/\/www.organisator.ch\/?post_type=product&#038;p=13674"},"modified":"2022-06-07T10:11:11","modified_gmt":"2022-06-07T08:11:11","slug":"organisator-ausgabe-6-1977","status":"publish","type":"product","link":"https:\/\/www.organisator.ch\/fr\/produkt\/organisator-ausgabe-6-1977\/","title":{"rendered":"Organisateur num\u00e9ro 6\/1977"},"content":{"rendered":"<h2>Connaissances de base et commentaires<\/h2>\n<ul>\n<li>Orientation jeunesse d\u00e9grad\u00e9e<\/li>\n<li>Curiosit\u00e9s sur le Faii Chiasso<\/li>\n<li>L'imposition future de la pr\u00e9voyance professionnelle<\/li>\n<li>Conseils fiscaux<\/li>\n<li>Politique d'investissement des entreprises : ne pas penser uniquement aux investissements mat\u00e9riels !<\/li>\n<li>Le style de direction si tua tif - une chance pour des ann\u00e9es d'entreprise plus difficiles ?<\/li>\n<li>Les co\u00fbts du service informatique<\/li>\n<li>Protection des consommateurs Dans le style des grands distributeurs<\/li>\n<li>Bureautique et informatique : \u201eRien de nouveau \u00e0 Hanovre !\u201c<\/li>\n<li>Fichiers - organis\u00e9s de mani\u00e8re rationnelle (III) : Petit ab\u00e9c\u00e9daire des fichiers<\/li>\n<li>Contacts<\/li>\n<\/ul>\n<h2>Concentr\u00e9s de lecture et rubriques permanentes<\/h2>\n<ul>\n<li>Informer les entreprises hesser !<\/li>\n<li>Un br\u00e9viaire pour les petits et moyens entrepreneurs<\/li>\n<li>Plus ou moins de formation En r\u00e9cession ?<\/li>\n<li>Soci\u00e9t\u00e9 perturb\u00e9e - jeunesse perturb\u00e9e<\/li>\n<li>Carrreaux ou objectifs de fief ?<\/li>\n<li>Conversion des cours et bilan<\/li>\n<li>\u00c9valuation UFO pour les filiales \u00e9trang\u00e8res<\/li>\n<li>Politique salariale : la lutte pour la r\u00e9partition menace la reprise<\/li>\n<li>S\u00e9curit\u00e9 En cinq aspects<\/li>\n<li>Leurs collaborateurs sont-ils affect\u00e9s \u00e0 des postes de s\u00e9curit\u00e9 ?<\/li>\n<li>Probl\u00e8mes scolaires des enfants \u00e9trangers<\/li>\n<li>R\u00e9serves de motivation<\/li>\n<li>G\u00e9n\u00e9ralit\u00e9s de l'ing\u00e9nieur<\/li>\n<li>Le conseiller des entrepreneurs<\/li>\n<li>Analyse de la valeur : quelle utilit\u00e9 ?<\/li>\n<li>Rendre les nouvelles technologies commercialisables<\/li>\n<li>L'informatique favorise-t-elle le progr\u00e8s ?<\/li>\n<li>Crit\u00e8res pour une conception optimale de l'espace de bureau<\/li>\n<li>Les registres qui permettent d'\u00e9conomiser du travail sont les plus utiles.<\/li>\n<li>R\u00e9f\u00e9rences bibliographiques (rubrique)<\/li>\n<li>Expositions (rubrique)<\/li>\n<li>Cours et r\u00e9unions (rubrique)<\/li>\n<li>Tarentule : zoologie du vautour fauve<\/li>\n<\/ul>\n<h2>Partie sp\u00e9ciale pour le commerce, l'artisanat et les entreprises de services<\/h2>\n<ul>\n<li>Que fait l'ind\u00e9pendant de sa comptabilit\u00e9 ?<\/li>\n<li>Rapport de la conf\u00e9rence : Marketing direct<\/li>\n<li>Salaires selon le concept<\/li>\n<li>La fin des patriarches ?<\/li>\n<li>\u00a0Les clients difficiles<\/li>\n<\/ul>\n<h2>Pi\u00e8ce sp\u00e9ciale pour l'industrie<\/h2>\n<ul>\n<li>Les difficult\u00e9s de la rationalisation des bureaux - comment les surmonter ?<\/li>\n<li>\u201eFormateur en entreprise avec dipl\u00f4me f\u00e9d\u00e9ral\u201c - utopie ou bient\u00f4t r\u00e9alit\u00e9 ?<\/li>\n<li>Pr\u00e9senter les chiffres cl\u00e9s de mani\u00e8re appropri\u00e9e<\/li>\n<\/ul>","protected":false},"excerpt":{"rendered":"<p>Re\u00e7oit la revue sp\u00e9cialis\u00e9e en langue allemande \"organisator\" dans le num\u00e9ro 6\/1977 en t\u00e9l\u00e9chargement PDF avec la table des mati\u00e8res suivante :<\/p>","protected":false},"featured_media":13676,"template":"","meta":{"_acf_changed":false,"articlekey":""},"product_brand":[],"product_cat":[546],"product_tag":[2920],"class_list":{"0":"post-13674","1":"product","2":"type-product","3":"status-publish","4":"has-post-thumbnail","6":"product_cat-einzelausgaben","7":"product_tag-2920","9":"first","10":"instock","11":"downloadable","12":"virtual","13":"taxable","14":"purchasable","15":"product-type-simple"},"acf":[],"yoast_head":"<!-- This site is optimized with the Yoast SEO plugin v27.5 - https:\/\/yoast.com\/product\/yoast-seo-wordpress\/ -->\n<title>Organisator Ausgabe 6\/1977 - Organisator<\/title>\n<meta name=\"description\" content=\"Erhalte die deutschsprachige Fachzeitschrift \u00aborganisator\u00bb in der Ausgabe 6\/1977 als PDF-Download mit nachfolgendem Inhaltsverzeichnis:\" \/>\n<meta name=\"robots\" content=\"index, follow, max-snippet:-1, max-image-preview:large, max-video-preview:-1\" \/>\n<link rel=\"canonical\" href=\"https:\/\/www.organisator.ch\/fr\/produit\/organisator-ausgabe-6-1977\/\" \/>\n<meta property=\"og:locale\" content=\"fr_FR\" \/>\n<meta property=\"og:type\" content=\"article\" \/>\n<meta property=\"og:title\" content=\"Organisator Ausgabe 6\/1977 - Organisator\" \/>\n<meta property=\"og:description\" content=\"Erhalte die deutschsprachige Fachzeitschrift \u00aborganisator\u00bb in der Ausgabe 6\/1977 als PDF-Download mit nachfolgendem Inhaltsverzeichnis:\" \/>\n<meta property=\"og:url\" content=\"https:\/\/www.organisator.ch\/fr\/produit\/organisator-ausgabe-6-1977\/\" \/>\n<meta property=\"og:site_name\" content=\"Organisator\" \/>\n<meta property=\"article:publisher\" content=\"https:\/\/www.facebook.com\/OrganisatorFachmagazin\" \/>\n<meta property=\"og:image\" content=\"https:\/\/www.organisator.ch\/wp-content\/uploads\/2022\/06\/organisator_1977_6.png\" \/>\n\t<meta property=\"og:image:width\" content=\"654\" \/>\n\t<meta property=\"og:image:height\" content=\"370\" \/>\n\t<meta property=\"og:image:type\" content=\"image\/png\" \/>\n<meta name=\"twitter:card\" content=\"summary_large_image\" \/>\n<script type=\"application\/ld+json\" class=\"yoast-schema-graph\">{\"@context\":\"https:\\\/\\\/schema.org\",\"@graph\":[{\"@type\":\"WebPage\",\"@id\":\"https:\\\/\\\/www.organisator.ch\\\/it\\\/prodotto\\\/organisator-ausgabe-6-1977\\\/\",\"url\":\"https:\\\/\\\/www.organisator.ch\\\/it\\\/prodotto\\\/organisator-ausgabe-6-1977\\\/\",\"name\":\"Organisator Ausgabe 6\\\/1977 - Organisator\",\"isPartOf\":{\"@id\":\"https:\\\/\\\/www.organisator.ch\\\/#website\"},\"primaryImageOfPage\":{\"@id\":\"https:\\\/\\\/www.organisator.ch\\\/it\\\/prodotto\\\/organisator-ausgabe-6-1977\\\/#primaryimage\"},\"image\":{\"@id\":\"https:\\\/\\\/www.organisator.ch\\\/it\\\/prodotto\\\/organisator-ausgabe-6-1977\\\/#primaryimage\"},\"thumbnailUrl\":\"https:\\\/\\\/www.organisator.ch\\\/wp-content\\\/uploads\\\/2022\\\/06\\\/organisator_1977_6.png\",\"datePublished\":\"2022-06-07T08:11:11+00:00\",\"description\":\"Erhalte die deutschsprachige Fachzeitschrift \u00aborganisator\u00bb in der Ausgabe 6\\\/1977 als PDF-Download mit nachfolgendem Inhaltsverzeichnis:\",\"breadcrumb\":{\"@id\":\"https:\\\/\\\/www.organisator.ch\\\/it\\\/prodotto\\\/organisator-ausgabe-6-1977\\\/#breadcrumb\"},\"inLanguage\":\"fr-FR\",\"potentialAction\":[{\"@type\":\"ReadAction\",\"target\":[\"https:\\\/\\\/www.organisator.ch\\\/it\\\/prodotto\\\/organisator-ausgabe-6-1977\\\/\"]}]},{\"@type\":\"ImageObject\",\"inLanguage\":\"fr-FR\",\"@id\":\"https:\\\/\\\/www.organisator.ch\\\/it\\\/prodotto\\\/organisator-ausgabe-6-1977\\\/#primaryimage\",\"url\":\"https:\\\/\\\/www.organisator.ch\\\/wp-content\\\/uploads\\\/2022\\\/06\\\/organisator_1977_6.png\",\"contentUrl\":\"https:\\\/\\\/www.organisator.ch\\\/wp-content\\\/uploads\\\/2022\\\/06\\\/organisator_1977_6.png\",\"width\":654,\"height\":370},{\"@type\":\"BreadcrumbList\",\"@id\":\"https:\\\/\\\/www.organisator.ch\\\/it\\\/prodotto\\\/organisator-ausgabe-6-1977\\\/#breadcrumb\",\"itemListElement\":[{\"@type\":\"ListItem\",\"position\":1,\"name\":\"Home\",\"item\":\"https:\\\/\\\/www.organisator.ch\\\/\"},{\"@type\":\"ListItem\",\"position\":2,\"name\":\"Shop\",\"item\":\"https:\\\/\\\/www.organisator.ch\\\/fr\\\/shop\\\/\"},{\"@type\":\"ListItem\",\"position\":3,\"name\":\"Organisator Ausgabe 6\\\/1977\"}]},{\"@type\":\"WebSite\",\"@id\":\"https:\\\/\\\/www.organisator.ch\\\/#website\",\"url\":\"https:\\\/\\\/www.organisator.ch\\\/\",\"name\":\"Organisator\",\"description\":\"Kompetent. Praxisnah. Der ORGANISATOR bereitet in 10 Ausgaben pro Jahr die wesentlichen Themen f\u00fcr F\u00fchrungskr\u00e4fte von KMU auf.\",\"publisher\":{\"@id\":\"https:\\\/\\\/www.organisator.ch\\\/#organization\"},\"potentialAction\":[{\"@type\":\"SearchAction\",\"target\":{\"@type\":\"EntryPoint\",\"urlTemplate\":\"https:\\\/\\\/www.organisator.ch\\\/?s={search_term_string}\"},\"query-input\":{\"@type\":\"PropertyValueSpecification\",\"valueRequired\":true,\"valueName\":\"search_term_string\"}}],\"inLanguage\":\"fr-FR\"},{\"@type\":\"Organization\",\"@id\":\"https:\\\/\\\/www.organisator.ch\\\/#organization\",\"name\":\"Organisator\",\"url\":\"https:\\\/\\\/www.organisator.ch\\\/\",\"logo\":{\"@type\":\"ImageObject\",\"inLanguage\":\"fr-FR\",\"@id\":\"https:\\\/\\\/www.organisator.ch\\\/#\\\/schema\\\/logo\\\/image\\\/\",\"url\":\"https:\\\/\\\/www.organisator.ch\\\/wp-content\\\/uploads\\\/2022\\\/01\\\/Logo_Organisator_Website.png\",\"contentUrl\":\"https:\\\/\\\/www.organisator.ch\\\/wp-content\\\/uploads\\\/2022\\\/01\\\/Logo_Organisator_Website.png\",\"width\":800,\"height\":77,\"caption\":\"Organisator\"},\"image\":{\"@id\":\"https:\\\/\\\/www.organisator.ch\\\/#\\\/schema\\\/logo\\\/image\\\/\"},\"sameAs\":[\"https:\\\/\\\/www.facebook.com\\\/OrganisatorFachmagazin\",\"https:\\\/\\\/www.linkedin.com\\\/showcase\\\/organisator-das-magazin-fr-kmu\",\"https:\\\/\\\/www.xing.com\\\/news\\\/pages\\\/organisator-ch-695\",\"https:\\\/\\\/www.youtube.com\\\/channel\\\/UCGP2Sq0iWaZwT3BdIAQFYpw\"]}]}<\/script>\n<!-- \/ Yoast SEO plugin. -->","yoast_head_json":{"title":"Organisateur Num\u00e9ro 6\/1977 - Organisateur","description":"Re\u00e7oit la revue sp\u00e9cialis\u00e9e en langue allemande \"organisator\" dans le num\u00e9ro 6\/1977 en t\u00e9l\u00e9chargement PDF avec la table des mati\u00e8res suivante :","robots":{"index":"index","follow":"follow","max-snippet":"max-snippet:-1","max-image-preview":"max-image-preview:large","max-video-preview":"max-video-preview:-1"},"canonical":"https:\/\/www.organisator.ch\/fr\/produit\/organisator-ausgabe-6-1977\/","og_locale":"fr_FR","og_type":"article","og_title":"Organisator Ausgabe 6\/1977 - Organisator","og_description":"Erhalte die deutschsprachige Fachzeitschrift \u00aborganisator\u00bb in der Ausgabe 6\/1977 als PDF-Download mit nachfolgendem Inhaltsverzeichnis:","og_url":"https:\/\/www.organisator.ch\/fr\/produit\/organisator-ausgabe-6-1977\/","og_site_name":"Organisator","article_publisher":"https:\/\/www.facebook.com\/OrganisatorFachmagazin","og_image":[{"width":654,"height":370,"url":"https:\/\/www.organisator.ch\/wp-content\/uploads\/2022\/06\/organisator_1977_6.png","type":"image\/png"}],"twitter_card":"summary_large_image","schema":{"@context":"https:\/\/schema.org","@graph":[{"@type":"WebPage","@id":"https:\/\/www.organisator.ch\/it\/prodotto\/organisator-ausgabe-6-1977\/","url":"https:\/\/www.organisator.ch\/it\/prodotto\/organisator-ausgabe-6-1977\/","name":"Organisateur Num\u00e9ro 6\/1977 - Organisateur","isPartOf":{"@id":"https:\/\/www.organisator.ch\/#website"},"primaryImageOfPage":{"@id":"https:\/\/www.organisator.ch\/it\/prodotto\/organisator-ausgabe-6-1977\/#primaryimage"},"image":{"@id":"https:\/\/www.organisator.ch\/it\/prodotto\/organisator-ausgabe-6-1977\/#primaryimage"},"thumbnailUrl":"https:\/\/www.organisator.ch\/wp-content\/uploads\/2022\/06\/organisator_1977_6.png","datePublished":"2022-06-07T08:11:11+00:00","description":"Re\u00e7oit la revue sp\u00e9cialis\u00e9e en langue allemande \"organisator\" dans le num\u00e9ro 6\/1977 en t\u00e9l\u00e9chargement PDF avec la table des mati\u00e8res suivante :","breadcrumb":{"@id":"https:\/\/www.organisator.ch\/it\/prodotto\/organisator-ausgabe-6-1977\/#breadcrumb"},"inLanguage":"fr-FR","potentialAction":[{"@type":"ReadAction","target":["https:\/\/www.organisator.ch\/it\/prodotto\/organisator-ausgabe-6-1977\/"]}]},{"@type":"ImageObject","inLanguage":"fr-FR","@id":"https:\/\/www.organisator.ch\/it\/prodotto\/organisator-ausgabe-6-1977\/#primaryimage","url":"https:\/\/www.organisator.ch\/wp-content\/uploads\/2022\/06\/organisator_1977_6.png","contentUrl":"https:\/\/www.organisator.ch\/wp-content\/uploads\/2022\/06\/organisator_1977_6.png","width":654,"height":370},{"@type":"BreadcrumbList","@id":"https:\/\/www.organisator.ch\/it\/prodotto\/organisator-ausgabe-6-1977\/#breadcrumb","itemListElement":[{"@type":"ListItem","position":1,"name":"Home","item":"https:\/\/www.organisator.ch\/"},{"@type":"ListItem","position":2,"name":"Shop","item":"https:\/\/www.organisator.ch\/fr\/shop\/"},{"@type":"ListItem","position":3,"name":"Organisator Ausgabe 6\/1977"}]},{"@type":"WebSite","@id":"https:\/\/www.organisator.ch\/#website","url":"https:\/\/www.organisator.ch\/","name":"Organisateur","description":"Comp\u00e9tence et comp\u00e9tence. Proches de la pratique. L'ORGANISATEUR pr\u00e9pare 10 num\u00e9ros par an sur les th\u00e8mes essentiels pour les dirigeants de PME.","publisher":{"@id":"https:\/\/www.organisator.ch\/#organization"},"potentialAction":[{"@type":"SearchAction","target":{"@type":"EntryPoint","urlTemplate":"https:\/\/www.organisator.ch\/?s={search_term_string}"},"query-input":{"@type":"PropertyValueSpecification","valueRequired":true,"valueName":"search_term_string"}}],"inLanguage":"fr-FR"},{"@type":"Organization","@id":"https:\/\/www.organisator.ch\/#organization","name":"Organisateur","url":"https:\/\/www.organisator.ch\/","logo":{"@type":"ImageObject","inLanguage":"fr-FR","@id":"https:\/\/www.organisator.ch\/#\/schema\/logo\/image\/","url":"https:\/\/www.organisator.ch\/wp-content\/uploads\/2022\/01\/Logo_Organisator_Website.png","contentUrl":"https:\/\/www.organisator.ch\/wp-content\/uploads\/2022\/01\/Logo_Organisator_Website.png","width":800,"height":77,"caption":"Organisator"},"image":{"@id":"https:\/\/www.organisator.ch\/#\/schema\/logo\/image\/"},"sameAs":["https:\/\/www.facebook.com\/OrganisatorFachmagazin","https:\/\/www.linkedin.com\/showcase\/organisator-das-magazin-fr-kmu","https:\/\/www.xing.com\/news\/pages\/organisator-ch-695","https:\/\/www.youtube.com\/channel\/UCGP2Sq0iWaZwT3BdIAQFYpw"]}]}},"_links":{"self":[{"href":"https:\/\/www.organisator.ch\/fr\/wp-json\/wp\/v2\/product\/13674","targetHints":{"allow":["GET"]}}],"collection":[{"href":"https:\/\/www.organisator.ch\/fr\/wp-json\/wp\/v2\/product"}],"about":[{"href":"https:\/\/www.organisator.ch\/fr\/wp-json\/wp\/v2\/types\/product"}],"wp:featuredmedia":[{"embeddable":true,"href":"https:\/\/www.organisator.ch\/fr\/wp-json\/wp\/v2\/media\/13676"}],"wp:attachment":[{"href":"https:\/\/www.organisator.ch\/fr\/wp-json\/wp\/v2\/media?parent=13674"}],"wp:term":[{"taxonomy":"product_brand","embeddable":true,"href":"https:\/\/www.organisator.ch\/fr\/wp-json\/wp\/v2\/product_brand?post=13674"},{"taxonomy":"product_cat","embeddable":true,"href":"https:\/\/www.organisator.ch\/fr\/wp-json\/wp\/v2\/product_cat?post=13674"},{"taxonomy":"product_tag","embeddable":true,"href":"https:\/\/www.organisator.ch\/fr\/wp-json\/wp\/v2\/product_tag?post=13674"}],"curies":[{"name":"wp","href":"https:\/\/api.w.org\/{rel}","templated":true}]}}