{"id":13795,"date":"2022-06-07T16:07:11","date_gmt":"2022-06-07T14:07:11","guid":{"rendered":"https:\/\/www.organisator.ch\/?post_type=product&#038;p=13795"},"modified":"2022-06-07T16:07:12","modified_gmt":"2022-06-07T14:07:12","slug":"organisator-ausgabe-11-1979","status":"publish","type":"product","link":"https:\/\/www.organisator.ch\/fr\/produkt\/organisator-ausgabe-11-1979\/","title":{"rendered":"Organisateur \u00c9dition 11\/1979"},"content":{"rendered":"<h2>Rubriques<\/h2>\n<ul>\n<li>Livres pour vous<\/li>\n<li>Page du lecteur<\/li>\n<li>Point de vue sur le bureau<\/li>\n<li>Sant\u00e9 et d\u00e9tente<\/li>\n<li>L'art de la pause<\/li>\n<li>Le mois \u00e9conomique<\/li>\n<li>S\u00e9minaires ORGANISATEURS<\/li>\n<li>Offres GRGANISATOR<\/li>\n<li>Pour la r\u00e9flexion<\/li>\n<li>Concentr\u00e9s de lecture<\/li>\n<li>Produits +Services<\/li>\n<li>Cours + r\u00e9unions<\/li>\n<li>Tarentule<\/li>\n<\/ul>\n<h2>\u00c9conomie en g\u00e9n\u00e9ral<\/h2>\n<ul>\n<li>Manque de confiance en l'avenir ?<\/li>\n<li>Le mois \u00e9conomique... qu'est-ce que cela signifie pour moi ?<\/li>\n<li>Quelles sont les forces qui d\u00e9terminent l'\u00e9conomie mondiale ?<\/li>\n<li>Perspectives \u00e0 court terme de la construction de logements<\/li>\n<\/ul>\n<h2>Gestion d'entreprise<\/h2>\n<ul>\n<li>Planifier ses imp\u00f4ts - \u00e9conomiser des imp\u00f4ts<\/li>\n<li>Affacturage<\/li>\n<li>D\u00e9veloppements futurs gr\u00e2ce \u00e0 la technologie de communication<\/li>\n<li>R\u00e9duire les surcapacit\u00e9s<\/li>\n<\/ul>\n<h2>Gestion d'entreprise<\/h2>\n<ul>\n<li>L'assembl\u00e9e g\u00e9n\u00e9rale<\/li>\n<li>Cr\u00e9er des rapports syst\u00e9matiques<\/li>\n<li>Formation des animateurs<\/li>\n<li>La s\u00e9curit\u00e9 commence par la serrure et la cl\u00e9<\/li>\n<li>R\u00e9duire les surcapacit\u00e9s<\/li>\n<li>Cycle de vie dans le commerce<\/li>\n<li>Conseil en gestion<\/li>\n<\/ul>\n<h2>Ressources humaines<\/h2>\n<ul>\n<li>Fonctionnaire de banque dipl\u00f4m\u00e9<\/li>\n<li>Sant\u00e9 : L'art de la pause<\/li>\n<li>Formation des animateurs<\/li>\n<li>D\u00e9veloppement personnel<\/li>\n<li>Le m\u00e9dia m\u00e9connu (magazine interne)<\/li>\n<li>Humanisation dans la gestion<\/li>\n<li>Manager \u00e0 la radio et \u00e0 la t\u00e9l\u00e9vision<\/li>\n<li>L'alcool chez les managers<\/li>\n<li>Formation professionnelle continue<\/li>\n<li>Cours-f R\u00e9unions<\/li>\n<li>Calculateur de carte de pointage<\/li>\n<\/ul>\n<h2>Bureautique<\/h2>\n<ul>\n<li>Point de vue sur le bureau<\/li>\n<li>Copieurs<\/li>\n<li>Ne pas laisser les dictaphones dans la bo\u00eete<\/li>\n<li>Syst\u00e8me de films instantan\u00e9s<\/li>\n<li>Les visiteurs du buffet<\/li>\n<li>Machine \u00e0 \u00e9crire et \u00e0 composer pour les bureaux<\/li>\n<li>Copier sans marge<\/li>\n<li>Saisie par t\u00e9lex avec lecteur<\/li>\n<li>R\u00e9pondeur t\u00e9l\u00e9phonique<\/li>\n<li>Etiqueteuse automatique avec imprimante de codes EAN<\/li>\n<li>Appareil de composition de titres<\/li>\n<li>Microfiches compl\u00e9mentaires<\/li>\n<li>Une machine \u00e0 \u00e9crire silencieuse<\/li>\n<li>Calculateur de carte de pointage<\/li>\n<li>Appareil de copie de t\u00e9l\u00e9phone<\/li>\n<li>Mobilier de bureau nouvelle tendance<\/li>\n<li>Quel papier \u00e0 copier ?<\/li>\n<\/ul>\n<h2>Alt\u00e9ration des donn\u00e9es<\/h2>\n<ul>\n<li>Nettoyer les salles informatiques<\/li>\n<li>Centre de donn\u00e9es<\/li>\n<li>Club informatique suisse<\/li>\n<\/ul>\n<h2>Comptabilit\u00e9\/finance<\/h2>\n<ul>\n<li>\u00c9conomiser des imp\u00f4ts et planifier<\/li>\n<li>Affacturage<\/li>\n<li>Le bon march\u00e9 n'est pas toujours bon march\u00e9<\/li>\n<li>Chiffres cl\u00e9s de la gestion<\/li>\n<li>Am\u00e9liorer l'inventaire<\/li>\n<li>Tarentule<\/li>\n<\/ul>\n<h2>Vente\/commerce<\/h2>\n<ul>\n<li>L'analyse des prix comme condition pr\u00e9alable \u00e0 la n\u00e9gociation des prix<\/li>\n<li>Affacturage<\/li>\n<li>Psychologie de la vente<\/li>\n<li>De meilleurs modes d'emploi<\/li>\n<li>Cycle de vie dans le commerce<\/li>\n<li>Le m\u00e9dia m\u00e9connu : le magazine maison<\/li>\n<li>Manager \u00e0 la radio et \u00e0 la t\u00e9l\u00e9vision<\/li>\n<li>Dipl\u00f4mes de chef de vente<\/li>\n<\/ul>\n<h2>Production\/achats<\/h2>\n<ul>\n<li>Quand les prix augmentent L'analyse des prix comme condition pr\u00e9alable \u00e0 la n\u00e9gociation des prix<\/li>\n<li>Strat\u00e9gie des grands<\/li>\n<\/ul>\n<h2>Gestion du mat\u00e9riel<\/h2>\n<ul>\n<li>Logistique de la production \u00e0 l'\u00e9tag\u00e8re<\/li>\n<li>\u00a0Pr\u00e9parateur de commandes et transporteur<\/li>\n<li>Disposition des stocks en fonction des besoins<\/li>\n<\/ul>","protected":false},"excerpt":{"rendered":"<p>Re\u00e7oit la revue sp\u00e9cialis\u00e9e en langue allemande \"organisator\" dans le num\u00e9ro 11\/1979 en t\u00e9l\u00e9chargement PDF avec la table des mati\u00e8res suivante :<\/p>","protected":false},"featured_media":13797,"template":"","meta":{"_acf_changed":false,"articlekey":""},"product_brand":[],"product_cat":[546],"product_tag":[2924],"class_list":{"0":"post-13795","1":"product","2":"type-product","3":"status-publish","4":"has-post-thumbnail","6":"product_cat-einzelausgaben","7":"product_tag-2924","9":"first","10":"instock","11":"downloadable","12":"virtual","13":"taxable","14":"purchasable","15":"product-type-simple"},"acf":[],"yoast_head":"<!-- This site is optimized with the Yoast SEO plugin v27.4 - https:\/\/yoast.com\/product\/yoast-seo-wordpress\/ -->\n<title>Organisator Ausgabe 11\/1979 - Organisator<\/title>\n<meta name=\"description\" content=\"Erhalte die deutschsprachige Fachzeitschrift \u00aborganisator\u00bb in der Ausgabe 11\/1979 als PDF-Download mit nachfolgendem Inhaltsverzeichnis:\" \/>\n<meta name=\"robots\" content=\"index, follow, max-snippet:-1, max-image-preview:large, max-video-preview:-1\" \/>\n<link rel=\"canonical\" href=\"https:\/\/www.organisator.ch\/fr\/produit\/organisator-ausgabe-11-1979\/\" \/>\n<meta property=\"og:locale\" content=\"fr_FR\" \/>\n<meta property=\"og:type\" content=\"article\" \/>\n<meta property=\"og:title\" content=\"Organisator Ausgabe 11\/1979 - Organisator\" \/>\n<meta property=\"og:description\" content=\"Erhalte die deutschsprachige Fachzeitschrift \u00aborganisator\u00bb in der Ausgabe 11\/1979 als PDF-Download mit nachfolgendem Inhaltsverzeichnis:\" \/>\n<meta property=\"og:url\" content=\"https:\/\/www.organisator.ch\/fr\/produit\/organisator-ausgabe-11-1979\/\" \/>\n<meta property=\"og:site_name\" content=\"Organisator\" \/>\n<meta property=\"article:publisher\" content=\"https:\/\/www.facebook.com\/OrganisatorFachmagazin\" \/>\n<meta property=\"article:modified_time\" content=\"2022-06-07T14:07:12+00:00\" \/>\n<meta property=\"og:image\" content=\"https:\/\/www.organisator.ch\/wp-content\/uploads\/2022\/06\/organisator_1979_11.png\" \/>\n\t<meta property=\"og:image:width\" content=\"654\" \/>\n\t<meta property=\"og:image:height\" content=\"370\" \/>\n\t<meta property=\"og:image:type\" content=\"image\/png\" \/>\n<meta name=\"twitter:card\" content=\"summary_large_image\" \/>\n<script type=\"application\/ld+json\" class=\"yoast-schema-graph\">{\"@context\":\"https:\\\/\\\/schema.org\",\"@graph\":[{\"@type\":\"WebPage\",\"@id\":\"https:\\\/\\\/www.organisator.ch\\\/de\\\/produkt\\\/organisator-ausgabe-11-1979\\\/\",\"url\":\"https:\\\/\\\/www.organisator.ch\\\/de\\\/produkt\\\/organisator-ausgabe-11-1979\\\/\",\"name\":\"Organisator Ausgabe 11\\\/1979 - Organisator\",\"isPartOf\":{\"@id\":\"https:\\\/\\\/www.organisator.ch\\\/#website\"},\"primaryImageOfPage\":{\"@id\":\"https:\\\/\\\/www.organisator.ch\\\/de\\\/produkt\\\/organisator-ausgabe-11-1979\\\/#primaryimage\"},\"image\":{\"@id\":\"https:\\\/\\\/www.organisator.ch\\\/de\\\/produkt\\\/organisator-ausgabe-11-1979\\\/#primaryimage\"},\"thumbnailUrl\":\"https:\\\/\\\/www.organisator.ch\\\/wp-content\\\/uploads\\\/2022\\\/06\\\/organisator_1979_11.png\",\"datePublished\":\"2022-06-07T14:07:11+00:00\",\"dateModified\":\"2022-06-07T14:07:12+00:00\",\"description\":\"Erhalte die deutschsprachige Fachzeitschrift \u00aborganisator\u00bb in der Ausgabe 11\\\/1979 als PDF-Download mit nachfolgendem Inhaltsverzeichnis:\",\"breadcrumb\":{\"@id\":\"https:\\\/\\\/www.organisator.ch\\\/de\\\/produkt\\\/organisator-ausgabe-11-1979\\\/#breadcrumb\"},\"inLanguage\":\"fr-FR\",\"potentialAction\":[{\"@type\":\"ReadAction\",\"target\":[\"https:\\\/\\\/www.organisator.ch\\\/de\\\/produkt\\\/organisator-ausgabe-11-1979\\\/\"]}]},{\"@type\":\"ImageObject\",\"inLanguage\":\"fr-FR\",\"@id\":\"https:\\\/\\\/www.organisator.ch\\\/de\\\/produkt\\\/organisator-ausgabe-11-1979\\\/#primaryimage\",\"url\":\"https:\\\/\\\/www.organisator.ch\\\/wp-content\\\/uploads\\\/2022\\\/06\\\/organisator_1979_11.png\",\"contentUrl\":\"https:\\\/\\\/www.organisator.ch\\\/wp-content\\\/uploads\\\/2022\\\/06\\\/organisator_1979_11.png\",\"width\":654,\"height\":370},{\"@type\":\"BreadcrumbList\",\"@id\":\"https:\\\/\\\/www.organisator.ch\\\/de\\\/produkt\\\/organisator-ausgabe-11-1979\\\/#breadcrumb\",\"itemListElement\":[{\"@type\":\"ListItem\",\"position\":1,\"name\":\"Home\",\"item\":\"https:\\\/\\\/www.organisator.ch\\\/\"},{\"@type\":\"ListItem\",\"position\":2,\"name\":\"Shop\",\"item\":\"https:\\\/\\\/www.organisator.ch\\\/fr\\\/shop\\\/\"},{\"@type\":\"ListItem\",\"position\":3,\"name\":\"Organisator Ausgabe 11\\\/1979\"}]},{\"@type\":\"WebSite\",\"@id\":\"https:\\\/\\\/www.organisator.ch\\\/#website\",\"url\":\"https:\\\/\\\/www.organisator.ch\\\/\",\"name\":\"Organisator\",\"description\":\"Kompetent. Praxisnah. Der ORGANISATOR bereitet in 10 Ausgaben pro Jahr die wesentlichen Themen f\u00fcr F\u00fchrungskr\u00e4fte von KMU auf.\",\"publisher\":{\"@id\":\"https:\\\/\\\/www.organisator.ch\\\/#organization\"},\"potentialAction\":[{\"@type\":\"SearchAction\",\"target\":{\"@type\":\"EntryPoint\",\"urlTemplate\":\"https:\\\/\\\/www.organisator.ch\\\/?s={search_term_string}\"},\"query-input\":{\"@type\":\"PropertyValueSpecification\",\"valueRequired\":true,\"valueName\":\"search_term_string\"}}],\"inLanguage\":\"fr-FR\"},{\"@type\":\"Organization\",\"@id\":\"https:\\\/\\\/www.organisator.ch\\\/#organization\",\"name\":\"Organisator\",\"url\":\"https:\\\/\\\/www.organisator.ch\\\/\",\"logo\":{\"@type\":\"ImageObject\",\"inLanguage\":\"fr-FR\",\"@id\":\"https:\\\/\\\/www.organisator.ch\\\/#\\\/schema\\\/logo\\\/image\\\/\",\"url\":\"https:\\\/\\\/www.organisator.ch\\\/wp-content\\\/uploads\\\/2022\\\/01\\\/Logo_Organisator_Website.png\",\"contentUrl\":\"https:\\\/\\\/www.organisator.ch\\\/wp-content\\\/uploads\\\/2022\\\/01\\\/Logo_Organisator_Website.png\",\"width\":800,\"height\":77,\"caption\":\"Organisator\"},\"image\":{\"@id\":\"https:\\\/\\\/www.organisator.ch\\\/#\\\/schema\\\/logo\\\/image\\\/\"},\"sameAs\":[\"https:\\\/\\\/www.facebook.com\\\/OrganisatorFachmagazin\",\"https:\\\/\\\/www.linkedin.com\\\/showcase\\\/organisator-das-magazin-fr-kmu\",\"https:\\\/\\\/www.xing.com\\\/news\\\/pages\\\/organisator-ch-695\",\"https:\\\/\\\/www.youtube.com\\\/channel\\\/UCGP2Sq0iWaZwT3BdIAQFYpw\"]}]}<\/script>\n<!-- \/ Yoast SEO plugin. -->","yoast_head_json":{"title":"Organisator \u00e9dition 11\/1979 - Organisator","description":"Re\u00e7oit la revue sp\u00e9cialis\u00e9e en langue allemande \"organisator\" dans le num\u00e9ro 11\/1979 en t\u00e9l\u00e9chargement PDF avec la table des mati\u00e8res suivante :","robots":{"index":"index","follow":"follow","max-snippet":"max-snippet:-1","max-image-preview":"max-image-preview:large","max-video-preview":"max-video-preview:-1"},"canonical":"https:\/\/www.organisator.ch\/fr\/produit\/organisator-ausgabe-11-1979\/","og_locale":"fr_FR","og_type":"article","og_title":"Organisator Ausgabe 11\/1979 - Organisator","og_description":"Erhalte die deutschsprachige Fachzeitschrift \u00aborganisator\u00bb in der Ausgabe 11\/1979 als PDF-Download mit nachfolgendem Inhaltsverzeichnis:","og_url":"https:\/\/www.organisator.ch\/fr\/produit\/organisator-ausgabe-11-1979\/","og_site_name":"Organisator","article_publisher":"https:\/\/www.facebook.com\/OrganisatorFachmagazin","article_modified_time":"2022-06-07T14:07:12+00:00","og_image":[{"width":654,"height":370,"url":"https:\/\/www.organisator.ch\/wp-content\/uploads\/2022\/06\/organisator_1979_11.png","type":"image\/png"}],"twitter_card":"summary_large_image","schema":{"@context":"https:\/\/schema.org","@graph":[{"@type":"WebPage","@id":"https:\/\/www.organisator.ch\/de\/produkt\/organisator-ausgabe-11-1979\/","url":"https:\/\/www.organisator.ch\/de\/produkt\/organisator-ausgabe-11-1979\/","name":"Organisator \u00e9dition 11\/1979 - Organisator","isPartOf":{"@id":"https:\/\/www.organisator.ch\/#website"},"primaryImageOfPage":{"@id":"https:\/\/www.organisator.ch\/de\/produkt\/organisator-ausgabe-11-1979\/#primaryimage"},"image":{"@id":"https:\/\/www.organisator.ch\/de\/produkt\/organisator-ausgabe-11-1979\/#primaryimage"},"thumbnailUrl":"https:\/\/www.organisator.ch\/wp-content\/uploads\/2022\/06\/organisator_1979_11.png","datePublished":"2022-06-07T14:07:11+00:00","dateModified":"2022-06-07T14:07:12+00:00","description":"Re\u00e7oit la revue sp\u00e9cialis\u00e9e en langue allemande \"organisator\" dans le num\u00e9ro 11\/1979 en t\u00e9l\u00e9chargement PDF avec la table des mati\u00e8res suivante :","breadcrumb":{"@id":"https:\/\/www.organisator.ch\/de\/produkt\/organisator-ausgabe-11-1979\/#breadcrumb"},"inLanguage":"fr-FR","potentialAction":[{"@type":"ReadAction","target":["https:\/\/www.organisator.ch\/de\/produkt\/organisator-ausgabe-11-1979\/"]}]},{"@type":"ImageObject","inLanguage":"fr-FR","@id":"https:\/\/www.organisator.ch\/de\/produkt\/organisator-ausgabe-11-1979\/#primaryimage","url":"https:\/\/www.organisator.ch\/wp-content\/uploads\/2022\/06\/organisator_1979_11.png","contentUrl":"https:\/\/www.organisator.ch\/wp-content\/uploads\/2022\/06\/organisator_1979_11.png","width":654,"height":370},{"@type":"BreadcrumbList","@id":"https:\/\/www.organisator.ch\/de\/produkt\/organisator-ausgabe-11-1979\/#breadcrumb","itemListElement":[{"@type":"ListItem","position":1,"name":"Home","item":"https:\/\/www.organisator.ch\/"},{"@type":"ListItem","position":2,"name":"Shop","item":"https:\/\/www.organisator.ch\/fr\/shop\/"},{"@type":"ListItem","position":3,"name":"Organisator Ausgabe 11\/1979"}]},{"@type":"WebSite","@id":"https:\/\/www.organisator.ch\/#website","url":"https:\/\/www.organisator.ch\/","name":"Organisateur","description":"Comp\u00e9tence et comp\u00e9tence. Proches de la pratique. L'ORGANISATEUR pr\u00e9pare 10 num\u00e9ros par an sur les th\u00e8mes essentiels pour les dirigeants de PME.","publisher":{"@id":"https:\/\/www.organisator.ch\/#organization"},"potentialAction":[{"@type":"SearchAction","target":{"@type":"EntryPoint","urlTemplate":"https:\/\/www.organisator.ch\/?s={search_term_string}"},"query-input":{"@type":"PropertyValueSpecification","valueRequired":true,"valueName":"search_term_string"}}],"inLanguage":"fr-FR"},{"@type":"Organization","@id":"https:\/\/www.organisator.ch\/#organization","name":"Organisateur","url":"https:\/\/www.organisator.ch\/","logo":{"@type":"ImageObject","inLanguage":"fr-FR","@id":"https:\/\/www.organisator.ch\/#\/schema\/logo\/image\/","url":"https:\/\/www.organisator.ch\/wp-content\/uploads\/2022\/01\/Logo_Organisator_Website.png","contentUrl":"https:\/\/www.organisator.ch\/wp-content\/uploads\/2022\/01\/Logo_Organisator_Website.png","width":800,"height":77,"caption":"Organisator"},"image":{"@id":"https:\/\/www.organisator.ch\/#\/schema\/logo\/image\/"},"sameAs":["https:\/\/www.facebook.com\/OrganisatorFachmagazin","https:\/\/www.linkedin.com\/showcase\/organisator-das-magazin-fr-kmu","https:\/\/www.xing.com\/news\/pages\/organisator-ch-695","https:\/\/www.youtube.com\/channel\/UCGP2Sq0iWaZwT3BdIAQFYpw"]}]}},"_links":{"self":[{"href":"https:\/\/www.organisator.ch\/fr\/wp-json\/wp\/v2\/product\/13795","targetHints":{"allow":["GET"]}}],"collection":[{"href":"https:\/\/www.organisator.ch\/fr\/wp-json\/wp\/v2\/product"}],"about":[{"href":"https:\/\/www.organisator.ch\/fr\/wp-json\/wp\/v2\/types\/product"}],"wp:featuredmedia":[{"embeddable":true,"href":"https:\/\/www.organisator.ch\/fr\/wp-json\/wp\/v2\/media\/13797"}],"wp:attachment":[{"href":"https:\/\/www.organisator.ch\/fr\/wp-json\/wp\/v2\/media?parent=13795"}],"wp:term":[{"taxonomy":"product_brand","embeddable":true,"href":"https:\/\/www.organisator.ch\/fr\/wp-json\/wp\/v2\/product_brand?post=13795"},{"taxonomy":"product_cat","embeddable":true,"href":"https:\/\/www.organisator.ch\/fr\/wp-json\/wp\/v2\/product_cat?post=13795"},{"taxonomy":"product_tag","embeddable":true,"href":"https:\/\/www.organisator.ch\/fr\/wp-json\/wp\/v2\/product_tag?post=13795"}],"curies":[{"name":"wp","href":"https:\/\/api.w.org\/{rel}","templated":true}]}}