{"id":13814,"date":"2022-06-07T16:50:25","date_gmt":"2022-06-07T14:50:25","guid":{"rendered":"https:\/\/www.organisator.ch\/?post_type=product&#038;p=13814"},"modified":"2022-06-07T16:50:28","modified_gmt":"2022-06-07T14:50:28","slug":"organisator-ausgabe-7-1979","status":"publish","type":"product","link":"https:\/\/www.organisator.ch\/fr\/produkt\/organisator-ausgabe-7-1979\/","title":{"rendered":"Organisateur \u00c9dition 7\/1979"},"content":{"rendered":"<h2>Rubriques<\/h2>\n<ul>\n<li>Livres pour vous<\/li>\n<li>Page du lecteur<\/li>\n<li>Publicit\u00e9 pour les petites entreprises<\/li>\n<li>Conseils comptables<\/li>\n<li>Affaires et famille<\/li>\n<li>Sant\u00e9 et d\u00e9tente<\/li>\n<li>Cas juridiques<\/li>\n<li>Le mois de l'\u00e9conomie<\/li>\n<li>Pour la r\u00e9flexion<\/li>\n<li>S\u00e9minaires ORGANISATEURS<\/li>\n<li>Offres ORGAN ISATOR<\/li>\n<li>Concentr\u00e9s de lecture<\/li>\n<li>Produits + services<\/li>\n<li>Portrait de l'entreprise : 100 ans de papier M\u00fchlebach<\/li>\n<li>Cours et r\u00e9unions<\/li>\n<li>Tarentule<\/li>\n<\/ul>\n<h2>\u00c9conomie en g\u00e9n\u00e9ral<\/h2>\n<ul>\n<li>Jeunesse et \u00e9conomie<\/li>\n<li>Le Morts des subventions (L'ORGANISATEUR pense)<\/li>\n<li>Le mois de l'\u00e9conomie<\/li>\n<li>Pr\u00e9visions objectives<\/li>\n<li>La porte \u00e9troite de la Chine vers l'Occident<\/li>\n<li>Les recettes des cantons provenant de sources f\u00e9d\u00e9rales<\/li>\n<\/ul>\n<h2>Gestion de l'entreprise<\/h2>\n<ul>\n<li>Protection des consommateurs (cas juridiques)<\/li>\n<li>Pratique du leadership (sem.)<\/li>\n<li>Arguments pour et contre les conseillers<\/li>\n<li>La gestion au doigt et \u00e0 l'\u0153il<\/li>\n<li>Le travail temporaire aujourd'hui<\/li>\n<li>Chiffres cl\u00e9s pour les magasins de textile<\/li>\n<\/ul>\n<h2>Ressources humaines<\/h2>\n<ul>\n<li>Jeunesse et \u00e9conomie<\/li>\n<li>Description de fonction pour le r\u00e9dacteur du journal interne<\/li>\n<li>Le travail n'a plus de sens (R\u00e9flexion)<\/li>\n<li>Analyse transactionnelle (Sem)<\/li>\n<li>Pratique du leadership (sem.)<\/li>\n<li>Introduire des changements - 10 conseils<\/li>\n<li>Sur le trip psychotique<\/li>\n<li>Formation continue des ouvriers chez Hoechst<\/li>\n<li>Plus de temps pour vivre<\/li>\n<li>Horaires variables<\/li>\n<\/ul>\n<h2>Organisation<\/h2>\n<ul>\n<li>Travail rationnel du chef (Sem)<\/li>\n<li>Bureau de conseil en s\u00e9curit\u00e9<\/li>\n<li>Le leasing automobile avec de nouvelles possibilit\u00e9s<\/li>\n<li>Tableau d'organisation pour fiches format A7<\/li>\n<\/ul>\n<h2>Bureautique<\/h2>\n<ul>\n<li>Nouveaut\u00e9s et d\u00e9veloppements dans le domaine de la bureautique<\/li>\n<li>Imprimante matricielle (voir aussi pages 88 et 97)<\/li>\n<li>Plieuse pour le bureau<\/li>\n<li>Mains libres pour t\u00e9l\u00e9phoner<\/li>\n<li>Porte-manuscrit avec bras articul\u00e9<\/li>\n<li>Lecteur de microfiches<\/li>\n<li>Nouveau copieur t\u00e9l\u00e9phonique<\/li>\n<li>Classeur \u00e0 anneaux avec cadre transparent<\/li>\n<li>Syst\u00e8me de dict\u00e9e \u00e0 rouleaux pratique<\/li>\n<li>Syst\u00e8me d'affranchissement dynamique<\/li>\n<\/ul>\n<h2>Traitement des donn\u00e9es<\/h2>\n<ul>\n<li>B\u00e9n\u00e9diction et mal\u00e9diction de l'informatisation<\/li>\n<li>L'informatique de A \u00e0 Z<\/li>\n<li>Effaceur de bande magn\u00e9tique<\/li>\n<li>Syst\u00e8me de petits ordinateurs<\/li>\n<li>Gamme de mini-ordinateurs pour les moyennes entreprises<\/li>\n<li>Mini-ordinateurs d'ICL<\/li>\n<li>Imprimante Dataproducts Calculatrice avec<\/li>\n<li>Puissance de l'ordinateur<\/li>\n<\/ul>\n<h2>Comptabilit\u00e9\/finance<\/h2>\n<ul>\n<li>L'inventaire des immobilisations (conseils comptables)<\/li>\n<li>Augmentation des b\u00e9n\u00e9fices gr\u00e2ce \u00e0 une rotation rapide des stocks<\/li>\n<li>R\u00e9partition des co\u00fbts pour les projets communautaires<\/li>\n<li>R\u00e9vision interne et audit<\/li>\n<li>R\u00e9serves latentes<\/li>\n<li>Analyse des risques pour les d\u00e9cisions d'investissement<\/li>\n<\/ul>\n<h2>Vente et publicit\u00e9<\/h2>\n<ul>\n<li>Comment faites-vous de la publicit\u00e9 efficace et plus compl\u00e8te ?<\/li>\n<li>Description de fonction pour le r\u00e9dacteur d'un journal interne<\/li>\n<li>Analyse transactionnelle (sem.)<\/li>\n<li>Prix plancher \u00e0 court terme<\/li>\n<li>La publicit\u00e9 seule ne fait pas le chiffre d'affaires<\/li>\n<\/ul>\n<h2>Production\/achats<\/h2>\n<ul>\n<li>Centraliser l'approvisionnement ?<\/li>\n<li>Assurance qualit\u00e9<\/li>\n<li>Augmenter les succ\u00e8s de la recherche<\/li>\n<li>Entretien des installations<\/li>\n<\/ul>\n<h2>Entrep\u00f4t\/transport<\/h2>\n<ul>\n<li>Augmentation des b\u00e9n\u00e9fices gr\u00e2ce \u00e0 une rotation rapide des stocks<\/li>\n<li>Planification \u00e9conomique des stocks<\/li>\n<li>Contr\u00f4le rationnel du fret<\/li>\n<li>Quel est le co\u00fbt du transfert de marchandises ?<\/li>\n<li>Nouvelles pochettes d'exp\u00e9dition<\/li>\n<\/ul>","protected":false},"excerpt":{"rendered":"<p>Re\u00e7oit la revue sp\u00e9cialis\u00e9e en langue allemande \"organisator\" dans le num\u00e9ro 7\/1979 en t\u00e9l\u00e9chargement PDF avec la table des mati\u00e8res suivante :<\/p>","protected":false},"featured_media":13816,"template":"","meta":{"_acf_changed":false,"articlekey":""},"product_brand":[],"product_cat":[546],"product_tag":[2924],"class_list":{"0":"post-13814","1":"product","2":"type-product","3":"status-publish","4":"has-post-thumbnail","6":"product_cat-einzelausgaben","7":"product_tag-2924","9":"first","10":"instock","11":"downloadable","12":"virtual","13":"taxable","14":"purchasable","15":"product-type-simple"},"acf":[],"yoast_head":"<!-- This site is optimized with the Yoast SEO plugin v27.4 - https:\/\/yoast.com\/product\/yoast-seo-wordpress\/ -->\n<title>Organisator Ausgabe 7\/1979 - Organisator<\/title>\n<meta name=\"description\" content=\"Erhalte die deutschsprachige Fachzeitschrift \u00aborganisator\u00bb in der Ausgabe 7\/1979 als PDF-Download mit nachfolgendem Inhaltsverzeichnis:\" \/>\n<meta name=\"robots\" content=\"index, follow, max-snippet:-1, max-image-preview:large, max-video-preview:-1\" \/>\n<link rel=\"canonical\" href=\"https:\/\/www.organisator.ch\/fr\/produit\/organisator-ausgabe-7-1979\/\" \/>\n<meta property=\"og:locale\" content=\"fr_FR\" \/>\n<meta property=\"og:type\" content=\"article\" \/>\n<meta property=\"og:title\" content=\"Organisator Ausgabe 7\/1979 - Organisator\" \/>\n<meta property=\"og:description\" content=\"Erhalte die deutschsprachige Fachzeitschrift \u00aborganisator\u00bb in der Ausgabe 7\/1979 als PDF-Download mit nachfolgendem Inhaltsverzeichnis:\" \/>\n<meta property=\"og:url\" content=\"https:\/\/www.organisator.ch\/fr\/produit\/organisator-ausgabe-7-1979\/\" \/>\n<meta property=\"og:site_name\" content=\"Organisator\" \/>\n<meta property=\"article:publisher\" content=\"https:\/\/www.facebook.com\/OrganisatorFachmagazin\" \/>\n<meta property=\"article:modified_time\" content=\"2022-06-07T14:50:28+00:00\" \/>\n<meta property=\"og:image\" content=\"https:\/\/www.organisator.ch\/wp-content\/uploads\/2022\/06\/organisator_1979_7.png\" \/>\n\t<meta property=\"og:image:width\" content=\"654\" \/>\n\t<meta property=\"og:image:height\" content=\"370\" \/>\n\t<meta property=\"og:image:type\" content=\"image\/png\" \/>\n<meta name=\"twitter:card\" content=\"summary_large_image\" \/>\n<script type=\"application\/ld+json\" class=\"yoast-schema-graph\">{\"@context\":\"https:\\\/\\\/schema.org\",\"@graph\":[{\"@type\":\"WebPage\",\"@id\":\"https:\\\/\\\/www.organisator.ch\\\/de\\\/produkt\\\/organisator-ausgabe-7-1979\\\/\",\"url\":\"https:\\\/\\\/www.organisator.ch\\\/de\\\/produkt\\\/organisator-ausgabe-7-1979\\\/\",\"name\":\"Organisator Ausgabe 7\\\/1979 - Organisator\",\"isPartOf\":{\"@id\":\"https:\\\/\\\/www.organisator.ch\\\/#website\"},\"primaryImageOfPage\":{\"@id\":\"https:\\\/\\\/www.organisator.ch\\\/de\\\/produkt\\\/organisator-ausgabe-7-1979\\\/#primaryimage\"},\"image\":{\"@id\":\"https:\\\/\\\/www.organisator.ch\\\/de\\\/produkt\\\/organisator-ausgabe-7-1979\\\/#primaryimage\"},\"thumbnailUrl\":\"https:\\\/\\\/www.organisator.ch\\\/wp-content\\\/uploads\\\/2022\\\/06\\\/organisator_1979_7.png\",\"datePublished\":\"2022-06-07T14:50:25+00:00\",\"dateModified\":\"2022-06-07T14:50:28+00:00\",\"description\":\"Erhalte die deutschsprachige Fachzeitschrift \u00aborganisator\u00bb in der Ausgabe 7\\\/1979 als PDF-Download mit nachfolgendem Inhaltsverzeichnis:\",\"breadcrumb\":{\"@id\":\"https:\\\/\\\/www.organisator.ch\\\/de\\\/produkt\\\/organisator-ausgabe-7-1979\\\/#breadcrumb\"},\"inLanguage\":\"fr-FR\",\"potentialAction\":[{\"@type\":\"ReadAction\",\"target\":[\"https:\\\/\\\/www.organisator.ch\\\/de\\\/produkt\\\/organisator-ausgabe-7-1979\\\/\"]}]},{\"@type\":\"ImageObject\",\"inLanguage\":\"fr-FR\",\"@id\":\"https:\\\/\\\/www.organisator.ch\\\/de\\\/produkt\\\/organisator-ausgabe-7-1979\\\/#primaryimage\",\"url\":\"https:\\\/\\\/www.organisator.ch\\\/wp-content\\\/uploads\\\/2022\\\/06\\\/organisator_1979_7.png\",\"contentUrl\":\"https:\\\/\\\/www.organisator.ch\\\/wp-content\\\/uploads\\\/2022\\\/06\\\/organisator_1979_7.png\",\"width\":654,\"height\":370},{\"@type\":\"BreadcrumbList\",\"@id\":\"https:\\\/\\\/www.organisator.ch\\\/de\\\/produkt\\\/organisator-ausgabe-7-1979\\\/#breadcrumb\",\"itemListElement\":[{\"@type\":\"ListItem\",\"position\":1,\"name\":\"Home\",\"item\":\"https:\\\/\\\/www.organisator.ch\\\/\"},{\"@type\":\"ListItem\",\"position\":2,\"name\":\"Shop\",\"item\":\"https:\\\/\\\/www.organisator.ch\\\/fr\\\/shop\\\/\"},{\"@type\":\"ListItem\",\"position\":3,\"name\":\"Organisator Ausgabe 7\\\/1979\"}]},{\"@type\":\"WebSite\",\"@id\":\"https:\\\/\\\/www.organisator.ch\\\/#website\",\"url\":\"https:\\\/\\\/www.organisator.ch\\\/\",\"name\":\"Organisator\",\"description\":\"Kompetent. Praxisnah. Der ORGANISATOR bereitet in 10 Ausgaben pro Jahr die wesentlichen Themen f\u00fcr F\u00fchrungskr\u00e4fte von KMU auf.\",\"publisher\":{\"@id\":\"https:\\\/\\\/www.organisator.ch\\\/#organization\"},\"potentialAction\":[{\"@type\":\"SearchAction\",\"target\":{\"@type\":\"EntryPoint\",\"urlTemplate\":\"https:\\\/\\\/www.organisator.ch\\\/?s={search_term_string}\"},\"query-input\":{\"@type\":\"PropertyValueSpecification\",\"valueRequired\":true,\"valueName\":\"search_term_string\"}}],\"inLanguage\":\"fr-FR\"},{\"@type\":\"Organization\",\"@id\":\"https:\\\/\\\/www.organisator.ch\\\/#organization\",\"name\":\"Organisator\",\"url\":\"https:\\\/\\\/www.organisator.ch\\\/\",\"logo\":{\"@type\":\"ImageObject\",\"inLanguage\":\"fr-FR\",\"@id\":\"https:\\\/\\\/www.organisator.ch\\\/#\\\/schema\\\/logo\\\/image\\\/\",\"url\":\"https:\\\/\\\/www.organisator.ch\\\/wp-content\\\/uploads\\\/2022\\\/01\\\/Logo_Organisator_Website.png\",\"contentUrl\":\"https:\\\/\\\/www.organisator.ch\\\/wp-content\\\/uploads\\\/2022\\\/01\\\/Logo_Organisator_Website.png\",\"width\":800,\"height\":77,\"caption\":\"Organisator\"},\"image\":{\"@id\":\"https:\\\/\\\/www.organisator.ch\\\/#\\\/schema\\\/logo\\\/image\\\/\"},\"sameAs\":[\"https:\\\/\\\/www.facebook.com\\\/OrganisatorFachmagazin\",\"https:\\\/\\\/www.linkedin.com\\\/showcase\\\/organisator-das-magazin-fr-kmu\",\"https:\\\/\\\/www.xing.com\\\/news\\\/pages\\\/organisator-ch-695\",\"https:\\\/\\\/www.youtube.com\\\/channel\\\/UCGP2Sq0iWaZwT3BdIAQFYpw\"]}]}<\/script>\n<!-- \/ Yoast SEO plugin. -->","yoast_head_json":{"title":"Organisateur Num\u00e9ro 7\/1979 - Organisateur","description":"Re\u00e7oit la revue sp\u00e9cialis\u00e9e en langue allemande \"organisator\" dans le num\u00e9ro 7\/1979 en t\u00e9l\u00e9chargement PDF avec la table des mati\u00e8res suivante :","robots":{"index":"index","follow":"follow","max-snippet":"max-snippet:-1","max-image-preview":"max-image-preview:large","max-video-preview":"max-video-preview:-1"},"canonical":"https:\/\/www.organisator.ch\/fr\/produit\/organisator-ausgabe-7-1979\/","og_locale":"fr_FR","og_type":"article","og_title":"Organisator Ausgabe 7\/1979 - Organisator","og_description":"Erhalte die deutschsprachige Fachzeitschrift \u00aborganisator\u00bb in der Ausgabe 7\/1979 als PDF-Download mit nachfolgendem Inhaltsverzeichnis:","og_url":"https:\/\/www.organisator.ch\/fr\/produit\/organisator-ausgabe-7-1979\/","og_site_name":"Organisator","article_publisher":"https:\/\/www.facebook.com\/OrganisatorFachmagazin","article_modified_time":"2022-06-07T14:50:28+00:00","og_image":[{"width":654,"height":370,"url":"https:\/\/www.organisator.ch\/wp-content\/uploads\/2022\/06\/organisator_1979_7.png","type":"image\/png"}],"twitter_card":"summary_large_image","schema":{"@context":"https:\/\/schema.org","@graph":[{"@type":"WebPage","@id":"https:\/\/www.organisator.ch\/de\/produkt\/organisator-ausgabe-7-1979\/","url":"https:\/\/www.organisator.ch\/de\/produkt\/organisator-ausgabe-7-1979\/","name":"Organisateur Num\u00e9ro 7\/1979 - Organisateur","isPartOf":{"@id":"https:\/\/www.organisator.ch\/#website"},"primaryImageOfPage":{"@id":"https:\/\/www.organisator.ch\/de\/produkt\/organisator-ausgabe-7-1979\/#primaryimage"},"image":{"@id":"https:\/\/www.organisator.ch\/de\/produkt\/organisator-ausgabe-7-1979\/#primaryimage"},"thumbnailUrl":"https:\/\/www.organisator.ch\/wp-content\/uploads\/2022\/06\/organisator_1979_7.png","datePublished":"2022-06-07T14:50:25+00:00","dateModified":"2022-06-07T14:50:28+00:00","description":"Re\u00e7oit la revue sp\u00e9cialis\u00e9e en langue allemande \"organisator\" dans le num\u00e9ro 7\/1979 en t\u00e9l\u00e9chargement PDF avec la table des mati\u00e8res suivante :","breadcrumb":{"@id":"https:\/\/www.organisator.ch\/de\/produkt\/organisator-ausgabe-7-1979\/#breadcrumb"},"inLanguage":"fr-FR","potentialAction":[{"@type":"ReadAction","target":["https:\/\/www.organisator.ch\/de\/produkt\/organisator-ausgabe-7-1979\/"]}]},{"@type":"ImageObject","inLanguage":"fr-FR","@id":"https:\/\/www.organisator.ch\/de\/produkt\/organisator-ausgabe-7-1979\/#primaryimage","url":"https:\/\/www.organisator.ch\/wp-content\/uploads\/2022\/06\/organisator_1979_7.png","contentUrl":"https:\/\/www.organisator.ch\/wp-content\/uploads\/2022\/06\/organisator_1979_7.png","width":654,"height":370},{"@type":"BreadcrumbList","@id":"https:\/\/www.organisator.ch\/de\/produkt\/organisator-ausgabe-7-1979\/#breadcrumb","itemListElement":[{"@type":"ListItem","position":1,"name":"Home","item":"https:\/\/www.organisator.ch\/"},{"@type":"ListItem","position":2,"name":"Shop","item":"https:\/\/www.organisator.ch\/fr\/shop\/"},{"@type":"ListItem","position":3,"name":"Organisator Ausgabe 7\/1979"}]},{"@type":"WebSite","@id":"https:\/\/www.organisator.ch\/#website","url":"https:\/\/www.organisator.ch\/","name":"Organisateur","description":"Comp\u00e9tence et comp\u00e9tence. Proches de la pratique. L'ORGANISATEUR pr\u00e9pare 10 num\u00e9ros par an sur les th\u00e8mes essentiels pour les dirigeants de PME.","publisher":{"@id":"https:\/\/www.organisator.ch\/#organization"},"potentialAction":[{"@type":"SearchAction","target":{"@type":"EntryPoint","urlTemplate":"https:\/\/www.organisator.ch\/?s={search_term_string}"},"query-input":{"@type":"PropertyValueSpecification","valueRequired":true,"valueName":"search_term_string"}}],"inLanguage":"fr-FR"},{"@type":"Organization","@id":"https:\/\/www.organisator.ch\/#organization","name":"Organisateur","url":"https:\/\/www.organisator.ch\/","logo":{"@type":"ImageObject","inLanguage":"fr-FR","@id":"https:\/\/www.organisator.ch\/#\/schema\/logo\/image\/","url":"https:\/\/www.organisator.ch\/wp-content\/uploads\/2022\/01\/Logo_Organisator_Website.png","contentUrl":"https:\/\/www.organisator.ch\/wp-content\/uploads\/2022\/01\/Logo_Organisator_Website.png","width":800,"height":77,"caption":"Organisator"},"image":{"@id":"https:\/\/www.organisator.ch\/#\/schema\/logo\/image\/"},"sameAs":["https:\/\/www.facebook.com\/OrganisatorFachmagazin","https:\/\/www.linkedin.com\/showcase\/organisator-das-magazin-fr-kmu","https:\/\/www.xing.com\/news\/pages\/organisator-ch-695","https:\/\/www.youtube.com\/channel\/UCGP2Sq0iWaZwT3BdIAQFYpw"]}]}},"_links":{"self":[{"href":"https:\/\/www.organisator.ch\/fr\/wp-json\/wp\/v2\/product\/13814","targetHints":{"allow":["GET"]}}],"collection":[{"href":"https:\/\/www.organisator.ch\/fr\/wp-json\/wp\/v2\/product"}],"about":[{"href":"https:\/\/www.organisator.ch\/fr\/wp-json\/wp\/v2\/types\/product"}],"wp:featuredmedia":[{"embeddable":true,"href":"https:\/\/www.organisator.ch\/fr\/wp-json\/wp\/v2\/media\/13816"}],"wp:attachment":[{"href":"https:\/\/www.organisator.ch\/fr\/wp-json\/wp\/v2\/media?parent=13814"}],"wp:term":[{"taxonomy":"product_brand","embeddable":true,"href":"https:\/\/www.organisator.ch\/fr\/wp-json\/wp\/v2\/product_brand?post=13814"},{"taxonomy":"product_cat","embeddable":true,"href":"https:\/\/www.organisator.ch\/fr\/wp-json\/wp\/v2\/product_cat?post=13814"},{"taxonomy":"product_tag","embeddable":true,"href":"https:\/\/www.organisator.ch\/fr\/wp-json\/wp\/v2\/product_tag?post=13814"}],"curies":[{"name":"wp","href":"https:\/\/api.w.org\/{rel}","templated":true}]}}