{"id":13821,"date":"2022-06-08T03:14:06","date_gmt":"2022-06-08T01:14:06","guid":{"rendered":"https:\/\/www.organisator.ch\/?post_type=product&#038;p=13821"},"modified":"2022-06-08T03:14:13","modified_gmt":"2022-06-08T01:14:13","slug":"organisator-ausgabe-6-1979","status":"publish","type":"product","link":"https:\/\/www.organisator.ch\/fr\/produkt\/organisator-ausgabe-6-1979\/","title":{"rendered":"Organisateur \u00c9dition 6\/1979"},"content":{"rendered":"<h2>Rubriques<\/h2>\n<ul>\n<li>Page du lecteur<\/li>\n<li>Conseils fiscaux<\/li>\n<li>Il y a 50 ans, l'organisateur fait de la publicit\u00e9 pour les petites entreprises<\/li>\n<li>S\u00e9minaires pour organisateurs<\/li>\n<li>Pour la r\u00e9flexion<\/li>\n<li>Le mois \u00e9conomique<\/li>\n<li>Offres des organisateurs<\/li>\n<li>Concentr\u00e9s de lecture<\/li>\n<li>Expositions<\/li>\n<li>Produits et services<\/li>\n<li>Cours et r\u00e9unions<\/li>\n<li>Tarentule<\/li>\n<\/ul>\n<h2>\u00c9conomie en g\u00e9n\u00e9ral<\/h2>\n<ul>\n<li>Politique et t\u00e9l\u00e9vision<\/li>\n<li>Le mois \u00e9conomique<\/li>\n<li>Incertitudes concernant la protection de l'environnement<\/li>\n<\/ul>\n<h2>Gestion d'entreprise<\/h2>\n<ul>\n<li>Op\u00e9rations \u00e0 terme sur marchandises<\/li>\n<li>Vision h\u00e9r\u00e9tique de la science du management<\/li>\n<\/ul>\n<h2>Gestion d'entreprise<\/h2>\n<ul>\n<li>Confiance dans le junior<\/li>\n<li>Comment le management favorise l'innovation<\/li>\n<li>Principes commerciaux<\/li>\n<li>Les clauses d'\u00e9chelle mobile en tant qu'instrument politique \u00e0 risque<\/li>\n<li>Planification des investissements<\/li>\n<li>D\u00e9fense des int\u00e9r\u00eats lors de la d\u00e9claration d'imp\u00f4ts<\/li>\n<\/ul>\n<h2>Ressources humaines<\/h2>\n<ul>\n<li>Confiance dans le junior<\/li>\n<li>Directives de gestion \u00e9galement dans le<\/li>\n<li>Petite entreprise<\/li>\n<li>D\u00e9charge du chef<\/li>\n<li>Analyse Transactionnelle - Gestion des personnes (s\u00e9minaire)<\/li>\n<li>Rh\u00e9torique dialectique - relations humaines (s\u00e9minaire)<\/li>\n<li>D\u00e9finir des objectifs d'entra\u00eenement<\/li>\n<\/ul>\n<h2>Organisation<\/h2>\n<ul>\n<li>10 conseils pour les vacances<\/li>\n<li>Rapports orient\u00e9s vers l'avenir<\/li>\n<li>Le chef administratif dans 10 ans<\/li>\n<li>Le manque de planification du temps conduit \u00e0 la surcharge des managers<\/li>\n<li>Service de commande par t\u00e9l\u00e9phone en dehors des heures de bureau<\/li>\n<li>Cloisons de bureau Formvac<\/li>\n<li>Am\u00e9nagement flexible de l'espace - postes de travail fonctionnels<\/li>\n<li>Nouveau dispositif de pointage<\/li>\n<\/ul>\n<h2>Bureautique<\/h2>\n<ul>\n<li>La meilleure lettre<\/li>\n<li>Nouveaux cas et d\u00e9veloppements<\/li>\n<li>au BUrofach (CEBIT de Hanovre)<\/li>\n<li>Piastiflor - le carbone de film de qualit\u00e9<\/li>\n<li>\u00c9cran USM avec console clavier coulissante<\/li>\n<li>Living Cards Indes Bo\u00eete pour microfiches<\/li>\n<li>Projectoi \u00e0 basse tension pour pi\u00e8ces claires<\/li>\n<li>Nouvelle cam\u00e9ra de reproduction Eskofot<\/li>\n<li>Calculatrice super-plate<\/li>\n<\/ul>\n<h2>Traitement des donn\u00e9es<\/h2>\n<ul>\n<li>Ordinateurs de bureau pour les petites entreprises<\/li>\n<li>Mini-ordinateurl-8270deNCR<\/li>\n<li>Dessin anim\u00e9 par ordinateur<\/li>\n<li>\"Les r\u00e8gles de l'art de la communication avec les utilisateurs de logiciels\".<\/li>\n<\/ul>\n<h2>Comptabilit\u00e9\/finance<\/h2>\n<ul>\n<li>Rappels d'imp\u00f4ts et de cotisations AVS<\/li>\n<li>Mise en place d'un syst\u00e8me de comptabilit\u00e9 analytique<\/li>\n<li>Aide \u00e0 l'innovation par le financement d'entreprises<\/li>\n<li>Les contr\u00f4leurs, les ma\u00eetres cach\u00e9s<\/li>\n<li>\u00c9viter les situations de crise financi\u00e8re<\/li>\n<li>La comptabilit\u00e9 comme instrument de gestion<\/li>\n<li>Calculateur d'\u00e9lectrons avec touche code<\/li>\n<\/ul>\n<h2>Vente et publicit\u00e9<\/h2>\n<ul>\n<li>Le d\u00e9marchage il y a 50 ans<\/li>\n<li>Formation \u00e0 la communication pour les vendeurs (sem.)<\/li>\n<li>Planification de la publicit\u00e9 dans le commerce de d\u00e9tail<\/li>\n<li>Prix plancher avec effet sur le r\u00e9sultat<\/li>\n<li>Calendrier des expositions<\/li>\n<\/ul>\n<h2>Production\/achats<\/h2>\n<ul>\n<li>Fabriquer sans cha\u00eene de montage<\/li>\n<li>Mod\u00e8les de scoring pour les d\u00e9cisions d'achat<\/li>\n<li>Les entreprises doivent-elles centraliser leurs achats ?<\/li>\n<li>Calendrier des expositions<\/li>\n<li>Mesure avec Tachymat<\/li>\n<li>Entrep\u00f4t\/transport<\/li>\n<li>Frais d'emballage<\/li>\n<li>Transporter et stocker de mani\u00e8re rationnelle<\/li>\n<li>Catalogue suisse des emballages 79<\/li>\n<li>Aide \u00e9lectronique \u00e0 la conduite pour les chariots \u00e9l\u00e9vateurs<\/li>\n<\/ul>","protected":false},"excerpt":{"rendered":"<p>Re\u00e7oit la revue sp\u00e9cialis\u00e9e en langue allemande \"organisator\" dans le num\u00e9ro 6\/1979 en t\u00e9l\u00e9chargement PDF avec la table des mati\u00e8res ci-dessous :<\/p>","protected":false},"featured_media":13823,"template":"","meta":{"_acf_changed":false,"articlekey":""},"product_brand":[],"product_cat":[546],"product_tag":[2924],"class_list":{"0":"post-13821","1":"product","2":"type-product","3":"status-publish","4":"has-post-thumbnail","6":"product_cat-einzelausgaben","7":"product_tag-2924","9":"first","10":"instock","11":"downloadable","12":"virtual","13":"taxable","14":"purchasable","15":"product-type-simple"},"acf":[],"yoast_head":"<!-- This site is optimized with the Yoast SEO plugin v27.5 - https:\/\/yoast.com\/product\/yoast-seo-wordpress\/ -->\n<title>Organisator Ausgabe 6\/1979 - Organisator<\/title>\n<meta name=\"description\" content=\"Erhalte die deutschsprachige Fachzeitschrift \u00aborganisator\u00bb in der Ausgabe 6\/1979 als PDF-Download mit nachfolgendem Inhaltsverzeichnis:\" \/>\n<meta name=\"robots\" content=\"index, follow, max-snippet:-1, max-image-preview:large, max-video-preview:-1\" \/>\n<link rel=\"canonical\" href=\"https:\/\/www.organisator.ch\/fr\/product\/organisator-ausgabe-6-1979\/\" \/>\n<meta property=\"og:locale\" content=\"fr_FR\" \/>\n<meta property=\"og:type\" content=\"article\" \/>\n<meta property=\"og:title\" content=\"Organisator Ausgabe 6\/1979 - Organisator\" \/>\n<meta property=\"og:description\" content=\"Erhalte die deutschsprachige Fachzeitschrift \u00aborganisator\u00bb in der Ausgabe 6\/1979 als PDF-Download mit nachfolgendem Inhaltsverzeichnis:\" \/>\n<meta property=\"og:url\" content=\"https:\/\/www.organisator.ch\/fr\/product\/organisator-ausgabe-6-1979\/\" \/>\n<meta property=\"og:site_name\" content=\"Organisator\" \/>\n<meta property=\"article:publisher\" content=\"https:\/\/www.facebook.com\/OrganisatorFachmagazin\" \/>\n<meta property=\"article:modified_time\" content=\"2022-06-08T01:14:13+00:00\" \/>\n<meta property=\"og:image\" content=\"https:\/\/www.organisator.ch\/wp-content\/uploads\/2022\/06\/organisator_1979_6.png\" \/>\n\t<meta property=\"og:image:width\" content=\"654\" \/>\n\t<meta property=\"og:image:height\" content=\"370\" \/>\n\t<meta property=\"og:image:type\" content=\"image\/png\" \/>\n<meta name=\"twitter:card\" content=\"summary_large_image\" \/>\n<script type=\"application\/ld+json\" class=\"yoast-schema-graph\">{\"@context\":\"https:\\\/\\\/schema.org\",\"@graph\":[{\"@type\":\"WebPage\",\"@id\":\"https:\\\/\\\/www.organisator.ch\\\/en\\\/product\\\/organisator-ausgabe-6-1979\\\/\",\"url\":\"https:\\\/\\\/www.organisator.ch\\\/en\\\/product\\\/organisator-ausgabe-6-1979\\\/\",\"name\":\"Organisator Ausgabe 6\\\/1979 - Organisator\",\"isPartOf\":{\"@id\":\"https:\\\/\\\/www.organisator.ch\\\/#website\"},\"primaryImageOfPage\":{\"@id\":\"https:\\\/\\\/www.organisator.ch\\\/en\\\/product\\\/organisator-ausgabe-6-1979\\\/#primaryimage\"},\"image\":{\"@id\":\"https:\\\/\\\/www.organisator.ch\\\/en\\\/product\\\/organisator-ausgabe-6-1979\\\/#primaryimage\"},\"thumbnailUrl\":\"https:\\\/\\\/www.organisator.ch\\\/wp-content\\\/uploads\\\/2022\\\/06\\\/organisator_1979_6.png\",\"datePublished\":\"2022-06-08T01:14:06+00:00\",\"dateModified\":\"2022-06-08T01:14:13+00:00\",\"description\":\"Erhalte die deutschsprachige Fachzeitschrift \u00aborganisator\u00bb in der Ausgabe 6\\\/1979 als PDF-Download mit nachfolgendem Inhaltsverzeichnis:\",\"breadcrumb\":{\"@id\":\"https:\\\/\\\/www.organisator.ch\\\/en\\\/product\\\/organisator-ausgabe-6-1979\\\/#breadcrumb\"},\"inLanguage\":\"fr-FR\",\"potentialAction\":[{\"@type\":\"ReadAction\",\"target\":[\"https:\\\/\\\/www.organisator.ch\\\/en\\\/product\\\/organisator-ausgabe-6-1979\\\/\"]}]},{\"@type\":\"ImageObject\",\"inLanguage\":\"fr-FR\",\"@id\":\"https:\\\/\\\/www.organisator.ch\\\/en\\\/product\\\/organisator-ausgabe-6-1979\\\/#primaryimage\",\"url\":\"https:\\\/\\\/www.organisator.ch\\\/wp-content\\\/uploads\\\/2022\\\/06\\\/organisator_1979_6.png\",\"contentUrl\":\"https:\\\/\\\/www.organisator.ch\\\/wp-content\\\/uploads\\\/2022\\\/06\\\/organisator_1979_6.png\",\"width\":654,\"height\":370},{\"@type\":\"BreadcrumbList\",\"@id\":\"https:\\\/\\\/www.organisator.ch\\\/en\\\/product\\\/organisator-ausgabe-6-1979\\\/#breadcrumb\",\"itemListElement\":[{\"@type\":\"ListItem\",\"position\":1,\"name\":\"Home\",\"item\":\"https:\\\/\\\/www.organisator.ch\\\/\"},{\"@type\":\"ListItem\",\"position\":2,\"name\":\"Shop\",\"item\":\"https:\\\/\\\/www.organisator.ch\\\/fr\\\/shop\\\/\"},{\"@type\":\"ListItem\",\"position\":3,\"name\":\"Organisator Ausgabe 6\\\/1979\"}]},{\"@type\":\"WebSite\",\"@id\":\"https:\\\/\\\/www.organisator.ch\\\/#website\",\"url\":\"https:\\\/\\\/www.organisator.ch\\\/\",\"name\":\"Organisator\",\"description\":\"Kompetent. Praxisnah. Der ORGANISATOR bereitet in 10 Ausgaben pro Jahr die wesentlichen Themen f\u00fcr F\u00fchrungskr\u00e4fte von KMU auf.\",\"publisher\":{\"@id\":\"https:\\\/\\\/www.organisator.ch\\\/#organization\"},\"potentialAction\":[{\"@type\":\"SearchAction\",\"target\":{\"@type\":\"EntryPoint\",\"urlTemplate\":\"https:\\\/\\\/www.organisator.ch\\\/?s={search_term_string}\"},\"query-input\":{\"@type\":\"PropertyValueSpecification\",\"valueRequired\":true,\"valueName\":\"search_term_string\"}}],\"inLanguage\":\"fr-FR\"},{\"@type\":\"Organization\",\"@id\":\"https:\\\/\\\/www.organisator.ch\\\/#organization\",\"name\":\"Organisator\",\"url\":\"https:\\\/\\\/www.organisator.ch\\\/\",\"logo\":{\"@type\":\"ImageObject\",\"inLanguage\":\"fr-FR\",\"@id\":\"https:\\\/\\\/www.organisator.ch\\\/#\\\/schema\\\/logo\\\/image\\\/\",\"url\":\"https:\\\/\\\/www.organisator.ch\\\/wp-content\\\/uploads\\\/2022\\\/01\\\/Logo_Organisator_Website.png\",\"contentUrl\":\"https:\\\/\\\/www.organisator.ch\\\/wp-content\\\/uploads\\\/2022\\\/01\\\/Logo_Organisator_Website.png\",\"width\":800,\"height\":77,\"caption\":\"Organisator\"},\"image\":{\"@id\":\"https:\\\/\\\/www.organisator.ch\\\/#\\\/schema\\\/logo\\\/image\\\/\"},\"sameAs\":[\"https:\\\/\\\/www.facebook.com\\\/OrganisatorFachmagazin\",\"https:\\\/\\\/www.linkedin.com\\\/showcase\\\/organisator-das-magazin-fr-kmu\",\"https:\\\/\\\/www.xing.com\\\/news\\\/pages\\\/organisator-ch-695\",\"https:\\\/\\\/www.youtube.com\\\/channel\\\/UCGP2Sq0iWaZwT3BdIAQFYpw\"]}]}<\/script>\n<!-- \/ Yoast SEO plugin. -->","yoast_head_json":{"title":"Organisateur Num\u00e9ro 6\/1979 - Organisateur","description":"Re\u00e7oit la revue sp\u00e9cialis\u00e9e en langue allemande \"organisator\" dans le num\u00e9ro 6\/1979 en t\u00e9l\u00e9chargement PDF avec la table des mati\u00e8res ci-dessous :","robots":{"index":"index","follow":"follow","max-snippet":"max-snippet:-1","max-image-preview":"max-image-preview:large","max-video-preview":"max-video-preview:-1"},"canonical":"https:\/\/www.organisator.ch\/fr\/product\/organisator-ausgabe-6-1979\/","og_locale":"fr_FR","og_type":"article","og_title":"Organisator Ausgabe 6\/1979 - Organisator","og_description":"Erhalte die deutschsprachige Fachzeitschrift \u00aborganisator\u00bb in der Ausgabe 6\/1979 als PDF-Download mit nachfolgendem Inhaltsverzeichnis:","og_url":"https:\/\/www.organisator.ch\/fr\/product\/organisator-ausgabe-6-1979\/","og_site_name":"Organisator","article_publisher":"https:\/\/www.facebook.com\/OrganisatorFachmagazin","article_modified_time":"2022-06-08T01:14:13+00:00","og_image":[{"width":654,"height":370,"url":"https:\/\/www.organisator.ch\/wp-content\/uploads\/2022\/06\/organisator_1979_6.png","type":"image\/png"}],"twitter_card":"summary_large_image","schema":{"@context":"https:\/\/schema.org","@graph":[{"@type":"WebPage","@id":"https:\/\/www.organisator.ch\/en\/product\/organisator-ausgabe-6-1979\/","url":"https:\/\/www.organisator.ch\/en\/product\/organisator-ausgabe-6-1979\/","name":"Organisateur Num\u00e9ro 6\/1979 - Organisateur","isPartOf":{"@id":"https:\/\/www.organisator.ch\/#website"},"primaryImageOfPage":{"@id":"https:\/\/www.organisator.ch\/en\/product\/organisator-ausgabe-6-1979\/#primaryimage"},"image":{"@id":"https:\/\/www.organisator.ch\/en\/product\/organisator-ausgabe-6-1979\/#primaryimage"},"thumbnailUrl":"https:\/\/www.organisator.ch\/wp-content\/uploads\/2022\/06\/organisator_1979_6.png","datePublished":"2022-06-08T01:14:06+00:00","dateModified":"2022-06-08T01:14:13+00:00","description":"Re\u00e7oit la revue sp\u00e9cialis\u00e9e en langue allemande \"organisator\" dans le num\u00e9ro 6\/1979 en t\u00e9l\u00e9chargement PDF avec la table des mati\u00e8res ci-dessous :","breadcrumb":{"@id":"https:\/\/www.organisator.ch\/en\/product\/organisator-ausgabe-6-1979\/#breadcrumb"},"inLanguage":"fr-FR","potentialAction":[{"@type":"ReadAction","target":["https:\/\/www.organisator.ch\/en\/product\/organisator-ausgabe-6-1979\/"]}]},{"@type":"ImageObject","inLanguage":"fr-FR","@id":"https:\/\/www.organisator.ch\/en\/product\/organisator-ausgabe-6-1979\/#primaryimage","url":"https:\/\/www.organisator.ch\/wp-content\/uploads\/2022\/06\/organisator_1979_6.png","contentUrl":"https:\/\/www.organisator.ch\/wp-content\/uploads\/2022\/06\/organisator_1979_6.png","width":654,"height":370},{"@type":"BreadcrumbList","@id":"https:\/\/www.organisator.ch\/en\/product\/organisator-ausgabe-6-1979\/#breadcrumb","itemListElement":[{"@type":"ListItem","position":1,"name":"Home","item":"https:\/\/www.organisator.ch\/"},{"@type":"ListItem","position":2,"name":"Shop","item":"https:\/\/www.organisator.ch\/fr\/shop\/"},{"@type":"ListItem","position":3,"name":"Organisator Ausgabe 6\/1979"}]},{"@type":"WebSite","@id":"https:\/\/www.organisator.ch\/#website","url":"https:\/\/www.organisator.ch\/","name":"Organisateur","description":"Comp\u00e9tence et comp\u00e9tence. Proches de la pratique. L'ORGANISATEUR pr\u00e9pare 10 num\u00e9ros par an sur les th\u00e8mes essentiels pour les dirigeants de PME.","publisher":{"@id":"https:\/\/www.organisator.ch\/#organization"},"potentialAction":[{"@type":"SearchAction","target":{"@type":"EntryPoint","urlTemplate":"https:\/\/www.organisator.ch\/?s={search_term_string}"},"query-input":{"@type":"PropertyValueSpecification","valueRequired":true,"valueName":"search_term_string"}}],"inLanguage":"fr-FR"},{"@type":"Organization","@id":"https:\/\/www.organisator.ch\/#organization","name":"Organisateur","url":"https:\/\/www.organisator.ch\/","logo":{"@type":"ImageObject","inLanguage":"fr-FR","@id":"https:\/\/www.organisator.ch\/#\/schema\/logo\/image\/","url":"https:\/\/www.organisator.ch\/wp-content\/uploads\/2022\/01\/Logo_Organisator_Website.png","contentUrl":"https:\/\/www.organisator.ch\/wp-content\/uploads\/2022\/01\/Logo_Organisator_Website.png","width":800,"height":77,"caption":"Organisator"},"image":{"@id":"https:\/\/www.organisator.ch\/#\/schema\/logo\/image\/"},"sameAs":["https:\/\/www.facebook.com\/OrganisatorFachmagazin","https:\/\/www.linkedin.com\/showcase\/organisator-das-magazin-fr-kmu","https:\/\/www.xing.com\/news\/pages\/organisator-ch-695","https:\/\/www.youtube.com\/channel\/UCGP2Sq0iWaZwT3BdIAQFYpw"]}]}},"_links":{"self":[{"href":"https:\/\/www.organisator.ch\/fr\/wp-json\/wp\/v2\/product\/13821","targetHints":{"allow":["GET"]}}],"collection":[{"href":"https:\/\/www.organisator.ch\/fr\/wp-json\/wp\/v2\/product"}],"about":[{"href":"https:\/\/www.organisator.ch\/fr\/wp-json\/wp\/v2\/types\/product"}],"wp:featuredmedia":[{"embeddable":true,"href":"https:\/\/www.organisator.ch\/fr\/wp-json\/wp\/v2\/media\/13823"}],"wp:attachment":[{"href":"https:\/\/www.organisator.ch\/fr\/wp-json\/wp\/v2\/media?parent=13821"}],"wp:term":[{"taxonomy":"product_brand","embeddable":true,"href":"https:\/\/www.organisator.ch\/fr\/wp-json\/wp\/v2\/product_brand?post=13821"},{"taxonomy":"product_cat","embeddable":true,"href":"https:\/\/www.organisator.ch\/fr\/wp-json\/wp\/v2\/product_cat?post=13821"},{"taxonomy":"product_tag","embeddable":true,"href":"https:\/\/www.organisator.ch\/fr\/wp-json\/wp\/v2\/product_tag?post=13821"}],"curies":[{"name":"wp","href":"https:\/\/api.w.org\/{rel}","templated":true}]}}