{"id":13841,"date":"2022-06-08T04:48:50","date_gmt":"2022-06-08T02:48:50","guid":{"rendered":"https:\/\/www.organisator.ch\/?post_type=product&#038;p=13841"},"modified":"2022-06-08T04:48:54","modified_gmt":"2022-06-08T02:48:54","slug":"organisator-ausgabe-1-1979","status":"publish","type":"product","link":"https:\/\/www.organisator.ch\/fr\/produkt\/organisator-ausgabe-1-1979\/","title":{"rendered":"Organisateur \u00c9dition 1\/1979"},"content":{"rendered":"<h2>Rubriques permanentes<\/h2>\n<ul>\n<li>Livres pour vous<\/li>\n<li>Page du lecteur<\/li>\n<li>L'organisateur pense<\/li>\n<li>Le mois \u00e9conomique<\/li>\n<li>Cas juridiques<\/li>\n<li>S\u00e9minaires ORGANISATEURS<\/li>\n<li>Pour la r\u00e9flexion<\/li>\n<li>Offres GRGANISATGR<\/li>\n<li>Concentr\u00e9s de lecture<\/li>\n<li>Cours et r\u00e9unions<\/li>\n<li>Produits + services<\/li>\n<li>Tarentule<\/li>\n<\/ul>\n<h2>Gestion d'entreprise<\/h2>\n<ul>\n<li>GK \u2013 le nouveau syst\u00e8me ORGANISATEUR (ou ouvert) de classification et de documentation<\/li>\n<li>La profession fiduciaire discr\u00e9dit\u00e9e (L'organisateur pense)<\/li>\n<li>Tarentule<\/li>\n<\/ul>\n<h2>Fondation d'entreprise<\/h2>\n<ul>\n<li>Fixer des priorit\u00e9s (affaires et famille)<\/li>\n<li>Approvisionnement dans le commerce de d\u00e9tail avec des moyens simples<\/li>\n<li>Tests de produits aux \u00c9tats-Unis (LK)<\/li>\n<li>Cycle de vie des produits (LK)<\/li>\n<li>Avantages et risques de la diversification (LK)<\/li>\n<li>Les managers devraient s'occuper de l'ordinateur (LK)<\/li>\n<li>Gestion des interfaces (LK)<\/li>\n<li>Manager au monast\u00e8re (LK)<\/li>\n<\/ul>\n<h2>Questions juridiques<\/h2>\n<ul>\n<li>Combien co\u00fbtent les processus<\/li>\n<li>Quand et pour quoi le voyageur de commerce est-il responsable ?<\/li>\n<\/ul>\n<h2>Imp\u00f4ts<\/h2>\n<ul>\n<li>Rentes viag\u00e8res en cas de vente de l'entreprise<\/li>\n<li>Remboursement de l'imp\u00f4t anticip\u00e9<\/li>\n<li>Concentrations analogues \u00e0 des fusions<\/li>\n<li>Des imp\u00f4ts \u00e9lev\u00e9s en cas de mauvaise affaire ?<\/li>\n<li>Cadeaux d'anciennet\u00e9<\/li>\n<li>Finances\/comptabilit\u00e9<\/li>\n<li>W\u00e4hrungsprobiem (page du lecteur)<\/li>\n<li>Syst\u00e8me de comptabilit\u00e9 analytique (LK)<\/li>\n<li>D\u00e9compte interne des prestations (DIP)<\/li>\n<li>Gestion des b\u00e9n\u00e9fices orient\u00e9e vers le client (LK)<\/li>\n<li>Comptabilit\u00e9 analytique : le point de d\u00e9part est le document de facturation (LK)<\/li>\n<li>\u00c9tablir correctement le bilan de la pr\u00e9voyance du personnel (LK)<\/li>\n<\/ul>\n<h2>Organisation\/bureautique<\/h2>\n<ul>\n<li>\u00ab \u00c9crire \u00bb \u2013 maintenant et prochainement<\/li>\n<li>Le bureau du futur<\/li>\n<li>Corespondre en copiant<\/li>\n<li>G\u00e9rer raisonnablement les immobilisations corporelles<\/li>\n<li>La rationalisation cr\u00e9e de nouveaux emplois(LK)<\/li>\n<li>Planifier des installations de transport (LK)<\/li>\n<li>Organisation matricielle (LK)<\/li>\n<li>Les entreprises peuvent apprendre des mod\u00e8les d'organisation militaires (LK)<\/li>\n<li>El\u00e9ments de rangement roulants en acier(LK)<\/li>\n<li>Appareil de poche : horloge\/m\u00e9moire\/r\u00e9veil (P + D)<\/li>\n<li>Copieur papier normal avec possibilit\u00e9 de r\u00e9duction (P + D)<\/li>\n<li>Tableau magn\u00e9tique effa\u00e7able<\/li>\n<li>Aper\u00e7u du march\u00e9 des photocopieuses \u00e0 papier ordinaire (P + D)<\/li>\n<li>Armoire \u00e0 dossiers ignifuge (P + D)<\/li>\n<\/ul>\n<h2>Traitement des donn\u00e9es<\/h2>\n<ul>\n<li>Nouveaut\u00e9s dans l'ordinateur de dialogue IBM System\/34<\/li>\n<li>Premi\u00e8re version non-stop de la station IBM 2780\/3780 RJE (P + D)<\/li>\n<li>Ranger les disquettes<\/li>\n<li>Syst\u00e8mes micro-Nova pr\u00eats \u00e0 l'emploi(P + D)<\/li>\n<li>Marche\/arr\u00eat ind\u00e9pendant<\/li>\n<li>Processus d'offrande sur les ordinateurs Wang(P + D)<\/li>\n<li>Avec Contro ! Data 635 Megabyte Disk double capacit\u00e9 de stockage pour les utilisateurs IBM (P + D)<\/li>\n<li>Petit ordinateur Logabax LX 2010 (P + D)<\/li>\n<\/ul>\n<h2>Gestion du personnel<\/h2>\n<ul>\n<li>Eutonie : \u00e9quilibrer les tensions interpersonnelles (s\u00e9minaire)<\/li>\n<li>Rh\u00e9torique dialectique \u2013 Parler sans inhibition (s\u00e9minaire)<\/li>\n<li>L'orateur fun\u00e9raire de lui-m\u00eame (\u00e0 la r\u00e9flexion)<\/li>\n<li>Le manager et son identit\u00e9 (LK)<\/li>\n<li>Aider \u00e0 \u00e9viter le stress (LK)<\/li>\n<li>Ambition (LK)<\/li>\n<li>Sant\u00e9 du manager<\/li>\n<li>Sur le probl\u00e8me du lieu de travail<\/li>\n<li>Cours et r\u00e9unions<\/li>\n<\/ul>\n<h2>Vente\/marketing\/publicit\u00e9<\/h2>\n<ul>\n<li>Publicit\u00e9 directe pour les petites entreprises<\/li>\n<li>Des vendeurs performants et des clients satisfaits<\/li>\n<li>Connaissez-vous votre march\u00e9 de demain ? (LK)<\/li>\n<li>Food\/Non-Food : grandes entreprises du commerce allemand (P + D)<\/li>\n<li>Marketing, vente au d\u00e9tail et publicit\u00e9 aux \u00c9tats-Unis<\/li>\n<\/ul>","protected":false},"excerpt":{"rendered":"<p>Re\u00e7oit la revue sp\u00e9cialis\u00e9e en langue allemande \"organisator\" dans le num\u00e9ro 1\/1979 en t\u00e9l\u00e9chargement PDF avec la table des mati\u00e8res ci-dessous :<\/p>","protected":false},"featured_media":13843,"template":"","meta":{"_acf_changed":false,"articlekey":""},"product_brand":[],"product_cat":[546],"product_tag":[2924],"class_list":{"0":"post-13841","1":"product","2":"type-product","3":"status-publish","4":"has-post-thumbnail","6":"product_cat-einzelausgaben","7":"product_tag-2924","9":"first","10":"instock","11":"downloadable","12":"virtual","13":"taxable","14":"purchasable","15":"product-type-simple"},"acf":[],"yoast_head":"<!-- This site is optimized with the Yoast SEO plugin v27.5 - https:\/\/yoast.com\/product\/yoast-seo-wordpress\/ -->\n<title>Organisator Ausgabe 1\/1979 - Organisator<\/title>\n<meta name=\"description\" content=\"Erhalte die deutschsprachige Fachzeitschrift \u00aborganisator\u00bb in der Ausgabe 1\/1979 als PDF-Download mit nachfolgendem Inhaltsverzeichnis:\" \/>\n<meta name=\"robots\" content=\"index, follow, max-snippet:-1, max-image-preview:large, max-video-preview:-1\" \/>\n<link rel=\"canonical\" href=\"https:\/\/www.organisator.ch\/fr\/produit\/organisator-ausgabe-1-1979\/\" \/>\n<meta property=\"og:locale\" content=\"fr_FR\" \/>\n<meta property=\"og:type\" content=\"article\" \/>\n<meta property=\"og:title\" content=\"Organisator Ausgabe 1\/1979 - Organisator\" \/>\n<meta property=\"og:description\" content=\"Erhalte die deutschsprachige Fachzeitschrift \u00aborganisator\u00bb in der Ausgabe 1\/1979 als PDF-Download mit nachfolgendem Inhaltsverzeichnis:\" \/>\n<meta property=\"og:url\" content=\"https:\/\/www.organisator.ch\/fr\/produit\/organisator-ausgabe-1-1979\/\" \/>\n<meta property=\"og:site_name\" content=\"Organisator\" \/>\n<meta property=\"article:publisher\" content=\"https:\/\/www.facebook.com\/OrganisatorFachmagazin\" \/>\n<meta property=\"article:modified_time\" content=\"2022-06-08T02:48:54+00:00\" \/>\n<meta property=\"og:image\" content=\"https:\/\/www.organisator.ch\/wp-content\/uploads\/2022\/06\/organisator_1979_1.png\" \/>\n\t<meta property=\"og:image:width\" content=\"654\" \/>\n\t<meta property=\"og:image:height\" content=\"370\" \/>\n\t<meta property=\"og:image:type\" content=\"image\/png\" \/>\n<meta name=\"twitter:card\" content=\"summary_large_image\" \/>\n<script type=\"application\/ld+json\" class=\"yoast-schema-graph\">{\"@context\":\"https:\\\/\\\/schema.org\",\"@graph\":[{\"@type\":\"WebPage\",\"@id\":\"https:\\\/\\\/www.organisator.ch\\\/de\\\/produkt\\\/organisator-ausgabe-1-1979\\\/\",\"url\":\"https:\\\/\\\/www.organisator.ch\\\/de\\\/produkt\\\/organisator-ausgabe-1-1979\\\/\",\"name\":\"Organisator Ausgabe 1\\\/1979 - Organisator\",\"isPartOf\":{\"@id\":\"https:\\\/\\\/www.organisator.ch\\\/#website\"},\"primaryImageOfPage\":{\"@id\":\"https:\\\/\\\/www.organisator.ch\\\/de\\\/produkt\\\/organisator-ausgabe-1-1979\\\/#primaryimage\"},\"image\":{\"@id\":\"https:\\\/\\\/www.organisator.ch\\\/de\\\/produkt\\\/organisator-ausgabe-1-1979\\\/#primaryimage\"},\"thumbnailUrl\":\"https:\\\/\\\/www.organisator.ch\\\/wp-content\\\/uploads\\\/2022\\\/06\\\/organisator_1979_1.png\",\"datePublished\":\"2022-06-08T02:48:50+00:00\",\"dateModified\":\"2022-06-08T02:48:54+00:00\",\"description\":\"Erhalte die deutschsprachige Fachzeitschrift \u00aborganisator\u00bb in der Ausgabe 1\\\/1979 als PDF-Download mit nachfolgendem Inhaltsverzeichnis:\",\"breadcrumb\":{\"@id\":\"https:\\\/\\\/www.organisator.ch\\\/de\\\/produkt\\\/organisator-ausgabe-1-1979\\\/#breadcrumb\"},\"inLanguage\":\"fr-FR\",\"potentialAction\":[{\"@type\":\"ReadAction\",\"target\":[\"https:\\\/\\\/www.organisator.ch\\\/de\\\/produkt\\\/organisator-ausgabe-1-1979\\\/\"]}]},{\"@type\":\"ImageObject\",\"inLanguage\":\"fr-FR\",\"@id\":\"https:\\\/\\\/www.organisator.ch\\\/de\\\/produkt\\\/organisator-ausgabe-1-1979\\\/#primaryimage\",\"url\":\"https:\\\/\\\/www.organisator.ch\\\/wp-content\\\/uploads\\\/2022\\\/06\\\/organisator_1979_1.png\",\"contentUrl\":\"https:\\\/\\\/www.organisator.ch\\\/wp-content\\\/uploads\\\/2022\\\/06\\\/organisator_1979_1.png\",\"width\":654,\"height\":370},{\"@type\":\"BreadcrumbList\",\"@id\":\"https:\\\/\\\/www.organisator.ch\\\/de\\\/produkt\\\/organisator-ausgabe-1-1979\\\/#breadcrumb\",\"itemListElement\":[{\"@type\":\"ListItem\",\"position\":1,\"name\":\"Home\",\"item\":\"https:\\\/\\\/www.organisator.ch\\\/\"},{\"@type\":\"ListItem\",\"position\":2,\"name\":\"Shop\",\"item\":\"https:\\\/\\\/www.organisator.ch\\\/fr\\\/shop\\\/\"},{\"@type\":\"ListItem\",\"position\":3,\"name\":\"Organisator Ausgabe 1\\\/1979\"}]},{\"@type\":\"WebSite\",\"@id\":\"https:\\\/\\\/www.organisator.ch\\\/#website\",\"url\":\"https:\\\/\\\/www.organisator.ch\\\/\",\"name\":\"Organisator\",\"description\":\"Kompetent. Praxisnah. Der ORGANISATOR bereitet in 10 Ausgaben pro Jahr die wesentlichen Themen f\u00fcr F\u00fchrungskr\u00e4fte von KMU auf.\",\"publisher\":{\"@id\":\"https:\\\/\\\/www.organisator.ch\\\/#organization\"},\"potentialAction\":[{\"@type\":\"SearchAction\",\"target\":{\"@type\":\"EntryPoint\",\"urlTemplate\":\"https:\\\/\\\/www.organisator.ch\\\/?s={search_term_string}\"},\"query-input\":{\"@type\":\"PropertyValueSpecification\",\"valueRequired\":true,\"valueName\":\"search_term_string\"}}],\"inLanguage\":\"fr-FR\"},{\"@type\":\"Organization\",\"@id\":\"https:\\\/\\\/www.organisator.ch\\\/#organization\",\"name\":\"Organisator\",\"url\":\"https:\\\/\\\/www.organisator.ch\\\/\",\"logo\":{\"@type\":\"ImageObject\",\"inLanguage\":\"fr-FR\",\"@id\":\"https:\\\/\\\/www.organisator.ch\\\/#\\\/schema\\\/logo\\\/image\\\/\",\"url\":\"https:\\\/\\\/www.organisator.ch\\\/wp-content\\\/uploads\\\/2022\\\/01\\\/Logo_Organisator_Website.png\",\"contentUrl\":\"https:\\\/\\\/www.organisator.ch\\\/wp-content\\\/uploads\\\/2022\\\/01\\\/Logo_Organisator_Website.png\",\"width\":800,\"height\":77,\"caption\":\"Organisator\"},\"image\":{\"@id\":\"https:\\\/\\\/www.organisator.ch\\\/#\\\/schema\\\/logo\\\/image\\\/\"},\"sameAs\":[\"https:\\\/\\\/www.facebook.com\\\/OrganisatorFachmagazin\",\"https:\\\/\\\/www.linkedin.com\\\/showcase\\\/organisator-das-magazin-fr-kmu\",\"https:\\\/\\\/www.xing.com\\\/news\\\/pages\\\/organisator-ch-695\",\"https:\\\/\\\/www.youtube.com\\\/channel\\\/UCGP2Sq0iWaZwT3BdIAQFYpw\"]}]}<\/script>\n<!-- \/ Yoast SEO plugin. -->","yoast_head_json":{"title":"Organisateur \u00c9dition 1\/1979 - Organisateur","description":"Re\u00e7oit la revue sp\u00e9cialis\u00e9e en langue allemande \"organisator\" dans le num\u00e9ro 1\/1979 en t\u00e9l\u00e9chargement PDF avec la table des mati\u00e8res ci-dessous :","robots":{"index":"index","follow":"follow","max-snippet":"max-snippet:-1","max-image-preview":"max-image-preview:large","max-video-preview":"max-video-preview:-1"},"canonical":"https:\/\/www.organisator.ch\/fr\/produit\/organisator-ausgabe-1-1979\/","og_locale":"fr_FR","og_type":"article","og_title":"Organisator Ausgabe 1\/1979 - Organisator","og_description":"Erhalte die deutschsprachige Fachzeitschrift \u00aborganisator\u00bb in der Ausgabe 1\/1979 als PDF-Download mit nachfolgendem Inhaltsverzeichnis:","og_url":"https:\/\/www.organisator.ch\/fr\/produit\/organisator-ausgabe-1-1979\/","og_site_name":"Organisator","article_publisher":"https:\/\/www.facebook.com\/OrganisatorFachmagazin","article_modified_time":"2022-06-08T02:48:54+00:00","og_image":[{"width":654,"height":370,"url":"https:\/\/www.organisator.ch\/wp-content\/uploads\/2022\/06\/organisator_1979_1.png","type":"image\/png"}],"twitter_card":"summary_large_image","schema":{"@context":"https:\/\/schema.org","@graph":[{"@type":"WebPage","@id":"https:\/\/www.organisator.ch\/de\/produkt\/organisator-ausgabe-1-1979\/","url":"https:\/\/www.organisator.ch\/de\/produkt\/organisator-ausgabe-1-1979\/","name":"Organisateur \u00c9dition 1\/1979 - Organisateur","isPartOf":{"@id":"https:\/\/www.organisator.ch\/#website"},"primaryImageOfPage":{"@id":"https:\/\/www.organisator.ch\/de\/produkt\/organisator-ausgabe-1-1979\/#primaryimage"},"image":{"@id":"https:\/\/www.organisator.ch\/de\/produkt\/organisator-ausgabe-1-1979\/#primaryimage"},"thumbnailUrl":"https:\/\/www.organisator.ch\/wp-content\/uploads\/2022\/06\/organisator_1979_1.png","datePublished":"2022-06-08T02:48:50+00:00","dateModified":"2022-06-08T02:48:54+00:00","description":"Re\u00e7oit la revue sp\u00e9cialis\u00e9e en langue allemande \"organisator\" dans le num\u00e9ro 1\/1979 en t\u00e9l\u00e9chargement PDF avec la table des mati\u00e8res ci-dessous :","breadcrumb":{"@id":"https:\/\/www.organisator.ch\/de\/produkt\/organisator-ausgabe-1-1979\/#breadcrumb"},"inLanguage":"fr-FR","potentialAction":[{"@type":"ReadAction","target":["https:\/\/www.organisator.ch\/de\/produkt\/organisator-ausgabe-1-1979\/"]}]},{"@type":"ImageObject","inLanguage":"fr-FR","@id":"https:\/\/www.organisator.ch\/de\/produkt\/organisator-ausgabe-1-1979\/#primaryimage","url":"https:\/\/www.organisator.ch\/wp-content\/uploads\/2022\/06\/organisator_1979_1.png","contentUrl":"https:\/\/www.organisator.ch\/wp-content\/uploads\/2022\/06\/organisator_1979_1.png","width":654,"height":370},{"@type":"BreadcrumbList","@id":"https:\/\/www.organisator.ch\/de\/produkt\/organisator-ausgabe-1-1979\/#breadcrumb","itemListElement":[{"@type":"ListItem","position":1,"name":"Home","item":"https:\/\/www.organisator.ch\/"},{"@type":"ListItem","position":2,"name":"Shop","item":"https:\/\/www.organisator.ch\/fr\/shop\/"},{"@type":"ListItem","position":3,"name":"Organisator Ausgabe 1\/1979"}]},{"@type":"WebSite","@id":"https:\/\/www.organisator.ch\/#website","url":"https:\/\/www.organisator.ch\/","name":"Organisateur","description":"Comp\u00e9tence et comp\u00e9tence. Proches de la pratique. L'ORGANISATEUR pr\u00e9pare 10 num\u00e9ros par an sur les th\u00e8mes essentiels pour les dirigeants de PME.","publisher":{"@id":"https:\/\/www.organisator.ch\/#organization"},"potentialAction":[{"@type":"SearchAction","target":{"@type":"EntryPoint","urlTemplate":"https:\/\/www.organisator.ch\/?s={search_term_string}"},"query-input":{"@type":"PropertyValueSpecification","valueRequired":true,"valueName":"search_term_string"}}],"inLanguage":"fr-FR"},{"@type":"Organization","@id":"https:\/\/www.organisator.ch\/#organization","name":"Organisateur","url":"https:\/\/www.organisator.ch\/","logo":{"@type":"ImageObject","inLanguage":"fr-FR","@id":"https:\/\/www.organisator.ch\/#\/schema\/logo\/image\/","url":"https:\/\/www.organisator.ch\/wp-content\/uploads\/2022\/01\/Logo_Organisator_Website.png","contentUrl":"https:\/\/www.organisator.ch\/wp-content\/uploads\/2022\/01\/Logo_Organisator_Website.png","width":800,"height":77,"caption":"Organisator"},"image":{"@id":"https:\/\/www.organisator.ch\/#\/schema\/logo\/image\/"},"sameAs":["https:\/\/www.facebook.com\/OrganisatorFachmagazin","https:\/\/www.linkedin.com\/showcase\/organisator-das-magazin-fr-kmu","https:\/\/www.xing.com\/news\/pages\/organisator-ch-695","https:\/\/www.youtube.com\/channel\/UCGP2Sq0iWaZwT3BdIAQFYpw"]}]}},"_links":{"self":[{"href":"https:\/\/www.organisator.ch\/fr\/wp-json\/wp\/v2\/product\/13841","targetHints":{"allow":["GET"]}}],"collection":[{"href":"https:\/\/www.organisator.ch\/fr\/wp-json\/wp\/v2\/product"}],"about":[{"href":"https:\/\/www.organisator.ch\/fr\/wp-json\/wp\/v2\/types\/product"}],"wp:featuredmedia":[{"embeddable":true,"href":"https:\/\/www.organisator.ch\/fr\/wp-json\/wp\/v2\/media\/13843"}],"wp:attachment":[{"href":"https:\/\/www.organisator.ch\/fr\/wp-json\/wp\/v2\/media?parent=13841"}],"wp:term":[{"taxonomy":"product_brand","embeddable":true,"href":"https:\/\/www.organisator.ch\/fr\/wp-json\/wp\/v2\/product_brand?post=13841"},{"taxonomy":"product_cat","embeddable":true,"href":"https:\/\/www.organisator.ch\/fr\/wp-json\/wp\/v2\/product_cat?post=13841"},{"taxonomy":"product_tag","embeddable":true,"href":"https:\/\/www.organisator.ch\/fr\/wp-json\/wp\/v2\/product_tag?post=13841"}],"curies":[{"name":"wp","href":"https:\/\/api.w.org\/{rel}","templated":true}]}}