{"id":13903,"date":"2022-06-08T11:00:22","date_gmt":"2022-06-08T09:00:22","guid":{"rendered":"https:\/\/www.organisator.ch\/?post_type=product&#038;p=13903"},"modified":"2022-06-08T11:00:23","modified_gmt":"2022-06-08T09:00:23","slug":"organisator-ausgabe-1-1980","status":"publish","type":"product","link":"https:\/\/www.organisator.ch\/fr\/produkt\/organisator-ausgabe-1-1980\/","title":{"rendered":"Organisateur \u00c9dition 1\/1980"},"content":{"rendered":"<h2>Nos rubriques Mois<\/h2>\n<ul>\n<li>Livres pour vous<\/li>\n<li>Page du lecteur<\/li>\n<li>Le mois \u00e9conomique<\/li>\n<li>Conseils fiscaux<\/li>\n<li>Questions juridiques<\/li>\n<li>S\u00e9minaires ORGANISATEURS<\/li>\n<li>\u00c9lectronique<\/li>\n<li>Sant\u00e9 et d\u00e9tente<\/li>\n<li>Pour la r\u00e9flexion<\/li>\n<li>Offres ORGANISATEUR<\/li>\n<li>Concentr\u00e9s de lecture<\/li>\n<li>Produits + services<\/li>\n<li>Cours + r\u00e9unions<\/li>\n<li>Tarentule<\/li>\n<\/ul>\n<h2>\u00c9conomie Gestion d'entreprise<\/h2>\n<ul>\n<li>Le mois \u00e9conomique<\/li>\n<li>Concurrence d\u00e9loyale (questions juridiques)<\/li>\n<li>Les nouvelles technologies sont-elles une menace ?<\/li>\n<li>Informatique<\/li>\n<li>Syst\u00e8mes d'alarme et de s\u00e9curit\u00e9<\/li>\n<li>Sharp EL-6200 - Agendades Businessmannes<\/li>\n<li>La Chine se rapproche<\/li>\n<li>Dossier de bagages pour les voyages d'affaires<\/li>\n<\/ul>\n<h2>L'homme et le travail Personnel<\/h2>\n<ul>\n<li>Marketing du personnel<\/li>\n<li>S\u00e9minaire GRID de gestion<\/li>\n<li>Le march\u00e9 des loisirs<\/li>\n<li>Carri\u00e8re \u00e0 la retraite<\/li>\n<li>Le travail comme drogue<\/li>\n<li>Ing\u00e9nieurs d'exploitation temporaires<\/li>\n<li>Service de rappel et de r\u00e9veil des PTT<\/li>\n<li>Cours et r\u00e9unions<\/li>\n<\/ul>\n<h2>Organisation bureautique et informatique<\/h2>\n<ul>\n<li>R\u00e9impression contre copie<\/li>\n<li>Traitement de texte<\/li>\n<li>O\u00f9 les entreprises suisses utilisent-elles leurs ordinateurs ?<\/li>\n<li>De quoi faut-il tenir compte pour les postes de travail sur \u00e9cran ?<\/li>\n<li>L'informatique de A \u00e0 Z<\/li>\n<li>Syst\u00e8me de planification pour les bureaux modernes<\/li>\n<li>Les fiduciaires aujourd'hui<\/li>\n<li>Saisie des donn\u00e9es d'exploitation<\/li>\n<li>Nouveau syst\u00e8me de terminaux<\/li>\n<li>Le nouveau t\u00e9l\u00e9phone \"mains libres\" des PTT<\/li>\n<li>Syst\u00e8me de saisie des donn\u00e9es de base EFAS Kienzle 2200<\/li>\n<li>Ordinateur pour optimiser la consommation d'\u00e9nergie<\/li>\n<li>Un concept pratique<\/li>\n<li>S\u00e9curit\u00e9 anti-effraction avec Multilock<\/li>\n<li>Chronom\u00e9trage \u00e0 quartz<\/li>\n<li>Transmission en fac-simil\u00e9 avec t\u00e9l\u00e9copieur<\/li>\n<li>Syst\u00e8me d'am\u00e9nagement individuel<\/li>\n<li>Aide \u00e0 la planification pour les salles d'impression<\/li>\n<li>am\u00e9nagement de l'espace<\/li>\n<li>Nouveau copieur \u00e0 papier ordinaire de 3M<\/li>\n<li>Syst\u00e8me de test pour les d\u00e9tecteurs de bruit corporels<\/li>\n<li>Nouveaux ordinateurs Control Data<\/li>\n<li>Terminal de marquage pour cartes plastiques (de cr\u00e9dit)<\/li>\n<li>Gamme de mobilier de bureau Elan 2<\/li>\n<\/ul>\n<h2>Gestion d'entreprise Comptabilit\u00e9<\/h2>\n<ul>\n<li>Conseils fiscaux<\/li>\n<li>Comment fixer des prix planchers<\/li>\n<li>Planification financi\u00e8re dynamique<\/li>\n<li>Comptabilit\u00e9 et organisation<\/li>\n<li>Frais de voiture<\/li>\n<li>Gestion des actifs pour les directeurs financiers<\/li>\n<li>Actionnaire et information<\/li>\n<li>Les dangers des centres de profit<\/li>\n<li>Le leasing comme alternative de financement<\/li>\n<li>Convention de double imposition avec la Suisse<\/li>\n<li>Calcul a posteriori et statistiques d'exploitation<\/li>\n<li>Calculatrice commerciale Monroe M 210<\/li>\n<\/ul>\n<h2>Vente\/commerceMarketing\/publicit\u00e9<\/h2>\n<ul>\n<li>Concurrence d\u00e9loyale<\/li>\n<li>Comment fixer des limites de prix<\/li>\n<li>Vendre mais ne pas distribuer (Quiz 11)<\/li>\n<li>Le d\u00e9fi de la vente des prochaines ann\u00e9es<\/li>\n<li>Aider les consommateurs Augmenter la productivit\u00e9<\/li>\n<li>Contre les fonctionnaires et les bureaucrates<\/li>\n<li>Annuaire des conseils d'administration<\/li>\n<li>Nouvelle agence de publicit\u00e9<\/li>\n<li>Nouveau conseiller en relations publiques<\/li>\n<\/ul>\n<h2>Gestion du mat\u00e9riel Production\/transport<\/h2>\n<ul>\n<li>Am\u00e9lioration de la rotation des stocks dans les entreprises commerciales<\/li>\n<li>La gestion des mat\u00e9riaux comme t\u00e2che de management<\/li>\n<li>Stocks de s\u00e9curit\u00e9 pour les peintures de fabrication<\/li>\n<li>La pr\u00e9paration de commandes : Les soucis de la technique de stockage<\/li>\n<li>Syst\u00e8me de signalisation des d\u00e9rangements<\/li>\n<li>D\u00e9tecteurs d'incendie, de gaz, de fum\u00e9e et de chaleur<\/li>\n<\/ul>","protected":false},"excerpt":{"rendered":"<p>Re\u00e7oit la revue sp\u00e9cialis\u00e9e en langue allemande \"organisator\" dans le num\u00e9ro 1\/1980 en t\u00e9l\u00e9chargement PDF avec la table des mati\u00e8res ci-dessous :<\/p>","protected":false},"featured_media":13905,"template":"","meta":{"_acf_changed":false,"articlekey":""},"product_brand":[],"product_cat":[546],"product_tag":[2925],"class_list":{"0":"post-13903","1":"product","2":"type-product","3":"status-publish","4":"has-post-thumbnail","6":"product_cat-einzelausgaben","7":"product_tag-2925","9":"first","10":"instock","11":"downloadable","12":"virtual","13":"taxable","14":"purchasable","15":"product-type-simple"},"acf":[],"yoast_head":"<!-- This site is optimized with the Yoast SEO plugin v27.5 - https:\/\/yoast.com\/product\/yoast-seo-wordpress\/ -->\n<title>Organisator Ausgabe 1\/1980 - Organisator<\/title>\n<meta name=\"description\" content=\"Erhalte die deutschsprachige Fachzeitschrift \u00aborganisator\u00bb in der Ausgabe 1\/1980 als PDF-Download mit nachfolgendem Inhaltsverzeichnis:\" \/>\n<meta name=\"robots\" content=\"index, follow, max-snippet:-1, max-image-preview:large, max-video-preview:-1\" \/>\n<link rel=\"canonical\" href=\"https:\/\/www.organisator.ch\/fr\/produit\/organisator-ausgabe-1-1980\/\" \/>\n<meta property=\"og:locale\" content=\"fr_FR\" \/>\n<meta property=\"og:type\" content=\"article\" \/>\n<meta property=\"og:title\" content=\"Organisator Ausgabe 1\/1980 - Organisator\" \/>\n<meta property=\"og:description\" content=\"Erhalte die deutschsprachige Fachzeitschrift \u00aborganisator\u00bb in der Ausgabe 1\/1980 als PDF-Download mit nachfolgendem Inhaltsverzeichnis:\" \/>\n<meta property=\"og:url\" content=\"https:\/\/www.organisator.ch\/fr\/produit\/organisator-ausgabe-1-1980\/\" \/>\n<meta property=\"og:site_name\" content=\"Organisator\" \/>\n<meta property=\"article:publisher\" content=\"https:\/\/www.facebook.com\/OrganisatorFachmagazin\" \/>\n<meta property=\"article:modified_time\" content=\"2022-06-08T09:00:23+00:00\" \/>\n<meta property=\"og:image\" content=\"https:\/\/www.organisator.ch\/wp-content\/uploads\/2022\/06\/organisator_1980_1.png\" \/>\n\t<meta property=\"og:image:width\" content=\"654\" \/>\n\t<meta property=\"og:image:height\" content=\"370\" \/>\n\t<meta property=\"og:image:type\" content=\"image\/png\" \/>\n<meta name=\"twitter:card\" content=\"summary_large_image\" \/>\n<script type=\"application\/ld+json\" class=\"yoast-schema-graph\">{\"@context\":\"https:\\\/\\\/schema.org\",\"@graph\":[{\"@type\":\"WebPage\",\"@id\":\"https:\\\/\\\/www.organisator.ch\\\/fr\\\/produit\\\/organisator-ausgabe-1-1980\\\/\",\"url\":\"https:\\\/\\\/www.organisator.ch\\\/fr\\\/produit\\\/organisator-ausgabe-1-1980\\\/\",\"name\":\"Organisator Ausgabe 1\\\/1980 - Organisator\",\"isPartOf\":{\"@id\":\"https:\\\/\\\/www.organisator.ch\\\/#website\"},\"primaryImageOfPage\":{\"@id\":\"https:\\\/\\\/www.organisator.ch\\\/fr\\\/produit\\\/organisator-ausgabe-1-1980\\\/#primaryimage\"},\"image\":{\"@id\":\"https:\\\/\\\/www.organisator.ch\\\/fr\\\/produit\\\/organisator-ausgabe-1-1980\\\/#primaryimage\"},\"thumbnailUrl\":\"https:\\\/\\\/www.organisator.ch\\\/wp-content\\\/uploads\\\/2022\\\/06\\\/organisator_1980_1.png\",\"datePublished\":\"2022-06-08T09:00:22+00:00\",\"dateModified\":\"2022-06-08T09:00:23+00:00\",\"description\":\"Erhalte die deutschsprachige Fachzeitschrift \u00aborganisator\u00bb in der Ausgabe 1\\\/1980 als PDF-Download mit nachfolgendem Inhaltsverzeichnis:\",\"breadcrumb\":{\"@id\":\"https:\\\/\\\/www.organisator.ch\\\/fr\\\/produit\\\/organisator-ausgabe-1-1980\\\/#breadcrumb\"},\"inLanguage\":\"fr-FR\",\"potentialAction\":[{\"@type\":\"ReadAction\",\"target\":[\"https:\\\/\\\/www.organisator.ch\\\/fr\\\/produit\\\/organisator-ausgabe-1-1980\\\/\"]}]},{\"@type\":\"ImageObject\",\"inLanguage\":\"fr-FR\",\"@id\":\"https:\\\/\\\/www.organisator.ch\\\/fr\\\/produit\\\/organisator-ausgabe-1-1980\\\/#primaryimage\",\"url\":\"https:\\\/\\\/www.organisator.ch\\\/wp-content\\\/uploads\\\/2022\\\/06\\\/organisator_1980_1.png\",\"contentUrl\":\"https:\\\/\\\/www.organisator.ch\\\/wp-content\\\/uploads\\\/2022\\\/06\\\/organisator_1980_1.png\",\"width\":654,\"height\":370},{\"@type\":\"BreadcrumbList\",\"@id\":\"https:\\\/\\\/www.organisator.ch\\\/fr\\\/produit\\\/organisator-ausgabe-1-1980\\\/#breadcrumb\",\"itemListElement\":[{\"@type\":\"ListItem\",\"position\":1,\"name\":\"Home\",\"item\":\"https:\\\/\\\/www.organisator.ch\\\/\"},{\"@type\":\"ListItem\",\"position\":2,\"name\":\"Shop\",\"item\":\"https:\\\/\\\/www.organisator.ch\\\/fr\\\/shop\\\/\"},{\"@type\":\"ListItem\",\"position\":3,\"name\":\"Organisator Ausgabe 1\\\/1980\"}]},{\"@type\":\"WebSite\",\"@id\":\"https:\\\/\\\/www.organisator.ch\\\/#website\",\"url\":\"https:\\\/\\\/www.organisator.ch\\\/\",\"name\":\"Organisator\",\"description\":\"Kompetent. Praxisnah. Der ORGANISATOR bereitet in 10 Ausgaben pro Jahr die wesentlichen Themen f\u00fcr F\u00fchrungskr\u00e4fte von KMU auf.\",\"publisher\":{\"@id\":\"https:\\\/\\\/www.organisator.ch\\\/#organization\"},\"potentialAction\":[{\"@type\":\"SearchAction\",\"target\":{\"@type\":\"EntryPoint\",\"urlTemplate\":\"https:\\\/\\\/www.organisator.ch\\\/?s={search_term_string}\"},\"query-input\":{\"@type\":\"PropertyValueSpecification\",\"valueRequired\":true,\"valueName\":\"search_term_string\"}}],\"inLanguage\":\"fr-FR\"},{\"@type\":\"Organization\",\"@id\":\"https:\\\/\\\/www.organisator.ch\\\/#organization\",\"name\":\"Organisator\",\"url\":\"https:\\\/\\\/www.organisator.ch\\\/\",\"logo\":{\"@type\":\"ImageObject\",\"inLanguage\":\"fr-FR\",\"@id\":\"https:\\\/\\\/www.organisator.ch\\\/#\\\/schema\\\/logo\\\/image\\\/\",\"url\":\"https:\\\/\\\/www.organisator.ch\\\/wp-content\\\/uploads\\\/2022\\\/01\\\/Logo_Organisator_Website.png\",\"contentUrl\":\"https:\\\/\\\/www.organisator.ch\\\/wp-content\\\/uploads\\\/2022\\\/01\\\/Logo_Organisator_Website.png\",\"width\":800,\"height\":77,\"caption\":\"Organisator\"},\"image\":{\"@id\":\"https:\\\/\\\/www.organisator.ch\\\/#\\\/schema\\\/logo\\\/image\\\/\"},\"sameAs\":[\"https:\\\/\\\/www.facebook.com\\\/OrganisatorFachmagazin\",\"https:\\\/\\\/www.linkedin.com\\\/showcase\\\/organisator-das-magazin-fr-kmu\",\"https:\\\/\\\/www.xing.com\\\/news\\\/pages\\\/organisator-ch-695\",\"https:\\\/\\\/www.youtube.com\\\/channel\\\/UCGP2Sq0iWaZwT3BdIAQFYpw\"]}]}<\/script>\n<!-- \/ Yoast SEO plugin. -->","yoast_head_json":{"title":"Organisator \u00e9dition 1\/1980 - Organisator","description":"Re\u00e7oit la revue sp\u00e9cialis\u00e9e en langue allemande \"organisator\" dans le num\u00e9ro 1\/1980 en t\u00e9l\u00e9chargement PDF avec la table des mati\u00e8res ci-dessous :","robots":{"index":"index","follow":"follow","max-snippet":"max-snippet:-1","max-image-preview":"max-image-preview:large","max-video-preview":"max-video-preview:-1"},"canonical":"https:\/\/www.organisator.ch\/fr\/produit\/organisator-ausgabe-1-1980\/","og_locale":"fr_FR","og_type":"article","og_title":"Organisator Ausgabe 1\/1980 - Organisator","og_description":"Erhalte die deutschsprachige Fachzeitschrift \u00aborganisator\u00bb in der Ausgabe 1\/1980 als PDF-Download mit nachfolgendem Inhaltsverzeichnis:","og_url":"https:\/\/www.organisator.ch\/fr\/produit\/organisator-ausgabe-1-1980\/","og_site_name":"Organisator","article_publisher":"https:\/\/www.facebook.com\/OrganisatorFachmagazin","article_modified_time":"2022-06-08T09:00:23+00:00","og_image":[{"width":654,"height":370,"url":"https:\/\/www.organisator.ch\/wp-content\/uploads\/2022\/06\/organisator_1980_1.png","type":"image\/png"}],"twitter_card":"summary_large_image","schema":{"@context":"https:\/\/schema.org","@graph":[{"@type":"WebPage","@id":"https:\/\/www.organisator.ch\/fr\/produit\/organisator-ausgabe-1-1980\/","url":"https:\/\/www.organisator.ch\/fr\/produit\/organisator-ausgabe-1-1980\/","name":"Organisator \u00e9dition 1\/1980 - Organisator","isPartOf":{"@id":"https:\/\/www.organisator.ch\/#website"},"primaryImageOfPage":{"@id":"https:\/\/www.organisator.ch\/fr\/produit\/organisator-ausgabe-1-1980\/#primaryimage"},"image":{"@id":"https:\/\/www.organisator.ch\/fr\/produit\/organisator-ausgabe-1-1980\/#primaryimage"},"thumbnailUrl":"https:\/\/www.organisator.ch\/wp-content\/uploads\/2022\/06\/organisator_1980_1.png","datePublished":"2022-06-08T09:00:22+00:00","dateModified":"2022-06-08T09:00:23+00:00","description":"Re\u00e7oit la revue sp\u00e9cialis\u00e9e en langue allemande \"organisator\" dans le num\u00e9ro 1\/1980 en t\u00e9l\u00e9chargement PDF avec la table des mati\u00e8res ci-dessous :","breadcrumb":{"@id":"https:\/\/www.organisator.ch\/fr\/produit\/organisator-ausgabe-1-1980\/#breadcrumb"},"inLanguage":"fr-FR","potentialAction":[{"@type":"ReadAction","target":["https:\/\/www.organisator.ch\/fr\/produit\/organisator-ausgabe-1-1980\/"]}]},{"@type":"ImageObject","inLanguage":"fr-FR","@id":"https:\/\/www.organisator.ch\/fr\/produit\/organisator-ausgabe-1-1980\/#primaryimage","url":"https:\/\/www.organisator.ch\/wp-content\/uploads\/2022\/06\/organisator_1980_1.png","contentUrl":"https:\/\/www.organisator.ch\/wp-content\/uploads\/2022\/06\/organisator_1980_1.png","width":654,"height":370},{"@type":"BreadcrumbList","@id":"https:\/\/www.organisator.ch\/fr\/produit\/organisator-ausgabe-1-1980\/#breadcrumb","itemListElement":[{"@type":"ListItem","position":1,"name":"Home","item":"https:\/\/www.organisator.ch\/"},{"@type":"ListItem","position":2,"name":"Shop","item":"https:\/\/www.organisator.ch\/fr\/shop\/"},{"@type":"ListItem","position":3,"name":"Organisator Ausgabe 1\/1980"}]},{"@type":"WebSite","@id":"https:\/\/www.organisator.ch\/#website","url":"https:\/\/www.organisator.ch\/","name":"Organisateur","description":"Comp\u00e9tence et comp\u00e9tence. Proches de la pratique. L'ORGANISATEUR pr\u00e9pare 10 num\u00e9ros par an sur les th\u00e8mes essentiels pour les dirigeants de PME.","publisher":{"@id":"https:\/\/www.organisator.ch\/#organization"},"potentialAction":[{"@type":"SearchAction","target":{"@type":"EntryPoint","urlTemplate":"https:\/\/www.organisator.ch\/?s={search_term_string}"},"query-input":{"@type":"PropertyValueSpecification","valueRequired":true,"valueName":"search_term_string"}}],"inLanguage":"fr-FR"},{"@type":"Organization","@id":"https:\/\/www.organisator.ch\/#organization","name":"Organisateur","url":"https:\/\/www.organisator.ch\/","logo":{"@type":"ImageObject","inLanguage":"fr-FR","@id":"https:\/\/www.organisator.ch\/#\/schema\/logo\/image\/","url":"https:\/\/www.organisator.ch\/wp-content\/uploads\/2022\/01\/Logo_Organisator_Website.png","contentUrl":"https:\/\/www.organisator.ch\/wp-content\/uploads\/2022\/01\/Logo_Organisator_Website.png","width":800,"height":77,"caption":"Organisator"},"image":{"@id":"https:\/\/www.organisator.ch\/#\/schema\/logo\/image\/"},"sameAs":["https:\/\/www.facebook.com\/OrganisatorFachmagazin","https:\/\/www.linkedin.com\/showcase\/organisator-das-magazin-fr-kmu","https:\/\/www.xing.com\/news\/pages\/organisator-ch-695","https:\/\/www.youtube.com\/channel\/UCGP2Sq0iWaZwT3BdIAQFYpw"]}]}},"_links":{"self":[{"href":"https:\/\/www.organisator.ch\/fr\/wp-json\/wp\/v2\/product\/13903","targetHints":{"allow":["GET"]}}],"collection":[{"href":"https:\/\/www.organisator.ch\/fr\/wp-json\/wp\/v2\/product"}],"about":[{"href":"https:\/\/www.organisator.ch\/fr\/wp-json\/wp\/v2\/types\/product"}],"wp:featuredmedia":[{"embeddable":true,"href":"https:\/\/www.organisator.ch\/fr\/wp-json\/wp\/v2\/media\/13905"}],"wp:attachment":[{"href":"https:\/\/www.organisator.ch\/fr\/wp-json\/wp\/v2\/media?parent=13903"}],"wp:term":[{"taxonomy":"product_brand","embeddable":true,"href":"https:\/\/www.organisator.ch\/fr\/wp-json\/wp\/v2\/product_brand?post=13903"},{"taxonomy":"product_cat","embeddable":true,"href":"https:\/\/www.organisator.ch\/fr\/wp-json\/wp\/v2\/product_cat?post=13903"},{"taxonomy":"product_tag","embeddable":true,"href":"https:\/\/www.organisator.ch\/fr\/wp-json\/wp\/v2\/product_tag?post=13903"}],"curies":[{"name":"wp","href":"https:\/\/api.w.org\/{rel}","templated":true}]}}