{"id":14070,"date":"2022-06-09T08:29:53","date_gmt":"2022-06-09T06:29:53","guid":{"rendered":"https:\/\/www.organisator.ch\/?post_type=product&#038;p=14070"},"modified":"2022-06-09T08:29:54","modified_gmt":"2022-06-09T06:29:54","slug":"organisator-ausgabe-extra-9-1983","status":"publish","type":"product","link":"https:\/\/www.organisator.ch\/fr\/produkt\/organisator-ausgabe-extra-9-1983\/","title":{"rendered":"Organisateur \u00c9dition sp\u00e9ciale 9\/1983"},"content":{"rendered":"<h2>Table des mati\u00e8res<\/h2>\n<p>&nbsp;<\/p>\n<h3>Moyens de r\u00e9ponse et adressage pour un meilleur taux de r\u00e9ponse<\/h3>\n<p>Le taux de r\u00e9ponse d\u00e9termine le succ\u00e8s ou l'\u00e9chec d'une campagne de publicit\u00e9 directe.<br \/>\nLe moyen de r\u00e9ponse joue ici un r\u00f4le particulier. Quelques astuces d'un expert.<\/p>\n<p>&nbsp;<\/p>\n<h2>Possibilit\u00e9s de publicit\u00e9 directe non adress\u00e9e<\/h2>\n<p>Bien s\u00fbr, il n'y a pas que la publicit\u00e9 adress\u00e9e, mais aussi la publicit\u00e9 directe dans sa forme non adress\u00e9e.<br \/>\nsous une forme simplifi\u00e9e. L'accent est alors mis sur la performance de l'organisation de distribution.<\/p>\n<p>&nbsp;<\/p>\n<h3>Le concept d'entrepreneur g\u00e9n\u00e9ral dans le marketing direct<\/h3>\n<p>Conception de supports publicitaires, production d'imprim\u00e9s, recherche d'adresses,<\/p>\n<p>Gestion des adresses\u2026 Avec le concept d'entrepreneur g\u00e9n\u00e9ral, il existe<br \/>\nla possibilit\u00e9 de tout regrouper entre les mains d'un seul prestataire.<\/p>\n<p>&nbsp;<\/p>\n<h3>La bonne utilisation des fichiers clients<\/h3>\n<p>Les donn\u00e9es clients ont d'autant plus de valeur qu'elles permettent d'\u00eatre r\u00e9parties en segments individuels.<br \/>\nLes \u00ab types \u00bb de clients sont plus faciles \u00e0 aborder.<\/p>\n<h3>L'audiovisuel sur le front de la vente : une liste de contr\u00f4le<\/h3>\n<p>Le diaporama, souvent utilis\u00e9 comme outil marketing, touche \u00e0 sa fin. D'autant plus intense<br \/>\nle secteur de l'audiovisuel s'int\u00e9resse aux possibilit\u00e9s offertes par le cin\u00e9ma et la vid\u00e9o.<\/p>\n<p>&nbsp;<\/p>\n<h3>Direct Caritas : marketing pour les bonnes actions<\/h3>\n<p>Le publipostage permet de faire presque tout, m\u00eame d'aider un peu le bien dans le monde.<\/p>\n<h3>Publicit\u00e9 directe adress\u00e9e dans le commerce de d\u00e9tail ?<\/h3>\n<p>On dit que le commerce de d\u00e9tail m\u00e8ne une existence tranquille en mati\u00e8re de m\u00e9thodes de publicit\u00e9 directe.<br \/>\nIl existe toutefois des raisons importantes qui plaident en faveur du marketing direct dans ce domaine.<br \/>\nest un terrain particuli\u00e8rement fertile.<\/p>\n<p>&nbsp;<\/p>\n<h3>Direct Medium \"Videotex\" : co\u00fbts et possibilit\u00e9s.<\/h3>\n<p>Bient\u00f4t, il sera officiellement possible en Suisse de quitter son propre appartement<br \/>\npeut connecter un ordinateur externe. Video tex (en Allemagne : Bildschirmtext) est le nom donn\u00e9 \u00e0 ce syst\u00e8me.<br \/>\nMoyen qui rend cela possible. Possibilit\u00e9s et co\u00fbts li\u00e9s \u00e0 l'utilisation \u00e0 des fins marketing.<\/p>\n<p>&nbsp;<\/p>\n<h3>L'utilisation des mini- et micro-ordinateurs dans le marketing direct.<\/h3>\n<p>Lorsqu'on utilise un micro-ordinateur pour la publicit\u00e9 directe, la capacit\u00e9 de m\u00e9moire et<br \/>\nLe choix de l'imprimante joue un r\u00f4le important.<\/p>\n<h3>Marketing t\u00e9l\u00e9phonique : l'\u00e9preuve du feu est r\u00e9ussie !<\/h3>\n<p>Le t\u00e9l\u00e9marketing consiste \u00e0 vous vendre ou \u00e0 vous proposer quelque chose par t\u00e9l\u00e9phone.<br \/>\nQuatre \u00e9tudes de cas montrent ce que cela co\u00fbte et ce que cela rapporte.<\/p>\n<p>&nbsp;<\/p>\n<h3>Direct Mail-aujourd'hui<\/h3>\n<p>Exp\u00e9riences d\u00e9sagr\u00e9ables d'un \u00ab client cible \u00bb.<\/p>\n<p>Aper\u00e7u du march\u00e9 : prestataires de services dans le domaine du marketing direct<\/p>","protected":false},"excerpt":{"rendered":"<p>Re\u00e7oit la revue sp\u00e9cialis\u00e9e en langue allemande \"organisator\" dans l'\u00e9dition Extra 9\/1983 en t\u00e9l\u00e9chargement PDF avec la table des mati\u00e8res suivante :<\/p>","protected":false},"featured_media":14072,"template":"","meta":{"_acf_changed":false,"articlekey":""},"product_brand":[],"product_cat":[546],"product_tag":[2937],"class_list":{"0":"post-14070","1":"product","2":"type-product","3":"status-publish","4":"has-post-thumbnail","6":"product_cat-einzelausgaben","7":"product_tag-2937","9":"first","10":"instock","11":"downloadable","12":"virtual","13":"taxable","14":"purchasable","15":"product-type-simple"},"acf":[],"yoast_head":"<!-- This site is optimized with the Yoast SEO plugin v27.5 - https:\/\/yoast.com\/product\/yoast-seo-wordpress\/ -->\n<title>Organisator Ausgabe Extra 9\/1983 - Organisator<\/title>\n<meta name=\"description\" content=\"Erhalte die deutschsprachige Fachzeitschrift \u00aborganisator\u00bb in der Ausgabe Extra 9\/1983 als PDF-Download mit nachfolgendem Inhaltsverzeichnis:\" \/>\n<meta name=\"robots\" content=\"index, follow, max-snippet:-1, max-image-preview:large, max-video-preview:-1\" \/>\n<link rel=\"canonical\" href=\"https:\/\/www.organisator.ch\/fr\/produit\/organisator-ausgabe-extra-9-1983\/\" \/>\n<meta property=\"og:locale\" content=\"fr_FR\" \/>\n<meta property=\"og:type\" content=\"article\" \/>\n<meta property=\"og:title\" content=\"Organisator Ausgabe Extra 9\/1983 - Organisator\" \/>\n<meta property=\"og:description\" content=\"Erhalte die deutschsprachige Fachzeitschrift \u00aborganisator\u00bb in der Ausgabe Extra 9\/1983 als PDF-Download mit nachfolgendem Inhaltsverzeichnis:\" \/>\n<meta property=\"og:url\" content=\"https:\/\/www.organisator.ch\/fr\/produit\/organisator-ausgabe-extra-9-1983\/\" \/>\n<meta property=\"og:site_name\" content=\"Organisator\" \/>\n<meta property=\"article:publisher\" content=\"https:\/\/www.facebook.com\/OrganisatorFachmagazin\" \/>\n<meta property=\"article:modified_time\" content=\"2022-06-09T06:29:54+00:00\" \/>\n<meta property=\"og:image\" content=\"https:\/\/www.organisator.ch\/wp-content\/uploads\/2022\/06\/organisator_1983_9_Extra.png\" \/>\n\t<meta property=\"og:image:width\" content=\"654\" \/>\n\t<meta property=\"og:image:height\" content=\"370\" \/>\n\t<meta property=\"og:image:type\" content=\"image\/png\" \/>\n<meta name=\"twitter:card\" content=\"summary_large_image\" \/>\n<script type=\"application\/ld+json\" class=\"yoast-schema-graph\">{\"@context\":\"https:\\\/\\\/schema.org\",\"@graph\":[{\"@type\":\"WebPage\",\"@id\":\"https:\\\/\\\/www.organisator.ch\\\/de\\\/produkt\\\/organisator-ausgabe-extra-9-1983\\\/\",\"url\":\"https:\\\/\\\/www.organisator.ch\\\/de\\\/produkt\\\/organisator-ausgabe-extra-9-1983\\\/\",\"name\":\"Organisator Ausgabe Extra 9\\\/1983 - Organisator\",\"isPartOf\":{\"@id\":\"https:\\\/\\\/www.organisator.ch\\\/#website\"},\"primaryImageOfPage\":{\"@id\":\"https:\\\/\\\/www.organisator.ch\\\/de\\\/produkt\\\/organisator-ausgabe-extra-9-1983\\\/#primaryimage\"},\"image\":{\"@id\":\"https:\\\/\\\/www.organisator.ch\\\/de\\\/produkt\\\/organisator-ausgabe-extra-9-1983\\\/#primaryimage\"},\"thumbnailUrl\":\"https:\\\/\\\/www.organisator.ch\\\/wp-content\\\/uploads\\\/2022\\\/06\\\/organisator_1983_9_Extra.png\",\"datePublished\":\"2022-06-09T06:29:53+00:00\",\"dateModified\":\"2022-06-09T06:29:54+00:00\",\"description\":\"Erhalte die deutschsprachige Fachzeitschrift \u00aborganisator\u00bb in der Ausgabe Extra 9\\\/1983 als PDF-Download mit nachfolgendem Inhaltsverzeichnis:\",\"breadcrumb\":{\"@id\":\"https:\\\/\\\/www.organisator.ch\\\/de\\\/produkt\\\/organisator-ausgabe-extra-9-1983\\\/#breadcrumb\"},\"inLanguage\":\"fr-FR\",\"potentialAction\":[{\"@type\":\"ReadAction\",\"target\":[\"https:\\\/\\\/www.organisator.ch\\\/de\\\/produkt\\\/organisator-ausgabe-extra-9-1983\\\/\"]}]},{\"@type\":\"ImageObject\",\"inLanguage\":\"fr-FR\",\"@id\":\"https:\\\/\\\/www.organisator.ch\\\/de\\\/produkt\\\/organisator-ausgabe-extra-9-1983\\\/#primaryimage\",\"url\":\"https:\\\/\\\/www.organisator.ch\\\/wp-content\\\/uploads\\\/2022\\\/06\\\/organisator_1983_9_Extra.png\",\"contentUrl\":\"https:\\\/\\\/www.organisator.ch\\\/wp-content\\\/uploads\\\/2022\\\/06\\\/organisator_1983_9_Extra.png\",\"width\":654,\"height\":370},{\"@type\":\"BreadcrumbList\",\"@id\":\"https:\\\/\\\/www.organisator.ch\\\/de\\\/produkt\\\/organisator-ausgabe-extra-9-1983\\\/#breadcrumb\",\"itemListElement\":[{\"@type\":\"ListItem\",\"position\":1,\"name\":\"Home\",\"item\":\"https:\\\/\\\/www.organisator.ch\\\/\"},{\"@type\":\"ListItem\",\"position\":2,\"name\":\"Shop\",\"item\":\"https:\\\/\\\/www.organisator.ch\\\/fr\\\/shop\\\/\"},{\"@type\":\"ListItem\",\"position\":3,\"name\":\"Organisator Ausgabe Extra 9\\\/1983\"}]},{\"@type\":\"WebSite\",\"@id\":\"https:\\\/\\\/www.organisator.ch\\\/#website\",\"url\":\"https:\\\/\\\/www.organisator.ch\\\/\",\"name\":\"Organisator\",\"description\":\"Kompetent. Praxisnah. Der ORGANISATOR bereitet in 10 Ausgaben pro Jahr die wesentlichen Themen f\u00fcr F\u00fchrungskr\u00e4fte von KMU auf.\",\"publisher\":{\"@id\":\"https:\\\/\\\/www.organisator.ch\\\/#organization\"},\"potentialAction\":[{\"@type\":\"SearchAction\",\"target\":{\"@type\":\"EntryPoint\",\"urlTemplate\":\"https:\\\/\\\/www.organisator.ch\\\/?s={search_term_string}\"},\"query-input\":{\"@type\":\"PropertyValueSpecification\",\"valueRequired\":true,\"valueName\":\"search_term_string\"}}],\"inLanguage\":\"fr-FR\"},{\"@type\":\"Organization\",\"@id\":\"https:\\\/\\\/www.organisator.ch\\\/#organization\",\"name\":\"Organisator\",\"url\":\"https:\\\/\\\/www.organisator.ch\\\/\",\"logo\":{\"@type\":\"ImageObject\",\"inLanguage\":\"fr-FR\",\"@id\":\"https:\\\/\\\/www.organisator.ch\\\/#\\\/schema\\\/logo\\\/image\\\/\",\"url\":\"https:\\\/\\\/www.organisator.ch\\\/wp-content\\\/uploads\\\/2022\\\/01\\\/Logo_Organisator_Website.png\",\"contentUrl\":\"https:\\\/\\\/www.organisator.ch\\\/wp-content\\\/uploads\\\/2022\\\/01\\\/Logo_Organisator_Website.png\",\"width\":800,\"height\":77,\"caption\":\"Organisator\"},\"image\":{\"@id\":\"https:\\\/\\\/www.organisator.ch\\\/#\\\/schema\\\/logo\\\/image\\\/\"},\"sameAs\":[\"https:\\\/\\\/www.facebook.com\\\/OrganisatorFachmagazin\",\"https:\\\/\\\/www.linkedin.com\\\/showcase\\\/organisator-das-magazin-fr-kmu\",\"https:\\\/\\\/www.xing.com\\\/news\\\/pages\\\/organisator-ch-695\",\"https:\\\/\\\/www.youtube.com\\\/channel\\\/UCGP2Sq0iWaZwT3BdIAQFYpw\"]}]}<\/script>\n<!-- \/ Yoast SEO plugin. -->","yoast_head_json":{"title":"Organisateur Edition Extra 9\/1983 - Organisateur","description":"Re\u00e7oit la revue sp\u00e9cialis\u00e9e en langue allemande \"organisator\" dans l'\u00e9dition Extra 9\/1983 en t\u00e9l\u00e9chargement PDF avec la table des mati\u00e8res suivante :","robots":{"index":"index","follow":"follow","max-snippet":"max-snippet:-1","max-image-preview":"max-image-preview:large","max-video-preview":"max-video-preview:-1"},"canonical":"https:\/\/www.organisator.ch\/fr\/produit\/organisator-ausgabe-extra-9-1983\/","og_locale":"fr_FR","og_type":"article","og_title":"Organisator Ausgabe Extra 9\/1983 - Organisator","og_description":"Erhalte die deutschsprachige Fachzeitschrift \u00aborganisator\u00bb in der Ausgabe Extra 9\/1983 als PDF-Download mit nachfolgendem Inhaltsverzeichnis:","og_url":"https:\/\/www.organisator.ch\/fr\/produit\/organisator-ausgabe-extra-9-1983\/","og_site_name":"Organisator","article_publisher":"https:\/\/www.facebook.com\/OrganisatorFachmagazin","article_modified_time":"2022-06-09T06:29:54+00:00","og_image":[{"width":654,"height":370,"url":"https:\/\/www.organisator.ch\/wp-content\/uploads\/2022\/06\/organisator_1983_9_Extra.png","type":"image\/png"}],"twitter_card":"summary_large_image","schema":{"@context":"https:\/\/schema.org","@graph":[{"@type":"WebPage","@id":"https:\/\/www.organisator.ch\/de\/produkt\/organisator-ausgabe-extra-9-1983\/","url":"https:\/\/www.organisator.ch\/de\/produkt\/organisator-ausgabe-extra-9-1983\/","name":"Organisateur Edition Extra 9\/1983 - Organisateur","isPartOf":{"@id":"https:\/\/www.organisator.ch\/#website"},"primaryImageOfPage":{"@id":"https:\/\/www.organisator.ch\/de\/produkt\/organisator-ausgabe-extra-9-1983\/#primaryimage"},"image":{"@id":"https:\/\/www.organisator.ch\/de\/produkt\/organisator-ausgabe-extra-9-1983\/#primaryimage"},"thumbnailUrl":"https:\/\/www.organisator.ch\/wp-content\/uploads\/2022\/06\/organisator_1983_9_Extra.png","datePublished":"2022-06-09T06:29:53+00:00","dateModified":"2022-06-09T06:29:54+00:00","description":"Re\u00e7oit la revue sp\u00e9cialis\u00e9e en langue allemande \"organisator\" dans l'\u00e9dition Extra 9\/1983 en t\u00e9l\u00e9chargement PDF avec la table des mati\u00e8res suivante :","breadcrumb":{"@id":"https:\/\/www.organisator.ch\/de\/produkt\/organisator-ausgabe-extra-9-1983\/#breadcrumb"},"inLanguage":"fr-FR","potentialAction":[{"@type":"ReadAction","target":["https:\/\/www.organisator.ch\/de\/produkt\/organisator-ausgabe-extra-9-1983\/"]}]},{"@type":"ImageObject","inLanguage":"fr-FR","@id":"https:\/\/www.organisator.ch\/de\/produkt\/organisator-ausgabe-extra-9-1983\/#primaryimage","url":"https:\/\/www.organisator.ch\/wp-content\/uploads\/2022\/06\/organisator_1983_9_Extra.png","contentUrl":"https:\/\/www.organisator.ch\/wp-content\/uploads\/2022\/06\/organisator_1983_9_Extra.png","width":654,"height":370},{"@type":"BreadcrumbList","@id":"https:\/\/www.organisator.ch\/de\/produkt\/organisator-ausgabe-extra-9-1983\/#breadcrumb","itemListElement":[{"@type":"ListItem","position":1,"name":"Home","item":"https:\/\/www.organisator.ch\/"},{"@type":"ListItem","position":2,"name":"Shop","item":"https:\/\/www.organisator.ch\/fr\/shop\/"},{"@type":"ListItem","position":3,"name":"Organisator Ausgabe Extra 9\/1983"}]},{"@type":"WebSite","@id":"https:\/\/www.organisator.ch\/#website","url":"https:\/\/www.organisator.ch\/","name":"Organisateur","description":"Comp\u00e9tence et comp\u00e9tence. Proches de la pratique. L'ORGANISATEUR pr\u00e9pare 10 num\u00e9ros par an sur les th\u00e8mes essentiels pour les dirigeants de PME.","publisher":{"@id":"https:\/\/www.organisator.ch\/#organization"},"potentialAction":[{"@type":"SearchAction","target":{"@type":"EntryPoint","urlTemplate":"https:\/\/www.organisator.ch\/?s={search_term_string}"},"query-input":{"@type":"PropertyValueSpecification","valueRequired":true,"valueName":"search_term_string"}}],"inLanguage":"fr-FR"},{"@type":"Organization","@id":"https:\/\/www.organisator.ch\/#organization","name":"Organisateur","url":"https:\/\/www.organisator.ch\/","logo":{"@type":"ImageObject","inLanguage":"fr-FR","@id":"https:\/\/www.organisator.ch\/#\/schema\/logo\/image\/","url":"https:\/\/www.organisator.ch\/wp-content\/uploads\/2022\/01\/Logo_Organisator_Website.png","contentUrl":"https:\/\/www.organisator.ch\/wp-content\/uploads\/2022\/01\/Logo_Organisator_Website.png","width":800,"height":77,"caption":"Organisator"},"image":{"@id":"https:\/\/www.organisator.ch\/#\/schema\/logo\/image\/"},"sameAs":["https:\/\/www.facebook.com\/OrganisatorFachmagazin","https:\/\/www.linkedin.com\/showcase\/organisator-das-magazin-fr-kmu","https:\/\/www.xing.com\/news\/pages\/organisator-ch-695","https:\/\/www.youtube.com\/channel\/UCGP2Sq0iWaZwT3BdIAQFYpw"]}]}},"_links":{"self":[{"href":"https:\/\/www.organisator.ch\/fr\/wp-json\/wp\/v2\/product\/14070","targetHints":{"allow":["GET"]}}],"collection":[{"href":"https:\/\/www.organisator.ch\/fr\/wp-json\/wp\/v2\/product"}],"about":[{"href":"https:\/\/www.organisator.ch\/fr\/wp-json\/wp\/v2\/types\/product"}],"wp:featuredmedia":[{"embeddable":true,"href":"https:\/\/www.organisator.ch\/fr\/wp-json\/wp\/v2\/media\/14072"}],"wp:attachment":[{"href":"https:\/\/www.organisator.ch\/fr\/wp-json\/wp\/v2\/media?parent=14070"}],"wp:term":[{"taxonomy":"product_brand","embeddable":true,"href":"https:\/\/www.organisator.ch\/fr\/wp-json\/wp\/v2\/product_brand?post=14070"},{"taxonomy":"product_cat","embeddable":true,"href":"https:\/\/www.organisator.ch\/fr\/wp-json\/wp\/v2\/product_cat?post=14070"},{"taxonomy":"product_tag","embeddable":true,"href":"https:\/\/www.organisator.ch\/fr\/wp-json\/wp\/v2\/product_tag?post=14070"}],"curies":[{"name":"wp","href":"https:\/\/api.w.org\/{rel}","templated":true}]}}