{"id":14449,"date":"2022-06-13T09:35:48","date_gmt":"2022-06-13T07:35:48","guid":{"rendered":"https:\/\/www.organisator.ch\/?post_type=product&#038;p=14449"},"modified":"2022-06-13T09:35:49","modified_gmt":"2022-06-13T07:35:49","slug":"organisator-ausgabe-3-1989","status":"publish","type":"product","link":"https:\/\/www.organisator.ch\/fr\/produkt\/organisator-ausgabe-3-1989\/","title":{"rendered":"Organisateur \u00c9dition 3\/1989"},"content":{"rendered":"<h2>SOMMAIRE<\/h2>\n<p>&nbsp;<\/p>\n<ul>\n<li>Mois \u00e9conomique<\/li>\n<li>Moniteur<\/li>\n<\/ul>\n<p>&nbsp;<\/p>\n<h3>Sujet \u00e0 la une : LPP - La libre circulation dans la loi<\/h3>\n<p>Le libre passage dans le cadre du deuxi\u00e8me pilier fait partie des sujets r\u00e9currents des discussions politiques. Pour une fois, le probl\u00e8me<br \/>\ntrait\u00e9 du point de vue de l'employeur.<\/p>\n<h3>Service<\/h3>\n<ul>\n<li>Entra\u00eenement de la pens\u00e9e<\/li>\n<li>Outils de gestion<\/li>\n<li>Personnel<\/li>\n<li>Aide - une interpellation<\/li>\n<li>Le conseil particulier de l'organisateur<\/li>\n<li>Bien voir, \u00e7a s'apprend<\/li>\n<li>Quoique : Compte-joint<\/li>\n<li>Les statisticiens d'entreprise sont ind\u00e9sirables<\/li>\n<li>La d\u00e9cision fiscale actuelle ; paiements de frais aux actionnaires collaborateurs<\/li>\n<li>La maladie de Parkinson ne se gu\u00e9rit que rarement<\/li>\n<\/ul>\n<p>&nbsp;<\/p>\n<h3>EXTRA:G\u00e9rer correctement les r\u00e9clamations<\/h3>\n<p>Elles ne jouissent nulle part d'une popularit\u00e9 particuli\u00e8re. Et pourtant, les r\u00e9clamations ne doivent pas \u00eatre consid\u00e9r\u00e9es comme une simple nuisance.<br \/>\nEnfin, ils contiennent des indications importantes sur la mani\u00e8re dont un service ou un article est vendu.<br \/>\npour que les clients soient toujours satisfaits !<\/p>\n<p>&nbsp;<\/p>\n<h3>Livres<\/h3>\n<ul>\n<li>Noms et nouveaut\u00e9s<\/li>\n<li>Revue de presse<\/li>\n<li>Entreprises et march\u00e9s<\/li>\n<li>Meire &amp; Meire : on ne peut pas vieillir dans la publicit\u00e9<\/li>\n<li>Les Verts et les entrepreneurs d\u00e9couvrent : ensemble, c'est mieux<\/li>\n<li>Bofrost : tout a commenc\u00e9 avec une glaci\u00e8re et une vieille Ford.<\/li>\n<li>Grand-duc : environ 40 millions de tubes sont vendus chaque ann\u00e9e<\/li>\n<li>Gaggenau : au top pour les \u00e9quipements de cuisine<\/li>\n<li>Verdyrol : le soleil brille \u00e0 travers le c\u00e2ble dans les coins sombres<\/li>\n<\/ul>\n<h3>\nGestion<\/h3>\n<ul>\n<li>Le temps de la d\u00e9cision est irrempla\u00e7able<\/li>\n<li>Les clients difficiles, et comment les convaincre avec des arguments d'objection<\/li>\n<li>Trois nouveaux logiciels pour pr\u00e9venir la cybercriminalit\u00e9<\/li>\n<li>Les sondages d'opinion internes \u00e9clairent le climat de travail<\/li>\n<li>Leasing ou location - la question de l'investissement se pose aussi pour les ordinateurs<\/li>\n<li>Le syst\u00e8me d'information de l'entreprise doit \u00eatre uniformis\u00e9.<\/li>\n<li>Le juste prix influence aussi le succ\u00e8s des ventes<\/li>\n<li>La logistique aide \u00e0 g\u00e9rer les flux de mat\u00e9riel et d'informations<\/li>\n<li>Tarentule<\/li>\n<\/ul>","protected":false},"excerpt":{"rendered":"<p>Re\u00e7oit la revue sp\u00e9cialis\u00e9e en langue allemande \"organisator\" dans son num\u00e9ro 3\/1989 \u00e0 t\u00e9l\u00e9charger au format PDF avec la table des mati\u00e8res ci-dessous :<\/p>","protected":false},"featured_media":14451,"template":"","meta":{"_acf_changed":false,"articlekey":""},"product_brand":[],"product_cat":[546],"product_tag":[2950],"class_list":{"0":"post-14449","1":"product","2":"type-product","3":"status-publish","4":"has-post-thumbnail","6":"product_cat-einzelausgaben","7":"product_tag-2950","9":"first","10":"instock","11":"downloadable","12":"virtual","13":"taxable","14":"purchasable","15":"product-type-simple"},"acf":[],"yoast_head":"<!-- This site is optimized with the Yoast SEO plugin v27.5 - https:\/\/yoast.com\/product\/yoast-seo-wordpress\/ -->\n<title>Organisator Ausgabe 3\/1989 - Organisator<\/title>\n<meta name=\"robots\" content=\"index, follow, max-snippet:-1, max-image-preview:large, max-video-preview:-1\" \/>\n<link rel=\"canonical\" href=\"https:\/\/www.organisator.ch\/fr\/produit\/organisator-ausgabe-3-1989\/\" \/>\n<meta property=\"og:locale\" content=\"fr_FR\" \/>\n<meta property=\"og:type\" content=\"article\" \/>\n<meta property=\"og:title\" content=\"Organisator Ausgabe 3\/1989 - Organisator\" \/>\n<meta property=\"og:description\" content=\"Erhalte die deutschsprachige Fachzeitschrift \u00aborganisator\u00bb in der Ausgabe 3\/1989 als PDF-Download mit nachfolgendem Inhaltsverzeichnis:\" \/>\n<meta property=\"og:url\" content=\"https:\/\/www.organisator.ch\/fr\/produit\/organisator-ausgabe-3-1989\/\" \/>\n<meta property=\"og:site_name\" content=\"Organisator\" \/>\n<meta property=\"article:publisher\" content=\"https:\/\/www.facebook.com\/OrganisatorFachmagazin\" \/>\n<meta property=\"article:modified_time\" content=\"2022-06-13T07:35:49+00:00\" \/>\n<meta property=\"og:image\" content=\"https:\/\/www.organisator.ch\/wp-content\/uploads\/2022\/06\/organisator_1989_3.png\" \/>\n\t<meta property=\"og:image:width\" content=\"654\" \/>\n\t<meta property=\"og:image:height\" content=\"370\" \/>\n\t<meta property=\"og:image:type\" content=\"image\/png\" \/>\n<meta name=\"twitter:card\" content=\"summary_large_image\" \/>\n<script type=\"application\/ld+json\" class=\"yoast-schema-graph\">{\"@context\":\"https:\\\/\\\/schema.org\",\"@graph\":[{\"@type\":\"WebPage\",\"@id\":\"https:\\\/\\\/www.organisator.ch\\\/fr\\\/produit\\\/organisator-ausgabe-3-1989\\\/\",\"url\":\"https:\\\/\\\/www.organisator.ch\\\/fr\\\/produit\\\/organisator-ausgabe-3-1989\\\/\",\"name\":\"Organisator Ausgabe 3\\\/1989 - Organisator\",\"isPartOf\":{\"@id\":\"https:\\\/\\\/www.organisator.ch\\\/#website\"},\"primaryImageOfPage\":{\"@id\":\"https:\\\/\\\/www.organisator.ch\\\/fr\\\/produit\\\/organisator-ausgabe-3-1989\\\/#primaryimage\"},\"image\":{\"@id\":\"https:\\\/\\\/www.organisator.ch\\\/fr\\\/produit\\\/organisator-ausgabe-3-1989\\\/#primaryimage\"},\"thumbnailUrl\":\"https:\\\/\\\/www.organisator.ch\\\/wp-content\\\/uploads\\\/2022\\\/06\\\/organisator_1989_3.png\",\"datePublished\":\"2022-06-13T07:35:48+00:00\",\"dateModified\":\"2022-06-13T07:35:49+00:00\",\"breadcrumb\":{\"@id\":\"https:\\\/\\\/www.organisator.ch\\\/fr\\\/produit\\\/organisator-ausgabe-3-1989\\\/#breadcrumb\"},\"inLanguage\":\"fr-FR\",\"potentialAction\":[{\"@type\":\"ReadAction\",\"target\":[\"https:\\\/\\\/www.organisator.ch\\\/fr\\\/produit\\\/organisator-ausgabe-3-1989\\\/\"]}]},{\"@type\":\"ImageObject\",\"inLanguage\":\"fr-FR\",\"@id\":\"https:\\\/\\\/www.organisator.ch\\\/fr\\\/produit\\\/organisator-ausgabe-3-1989\\\/#primaryimage\",\"url\":\"https:\\\/\\\/www.organisator.ch\\\/wp-content\\\/uploads\\\/2022\\\/06\\\/organisator_1989_3.png\",\"contentUrl\":\"https:\\\/\\\/www.organisator.ch\\\/wp-content\\\/uploads\\\/2022\\\/06\\\/organisator_1989_3.png\",\"width\":654,\"height\":370},{\"@type\":\"BreadcrumbList\",\"@id\":\"https:\\\/\\\/www.organisator.ch\\\/fr\\\/produit\\\/organisator-ausgabe-3-1989\\\/#breadcrumb\",\"itemListElement\":[{\"@type\":\"ListItem\",\"position\":1,\"name\":\"Home\",\"item\":\"https:\\\/\\\/www.organisator.ch\\\/\"},{\"@type\":\"ListItem\",\"position\":2,\"name\":\"Shop\",\"item\":\"https:\\\/\\\/www.organisator.ch\\\/fr\\\/shop\\\/\"},{\"@type\":\"ListItem\",\"position\":3,\"name\":\"Organisator Ausgabe 3\\\/1989\"}]},{\"@type\":\"WebSite\",\"@id\":\"https:\\\/\\\/www.organisator.ch\\\/#website\",\"url\":\"https:\\\/\\\/www.organisator.ch\\\/\",\"name\":\"Organisator\",\"description\":\"Kompetent. Praxisnah. Der ORGANISATOR bereitet in 10 Ausgaben pro Jahr die wesentlichen Themen f\u00fcr F\u00fchrungskr\u00e4fte von KMU auf.\",\"publisher\":{\"@id\":\"https:\\\/\\\/www.organisator.ch\\\/#organization\"},\"potentialAction\":[{\"@type\":\"SearchAction\",\"target\":{\"@type\":\"EntryPoint\",\"urlTemplate\":\"https:\\\/\\\/www.organisator.ch\\\/?s={search_term_string}\"},\"query-input\":{\"@type\":\"PropertyValueSpecification\",\"valueRequired\":true,\"valueName\":\"search_term_string\"}}],\"inLanguage\":\"fr-FR\"},{\"@type\":\"Organization\",\"@id\":\"https:\\\/\\\/www.organisator.ch\\\/#organization\",\"name\":\"Organisator\",\"url\":\"https:\\\/\\\/www.organisator.ch\\\/\",\"logo\":{\"@type\":\"ImageObject\",\"inLanguage\":\"fr-FR\",\"@id\":\"https:\\\/\\\/www.organisator.ch\\\/#\\\/schema\\\/logo\\\/image\\\/\",\"url\":\"https:\\\/\\\/www.organisator.ch\\\/wp-content\\\/uploads\\\/2022\\\/01\\\/Logo_Organisator_Website.png\",\"contentUrl\":\"https:\\\/\\\/www.organisator.ch\\\/wp-content\\\/uploads\\\/2022\\\/01\\\/Logo_Organisator_Website.png\",\"width\":800,\"height\":77,\"caption\":\"Organisator\"},\"image\":{\"@id\":\"https:\\\/\\\/www.organisator.ch\\\/#\\\/schema\\\/logo\\\/image\\\/\"},\"sameAs\":[\"https:\\\/\\\/www.facebook.com\\\/OrganisatorFachmagazin\",\"https:\\\/\\\/www.linkedin.com\\\/showcase\\\/organisator-das-magazin-fr-kmu\",\"https:\\\/\\\/www.xing.com\\\/news\\\/pages\\\/organisator-ch-695\",\"https:\\\/\\\/www.youtube.com\\\/channel\\\/UCGP2Sq0iWaZwT3BdIAQFYpw\"]}]}<\/script>\n<!-- \/ Yoast SEO plugin. -->","yoast_head_json":{"title":"Organisateur \u00c9dition 3\/1989 - Organisateur","robots":{"index":"index","follow":"follow","max-snippet":"max-snippet:-1","max-image-preview":"max-image-preview:large","max-video-preview":"max-video-preview:-1"},"canonical":"https:\/\/www.organisator.ch\/fr\/produit\/organisator-ausgabe-3-1989\/","og_locale":"fr_FR","og_type":"article","og_title":"Organisator Ausgabe 3\/1989 - Organisator","og_description":"Erhalte die deutschsprachige Fachzeitschrift \u00aborganisator\u00bb in der Ausgabe 3\/1989 als PDF-Download mit nachfolgendem Inhaltsverzeichnis:","og_url":"https:\/\/www.organisator.ch\/fr\/produit\/organisator-ausgabe-3-1989\/","og_site_name":"Organisator","article_publisher":"https:\/\/www.facebook.com\/OrganisatorFachmagazin","article_modified_time":"2022-06-13T07:35:49+00:00","og_image":[{"width":654,"height":370,"url":"https:\/\/www.organisator.ch\/wp-content\/uploads\/2022\/06\/organisator_1989_3.png","type":"image\/png"}],"twitter_card":"summary_large_image","schema":{"@context":"https:\/\/schema.org","@graph":[{"@type":"WebPage","@id":"https:\/\/www.organisator.ch\/fr\/produit\/organisator-ausgabe-3-1989\/","url":"https:\/\/www.organisator.ch\/fr\/produit\/organisator-ausgabe-3-1989\/","name":"Organisateur \u00c9dition 3\/1989 - Organisateur","isPartOf":{"@id":"https:\/\/www.organisator.ch\/#website"},"primaryImageOfPage":{"@id":"https:\/\/www.organisator.ch\/fr\/produit\/organisator-ausgabe-3-1989\/#primaryimage"},"image":{"@id":"https:\/\/www.organisator.ch\/fr\/produit\/organisator-ausgabe-3-1989\/#primaryimage"},"thumbnailUrl":"https:\/\/www.organisator.ch\/wp-content\/uploads\/2022\/06\/organisator_1989_3.png","datePublished":"2022-06-13T07:35:48+00:00","dateModified":"2022-06-13T07:35:49+00:00","breadcrumb":{"@id":"https:\/\/www.organisator.ch\/fr\/produit\/organisator-ausgabe-3-1989\/#breadcrumb"},"inLanguage":"fr-FR","potentialAction":[{"@type":"ReadAction","target":["https:\/\/www.organisator.ch\/fr\/produit\/organisator-ausgabe-3-1989\/"]}]},{"@type":"ImageObject","inLanguage":"fr-FR","@id":"https:\/\/www.organisator.ch\/fr\/produit\/organisator-ausgabe-3-1989\/#primaryimage","url":"https:\/\/www.organisator.ch\/wp-content\/uploads\/2022\/06\/organisator_1989_3.png","contentUrl":"https:\/\/www.organisator.ch\/wp-content\/uploads\/2022\/06\/organisator_1989_3.png","width":654,"height":370},{"@type":"BreadcrumbList","@id":"https:\/\/www.organisator.ch\/fr\/produit\/organisator-ausgabe-3-1989\/#breadcrumb","itemListElement":[{"@type":"ListItem","position":1,"name":"Home","item":"https:\/\/www.organisator.ch\/"},{"@type":"ListItem","position":2,"name":"Shop","item":"https:\/\/www.organisator.ch\/fr\/shop\/"},{"@type":"ListItem","position":3,"name":"Organisator Ausgabe 3\/1989"}]},{"@type":"WebSite","@id":"https:\/\/www.organisator.ch\/#website","url":"https:\/\/www.organisator.ch\/","name":"Organisateur","description":"Comp\u00e9tence et comp\u00e9tence. Proches de la pratique. L'ORGANISATEUR pr\u00e9pare 10 num\u00e9ros par an sur les th\u00e8mes essentiels pour les dirigeants de PME.","publisher":{"@id":"https:\/\/www.organisator.ch\/#organization"},"potentialAction":[{"@type":"SearchAction","target":{"@type":"EntryPoint","urlTemplate":"https:\/\/www.organisator.ch\/?s={search_term_string}"},"query-input":{"@type":"PropertyValueSpecification","valueRequired":true,"valueName":"search_term_string"}}],"inLanguage":"fr-FR"},{"@type":"Organization","@id":"https:\/\/www.organisator.ch\/#organization","name":"Organisateur","url":"https:\/\/www.organisator.ch\/","logo":{"@type":"ImageObject","inLanguage":"fr-FR","@id":"https:\/\/www.organisator.ch\/#\/schema\/logo\/image\/","url":"https:\/\/www.organisator.ch\/wp-content\/uploads\/2022\/01\/Logo_Organisator_Website.png","contentUrl":"https:\/\/www.organisator.ch\/wp-content\/uploads\/2022\/01\/Logo_Organisator_Website.png","width":800,"height":77,"caption":"Organisator"},"image":{"@id":"https:\/\/www.organisator.ch\/#\/schema\/logo\/image\/"},"sameAs":["https:\/\/www.facebook.com\/OrganisatorFachmagazin","https:\/\/www.linkedin.com\/showcase\/organisator-das-magazin-fr-kmu","https:\/\/www.xing.com\/news\/pages\/organisator-ch-695","https:\/\/www.youtube.com\/channel\/UCGP2Sq0iWaZwT3BdIAQFYpw"]}]}},"_links":{"self":[{"href":"https:\/\/www.organisator.ch\/fr\/wp-json\/wp\/v2\/product\/14449","targetHints":{"allow":["GET"]}}],"collection":[{"href":"https:\/\/www.organisator.ch\/fr\/wp-json\/wp\/v2\/product"}],"about":[{"href":"https:\/\/www.organisator.ch\/fr\/wp-json\/wp\/v2\/types\/product"}],"wp:featuredmedia":[{"embeddable":true,"href":"https:\/\/www.organisator.ch\/fr\/wp-json\/wp\/v2\/media\/14451"}],"wp:attachment":[{"href":"https:\/\/www.organisator.ch\/fr\/wp-json\/wp\/v2\/media?parent=14449"}],"wp:term":[{"taxonomy":"product_brand","embeddable":true,"href":"https:\/\/www.organisator.ch\/fr\/wp-json\/wp\/v2\/product_brand?post=14449"},{"taxonomy":"product_cat","embeddable":true,"href":"https:\/\/www.organisator.ch\/fr\/wp-json\/wp\/v2\/product_cat?post=14449"},{"taxonomy":"product_tag","embeddable":true,"href":"https:\/\/www.organisator.ch\/fr\/wp-json\/wp\/v2\/product_tag?post=14449"}],"curies":[{"name":"wp","href":"https:\/\/api.w.org\/{rel}","templated":true}]}}