{"id":14492,"date":"2022-06-13T11:59:24","date_gmt":"2022-06-13T09:59:24","guid":{"rendered":"https:\/\/www.organisator.ch\/?post_type=product&#038;p=14492"},"modified":"2022-06-13T11:59:24","modified_gmt":"2022-06-13T09:59:24","slug":"organisator-ausgabe-11-1990","status":"publish","type":"product","link":"https:\/\/www.organisator.ch\/fr\/produkt\/organisator-ausgabe-11-1990\/","title":{"rendered":"Organisateur \u00c9dition 11\/1990"},"content":{"rendered":"<h2>SOMMAIRE<\/h2>\n<p>&nbsp;<\/p>\n<ul>\n<li>Mois \u00e9conomique<\/li>\n<li>Focus<\/li>\n<li>Sujet \u00e0 la une : \u00c9puis\u00e9 et stress\u00e9 : Ce n'est pas une fatalit\u00e9 !<\/li>\n<\/ul>\n<p>&nbsp;<\/p>\n<h3>Concept \u00e9nerg\u00e9tique pour les personnes \u00e9puis\u00e9es<\/h3>\n<p>La personne interview\u00e9e par le Dr Evelin Fischer, le Dr h. c. G. R. Brem, conna\u00eet le syndrome d'\u00e9puisement professionnel par sa propre exp\u00e9rience. Apr\u00e8s un<br \/>\nBrem a cr\u00e9\u00e9 un programme de reconstruction et une infrastructure pour les personnes \u00e9puis\u00e9es.<\/p>\n<p>&nbsp;<\/p>\n<h3>Guide pratique : Le nouveau droit du bail<\/h3>\n<p>Le nouveau droit du bail, tel qu'il est en vigueur depuis le 1er juillet de cette ann\u00e9e, apporte quelques avantages au locataire. Ainsi, il est possible de Par exemple, le contrat de location<br \/>\nLe contrat de location de locaux commerciaux peut \u00eatre prolong\u00e9 jusqu'\u00e0 six ans apr\u00e8s la r\u00e9siliation.<\/p>\n<p>&nbsp;<\/p>\n<h3>Marketing : Proximit\u00e9 avec le client<\/h3>\n<p>comme condition de r\u00e9ussite En sept th\u00e8ses, Hartmut Volk r\u00e9sume les id\u00e9es du \"nouveau marketing\".<br \/>\nLes entreprises qui lancent des tendances obtiennent de plus en plus de succ\u00e8s remarquables en Europe.<\/p>\n<p>&nbsp;<\/p>\n<h3>Le conseil particulier de l'organisateur<\/h3>\n<ul>\n<li>Diriger dans l'ambiance<\/li>\n<li>Le pouvoir des mots<\/li>\n<li>La description et l'\u00e9valuation des postes valent la peine<\/li>\n<li>Collaboration entre les conseillers FR et les m\u00e9dias<\/li>\n<li>EXTRA:Entre microfilm et m\u00e9moire optique 41<\/li>\n<li>Personnel<\/li>\n<li>\u00c9v\u00e9nements<\/li>\n<\/ul>\n<p>&nbsp;<\/p>\n<h3>Probl\u00e8mes informatiques sur le lieu de travail<\/h3>\n<p>La formation en informatique orient\u00e9e vers le poste de travail est donc un v\u00e9ritable probl\u00e8me, car on sugg\u00e8re souvent que l'on peut s'en passer.<br \/>\nAcqu\u00e9rir des connaissances en informatique en un clin d'\u0153il. Marcel Liechti montre comment proc\u00e9der.<\/p>\n<p>&nbsp;<\/p>\n<h3>Entra\u00eenement de la pens\u00e9e<\/h3>\n<h3>Nouveaut\u00e9s<\/h3>\n<h3>Livres<\/h3>\n<h3>Tarentule<\/h3>\n<p>&nbsp;<\/p>","protected":false},"excerpt":{"rendered":"<p>Re\u00e7oit la revue sp\u00e9cialis\u00e9e en langue allemande \"organisator\" dans le num\u00e9ro 11\/1990 en t\u00e9l\u00e9chargement PDF avec la table des mati\u00e8res suivante :<\/p>","protected":false},"featured_media":14494,"template":"","meta":{"_acf_changed":false,"articlekey":""},"product_brand":[],"product_cat":[546],"product_tag":[2951],"class_list":{"0":"post-14492","1":"product","2":"type-product","3":"status-publish","4":"has-post-thumbnail","6":"product_cat-einzelausgaben","7":"product_tag-2951","9":"first","10":"instock","11":"downloadable","12":"virtual","13":"taxable","14":"purchasable","15":"product-type-simple"},"acf":[],"yoast_head":"<!-- This site is optimized with the Yoast SEO plugin v27.5 - https:\/\/yoast.com\/product\/yoast-seo-wordpress\/ -->\n<title>Organisator Ausgabe 11\/1990 - Organisator<\/title>\n<meta name=\"description\" content=\"Erhalte die deutschsprachige Fachzeitschrift \u00aborganisator\u00bb in der Ausgabe 11\/1990 als PDF-Download mit nachfolgendem Inhaltsverzeichnis:\" \/>\n<meta name=\"robots\" content=\"index, follow, max-snippet:-1, max-image-preview:large, max-video-preview:-1\" \/>\n<link rel=\"canonical\" href=\"https:\/\/www.organisator.ch\/fr\/produit\/organisator-ausgabe-11-1990\/\" \/>\n<meta property=\"og:locale\" content=\"fr_FR\" \/>\n<meta property=\"og:type\" content=\"article\" \/>\n<meta property=\"og:title\" content=\"Organisator Ausgabe 11\/1990 - Organisator\" \/>\n<meta property=\"og:description\" content=\"Erhalte die deutschsprachige Fachzeitschrift \u00aborganisator\u00bb in der Ausgabe 11\/1990 als PDF-Download mit nachfolgendem Inhaltsverzeichnis:\" \/>\n<meta property=\"og:url\" content=\"https:\/\/www.organisator.ch\/fr\/produit\/organisator-ausgabe-11-1990\/\" \/>\n<meta property=\"og:site_name\" content=\"Organisator\" \/>\n<meta property=\"article:publisher\" content=\"https:\/\/www.facebook.com\/OrganisatorFachmagazin\" \/>\n<meta property=\"og:image\" content=\"https:\/\/www.organisator.ch\/wp-content\/uploads\/2022\/06\/organisator_1990_11.png\" \/>\n\t<meta property=\"og:image:width\" content=\"654\" \/>\n\t<meta property=\"og:image:height\" content=\"370\" \/>\n\t<meta property=\"og:image:type\" content=\"image\/png\" \/>\n<meta name=\"twitter:card\" content=\"summary_large_image\" \/>\n<script type=\"application\/ld+json\" class=\"yoast-schema-graph\">{\"@context\":\"https:\\\/\\\/schema.org\",\"@graph\":[{\"@type\":\"WebPage\",\"@id\":\"https:\\\/\\\/www.organisator.ch\\\/fr\\\/produit\\\/organisator-ausgabe-11-1990\\\/\",\"url\":\"https:\\\/\\\/www.organisator.ch\\\/fr\\\/produit\\\/organisator-ausgabe-11-1990\\\/\",\"name\":\"Organisator Ausgabe 11\\\/1990 - Organisator\",\"isPartOf\":{\"@id\":\"https:\\\/\\\/www.organisator.ch\\\/#website\"},\"primaryImageOfPage\":{\"@id\":\"https:\\\/\\\/www.organisator.ch\\\/fr\\\/produit\\\/organisator-ausgabe-11-1990\\\/#primaryimage\"},\"image\":{\"@id\":\"https:\\\/\\\/www.organisator.ch\\\/fr\\\/produit\\\/organisator-ausgabe-11-1990\\\/#primaryimage\"},\"thumbnailUrl\":\"https:\\\/\\\/www.organisator.ch\\\/wp-content\\\/uploads\\\/2022\\\/06\\\/organisator_1990_11.png\",\"datePublished\":\"2022-06-13T09:59:24+00:00\",\"description\":\"Erhalte die deutschsprachige Fachzeitschrift \u00aborganisator\u00bb in der Ausgabe 11\\\/1990 als PDF-Download mit nachfolgendem Inhaltsverzeichnis:\",\"breadcrumb\":{\"@id\":\"https:\\\/\\\/www.organisator.ch\\\/fr\\\/produit\\\/organisator-ausgabe-11-1990\\\/#breadcrumb\"},\"inLanguage\":\"fr-FR\",\"potentialAction\":[{\"@type\":\"ReadAction\",\"target\":[\"https:\\\/\\\/www.organisator.ch\\\/fr\\\/produit\\\/organisator-ausgabe-11-1990\\\/\"]}]},{\"@type\":\"ImageObject\",\"inLanguage\":\"fr-FR\",\"@id\":\"https:\\\/\\\/www.organisator.ch\\\/fr\\\/produit\\\/organisator-ausgabe-11-1990\\\/#primaryimage\",\"url\":\"https:\\\/\\\/www.organisator.ch\\\/wp-content\\\/uploads\\\/2022\\\/06\\\/organisator_1990_11.png\",\"contentUrl\":\"https:\\\/\\\/www.organisator.ch\\\/wp-content\\\/uploads\\\/2022\\\/06\\\/organisator_1990_11.png\",\"width\":654,\"height\":370},{\"@type\":\"BreadcrumbList\",\"@id\":\"https:\\\/\\\/www.organisator.ch\\\/fr\\\/produit\\\/organisator-ausgabe-11-1990\\\/#breadcrumb\",\"itemListElement\":[{\"@type\":\"ListItem\",\"position\":1,\"name\":\"Home\",\"item\":\"https:\\\/\\\/www.organisator.ch\\\/\"},{\"@type\":\"ListItem\",\"position\":2,\"name\":\"Shop\",\"item\":\"https:\\\/\\\/www.organisator.ch\\\/fr\\\/shop\\\/\"},{\"@type\":\"ListItem\",\"position\":3,\"name\":\"Organisator Ausgabe 11\\\/1990\"}]},{\"@type\":\"WebSite\",\"@id\":\"https:\\\/\\\/www.organisator.ch\\\/#website\",\"url\":\"https:\\\/\\\/www.organisator.ch\\\/\",\"name\":\"Organisator\",\"description\":\"Kompetent. Praxisnah. Der ORGANISATOR bereitet in 10 Ausgaben pro Jahr die wesentlichen Themen f\u00fcr F\u00fchrungskr\u00e4fte von KMU auf.\",\"publisher\":{\"@id\":\"https:\\\/\\\/www.organisator.ch\\\/#organization\"},\"potentialAction\":[{\"@type\":\"SearchAction\",\"target\":{\"@type\":\"EntryPoint\",\"urlTemplate\":\"https:\\\/\\\/www.organisator.ch\\\/?s={search_term_string}\"},\"query-input\":{\"@type\":\"PropertyValueSpecification\",\"valueRequired\":true,\"valueName\":\"search_term_string\"}}],\"inLanguage\":\"fr-FR\"},{\"@type\":\"Organization\",\"@id\":\"https:\\\/\\\/www.organisator.ch\\\/#organization\",\"name\":\"Organisator\",\"url\":\"https:\\\/\\\/www.organisator.ch\\\/\",\"logo\":{\"@type\":\"ImageObject\",\"inLanguage\":\"fr-FR\",\"@id\":\"https:\\\/\\\/www.organisator.ch\\\/#\\\/schema\\\/logo\\\/image\\\/\",\"url\":\"https:\\\/\\\/www.organisator.ch\\\/wp-content\\\/uploads\\\/2022\\\/01\\\/Logo_Organisator_Website.png\",\"contentUrl\":\"https:\\\/\\\/www.organisator.ch\\\/wp-content\\\/uploads\\\/2022\\\/01\\\/Logo_Organisator_Website.png\",\"width\":800,\"height\":77,\"caption\":\"Organisator\"},\"image\":{\"@id\":\"https:\\\/\\\/www.organisator.ch\\\/#\\\/schema\\\/logo\\\/image\\\/\"},\"sameAs\":[\"https:\\\/\\\/www.facebook.com\\\/OrganisatorFachmagazin\",\"https:\\\/\\\/www.linkedin.com\\\/showcase\\\/organisator-das-magazin-fr-kmu\",\"https:\\\/\\\/www.xing.com\\\/news\\\/pages\\\/organisator-ch-695\",\"https:\\\/\\\/www.youtube.com\\\/channel\\\/UCGP2Sq0iWaZwT3BdIAQFYpw\"]}]}<\/script>\n<!-- \/ Yoast SEO plugin. -->","yoast_head_json":{"title":"Organisator \u00e9dition 11\/1990 - Organisator","description":"Re\u00e7oit la revue sp\u00e9cialis\u00e9e en langue allemande \"organisator\" dans le num\u00e9ro 11\/1990 en t\u00e9l\u00e9chargement PDF avec la table des mati\u00e8res suivante :","robots":{"index":"index","follow":"follow","max-snippet":"max-snippet:-1","max-image-preview":"max-image-preview:large","max-video-preview":"max-video-preview:-1"},"canonical":"https:\/\/www.organisator.ch\/fr\/produit\/organisator-ausgabe-11-1990\/","og_locale":"fr_FR","og_type":"article","og_title":"Organisator Ausgabe 11\/1990 - Organisator","og_description":"Erhalte die deutschsprachige Fachzeitschrift \u00aborganisator\u00bb in der Ausgabe 11\/1990 als PDF-Download mit nachfolgendem Inhaltsverzeichnis:","og_url":"https:\/\/www.organisator.ch\/fr\/produit\/organisator-ausgabe-11-1990\/","og_site_name":"Organisator","article_publisher":"https:\/\/www.facebook.com\/OrganisatorFachmagazin","og_image":[{"width":654,"height":370,"url":"https:\/\/www.organisator.ch\/wp-content\/uploads\/2022\/06\/organisator_1990_11.png","type":"image\/png"}],"twitter_card":"summary_large_image","schema":{"@context":"https:\/\/schema.org","@graph":[{"@type":"WebPage","@id":"https:\/\/www.organisator.ch\/fr\/produit\/organisator-ausgabe-11-1990\/","url":"https:\/\/www.organisator.ch\/fr\/produit\/organisator-ausgabe-11-1990\/","name":"Organisator \u00e9dition 11\/1990 - Organisator","isPartOf":{"@id":"https:\/\/www.organisator.ch\/#website"},"primaryImageOfPage":{"@id":"https:\/\/www.organisator.ch\/fr\/produit\/organisator-ausgabe-11-1990\/#primaryimage"},"image":{"@id":"https:\/\/www.organisator.ch\/fr\/produit\/organisator-ausgabe-11-1990\/#primaryimage"},"thumbnailUrl":"https:\/\/www.organisator.ch\/wp-content\/uploads\/2022\/06\/organisator_1990_11.png","datePublished":"2022-06-13T09:59:24+00:00","description":"Re\u00e7oit la revue sp\u00e9cialis\u00e9e en langue allemande \"organisator\" dans le num\u00e9ro 11\/1990 en t\u00e9l\u00e9chargement PDF avec la table des mati\u00e8res suivante :","breadcrumb":{"@id":"https:\/\/www.organisator.ch\/fr\/produit\/organisator-ausgabe-11-1990\/#breadcrumb"},"inLanguage":"fr-FR","potentialAction":[{"@type":"ReadAction","target":["https:\/\/www.organisator.ch\/fr\/produit\/organisator-ausgabe-11-1990\/"]}]},{"@type":"ImageObject","inLanguage":"fr-FR","@id":"https:\/\/www.organisator.ch\/fr\/produit\/organisator-ausgabe-11-1990\/#primaryimage","url":"https:\/\/www.organisator.ch\/wp-content\/uploads\/2022\/06\/organisator_1990_11.png","contentUrl":"https:\/\/www.organisator.ch\/wp-content\/uploads\/2022\/06\/organisator_1990_11.png","width":654,"height":370},{"@type":"BreadcrumbList","@id":"https:\/\/www.organisator.ch\/fr\/produit\/organisator-ausgabe-11-1990\/#breadcrumb","itemListElement":[{"@type":"ListItem","position":1,"name":"Home","item":"https:\/\/www.organisator.ch\/"},{"@type":"ListItem","position":2,"name":"Shop","item":"https:\/\/www.organisator.ch\/fr\/shop\/"},{"@type":"ListItem","position":3,"name":"Organisator Ausgabe 11\/1990"}]},{"@type":"WebSite","@id":"https:\/\/www.organisator.ch\/#website","url":"https:\/\/www.organisator.ch\/","name":"Organisateur","description":"Comp\u00e9tence et comp\u00e9tence. Proches de la pratique. L'ORGANISATEUR pr\u00e9pare 10 num\u00e9ros par an sur les th\u00e8mes essentiels pour les dirigeants de PME.","publisher":{"@id":"https:\/\/www.organisator.ch\/#organization"},"potentialAction":[{"@type":"SearchAction","target":{"@type":"EntryPoint","urlTemplate":"https:\/\/www.organisator.ch\/?s={search_term_string}"},"query-input":{"@type":"PropertyValueSpecification","valueRequired":true,"valueName":"search_term_string"}}],"inLanguage":"fr-FR"},{"@type":"Organization","@id":"https:\/\/www.organisator.ch\/#organization","name":"Organisateur","url":"https:\/\/www.organisator.ch\/","logo":{"@type":"ImageObject","inLanguage":"fr-FR","@id":"https:\/\/www.organisator.ch\/#\/schema\/logo\/image\/","url":"https:\/\/www.organisator.ch\/wp-content\/uploads\/2022\/01\/Logo_Organisator_Website.png","contentUrl":"https:\/\/www.organisator.ch\/wp-content\/uploads\/2022\/01\/Logo_Organisator_Website.png","width":800,"height":77,"caption":"Organisator"},"image":{"@id":"https:\/\/www.organisator.ch\/#\/schema\/logo\/image\/"},"sameAs":["https:\/\/www.facebook.com\/OrganisatorFachmagazin","https:\/\/www.linkedin.com\/showcase\/organisator-das-magazin-fr-kmu","https:\/\/www.xing.com\/news\/pages\/organisator-ch-695","https:\/\/www.youtube.com\/channel\/UCGP2Sq0iWaZwT3BdIAQFYpw"]}]}},"_links":{"self":[{"href":"https:\/\/www.organisator.ch\/fr\/wp-json\/wp\/v2\/product\/14492","targetHints":{"allow":["GET"]}}],"collection":[{"href":"https:\/\/www.organisator.ch\/fr\/wp-json\/wp\/v2\/product"}],"about":[{"href":"https:\/\/www.organisator.ch\/fr\/wp-json\/wp\/v2\/types\/product"}],"wp:featuredmedia":[{"embeddable":true,"href":"https:\/\/www.organisator.ch\/fr\/wp-json\/wp\/v2\/media\/14494"}],"wp:attachment":[{"href":"https:\/\/www.organisator.ch\/fr\/wp-json\/wp\/v2\/media?parent=14492"}],"wp:term":[{"taxonomy":"product_brand","embeddable":true,"href":"https:\/\/www.organisator.ch\/fr\/wp-json\/wp\/v2\/product_brand?post=14492"},{"taxonomy":"product_cat","embeddable":true,"href":"https:\/\/www.organisator.ch\/fr\/wp-json\/wp\/v2\/product_cat?post=14492"},{"taxonomy":"product_tag","embeddable":true,"href":"https:\/\/www.organisator.ch\/fr\/wp-json\/wp\/v2\/product_tag?post=14492"}],"curies":[{"name":"wp","href":"https:\/\/api.w.org\/{rel}","templated":true}]}}