{"id":14685,"date":"2022-06-14T14:05:06","date_gmt":"2022-06-14T12:05:06","guid":{"rendered":"https:\/\/www.organisator.ch\/?post_type=product&#038;p=14685"},"modified":"2022-06-14T14:05:06","modified_gmt":"2022-06-14T12:05:06","slug":"organisator-ausgabe-10-1992","status":"publish","type":"product","link":"https:\/\/www.organisator.ch\/fr\/produkt\/organisator-ausgabe-10-1992\/","title":{"rendered":"Organisateur \u00c9dition 10\/1992"},"content":{"rendered":"<h2>Qui, quand, comment et o\u00f9. Pourquoi ?<\/h2>\n<p>&nbsp;<\/p>\n<p>20 millions de souris suisses dans le monde entier, grande rocade chez NCR, bousculade \u00e0 l'\u00e9tage noble chez Xmit et barrages pleins - la rubrique \u00abA propos\u00bb est \u00e0 nouveau assez passionnante.<\/p>\n<p>&nbsp;<\/p>\n<h2>Nouveaut\u00e9s pratiques<\/h2>\n<p>Des t\u00e9l\u00e9phones, des lampes, des valises de pilote en mouvement, quelques merveilles techniques et, entre autres, les derni\u00e8res imprimantes et les derniers appareils de bureau.<br \/>\nT\u00e9l\u00e9phones portables - la r\u00e9colte a encore \u00e9t\u00e9 impressionnante.<\/p>\n<p>&nbsp;<\/p>\n<h2>Retour \u00e0 la qualit\u00e9<\/h2>\n<p>Les Suisses devraient ressortir l'arbal\u00e8te. Pour \u00eatre cher, il faut \u00eatre meilleur. La SAQ maintient la barre - et Lindt &amp; Spr\u00fcngli la franchit facilement.<\/p>\n<p>&nbsp;<\/p>\n<h2>Dieu a donn\u00e9 le temps.<\/h2>\n<p>... Il n'a pas parl\u00e9 d'urgence. C'est pourquoi nous vous proposons une s\u00e9lection des outils de planification du temps les plus r\u00e9cents et les plus attrayants, ainsi qu'un test d'auto-\u00e9valuation pour que vous puissiez d\u00e9couvrir ce que vous avez en fait toujours voulu.<\/p>\n<p>&nbsp;<\/p>\n<h2>Seulement M.U.T., B\u00e2le !<\/h2>\n<p>C'est \u00e0 l'instant m\u00eame qu'a lieu la nouvelle conception de l'Oeko-Austellung \u00e0 B\u00e2le. Le concept de la foire est bon, la balle est maintenant dans le camp des visiteurs.<\/p>\n<h2>\nNe pas avoir peur des virus<\/h2>\n<p>Lisez ici comment vous pouvez vous d\u00e9fendre contre ce fl\u00e9au \u00e9lectronique.<\/p>\n<p>&nbsp;<\/p>\n<h2>Le guide du bureau<\/h2>\n<p>Le salon \"Orgatec\" de Cologne est consid\u00e9r\u00e9 par les sp\u00e9cialistes comme le salon international de r\u00e9f\u00e9rence dans le domaine des fournitures de bureau, de l'organisation de bureau. Denz et ORGANISATOR vous invitent \u00e0 le visiter. Vous venez avec nous ?<\/p>\n<h2>\nL'Europe, un bienvenu<\/h2>\n<p>D\u00e9fi Dans le portrait d'ORGANISATOR, Thomas Zimmermann fait preuve de cran sur le grand march\u00e9. Mais il est aussi tr\u00e8s sportif par ailleurs. Avec en prime les derniers livres sur l'EEE et la CE.<\/p>\n<p>&nbsp;<\/p>\n<h2>Le Parlement est debout<\/h2>\n<p>Le Parlement de l'ORGANISATEUR est constitu\u00e9. Sa composition est tr\u00e8s int\u00e9ressante. Il entrera en fonction d\u00e8s le prochain num\u00e9ro.<\/p>\n<p>&nbsp;<\/p>\n<h2>La partie professionnelle et le service aux lecteurs<\/h2>\n<ul>\n<li>La SST vous invite \u00e0 sa r\u00e9union d'automne. Le th\u00e8me \u00e0 l'ordre du jour est \"l'organisation apprenante\".<\/li>\n<li>Le club des consultants avec une vieille tradition et une id\u00e9e am\u00e9ricaine : la soir\u00e9e VIsItenkarten. Pour tous ceux qui aiment<\/li>\n<li>faire de bonnes affaires.<\/li>\n<li>Des livres, des livres, des livres et des s\u00e9minaires - notre r\u00e9daction re\u00e7oit de plus en plus de commandes et d'inscriptions apr\u00e8s chaque num\u00e9ro (et nos lecteurs deviennent de plus en plus intelligents).<\/li>\n<li>Bien s\u00fbr, vous pouvez simplement fuir les probl\u00e8mes. Mais faites-le, s'il vous pla\u00eet, avec un chronom\u00e8tre \u00e0 la main. Markus Ryffel observe.<\/li>\n<li>La liste des avantages particuliers dont vous b\u00e9n\u00e9ficiez en tant qu'abonn\u00e9(e) ORGANISATEUR(trice) et membre de c\/o.<\/li>\n<\/ul>","protected":false},"excerpt":{"rendered":"<p>Re\u00e7oit la revue sp\u00e9cialis\u00e9e en langue allemande \"organisator\" dans le num\u00e9ro 10\/1992 en t\u00e9l\u00e9chargement PDF avec la table des mati\u00e8res suivante :<\/p>","protected":false},"featured_media":14687,"template":"","meta":{"_acf_changed":false,"articlekey":""},"product_brand":[],"product_cat":[546],"product_tag":[2955],"class_list":{"0":"post-14685","1":"product","2":"type-product","3":"status-publish","4":"has-post-thumbnail","6":"product_cat-einzelausgaben","7":"product_tag-2955","9":"first","10":"instock","11":"downloadable","12":"virtual","13":"taxable","14":"purchasable","15":"product-type-simple"},"acf":[],"yoast_head":"<!-- This site is optimized with the Yoast SEO plugin v27.5 - https:\/\/yoast.com\/product\/yoast-seo-wordpress\/ -->\n<title>Organisator Ausgabe 10\/1992 - Organisator<\/title>\n<meta name=\"description\" content=\"Erhalte die deutschsprachige Fachzeitschrift \u00aborganisator\u00bb in der Ausgabe 10\/1992 als PDF-Download mit nachfolgendem Inhaltsverzeichnis:\" \/>\n<meta name=\"robots\" content=\"index, follow, max-snippet:-1, max-image-preview:large, max-video-preview:-1\" \/>\n<link rel=\"canonical\" href=\"https:\/\/www.organisator.ch\/fr\/product\/organisator-ausgabe-10-1992\/\" \/>\n<meta property=\"og:locale\" content=\"fr_FR\" \/>\n<meta property=\"og:type\" content=\"article\" \/>\n<meta property=\"og:title\" content=\"Organisator Ausgabe 10\/1992 - Organisator\" \/>\n<meta property=\"og:description\" content=\"Erhalte die deutschsprachige Fachzeitschrift \u00aborganisator\u00bb in der Ausgabe 10\/1992 als PDF-Download mit nachfolgendem Inhaltsverzeichnis:\" \/>\n<meta property=\"og:url\" content=\"https:\/\/www.organisator.ch\/fr\/product\/organisator-ausgabe-10-1992\/\" \/>\n<meta property=\"og:site_name\" content=\"Organisator\" \/>\n<meta property=\"article:publisher\" content=\"https:\/\/www.facebook.com\/OrganisatorFachmagazin\" \/>\n<meta property=\"og:image\" content=\"https:\/\/www.organisator.ch\/wp-content\/uploads\/2022\/06\/organisator_1992_10.png\" \/>\n\t<meta property=\"og:image:width\" content=\"654\" \/>\n\t<meta property=\"og:image:height\" content=\"370\" \/>\n\t<meta property=\"og:image:type\" content=\"image\/png\" \/>\n<meta name=\"twitter:card\" content=\"summary_large_image\" \/>\n<script type=\"application\/ld+json\" class=\"yoast-schema-graph\">{\"@context\":\"https:\\\/\\\/schema.org\",\"@graph\":[{\"@type\":\"WebPage\",\"@id\":\"https:\\\/\\\/www.organisator.ch\\\/en\\\/product\\\/organisator-ausgabe-10-1992\\\/\",\"url\":\"https:\\\/\\\/www.organisator.ch\\\/en\\\/product\\\/organisator-ausgabe-10-1992\\\/\",\"name\":\"Organisator Ausgabe 10\\\/1992 - Organisator\",\"isPartOf\":{\"@id\":\"https:\\\/\\\/www.organisator.ch\\\/#website\"},\"primaryImageOfPage\":{\"@id\":\"https:\\\/\\\/www.organisator.ch\\\/en\\\/product\\\/organisator-ausgabe-10-1992\\\/#primaryimage\"},\"image\":{\"@id\":\"https:\\\/\\\/www.organisator.ch\\\/en\\\/product\\\/organisator-ausgabe-10-1992\\\/#primaryimage\"},\"thumbnailUrl\":\"https:\\\/\\\/www.organisator.ch\\\/wp-content\\\/uploads\\\/2022\\\/06\\\/organisator_1992_10.png\",\"datePublished\":\"2022-06-14T12:05:06+00:00\",\"description\":\"Erhalte die deutschsprachige Fachzeitschrift \u00aborganisator\u00bb in der Ausgabe 10\\\/1992 als PDF-Download mit nachfolgendem Inhaltsverzeichnis:\",\"breadcrumb\":{\"@id\":\"https:\\\/\\\/www.organisator.ch\\\/en\\\/product\\\/organisator-ausgabe-10-1992\\\/#breadcrumb\"},\"inLanguage\":\"fr-FR\",\"potentialAction\":[{\"@type\":\"ReadAction\",\"target\":[\"https:\\\/\\\/www.organisator.ch\\\/en\\\/product\\\/organisator-ausgabe-10-1992\\\/\"]}]},{\"@type\":\"ImageObject\",\"inLanguage\":\"fr-FR\",\"@id\":\"https:\\\/\\\/www.organisator.ch\\\/en\\\/product\\\/organisator-ausgabe-10-1992\\\/#primaryimage\",\"url\":\"https:\\\/\\\/www.organisator.ch\\\/wp-content\\\/uploads\\\/2022\\\/06\\\/organisator_1992_10.png\",\"contentUrl\":\"https:\\\/\\\/www.organisator.ch\\\/wp-content\\\/uploads\\\/2022\\\/06\\\/organisator_1992_10.png\",\"width\":654,\"height\":370},{\"@type\":\"BreadcrumbList\",\"@id\":\"https:\\\/\\\/www.organisator.ch\\\/en\\\/product\\\/organisator-ausgabe-10-1992\\\/#breadcrumb\",\"itemListElement\":[{\"@type\":\"ListItem\",\"position\":1,\"name\":\"Home\",\"item\":\"https:\\\/\\\/www.organisator.ch\\\/\"},{\"@type\":\"ListItem\",\"position\":2,\"name\":\"Shop\",\"item\":\"https:\\\/\\\/www.organisator.ch\\\/fr\\\/shop\\\/\"},{\"@type\":\"ListItem\",\"position\":3,\"name\":\"Organisator Ausgabe 10\\\/1992\"}]},{\"@type\":\"WebSite\",\"@id\":\"https:\\\/\\\/www.organisator.ch\\\/#website\",\"url\":\"https:\\\/\\\/www.organisator.ch\\\/\",\"name\":\"Organisator\",\"description\":\"Kompetent. Praxisnah. Der ORGANISATOR bereitet in 10 Ausgaben pro Jahr die wesentlichen Themen f\u00fcr F\u00fchrungskr\u00e4fte von KMU auf.\",\"publisher\":{\"@id\":\"https:\\\/\\\/www.organisator.ch\\\/#organization\"},\"potentialAction\":[{\"@type\":\"SearchAction\",\"target\":{\"@type\":\"EntryPoint\",\"urlTemplate\":\"https:\\\/\\\/www.organisator.ch\\\/?s={search_term_string}\"},\"query-input\":{\"@type\":\"PropertyValueSpecification\",\"valueRequired\":true,\"valueName\":\"search_term_string\"}}],\"inLanguage\":\"fr-FR\"},{\"@type\":\"Organization\",\"@id\":\"https:\\\/\\\/www.organisator.ch\\\/#organization\",\"name\":\"Organisator\",\"url\":\"https:\\\/\\\/www.organisator.ch\\\/\",\"logo\":{\"@type\":\"ImageObject\",\"inLanguage\":\"fr-FR\",\"@id\":\"https:\\\/\\\/www.organisator.ch\\\/#\\\/schema\\\/logo\\\/image\\\/\",\"url\":\"https:\\\/\\\/www.organisator.ch\\\/wp-content\\\/uploads\\\/2022\\\/01\\\/Logo_Organisator_Website.png\",\"contentUrl\":\"https:\\\/\\\/www.organisator.ch\\\/wp-content\\\/uploads\\\/2022\\\/01\\\/Logo_Organisator_Website.png\",\"width\":800,\"height\":77,\"caption\":\"Organisator\"},\"image\":{\"@id\":\"https:\\\/\\\/www.organisator.ch\\\/#\\\/schema\\\/logo\\\/image\\\/\"},\"sameAs\":[\"https:\\\/\\\/www.facebook.com\\\/OrganisatorFachmagazin\",\"https:\\\/\\\/www.linkedin.com\\\/showcase\\\/organisator-das-magazin-fr-kmu\",\"https:\\\/\\\/www.xing.com\\\/news\\\/pages\\\/organisator-ch-695\",\"https:\\\/\\\/www.youtube.com\\\/channel\\\/UCGP2Sq0iWaZwT3BdIAQFYpw\"]}]}<\/script>\n<!-- \/ Yoast SEO plugin. -->","yoast_head_json":{"title":"Organisateur \u00c9dition 10\/1992 - Organisateur","description":"Re\u00e7oit la revue sp\u00e9cialis\u00e9e en langue allemande \"organisator\" dans le num\u00e9ro 10\/1992 en t\u00e9l\u00e9chargement PDF avec la table des mati\u00e8res suivante :","robots":{"index":"index","follow":"follow","max-snippet":"max-snippet:-1","max-image-preview":"max-image-preview:large","max-video-preview":"max-video-preview:-1"},"canonical":"https:\/\/www.organisator.ch\/fr\/product\/organisator-ausgabe-10-1992\/","og_locale":"fr_FR","og_type":"article","og_title":"Organisator Ausgabe 10\/1992 - Organisator","og_description":"Erhalte die deutschsprachige Fachzeitschrift \u00aborganisator\u00bb in der Ausgabe 10\/1992 als PDF-Download mit nachfolgendem Inhaltsverzeichnis:","og_url":"https:\/\/www.organisator.ch\/fr\/product\/organisator-ausgabe-10-1992\/","og_site_name":"Organisator","article_publisher":"https:\/\/www.facebook.com\/OrganisatorFachmagazin","og_image":[{"width":654,"height":370,"url":"https:\/\/www.organisator.ch\/wp-content\/uploads\/2022\/06\/organisator_1992_10.png","type":"image\/png"}],"twitter_card":"summary_large_image","schema":{"@context":"https:\/\/schema.org","@graph":[{"@type":"WebPage","@id":"https:\/\/www.organisator.ch\/en\/product\/organisator-ausgabe-10-1992\/","url":"https:\/\/www.organisator.ch\/en\/product\/organisator-ausgabe-10-1992\/","name":"Organisateur \u00c9dition 10\/1992 - Organisateur","isPartOf":{"@id":"https:\/\/www.organisator.ch\/#website"},"primaryImageOfPage":{"@id":"https:\/\/www.organisator.ch\/en\/product\/organisator-ausgabe-10-1992\/#primaryimage"},"image":{"@id":"https:\/\/www.organisator.ch\/en\/product\/organisator-ausgabe-10-1992\/#primaryimage"},"thumbnailUrl":"https:\/\/www.organisator.ch\/wp-content\/uploads\/2022\/06\/organisator_1992_10.png","datePublished":"2022-06-14T12:05:06+00:00","description":"Re\u00e7oit la revue sp\u00e9cialis\u00e9e en langue allemande \"organisator\" dans le num\u00e9ro 10\/1992 en t\u00e9l\u00e9chargement PDF avec la table des mati\u00e8res suivante :","breadcrumb":{"@id":"https:\/\/www.organisator.ch\/en\/product\/organisator-ausgabe-10-1992\/#breadcrumb"},"inLanguage":"fr-FR","potentialAction":[{"@type":"ReadAction","target":["https:\/\/www.organisator.ch\/en\/product\/organisator-ausgabe-10-1992\/"]}]},{"@type":"ImageObject","inLanguage":"fr-FR","@id":"https:\/\/www.organisator.ch\/en\/product\/organisator-ausgabe-10-1992\/#primaryimage","url":"https:\/\/www.organisator.ch\/wp-content\/uploads\/2022\/06\/organisator_1992_10.png","contentUrl":"https:\/\/www.organisator.ch\/wp-content\/uploads\/2022\/06\/organisator_1992_10.png","width":654,"height":370},{"@type":"BreadcrumbList","@id":"https:\/\/www.organisator.ch\/en\/product\/organisator-ausgabe-10-1992\/#breadcrumb","itemListElement":[{"@type":"ListItem","position":1,"name":"Home","item":"https:\/\/www.organisator.ch\/"},{"@type":"ListItem","position":2,"name":"Shop","item":"https:\/\/www.organisator.ch\/fr\/shop\/"},{"@type":"ListItem","position":3,"name":"Organisator Ausgabe 10\/1992"}]},{"@type":"WebSite","@id":"https:\/\/www.organisator.ch\/#website","url":"https:\/\/www.organisator.ch\/","name":"Organisateur","description":"Comp\u00e9tence et comp\u00e9tence. Proches de la pratique. L'ORGANISATEUR pr\u00e9pare 10 num\u00e9ros par an sur les th\u00e8mes essentiels pour les dirigeants de PME.","publisher":{"@id":"https:\/\/www.organisator.ch\/#organization"},"potentialAction":[{"@type":"SearchAction","target":{"@type":"EntryPoint","urlTemplate":"https:\/\/www.organisator.ch\/?s={search_term_string}"},"query-input":{"@type":"PropertyValueSpecification","valueRequired":true,"valueName":"search_term_string"}}],"inLanguage":"fr-FR"},{"@type":"Organization","@id":"https:\/\/www.organisator.ch\/#organization","name":"Organisateur","url":"https:\/\/www.organisator.ch\/","logo":{"@type":"ImageObject","inLanguage":"fr-FR","@id":"https:\/\/www.organisator.ch\/#\/schema\/logo\/image\/","url":"https:\/\/www.organisator.ch\/wp-content\/uploads\/2022\/01\/Logo_Organisator_Website.png","contentUrl":"https:\/\/www.organisator.ch\/wp-content\/uploads\/2022\/01\/Logo_Organisator_Website.png","width":800,"height":77,"caption":"Organisator"},"image":{"@id":"https:\/\/www.organisator.ch\/#\/schema\/logo\/image\/"},"sameAs":["https:\/\/www.facebook.com\/OrganisatorFachmagazin","https:\/\/www.linkedin.com\/showcase\/organisator-das-magazin-fr-kmu","https:\/\/www.xing.com\/news\/pages\/organisator-ch-695","https:\/\/www.youtube.com\/channel\/UCGP2Sq0iWaZwT3BdIAQFYpw"]}]}},"_links":{"self":[{"href":"https:\/\/www.organisator.ch\/fr\/wp-json\/wp\/v2\/product\/14685","targetHints":{"allow":["GET"]}}],"collection":[{"href":"https:\/\/www.organisator.ch\/fr\/wp-json\/wp\/v2\/product"}],"about":[{"href":"https:\/\/www.organisator.ch\/fr\/wp-json\/wp\/v2\/types\/product"}],"wp:featuredmedia":[{"embeddable":true,"href":"https:\/\/www.organisator.ch\/fr\/wp-json\/wp\/v2\/media\/14687"}],"wp:attachment":[{"href":"https:\/\/www.organisator.ch\/fr\/wp-json\/wp\/v2\/media?parent=14685"}],"wp:term":[{"taxonomy":"product_brand","embeddable":true,"href":"https:\/\/www.organisator.ch\/fr\/wp-json\/wp\/v2\/product_brand?post=14685"},{"taxonomy":"product_cat","embeddable":true,"href":"https:\/\/www.organisator.ch\/fr\/wp-json\/wp\/v2\/product_cat?post=14685"},{"taxonomy":"product_tag","embeddable":true,"href":"https:\/\/www.organisator.ch\/fr\/wp-json\/wp\/v2\/product_tag?post=14685"}],"curies":[{"name":"wp","href":"https:\/\/api.w.org\/{rel}","templated":true}]}}