{"id":14692,"date":"2022-06-14T14:26:35","date_gmt":"2022-06-14T12:26:35","guid":{"rendered":"https:\/\/www.organisator.ch\/?post_type=product&#038;p=14692"},"modified":"2022-06-14T14:26:35","modified_gmt":"2022-06-14T12:26:35","slug":"organisator-ausgabe-7-8-1992","status":"publish","type":"product","link":"https:\/\/www.organisator.ch\/fr\/produkt\/organisator-ausgabe-7-8-1992\/","title":{"rendered":"Organisateur \u00c9dition 7-8\/1992"},"content":{"rendered":"<h2>Un dialogue unique<\/h2>\n<p>ORGANISATOR propose \u00e0 ses lecteurs la cr\u00e9ation du Parlement ORGANISATOR. Il reste encore quelques fauteuils \u00e0 pourvoir.<\/p>\n<p>&nbsp;<\/p>\n<h2>Traditions anciennes<\/h2>\n<p>L'ORGANISATEUR reprend le flambeau avec sa chronique \u00abMercurius\u00bb. La r\u00e9daction y annonce la couleur - cette fois-ci sur la r\u00e9cession en Suisse et pour qui elle n'est plus valable.<\/p>\n<p>&nbsp;<\/p>\n<h2>Qui, quand, comment, o\u00f9 et pourquoi ?<\/h2>\n<p>La Poste prend le pas sur les banques, Schweizer R\u00fcck compte les catastrophes de ce monde, le professeur Thom pense \u00e0 Rodin, les Genevois veulent savoir (avec Burexpo 93).<\/p>\n<p>&nbsp;<\/p>\n<h2>Pris dans le filet<\/h2>\n<p>L'ORGANISATEUR est un des grands p\u00eacheurs : un entretien \u00e9clairant avec Arthur H\u00f6ner-van Gogh<br \/>\nsur les r\u00e9seaux de relations personnelles et les strat\u00e9gies de r\u00e9seautage.<\/p>\n<p>&nbsp;<\/p>\n<h2>Alors que Blocher et M\u00fchlemann...<\/h2>\n<p>sur l'EEE et la CE, l'ORGANISATEUR commence une s\u00e9rie informative : \u00abCompte \u00e0 rebours CE\u00bb. Pour que les<br \/>\nNous voulons que les personnes qui ont envie d'Europe parmi nous puissent acqu\u00e9rir la performance europ\u00e9enne n\u00e9cessaire.<\/p>\n<p>&nbsp;<\/p>\n<h2>Nouvelles aides pratiques<\/h2>\n<p>La quantit\u00e9 d'informations qui nous parviennent sur des nouveaut\u00e9s impressionnantes est \u00e9norme. Nous avons essay\u00e9 de trouver une<br \/>\nVous pouvez choisir la s\u00e9lection qui vous int\u00e9resse. Si ce n'est pas le cas, n'h\u00e9sitez pas \u00e0 faire une r\u00e9clamation.une carte sp\u00e9ciale est disponible \u00e0 cet effet dans chaque ORGANISATEUR.<\/p>\n<p>&nbsp;<\/p>\n<h2>Ainsi, les chefs sont assis<\/h2>\n<p>L'\u00e9quipement technique et la fonctionnalit\u00e9 d'un poste de travail de direction vont de soi.<br \/>\nC'est une question secondaire. On peut se concentrer sur le design. Nous en avons rassembl\u00e9 une large s\u00e9lection.<\/p>\n<p>&nbsp;<\/p>\n<h2>Un peu petit<\/h2>\n<p>Est le premier \u00abOrbit\u00bb, bien que sous ce nom soient r\u00e9unis \u00abB\u00fcfa\u00bb et \u00abSwissdata\u00bb.<br \/>\nElle reste n\u00e9anmoins, et de loin, la plus grande exposition suisse de ce type. Un premier aper\u00e7u des premi\u00e8res mondiales, europ\u00e9ennes et suisses.<\/p>\n<p>&nbsp;<\/p>\n<h2>La partie professionnelle et le service aux lecteurs<\/h2>\n<p>&nbsp;<\/p>\n<ul>\n<li>est cette fois une v\u00e9ritable mine d'or. Il vaut la peine de s'y plonger.<\/li>\n<li>Une histoire de gaz tr\u00e8s int\u00e9ressante sur le mod\u00e8le de calcul permanent du personnel de l'assurance Helvetia.<\/li>\n<li>les derniers livres s\u00e9lectionn\u00e9s pour vous<\/li>\n<li>les principales offres de formation continue de diff\u00e9rents organisateurs de s\u00e9minaires.<\/li>\n<li>deux offres de march\u00e9 test \u00e0 ne pas manquer.<\/li>\n<li>une joyeuse invitation \u00e0 naviguer.<\/li>\n<li>Le site d'Id\u00e9e Suisse.<\/li>\n<li>Le site du Consultant Club et la liste la plus r\u00e9cente des avantages particuliers dont vous b\u00e9n\u00e9ficiez en tant que membre de l'ORGANISATEUR et de c\/o-Cluhm.<\/li>\n<\/ul>","protected":false},"excerpt":{"rendered":"<p>Re\u00e7oit la revue sp\u00e9cialis\u00e9e en langue allemande \"organisator\" dans le num\u00e9ro 7-8\/1992 en t\u00e9l\u00e9chargement PDF avec la table des mati\u00e8res ci-dessous :<\/p>","protected":false},"featured_media":14695,"template":"","meta":{"_acf_changed":false,"articlekey":""},"product_brand":[],"product_cat":[546],"product_tag":[2955],"class_list":{"0":"post-14692","1":"product","2":"type-product","3":"status-publish","4":"has-post-thumbnail","6":"product_cat-einzelausgaben","7":"product_tag-2955","9":"first","10":"instock","11":"downloadable","12":"virtual","13":"taxable","14":"purchasable","15":"product-type-simple"},"acf":[],"yoast_head":"<!-- This site is optimized with the Yoast SEO plugin v27.5 - https:\/\/yoast.com\/product\/yoast-seo-wordpress\/ -->\n<title>Organisator Ausgabe 7-8\/1992 - Organisator<\/title>\n<meta name=\"description\" content=\"Erhalte die deutschsprachige Fachzeitschrift \u00aborganisator\u00bb in der Ausgabe 7-8\/1992 als PDF-Download mit nachfolgendem Inhaltsverzeichnis:\" \/>\n<meta name=\"robots\" content=\"index, follow, max-snippet:-1, max-image-preview:large, max-video-preview:-1\" \/>\n<link rel=\"canonical\" href=\"https:\/\/www.organisator.ch\/fr\/produit\/organisator-ausgabe-7-8-1992\/\" \/>\n<meta property=\"og:locale\" content=\"fr_FR\" \/>\n<meta property=\"og:type\" content=\"article\" \/>\n<meta property=\"og:title\" content=\"Organisator Ausgabe 7-8\/1992 - Organisator\" \/>\n<meta property=\"og:description\" content=\"Erhalte die deutschsprachige Fachzeitschrift \u00aborganisator\u00bb in der Ausgabe 7-8\/1992 als PDF-Download mit nachfolgendem Inhaltsverzeichnis:\" \/>\n<meta property=\"og:url\" content=\"https:\/\/www.organisator.ch\/fr\/produit\/organisator-ausgabe-7-8-1992\/\" \/>\n<meta property=\"og:site_name\" content=\"Organisator\" \/>\n<meta property=\"article:publisher\" content=\"https:\/\/www.facebook.com\/OrganisatorFachmagazin\" \/>\n<meta property=\"og:image\" content=\"https:\/\/www.organisator.ch\/wp-content\/uploads\/2022\/06\/organisator_1992_7-8.png\" \/>\n\t<meta property=\"og:image:width\" content=\"654\" \/>\n\t<meta property=\"og:image:height\" content=\"370\" \/>\n\t<meta property=\"og:image:type\" content=\"image\/png\" \/>\n<meta name=\"twitter:card\" content=\"summary_large_image\" \/>\n<script type=\"application\/ld+json\" class=\"yoast-schema-graph\">{\"@context\":\"https:\\\/\\\/schema.org\",\"@graph\":[{\"@type\":\"WebPage\",\"@id\":\"https:\\\/\\\/www.organisator.ch\\\/it\\\/prodotto\\\/organisator-ausgabe-7-8-1992\\\/\",\"url\":\"https:\\\/\\\/www.organisator.ch\\\/it\\\/prodotto\\\/organisator-ausgabe-7-8-1992\\\/\",\"name\":\"Organisator Ausgabe 7-8\\\/1992 - Organisator\",\"isPartOf\":{\"@id\":\"https:\\\/\\\/www.organisator.ch\\\/#website\"},\"primaryImageOfPage\":{\"@id\":\"https:\\\/\\\/www.organisator.ch\\\/it\\\/prodotto\\\/organisator-ausgabe-7-8-1992\\\/#primaryimage\"},\"image\":{\"@id\":\"https:\\\/\\\/www.organisator.ch\\\/it\\\/prodotto\\\/organisator-ausgabe-7-8-1992\\\/#primaryimage\"},\"thumbnailUrl\":\"https:\\\/\\\/www.organisator.ch\\\/wp-content\\\/uploads\\\/2022\\\/06\\\/organisator_1992_7-8.png\",\"datePublished\":\"2022-06-14T12:26:35+00:00\",\"description\":\"Erhalte die deutschsprachige Fachzeitschrift \u00aborganisator\u00bb in der Ausgabe 7-8\\\/1992 als PDF-Download mit nachfolgendem Inhaltsverzeichnis:\",\"breadcrumb\":{\"@id\":\"https:\\\/\\\/www.organisator.ch\\\/it\\\/prodotto\\\/organisator-ausgabe-7-8-1992\\\/#breadcrumb\"},\"inLanguage\":\"fr-FR\",\"potentialAction\":[{\"@type\":\"ReadAction\",\"target\":[\"https:\\\/\\\/www.organisator.ch\\\/it\\\/prodotto\\\/organisator-ausgabe-7-8-1992\\\/\"]}]},{\"@type\":\"ImageObject\",\"inLanguage\":\"fr-FR\",\"@id\":\"https:\\\/\\\/www.organisator.ch\\\/it\\\/prodotto\\\/organisator-ausgabe-7-8-1992\\\/#primaryimage\",\"url\":\"https:\\\/\\\/www.organisator.ch\\\/wp-content\\\/uploads\\\/2022\\\/06\\\/organisator_1992_7-8.png\",\"contentUrl\":\"https:\\\/\\\/www.organisator.ch\\\/wp-content\\\/uploads\\\/2022\\\/06\\\/organisator_1992_7-8.png\",\"width\":654,\"height\":370},{\"@type\":\"BreadcrumbList\",\"@id\":\"https:\\\/\\\/www.organisator.ch\\\/it\\\/prodotto\\\/organisator-ausgabe-7-8-1992\\\/#breadcrumb\",\"itemListElement\":[{\"@type\":\"ListItem\",\"position\":1,\"name\":\"Home\",\"item\":\"https:\\\/\\\/www.organisator.ch\\\/\"},{\"@type\":\"ListItem\",\"position\":2,\"name\":\"Shop\",\"item\":\"https:\\\/\\\/www.organisator.ch\\\/fr\\\/shop\\\/\"},{\"@type\":\"ListItem\",\"position\":3,\"name\":\"Organisator Ausgabe 7-8\\\/1992\"}]},{\"@type\":\"WebSite\",\"@id\":\"https:\\\/\\\/www.organisator.ch\\\/#website\",\"url\":\"https:\\\/\\\/www.organisator.ch\\\/\",\"name\":\"Organisator\",\"description\":\"Kompetent. Praxisnah. Der ORGANISATOR bereitet in 10 Ausgaben pro Jahr die wesentlichen Themen f\u00fcr F\u00fchrungskr\u00e4fte von KMU auf.\",\"publisher\":{\"@id\":\"https:\\\/\\\/www.organisator.ch\\\/#organization\"},\"potentialAction\":[{\"@type\":\"SearchAction\",\"target\":{\"@type\":\"EntryPoint\",\"urlTemplate\":\"https:\\\/\\\/www.organisator.ch\\\/?s={search_term_string}\"},\"query-input\":{\"@type\":\"PropertyValueSpecification\",\"valueRequired\":true,\"valueName\":\"search_term_string\"}}],\"inLanguage\":\"fr-FR\"},{\"@type\":\"Organization\",\"@id\":\"https:\\\/\\\/www.organisator.ch\\\/#organization\",\"name\":\"Organisator\",\"url\":\"https:\\\/\\\/www.organisator.ch\\\/\",\"logo\":{\"@type\":\"ImageObject\",\"inLanguage\":\"fr-FR\",\"@id\":\"https:\\\/\\\/www.organisator.ch\\\/#\\\/schema\\\/logo\\\/image\\\/\",\"url\":\"https:\\\/\\\/www.organisator.ch\\\/wp-content\\\/uploads\\\/2022\\\/01\\\/Logo_Organisator_Website.png\",\"contentUrl\":\"https:\\\/\\\/www.organisator.ch\\\/wp-content\\\/uploads\\\/2022\\\/01\\\/Logo_Organisator_Website.png\",\"width\":800,\"height\":77,\"caption\":\"Organisator\"},\"image\":{\"@id\":\"https:\\\/\\\/www.organisator.ch\\\/#\\\/schema\\\/logo\\\/image\\\/\"},\"sameAs\":[\"https:\\\/\\\/www.facebook.com\\\/OrganisatorFachmagazin\",\"https:\\\/\\\/www.linkedin.com\\\/showcase\\\/organisator-das-magazin-fr-kmu\",\"https:\\\/\\\/www.xing.com\\\/news\\\/pages\\\/organisator-ch-695\",\"https:\\\/\\\/www.youtube.com\\\/channel\\\/UCGP2Sq0iWaZwT3BdIAQFYpw\"]}]}<\/script>\n<!-- \/ Yoast SEO plugin. -->","yoast_head_json":{"title":"Organisateur \u00c9dition 7-8\/1992 - Organisateur","description":"Re\u00e7oit la revue sp\u00e9cialis\u00e9e en langue allemande \"organisator\" dans le num\u00e9ro 7-8\/1992 en t\u00e9l\u00e9chargement PDF avec la table des mati\u00e8res ci-dessous :","robots":{"index":"index","follow":"follow","max-snippet":"max-snippet:-1","max-image-preview":"max-image-preview:large","max-video-preview":"max-video-preview:-1"},"canonical":"https:\/\/www.organisator.ch\/fr\/produit\/organisator-ausgabe-7-8-1992\/","og_locale":"fr_FR","og_type":"article","og_title":"Organisator Ausgabe 7-8\/1992 - Organisator","og_description":"Erhalte die deutschsprachige Fachzeitschrift \u00aborganisator\u00bb in der Ausgabe 7-8\/1992 als PDF-Download mit nachfolgendem Inhaltsverzeichnis:","og_url":"https:\/\/www.organisator.ch\/fr\/produit\/organisator-ausgabe-7-8-1992\/","og_site_name":"Organisator","article_publisher":"https:\/\/www.facebook.com\/OrganisatorFachmagazin","og_image":[{"width":654,"height":370,"url":"https:\/\/www.organisator.ch\/wp-content\/uploads\/2022\/06\/organisator_1992_7-8.png","type":"image\/png"}],"twitter_card":"summary_large_image","schema":{"@context":"https:\/\/schema.org","@graph":[{"@type":"WebPage","@id":"https:\/\/www.organisator.ch\/it\/prodotto\/organisator-ausgabe-7-8-1992\/","url":"https:\/\/www.organisator.ch\/it\/prodotto\/organisator-ausgabe-7-8-1992\/","name":"Organisateur \u00c9dition 7-8\/1992 - Organisateur","isPartOf":{"@id":"https:\/\/www.organisator.ch\/#website"},"primaryImageOfPage":{"@id":"https:\/\/www.organisator.ch\/it\/prodotto\/organisator-ausgabe-7-8-1992\/#primaryimage"},"image":{"@id":"https:\/\/www.organisator.ch\/it\/prodotto\/organisator-ausgabe-7-8-1992\/#primaryimage"},"thumbnailUrl":"https:\/\/www.organisator.ch\/wp-content\/uploads\/2022\/06\/organisator_1992_7-8.png","datePublished":"2022-06-14T12:26:35+00:00","description":"Re\u00e7oit la revue sp\u00e9cialis\u00e9e en langue allemande \"organisator\" dans le num\u00e9ro 7-8\/1992 en t\u00e9l\u00e9chargement PDF avec la table des mati\u00e8res ci-dessous :","breadcrumb":{"@id":"https:\/\/www.organisator.ch\/it\/prodotto\/organisator-ausgabe-7-8-1992\/#breadcrumb"},"inLanguage":"fr-FR","potentialAction":[{"@type":"ReadAction","target":["https:\/\/www.organisator.ch\/it\/prodotto\/organisator-ausgabe-7-8-1992\/"]}]},{"@type":"ImageObject","inLanguage":"fr-FR","@id":"https:\/\/www.organisator.ch\/it\/prodotto\/organisator-ausgabe-7-8-1992\/#primaryimage","url":"https:\/\/www.organisator.ch\/wp-content\/uploads\/2022\/06\/organisator_1992_7-8.png","contentUrl":"https:\/\/www.organisator.ch\/wp-content\/uploads\/2022\/06\/organisator_1992_7-8.png","width":654,"height":370},{"@type":"BreadcrumbList","@id":"https:\/\/www.organisator.ch\/it\/prodotto\/organisator-ausgabe-7-8-1992\/#breadcrumb","itemListElement":[{"@type":"ListItem","position":1,"name":"Home","item":"https:\/\/www.organisator.ch\/"},{"@type":"ListItem","position":2,"name":"Shop","item":"https:\/\/www.organisator.ch\/fr\/shop\/"},{"@type":"ListItem","position":3,"name":"Organisator Ausgabe 7-8\/1992"}]},{"@type":"WebSite","@id":"https:\/\/www.organisator.ch\/#website","url":"https:\/\/www.organisator.ch\/","name":"Organisateur","description":"Comp\u00e9tence et comp\u00e9tence. Proches de la pratique. L'ORGANISATEUR pr\u00e9pare 10 num\u00e9ros par an sur les th\u00e8mes essentiels pour les dirigeants de PME.","publisher":{"@id":"https:\/\/www.organisator.ch\/#organization"},"potentialAction":[{"@type":"SearchAction","target":{"@type":"EntryPoint","urlTemplate":"https:\/\/www.organisator.ch\/?s={search_term_string}"},"query-input":{"@type":"PropertyValueSpecification","valueRequired":true,"valueName":"search_term_string"}}],"inLanguage":"fr-FR"},{"@type":"Organization","@id":"https:\/\/www.organisator.ch\/#organization","name":"Organisateur","url":"https:\/\/www.organisator.ch\/","logo":{"@type":"ImageObject","inLanguage":"fr-FR","@id":"https:\/\/www.organisator.ch\/#\/schema\/logo\/image\/","url":"https:\/\/www.organisator.ch\/wp-content\/uploads\/2022\/01\/Logo_Organisator_Website.png","contentUrl":"https:\/\/www.organisator.ch\/wp-content\/uploads\/2022\/01\/Logo_Organisator_Website.png","width":800,"height":77,"caption":"Organisator"},"image":{"@id":"https:\/\/www.organisator.ch\/#\/schema\/logo\/image\/"},"sameAs":["https:\/\/www.facebook.com\/OrganisatorFachmagazin","https:\/\/www.linkedin.com\/showcase\/organisator-das-magazin-fr-kmu","https:\/\/www.xing.com\/news\/pages\/organisator-ch-695","https:\/\/www.youtube.com\/channel\/UCGP2Sq0iWaZwT3BdIAQFYpw"]}]}},"_links":{"self":[{"href":"https:\/\/www.organisator.ch\/fr\/wp-json\/wp\/v2\/product\/14692","targetHints":{"allow":["GET"]}}],"collection":[{"href":"https:\/\/www.organisator.ch\/fr\/wp-json\/wp\/v2\/product"}],"about":[{"href":"https:\/\/www.organisator.ch\/fr\/wp-json\/wp\/v2\/types\/product"}],"wp:featuredmedia":[{"embeddable":true,"href":"https:\/\/www.organisator.ch\/fr\/wp-json\/wp\/v2\/media\/14695"}],"wp:attachment":[{"href":"https:\/\/www.organisator.ch\/fr\/wp-json\/wp\/v2\/media?parent=14692"}],"wp:term":[{"taxonomy":"product_brand","embeddable":true,"href":"https:\/\/www.organisator.ch\/fr\/wp-json\/wp\/v2\/product_brand?post=14692"},{"taxonomy":"product_cat","embeddable":true,"href":"https:\/\/www.organisator.ch\/fr\/wp-json\/wp\/v2\/product_cat?post=14692"},{"taxonomy":"product_tag","embeddable":true,"href":"https:\/\/www.organisator.ch\/fr\/wp-json\/wp\/v2\/product_tag?post=14692"}],"curies":[{"name":"wp","href":"https:\/\/api.w.org\/{rel}","templated":true}]}}