{"id":14765,"date":"2022-06-15T04:06:40","date_gmt":"2022-06-15T02:06:40","guid":{"rendered":"https:\/\/www.organisator.ch\/?post_type=product&#038;p=14765"},"modified":"2022-06-15T04:06:40","modified_gmt":"2022-06-15T02:06:40","slug":"organisator-ausgabe-11-1994","status":"publish","type":"product","link":"https:\/\/www.organisator.ch\/fr\/produkt\/organisator-ausgabe-11-1994\/","title":{"rendered":"Organisateur \u00c9dition 11\/1994"},"content":{"rendered":"<h2>Vendre - un art !<\/h2>\n<p>&nbsp;<\/p>\n<ul>\n<li>Entretien ORGANISATEUR avec la vendeuse professionnelle Verena Aegerter : Tant de gens ont \u00e7a en eux !<\/li>\n<li>Portrait de l'association \"Vente Suisse\":Le moteur de l'\u00e9conomie !<\/li>\n<li>Le vendeur du point de vue de l'acheteur 1<\/li>\n<li>Les mots n\u00e9gatifs ont le vent en poupe<\/li>\n<\/ul>\n<p>&nbsp;<\/p>\n<h3>Gestion et organisation<\/h3>\n<p>&nbsp;<\/p>\n<ul>\n<li>Gestion ax\u00e9e sur les r\u00e9sultats : votre syst\u00e8me de bonus a-t-il suivi le changement ?<\/li>\n<li>Information de gestion : une information correcte cr\u00e9e de la valeur ajout\u00e9e<\/li>\n<\/ul>\n<p>&nbsp;<\/p>\n<p>&nbsp;<\/p>\n<h3>Performance personnelle<\/h3>\n<p>&nbsp;<\/p>\n<ul>\n<li>L'entreprise en croissance : De leader \u00e0 leader<\/li>\n<li>Enqu\u00eate ORGANISATEUR-PARLEMENT sur le temps de travail :<\/li>\n<li>Nous sommes devenus une soci\u00e9t\u00e9 de Chronos<\/li>\n<li>EKS nouveau Dans l'ORGANISATEUR : se concentrer au lieu de se disperser<\/li>\n<\/ul>\n<p>&nbsp;<\/p>\n<h3>Organisation + Informatique<\/h3>\n<p>&nbsp;<\/p>\n<ul>\n<li>Les syst\u00e8mes de flux de travail : Une nouvelle fa\u00e7on de penser l'organisation et le traitement des donn\u00e9es<\/li>\n<li>Groupware:Gadget ou facteur de r\u00e9ussite strat\u00e9gique ?<\/li>\n<li>Savoir-faire informatique : qui doit savoir quoi sur les ordinateurs ?<\/li>\n<\/ul>\n<p>&nbsp;<\/p>\n<h3>Ressources humaines<\/h3>\n<p>&nbsp;<\/p>\n<ul>\n<li>R\u00e9orientation des ressources humaines II : entre stagnation et bouleversement<\/li>\n<\/ul>\n<p>&nbsp;<\/p>\n<h3>Finance<\/h3>\n<p>&nbsp;<\/p>\n<ul>\n<li>De l'ICHA \u00e0 la TVA : assistance en fin d'ann\u00e9e<\/li>\n<\/ul>\n<p>&nbsp;<\/p>\n<h3>Publication sp\u00e9ciale sur les connaissances sp\u00e9cialis\u00e9es (suppl\u00e9ment)<\/h3>\n<p>&nbsp;<\/p>\n<ul>\n<li>Extrait du contenu : - Pas de carri\u00e8re sans comp\u00e9tences sociales<\/li>\n<li>30 minutes de lecture par livre ?<\/li>\n<li>Portraits de leaders de la formation continue<br \/>\nLitt\u00e9rature sp\u00e9cialis\u00e9e en management<\/li>\n<\/ul>\n<p>&nbsp;<\/p>\n<h2>Partie information et service<\/h2>\n<p>&nbsp;<\/p>\n<ul>\n<li>Ch\u00e8re lectrice, cher lecteur<\/li>\n<li>Sur<\/li>\n<li>Nouveau<\/li>\n<li>Conseil - Adresses de conseillers d'entreprise<\/li>\n<li>Pages informatiques Logiciel de gestion du temps<\/li>\n<li>Clubs et associations Consultant Club : \u00c9v\u00e9nements<\/li>\n<li>Clubs Efficacit\u00e9 : \u00e9v\u00e9nements 54<\/li>\n<li>Idee-Suisse:La reprise commence - que faites-vous ?<\/li>\n<li>Psilog : le lien avec d'autres mondes<\/li>\n<li>Ruf Club:Au d\u00e9part, il y avait une id\u00e9e<\/li>\n<li>SGO : Programme du 1er semestre 95<\/li>\n<\/ul>\n<p>&nbsp;<\/p>\n<h3>\nFormation continue<\/h3>\n<p>&nbsp;<\/p>\n<ul>\n<li>Relations \u00e9conomiques Suisse-Europe de l'Est : un march\u00e9 d'avenir ? Un podium de la CE<\/li>\n<li>Nouveaut\u00e9 chez Imaka : formation de responsable des ressources humaines<\/li>\n<li>NOUVEAU ! Calendrier des manifestations : cours, s\u00e9minaires, \u00e9v\u00e9nements<\/li>\n<\/ul>\n<p>&nbsp;<\/p>\n<h3>Litt\u00e9rature<\/h3>\n<ul>\n<li>Pour cette fois, ce domaine est pris en charge par la publication sp\u00e9ciale ci-jointe \"Fach wissen\".<\/li>\n<\/ul>\n<p>&nbsp;<\/p>\n<h3>Pour compenser et conclure<\/h3>\n<p>&nbsp;<\/p>\n<ul>\n<li>Boutique ORGANISATOR Premi\u00e8res id\u00e9es pour No\u00ebl !<\/li>\n<li>page c\/o avec aper\u00e7u<\/li>\n<\/ul>","protected":false},"excerpt":{"rendered":"<p>Re\u00e7oit la revue sp\u00e9cialis\u00e9e en langue allemande \"organisator\" dans le num\u00e9ro 11\/1994 en t\u00e9l\u00e9chargement PDF avec la table des mati\u00e8res suivante :<\/p>","protected":false},"featured_media":14767,"template":"","meta":{"_acf_changed":false,"articlekey":""},"product_brand":[],"product_cat":[546],"product_tag":[2957],"class_list":{"0":"post-14765","1":"product","2":"type-product","3":"status-publish","4":"has-post-thumbnail","6":"product_cat-einzelausgaben","7":"product_tag-2957","9":"first","10":"instock","11":"downloadable","12":"virtual","13":"taxable","14":"purchasable","15":"product-type-simple"},"acf":[],"yoast_head":"<!-- This site is optimized with the Yoast SEO plugin v27.5 - https:\/\/yoast.com\/product\/yoast-seo-wordpress\/ -->\n<title>Organisator Ausgabe 11\/1994 - Organisator<\/title>\n<meta name=\"description\" content=\"Erhalte die deutschsprachige Fachzeitschrift \u00aborganisator\u00bb in der Ausgabe 11\/1994 als PDF-Download mit nachfolgendem Inhaltsverzeichnis:\" \/>\n<meta name=\"robots\" content=\"index, follow, max-snippet:-1, max-image-preview:large, max-video-preview:-1\" \/>\n<link rel=\"canonical\" href=\"https:\/\/www.organisator.ch\/fr\/produit\/organisator-ausgabe-11-1994\/\" \/>\n<meta property=\"og:locale\" content=\"fr_FR\" \/>\n<meta property=\"og:type\" content=\"article\" \/>\n<meta property=\"og:title\" content=\"Organisator Ausgabe 11\/1994 - Organisator\" \/>\n<meta property=\"og:description\" content=\"Erhalte die deutschsprachige Fachzeitschrift \u00aborganisator\u00bb in der Ausgabe 11\/1994 als PDF-Download mit nachfolgendem Inhaltsverzeichnis:\" \/>\n<meta property=\"og:url\" content=\"https:\/\/www.organisator.ch\/fr\/produit\/organisator-ausgabe-11-1994\/\" \/>\n<meta property=\"og:site_name\" content=\"Organisator\" \/>\n<meta property=\"article:publisher\" content=\"https:\/\/www.facebook.com\/OrganisatorFachmagazin\" \/>\n<meta property=\"og:image\" content=\"https:\/\/www.organisator.ch\/wp-content\/uploads\/2022\/06\/organisator_1994_11.png\" \/>\n\t<meta property=\"og:image:width\" content=\"654\" \/>\n\t<meta property=\"og:image:height\" content=\"370\" \/>\n\t<meta property=\"og:image:type\" content=\"image\/png\" \/>\n<meta name=\"twitter:card\" content=\"summary_large_image\" \/>\n<script type=\"application\/ld+json\" class=\"yoast-schema-graph\">{\"@context\":\"https:\\\/\\\/schema.org\",\"@graph\":[{\"@type\":\"WebPage\",\"@id\":\"https:\\\/\\\/www.organisator.ch\\\/de\\\/produkt\\\/organisator-ausgabe-11-1994\\\/\",\"url\":\"https:\\\/\\\/www.organisator.ch\\\/de\\\/produkt\\\/organisator-ausgabe-11-1994\\\/\",\"name\":\"Organisator Ausgabe 11\\\/1994 - Organisator\",\"isPartOf\":{\"@id\":\"https:\\\/\\\/www.organisator.ch\\\/#website\"},\"primaryImageOfPage\":{\"@id\":\"https:\\\/\\\/www.organisator.ch\\\/de\\\/produkt\\\/organisator-ausgabe-11-1994\\\/#primaryimage\"},\"image\":{\"@id\":\"https:\\\/\\\/www.organisator.ch\\\/de\\\/produkt\\\/organisator-ausgabe-11-1994\\\/#primaryimage\"},\"thumbnailUrl\":\"https:\\\/\\\/www.organisator.ch\\\/wp-content\\\/uploads\\\/2022\\\/06\\\/organisator_1994_11.png\",\"datePublished\":\"2022-06-15T02:06:40+00:00\",\"description\":\"Erhalte die deutschsprachige Fachzeitschrift \u00aborganisator\u00bb in der Ausgabe 11\\\/1994 als PDF-Download mit nachfolgendem Inhaltsverzeichnis:\",\"breadcrumb\":{\"@id\":\"https:\\\/\\\/www.organisator.ch\\\/de\\\/produkt\\\/organisator-ausgabe-11-1994\\\/#breadcrumb\"},\"inLanguage\":\"fr-FR\",\"potentialAction\":[{\"@type\":\"ReadAction\",\"target\":[\"https:\\\/\\\/www.organisator.ch\\\/de\\\/produkt\\\/organisator-ausgabe-11-1994\\\/\"]}]},{\"@type\":\"ImageObject\",\"inLanguage\":\"fr-FR\",\"@id\":\"https:\\\/\\\/www.organisator.ch\\\/de\\\/produkt\\\/organisator-ausgabe-11-1994\\\/#primaryimage\",\"url\":\"https:\\\/\\\/www.organisator.ch\\\/wp-content\\\/uploads\\\/2022\\\/06\\\/organisator_1994_11.png\",\"contentUrl\":\"https:\\\/\\\/www.organisator.ch\\\/wp-content\\\/uploads\\\/2022\\\/06\\\/organisator_1994_11.png\",\"width\":654,\"height\":370},{\"@type\":\"BreadcrumbList\",\"@id\":\"https:\\\/\\\/www.organisator.ch\\\/de\\\/produkt\\\/organisator-ausgabe-11-1994\\\/#breadcrumb\",\"itemListElement\":[{\"@type\":\"ListItem\",\"position\":1,\"name\":\"Home\",\"item\":\"https:\\\/\\\/www.organisator.ch\\\/\"},{\"@type\":\"ListItem\",\"position\":2,\"name\":\"Shop\",\"item\":\"https:\\\/\\\/www.organisator.ch\\\/fr\\\/shop\\\/\"},{\"@type\":\"ListItem\",\"position\":3,\"name\":\"Organisator Ausgabe 11\\\/1994\"}]},{\"@type\":\"WebSite\",\"@id\":\"https:\\\/\\\/www.organisator.ch\\\/#website\",\"url\":\"https:\\\/\\\/www.organisator.ch\\\/\",\"name\":\"Organisator\",\"description\":\"Kompetent. Praxisnah. Der ORGANISATOR bereitet in 10 Ausgaben pro Jahr die wesentlichen Themen f\u00fcr F\u00fchrungskr\u00e4fte von KMU auf.\",\"publisher\":{\"@id\":\"https:\\\/\\\/www.organisator.ch\\\/#organization\"},\"potentialAction\":[{\"@type\":\"SearchAction\",\"target\":{\"@type\":\"EntryPoint\",\"urlTemplate\":\"https:\\\/\\\/www.organisator.ch\\\/?s={search_term_string}\"},\"query-input\":{\"@type\":\"PropertyValueSpecification\",\"valueRequired\":true,\"valueName\":\"search_term_string\"}}],\"inLanguage\":\"fr-FR\"},{\"@type\":\"Organization\",\"@id\":\"https:\\\/\\\/www.organisator.ch\\\/#organization\",\"name\":\"Organisator\",\"url\":\"https:\\\/\\\/www.organisator.ch\\\/\",\"logo\":{\"@type\":\"ImageObject\",\"inLanguage\":\"fr-FR\",\"@id\":\"https:\\\/\\\/www.organisator.ch\\\/#\\\/schema\\\/logo\\\/image\\\/\",\"url\":\"https:\\\/\\\/www.organisator.ch\\\/wp-content\\\/uploads\\\/2022\\\/01\\\/Logo_Organisator_Website.png\",\"contentUrl\":\"https:\\\/\\\/www.organisator.ch\\\/wp-content\\\/uploads\\\/2022\\\/01\\\/Logo_Organisator_Website.png\",\"width\":800,\"height\":77,\"caption\":\"Organisator\"},\"image\":{\"@id\":\"https:\\\/\\\/www.organisator.ch\\\/#\\\/schema\\\/logo\\\/image\\\/\"},\"sameAs\":[\"https:\\\/\\\/www.facebook.com\\\/OrganisatorFachmagazin\",\"https:\\\/\\\/www.linkedin.com\\\/showcase\\\/organisator-das-magazin-fr-kmu\",\"https:\\\/\\\/www.xing.com\\\/news\\\/pages\\\/organisator-ch-695\",\"https:\\\/\\\/www.youtube.com\\\/channel\\\/UCGP2Sq0iWaZwT3BdIAQFYpw\"]}]}<\/script>\n<!-- \/ Yoast SEO plugin. -->","yoast_head_json":{"title":"Organisateur \u00c9dition 11\/1994 - Organisateur","description":"Re\u00e7oit la revue sp\u00e9cialis\u00e9e en langue allemande \"organisator\" dans le num\u00e9ro 11\/1994 en t\u00e9l\u00e9chargement PDF avec la table des mati\u00e8res suivante :","robots":{"index":"index","follow":"follow","max-snippet":"max-snippet:-1","max-image-preview":"max-image-preview:large","max-video-preview":"max-video-preview:-1"},"canonical":"https:\/\/www.organisator.ch\/fr\/produit\/organisator-ausgabe-11-1994\/","og_locale":"fr_FR","og_type":"article","og_title":"Organisator Ausgabe 11\/1994 - Organisator","og_description":"Erhalte die deutschsprachige Fachzeitschrift \u00aborganisator\u00bb in der Ausgabe 11\/1994 als PDF-Download mit nachfolgendem Inhaltsverzeichnis:","og_url":"https:\/\/www.organisator.ch\/fr\/produit\/organisator-ausgabe-11-1994\/","og_site_name":"Organisator","article_publisher":"https:\/\/www.facebook.com\/OrganisatorFachmagazin","og_image":[{"width":654,"height":370,"url":"https:\/\/www.organisator.ch\/wp-content\/uploads\/2022\/06\/organisator_1994_11.png","type":"image\/png"}],"twitter_card":"summary_large_image","schema":{"@context":"https:\/\/schema.org","@graph":[{"@type":"WebPage","@id":"https:\/\/www.organisator.ch\/de\/produkt\/organisator-ausgabe-11-1994\/","url":"https:\/\/www.organisator.ch\/de\/produkt\/organisator-ausgabe-11-1994\/","name":"Organisateur \u00c9dition 11\/1994 - Organisateur","isPartOf":{"@id":"https:\/\/www.organisator.ch\/#website"},"primaryImageOfPage":{"@id":"https:\/\/www.organisator.ch\/de\/produkt\/organisator-ausgabe-11-1994\/#primaryimage"},"image":{"@id":"https:\/\/www.organisator.ch\/de\/produkt\/organisator-ausgabe-11-1994\/#primaryimage"},"thumbnailUrl":"https:\/\/www.organisator.ch\/wp-content\/uploads\/2022\/06\/organisator_1994_11.png","datePublished":"2022-06-15T02:06:40+00:00","description":"Re\u00e7oit la revue sp\u00e9cialis\u00e9e en langue allemande \"organisator\" dans le num\u00e9ro 11\/1994 en t\u00e9l\u00e9chargement PDF avec la table des mati\u00e8res suivante :","breadcrumb":{"@id":"https:\/\/www.organisator.ch\/de\/produkt\/organisator-ausgabe-11-1994\/#breadcrumb"},"inLanguage":"fr-FR","potentialAction":[{"@type":"ReadAction","target":["https:\/\/www.organisator.ch\/de\/produkt\/organisator-ausgabe-11-1994\/"]}]},{"@type":"ImageObject","inLanguage":"fr-FR","@id":"https:\/\/www.organisator.ch\/de\/produkt\/organisator-ausgabe-11-1994\/#primaryimage","url":"https:\/\/www.organisator.ch\/wp-content\/uploads\/2022\/06\/organisator_1994_11.png","contentUrl":"https:\/\/www.organisator.ch\/wp-content\/uploads\/2022\/06\/organisator_1994_11.png","width":654,"height":370},{"@type":"BreadcrumbList","@id":"https:\/\/www.organisator.ch\/de\/produkt\/organisator-ausgabe-11-1994\/#breadcrumb","itemListElement":[{"@type":"ListItem","position":1,"name":"Home","item":"https:\/\/www.organisator.ch\/"},{"@type":"ListItem","position":2,"name":"Shop","item":"https:\/\/www.organisator.ch\/fr\/shop\/"},{"@type":"ListItem","position":3,"name":"Organisator Ausgabe 11\/1994"}]},{"@type":"WebSite","@id":"https:\/\/www.organisator.ch\/#website","url":"https:\/\/www.organisator.ch\/","name":"Organisateur","description":"Comp\u00e9tence et comp\u00e9tence. Proches de la pratique. L'ORGANISATEUR pr\u00e9pare 10 num\u00e9ros par an sur les th\u00e8mes essentiels pour les dirigeants de PME.","publisher":{"@id":"https:\/\/www.organisator.ch\/#organization"},"potentialAction":[{"@type":"SearchAction","target":{"@type":"EntryPoint","urlTemplate":"https:\/\/www.organisator.ch\/?s={search_term_string}"},"query-input":{"@type":"PropertyValueSpecification","valueRequired":true,"valueName":"search_term_string"}}],"inLanguage":"fr-FR"},{"@type":"Organization","@id":"https:\/\/www.organisator.ch\/#organization","name":"Organisateur","url":"https:\/\/www.organisator.ch\/","logo":{"@type":"ImageObject","inLanguage":"fr-FR","@id":"https:\/\/www.organisator.ch\/#\/schema\/logo\/image\/","url":"https:\/\/www.organisator.ch\/wp-content\/uploads\/2022\/01\/Logo_Organisator_Website.png","contentUrl":"https:\/\/www.organisator.ch\/wp-content\/uploads\/2022\/01\/Logo_Organisator_Website.png","width":800,"height":77,"caption":"Organisator"},"image":{"@id":"https:\/\/www.organisator.ch\/#\/schema\/logo\/image\/"},"sameAs":["https:\/\/www.facebook.com\/OrganisatorFachmagazin","https:\/\/www.linkedin.com\/showcase\/organisator-das-magazin-fr-kmu","https:\/\/www.xing.com\/news\/pages\/organisator-ch-695","https:\/\/www.youtube.com\/channel\/UCGP2Sq0iWaZwT3BdIAQFYpw"]}]}},"_links":{"self":[{"href":"https:\/\/www.organisator.ch\/fr\/wp-json\/wp\/v2\/product\/14765","targetHints":{"allow":["GET"]}}],"collection":[{"href":"https:\/\/www.organisator.ch\/fr\/wp-json\/wp\/v2\/product"}],"about":[{"href":"https:\/\/www.organisator.ch\/fr\/wp-json\/wp\/v2\/types\/product"}],"wp:featuredmedia":[{"embeddable":true,"href":"https:\/\/www.organisator.ch\/fr\/wp-json\/wp\/v2\/media\/14767"}],"wp:attachment":[{"href":"https:\/\/www.organisator.ch\/fr\/wp-json\/wp\/v2\/media?parent=14765"}],"wp:term":[{"taxonomy":"product_brand","embeddable":true,"href":"https:\/\/www.organisator.ch\/fr\/wp-json\/wp\/v2\/product_brand?post=14765"},{"taxonomy":"product_cat","embeddable":true,"href":"https:\/\/www.organisator.ch\/fr\/wp-json\/wp\/v2\/product_cat?post=14765"},{"taxonomy":"product_tag","embeddable":true,"href":"https:\/\/www.organisator.ch\/fr\/wp-json\/wp\/v2\/product_tag?post=14765"}],"curies":[{"name":"wp","href":"https:\/\/api.w.org\/{rel}","templated":true}]}}