{"id":14782,"date":"2022-06-15T07:11:43","date_gmt":"2022-06-15T05:11:43","guid":{"rendered":"https:\/\/www.organisator.ch\/?post_type=product&#038;p=14782"},"modified":"2022-06-15T07:12:24","modified_gmt":"2022-06-15T05:12:24","slug":"organisator-ausgabe-6-1994","status":"publish","type":"product","link":"https:\/\/www.organisator.ch\/fr\/produkt\/organisator-ausgabe-6-1994\/","title":{"rendered":"Organisateur \u00c9dition 6\/1994"},"content":{"rendered":"<h2>L'\u00e9cologie au concret<\/h2>\n<p>&nbsp;<\/p>\n<ul>\n<li>Une r\u00e9flexion s\u00e9rieuse sur notre responsabilit\u00e9 \u00e9cologique, compl\u00e9t\u00e9e par de nombreux conseils concrets<br \/>\nInd\u00e9pendamment de la raison pour laquelle une entreprise s'occupe de questions \u00e9cologiques, il est clair pour moi que les entreprises qui ne le font pas aujourd'hui n'existeront plus dans cinq \u00e0 dix ans.<\/li>\n<li>Entretien ORGANISATEUR avec Peter Ammann :<\/li>\n<li>Le grand casse-t\u00eate J\u00fcrgen Kleinw\u00e4chter :<\/li>\n<li>L'\u00e9tat de notre plan\u00e8te vu par un extraterrestre<\/li>\n<li>Bomin Solar Holding:Investir dans l'\u00e9cologie<\/li>\n<li>Swisscontact:L'\u00e9nergie solaire suisse pour l'Am\u00e9rique centrale<\/li>\n<li>Hugo Thieman:Tout ce qui est extr\u00eame est faux<\/li>\n<li>W\u00dcM \/ HWV Luzern:Gestion respectueuse de l'environnement<\/li>\n<li>J\u00fcrg Minsch:Le principe de la responsabilit\u00e9 mat\u00e9rielle<\/li>\n<li>OEKO Z\u00fcrich 94:Apprendre \u00e0 partager des id\u00e9es<\/li>\n<\/ul>\n<p>&nbsp;<\/p>\n<h3>Gestion et organisation<\/h3>\n<p>&nbsp;<\/p>\n<ul>\n<li>Mercurius sur la concurrence et les fusions : l'\u00e9conomie sur le pied de guerre<\/li>\n<li>Management Support Systems MSS:Le directeur de banque en tant que gestionnaire d'informations<\/li>\n<li>Rudolph R. Spr\u00fcngli:Un nouveau d\u00e9part avec Handshakel<\/li>\n<li>Les aspects juridiques du franchisage : l'orientation interne<\/li>\n<li>Management Buyout Ruf AG:Clart\u00e9 dans la relation de franchise<\/li>\n<\/ul>\n<h3>Marketing<\/h3>\n<p>La suite du d\u00e9bat sur le marketing avec Jean Etienne Aebi et Aloys Hirzel : pourquoi la publicit\u00e9 classique<br \/>\nou les RP devraient avoir le r\u00f4le de leader dans l'int\u00e9gration<\/p>\n<p>&nbsp;<\/p>\n<h3>Nouveaut\u00e9s, Nouvelles, Communiqu\u00e9s, Compensation<\/h3>\n<p>&nbsp;<\/p>\n<ul>\n<li>Ch\u00e8re lectrice, cher lecteur A PROPOS de ; Informations int\u00e9ressantes<\/li>\n<li>sur les entreprises, les personnes<\/li>\n<li>NOUVEAU : Informations int\u00e9ressantes sur les produits et les services<\/li>\n<li>Pour compenser : Horst Bissegger fonde le club des \"anti-(foot)ballers\".<\/li>\n<\/ul>\n<p>&nbsp;<\/p>\n<h3>Informatique<\/h3>\n<p>&nbsp;<\/p>\n<ul>\n<li>Les pages informatiques:Nouveau logiciel sur le march\u00e9.<\/li>\n<li>Sauvegarde des donn\u00e9es:L'\u00e9cran noir<\/li>\n<li>Statistiques d'affranchissement : l'ordinateur arrive au bureau de poste<\/li>\n<li>Nouvelle g\u00e9n\u00e9ration d'AS\/400 : l'avenir du syst\u00e8me est cr\u00e9dible<\/li>\n<\/ul>\n<p>&nbsp;<\/p>\n<h3>\u00c9v\u00e9nements, formation continue,Litt\u00e9rature sp\u00e9cialis\u00e9e<\/h3>\n<p>&nbsp;<\/p>\n<ul>\n<li>Congr\u00e8s international d'\u00e9thique:EBEN-Premi\u00e8re en Suisse.<\/li>\n<li>L'exposition sp\u00e9cialis\u00e9e sur le th\u00e8me de l'\u00e9cologie : OEKO Z\u00fcrich 94<\/li>\n<li>Formation assist\u00e9e par ordinateur CBT:Direttissima Dans la formation<\/li>\n<li>Cours de la WUM \/ HWV Luzern:Gestion respectueuse de l'environnement<\/li>\n<li>Livres sp\u00e9cialis\u00e9s:Le livre actuel<\/li>\n<li>Livres sur le th\u00e8me de l'\u00e9cologie<\/li>\n<\/ul>\n<p>&nbsp;<\/p>\n<h3>Association, club<\/h3>\n<p>&nbsp;<\/p>\n<ul>\n<li>Consultant Club : les prochains s\u00e9minaires<\/li>\n<li>Id\u00e9e-Suisse : Quand avez-vous jet\u00e9 une fortune par les fen\u00eatres pour la derni\u00e8re fois ?<\/li>\n<li>PSILOG : le PSION et le t\u00e9l\u00e9phone se fondent en un g\u00e9nie de l'information<\/li>\n<li>Le site de la SGO<\/li>\n<\/ul>\n<p>&nbsp;<\/p>\n<h3>Les derni\u00e8res pages<\/h3>\n<p>&nbsp;<\/p>\n<ul>\n<li>La page c\/o:Aper\u00e7u des prochaines \u00e9ditions;Le club des clubs<\/li>\n<li>L'avant-derni\u00e8re page:pour vos id\u00e9es et vos notes<\/li>\n<\/ul>\n<p>&nbsp;<\/p>\n<p>&nbsp;<\/p>","protected":false},"excerpt":{"rendered":"<p>Re\u00e7oit la revue sp\u00e9cialis\u00e9e en langue allemande \"organisator\" dans le num\u00e9ro 6\/1994 en t\u00e9l\u00e9chargement PDF avec la table des mati\u00e8res suivante :<\/p>","protected":false},"featured_media":14784,"template":"","meta":{"_acf_changed":false,"articlekey":""},"product_brand":[],"product_cat":[546],"product_tag":[2957],"class_list":{"0":"post-14782","1":"product","2":"type-product","3":"status-publish","4":"has-post-thumbnail","6":"product_cat-einzelausgaben","7":"product_tag-2957","9":"first","10":"instock","11":"downloadable","12":"virtual","13":"taxable","14":"purchasable","15":"product-type-simple"},"acf":[],"yoast_head":"<!-- This site is optimized with the Yoast SEO plugin v27.4 - https:\/\/yoast.com\/product\/yoast-seo-wordpress\/ -->\n<title>Organisator Ausgabe 6\/1994 - Organisator<\/title>\n<meta name=\"description\" content=\"Erhalte die deutschsprachige Fachzeitschrift \u00aborganisator\u00bb in der Ausgabe 6\/1994 als PDF-Download mit nachfolgendem Inhaltsverzeichnis:\" \/>\n<meta name=\"robots\" content=\"index, follow, max-snippet:-1, max-image-preview:large, max-video-preview:-1\" \/>\n<link rel=\"canonical\" href=\"https:\/\/www.organisator.ch\/fr\/produit\/organisator-ausgabe-6-1994\/\" \/>\n<meta property=\"og:locale\" content=\"fr_FR\" \/>\n<meta property=\"og:type\" content=\"article\" \/>\n<meta property=\"og:title\" content=\"Organisator Ausgabe 6\/1994 - Organisator\" \/>\n<meta property=\"og:description\" content=\"Erhalte die deutschsprachige Fachzeitschrift \u00aborganisator\u00bb in der Ausgabe 6\/1994 als PDF-Download mit nachfolgendem Inhaltsverzeichnis:\" \/>\n<meta property=\"og:url\" content=\"https:\/\/www.organisator.ch\/fr\/produit\/organisator-ausgabe-6-1994\/\" \/>\n<meta property=\"og:site_name\" content=\"Organisator\" \/>\n<meta property=\"article:publisher\" content=\"https:\/\/www.facebook.com\/OrganisatorFachmagazin\" \/>\n<meta property=\"article:modified_time\" content=\"2022-06-15T05:12:24+00:00\" \/>\n<meta property=\"og:image\" content=\"https:\/\/www.organisator.ch\/wp-content\/uploads\/2022\/06\/organisator_1994_6.png\" \/>\n\t<meta property=\"og:image:width\" content=\"654\" \/>\n\t<meta property=\"og:image:height\" content=\"370\" \/>\n\t<meta property=\"og:image:type\" content=\"image\/png\" \/>\n<meta name=\"twitter:card\" content=\"summary_large_image\" \/>\n<script type=\"application\/ld+json\" class=\"yoast-schema-graph\">{\"@context\":\"https:\\\/\\\/schema.org\",\"@graph\":[{\"@type\":\"WebPage\",\"@id\":\"https:\\\/\\\/www.organisator.ch\\\/it\\\/prodotto\\\/organisator-ausgabe-6-1994\\\/\",\"url\":\"https:\\\/\\\/www.organisator.ch\\\/it\\\/prodotto\\\/organisator-ausgabe-6-1994\\\/\",\"name\":\"Organisator Ausgabe 6\\\/1994 - Organisator\",\"isPartOf\":{\"@id\":\"https:\\\/\\\/www.organisator.ch\\\/#website\"},\"primaryImageOfPage\":{\"@id\":\"https:\\\/\\\/www.organisator.ch\\\/it\\\/prodotto\\\/organisator-ausgabe-6-1994\\\/#primaryimage\"},\"image\":{\"@id\":\"https:\\\/\\\/www.organisator.ch\\\/it\\\/prodotto\\\/organisator-ausgabe-6-1994\\\/#primaryimage\"},\"thumbnailUrl\":\"https:\\\/\\\/www.organisator.ch\\\/wp-content\\\/uploads\\\/2022\\\/06\\\/organisator_1994_6.png\",\"datePublished\":\"2022-06-15T05:11:43+00:00\",\"dateModified\":\"2022-06-15T05:12:24+00:00\",\"description\":\"Erhalte die deutschsprachige Fachzeitschrift \u00aborganisator\u00bb in der Ausgabe 6\\\/1994 als PDF-Download mit nachfolgendem Inhaltsverzeichnis:\",\"breadcrumb\":{\"@id\":\"https:\\\/\\\/www.organisator.ch\\\/it\\\/prodotto\\\/organisator-ausgabe-6-1994\\\/#breadcrumb\"},\"inLanguage\":\"fr-FR\",\"potentialAction\":[{\"@type\":\"ReadAction\",\"target\":[\"https:\\\/\\\/www.organisator.ch\\\/it\\\/prodotto\\\/organisator-ausgabe-6-1994\\\/\"]}]},{\"@type\":\"ImageObject\",\"inLanguage\":\"fr-FR\",\"@id\":\"https:\\\/\\\/www.organisator.ch\\\/it\\\/prodotto\\\/organisator-ausgabe-6-1994\\\/#primaryimage\",\"url\":\"https:\\\/\\\/www.organisator.ch\\\/wp-content\\\/uploads\\\/2022\\\/06\\\/organisator_1994_6.png\",\"contentUrl\":\"https:\\\/\\\/www.organisator.ch\\\/wp-content\\\/uploads\\\/2022\\\/06\\\/organisator_1994_6.png\",\"width\":654,\"height\":370},{\"@type\":\"BreadcrumbList\",\"@id\":\"https:\\\/\\\/www.organisator.ch\\\/it\\\/prodotto\\\/organisator-ausgabe-6-1994\\\/#breadcrumb\",\"itemListElement\":[{\"@type\":\"ListItem\",\"position\":1,\"name\":\"Home\",\"item\":\"https:\\\/\\\/www.organisator.ch\\\/\"},{\"@type\":\"ListItem\",\"position\":2,\"name\":\"Shop\",\"item\":\"https:\\\/\\\/www.organisator.ch\\\/fr\\\/shop\\\/\"},{\"@type\":\"ListItem\",\"position\":3,\"name\":\"Organisator Ausgabe 6\\\/1994\"}]},{\"@type\":\"WebSite\",\"@id\":\"https:\\\/\\\/www.organisator.ch\\\/#website\",\"url\":\"https:\\\/\\\/www.organisator.ch\\\/\",\"name\":\"Organisator\",\"description\":\"Kompetent. Praxisnah. Der ORGANISATOR bereitet in 10 Ausgaben pro Jahr die wesentlichen Themen f\u00fcr F\u00fchrungskr\u00e4fte von KMU auf.\",\"publisher\":{\"@id\":\"https:\\\/\\\/www.organisator.ch\\\/#organization\"},\"potentialAction\":[{\"@type\":\"SearchAction\",\"target\":{\"@type\":\"EntryPoint\",\"urlTemplate\":\"https:\\\/\\\/www.organisator.ch\\\/?s={search_term_string}\"},\"query-input\":{\"@type\":\"PropertyValueSpecification\",\"valueRequired\":true,\"valueName\":\"search_term_string\"}}],\"inLanguage\":\"fr-FR\"},{\"@type\":\"Organization\",\"@id\":\"https:\\\/\\\/www.organisator.ch\\\/#organization\",\"name\":\"Organisator\",\"url\":\"https:\\\/\\\/www.organisator.ch\\\/\",\"logo\":{\"@type\":\"ImageObject\",\"inLanguage\":\"fr-FR\",\"@id\":\"https:\\\/\\\/www.organisator.ch\\\/#\\\/schema\\\/logo\\\/image\\\/\",\"url\":\"https:\\\/\\\/www.organisator.ch\\\/wp-content\\\/uploads\\\/2022\\\/01\\\/Logo_Organisator_Website.png\",\"contentUrl\":\"https:\\\/\\\/www.organisator.ch\\\/wp-content\\\/uploads\\\/2022\\\/01\\\/Logo_Organisator_Website.png\",\"width\":800,\"height\":77,\"caption\":\"Organisator\"},\"image\":{\"@id\":\"https:\\\/\\\/www.organisator.ch\\\/#\\\/schema\\\/logo\\\/image\\\/\"},\"sameAs\":[\"https:\\\/\\\/www.facebook.com\\\/OrganisatorFachmagazin\",\"https:\\\/\\\/www.linkedin.com\\\/showcase\\\/organisator-das-magazin-fr-kmu\",\"https:\\\/\\\/www.xing.com\\\/news\\\/pages\\\/organisator-ch-695\",\"https:\\\/\\\/www.youtube.com\\\/channel\\\/UCGP2Sq0iWaZwT3BdIAQFYpw\"]}]}<\/script>\n<!-- \/ Yoast SEO plugin. -->","yoast_head_json":{"title":"Organisateur \u00c9dition 6\/1994 - Organisateur","description":"Re\u00e7oit la revue sp\u00e9cialis\u00e9e en langue allemande \"organisator\" dans le num\u00e9ro 6\/1994 en t\u00e9l\u00e9chargement PDF avec la table des mati\u00e8res suivante :","robots":{"index":"index","follow":"follow","max-snippet":"max-snippet:-1","max-image-preview":"max-image-preview:large","max-video-preview":"max-video-preview:-1"},"canonical":"https:\/\/www.organisator.ch\/fr\/produit\/organisator-ausgabe-6-1994\/","og_locale":"fr_FR","og_type":"article","og_title":"Organisator Ausgabe 6\/1994 - Organisator","og_description":"Erhalte die deutschsprachige Fachzeitschrift \u00aborganisator\u00bb in der Ausgabe 6\/1994 als PDF-Download mit nachfolgendem Inhaltsverzeichnis:","og_url":"https:\/\/www.organisator.ch\/fr\/produit\/organisator-ausgabe-6-1994\/","og_site_name":"Organisator","article_publisher":"https:\/\/www.facebook.com\/OrganisatorFachmagazin","article_modified_time":"2022-06-15T05:12:24+00:00","og_image":[{"width":654,"height":370,"url":"https:\/\/www.organisator.ch\/wp-content\/uploads\/2022\/06\/organisator_1994_6.png","type":"image\/png"}],"twitter_card":"summary_large_image","schema":{"@context":"https:\/\/schema.org","@graph":[{"@type":"WebPage","@id":"https:\/\/www.organisator.ch\/it\/prodotto\/organisator-ausgabe-6-1994\/","url":"https:\/\/www.organisator.ch\/it\/prodotto\/organisator-ausgabe-6-1994\/","name":"Organisateur \u00c9dition 6\/1994 - Organisateur","isPartOf":{"@id":"https:\/\/www.organisator.ch\/#website"},"primaryImageOfPage":{"@id":"https:\/\/www.organisator.ch\/it\/prodotto\/organisator-ausgabe-6-1994\/#primaryimage"},"image":{"@id":"https:\/\/www.organisator.ch\/it\/prodotto\/organisator-ausgabe-6-1994\/#primaryimage"},"thumbnailUrl":"https:\/\/www.organisator.ch\/wp-content\/uploads\/2022\/06\/organisator_1994_6.png","datePublished":"2022-06-15T05:11:43+00:00","dateModified":"2022-06-15T05:12:24+00:00","description":"Re\u00e7oit la revue sp\u00e9cialis\u00e9e en langue allemande \"organisator\" dans le num\u00e9ro 6\/1994 en t\u00e9l\u00e9chargement PDF avec la table des mati\u00e8res suivante :","breadcrumb":{"@id":"https:\/\/www.organisator.ch\/it\/prodotto\/organisator-ausgabe-6-1994\/#breadcrumb"},"inLanguage":"fr-FR","potentialAction":[{"@type":"ReadAction","target":["https:\/\/www.organisator.ch\/it\/prodotto\/organisator-ausgabe-6-1994\/"]}]},{"@type":"ImageObject","inLanguage":"fr-FR","@id":"https:\/\/www.organisator.ch\/it\/prodotto\/organisator-ausgabe-6-1994\/#primaryimage","url":"https:\/\/www.organisator.ch\/wp-content\/uploads\/2022\/06\/organisator_1994_6.png","contentUrl":"https:\/\/www.organisator.ch\/wp-content\/uploads\/2022\/06\/organisator_1994_6.png","width":654,"height":370},{"@type":"BreadcrumbList","@id":"https:\/\/www.organisator.ch\/it\/prodotto\/organisator-ausgabe-6-1994\/#breadcrumb","itemListElement":[{"@type":"ListItem","position":1,"name":"Home","item":"https:\/\/www.organisator.ch\/"},{"@type":"ListItem","position":2,"name":"Shop","item":"https:\/\/www.organisator.ch\/fr\/shop\/"},{"@type":"ListItem","position":3,"name":"Organisator Ausgabe 6\/1994"}]},{"@type":"WebSite","@id":"https:\/\/www.organisator.ch\/#website","url":"https:\/\/www.organisator.ch\/","name":"Organisateur","description":"Comp\u00e9tence et comp\u00e9tence. Proches de la pratique. L'ORGANISATEUR pr\u00e9pare 10 num\u00e9ros par an sur les th\u00e8mes essentiels pour les dirigeants de PME.","publisher":{"@id":"https:\/\/www.organisator.ch\/#organization"},"potentialAction":[{"@type":"SearchAction","target":{"@type":"EntryPoint","urlTemplate":"https:\/\/www.organisator.ch\/?s={search_term_string}"},"query-input":{"@type":"PropertyValueSpecification","valueRequired":true,"valueName":"search_term_string"}}],"inLanguage":"fr-FR"},{"@type":"Organization","@id":"https:\/\/www.organisator.ch\/#organization","name":"Organisateur","url":"https:\/\/www.organisator.ch\/","logo":{"@type":"ImageObject","inLanguage":"fr-FR","@id":"https:\/\/www.organisator.ch\/#\/schema\/logo\/image\/","url":"https:\/\/www.organisator.ch\/wp-content\/uploads\/2022\/01\/Logo_Organisator_Website.png","contentUrl":"https:\/\/www.organisator.ch\/wp-content\/uploads\/2022\/01\/Logo_Organisator_Website.png","width":800,"height":77,"caption":"Organisator"},"image":{"@id":"https:\/\/www.organisator.ch\/#\/schema\/logo\/image\/"},"sameAs":["https:\/\/www.facebook.com\/OrganisatorFachmagazin","https:\/\/www.linkedin.com\/showcase\/organisator-das-magazin-fr-kmu","https:\/\/www.xing.com\/news\/pages\/organisator-ch-695","https:\/\/www.youtube.com\/channel\/UCGP2Sq0iWaZwT3BdIAQFYpw"]}]}},"_links":{"self":[{"href":"https:\/\/www.organisator.ch\/fr\/wp-json\/wp\/v2\/product\/14782","targetHints":{"allow":["GET"]}}],"collection":[{"href":"https:\/\/www.organisator.ch\/fr\/wp-json\/wp\/v2\/product"}],"about":[{"href":"https:\/\/www.organisator.ch\/fr\/wp-json\/wp\/v2\/types\/product"}],"wp:featuredmedia":[{"embeddable":true,"href":"https:\/\/www.organisator.ch\/fr\/wp-json\/wp\/v2\/media\/14784"}],"wp:attachment":[{"href":"https:\/\/www.organisator.ch\/fr\/wp-json\/wp\/v2\/media?parent=14782"}],"wp:term":[{"taxonomy":"product_brand","embeddable":true,"href":"https:\/\/www.organisator.ch\/fr\/wp-json\/wp\/v2\/product_brand?post=14782"},{"taxonomy":"product_cat","embeddable":true,"href":"https:\/\/www.organisator.ch\/fr\/wp-json\/wp\/v2\/product_cat?post=14782"},{"taxonomy":"product_tag","embeddable":true,"href":"https:\/\/www.organisator.ch\/fr\/wp-json\/wp\/v2\/product_tag?post=14782"}],"curies":[{"name":"wp","href":"https:\/\/api.w.org\/{rel}","templated":true}]}}