{"id":14837,"date":"2022-06-15T09:21:52","date_gmt":"2022-06-15T07:21:52","guid":{"rendered":"https:\/\/www.organisator.ch\/?post_type=product&#038;p=14837"},"modified":"2022-06-15T09:21:53","modified_gmt":"2022-06-15T07:21:53","slug":"organisator-ausgabe-11-1995","status":"publish","type":"product","link":"https:\/\/www.organisator.ch\/fr\/produkt\/organisator-ausgabe-11-1995\/","title":{"rendered":"Organisateur \u00c9dition 11\/1995"},"content":{"rendered":"<h2>ENTREPRISE FAMILIALE - L'ENTREPRENEUR PREND DU RECUL<\/h2>\n<p>&nbsp;<\/p>\n<p>Bernd LeMar-Klughardt, Eva Ackermann, Donat Marxer, Hannspeter Riedel, F.B. de A. s'expriment en tant que conseillers, en tant que personnes concern\u00e9es sur la probl\u00e9matique de la succession d'entreprise avec les th\u00e8mes du personnel, du droit et de la psychologie : Le pouvoir, l'Herriichkeit et ... le risque A ce sujet, l'annonce pr\u00e9alable du congr\u00e8s \u00abPerspectives 96 - Succession d'entreprise\u00bb des 21 et 22 f\u00e9vrier 1996 ...<\/p>\n<p>&nbsp;<\/p>\n<h3>GESTION D'ENTREPRISE<\/h3>\n<p>Benedikt G\u00f6tte montre des voies pour sortir de la jungle de l'information - Un service d'information pour les entreprises (3) :<br \/>\nVeronika Ballone parle de la 11e Journ\u00e9e allemande des cr\u00e9ateurs d'entreprise en amont de \u00abGateway 96\u00bb pour les nouveaux et jeunes entrepreneurs : le mod\u00e8le berlinois<\/p>\n<h3>\nINNOVATION<\/h3>\n<p>Kerstin Friedrich et Lothar J. Seiwert, s\u00e9rie sur EKS (9) : Pourquoi l'innovation est-elle leur t\u00e2che strat\u00e9gique permanente ?<\/p>\n<h3>\n\u00caTRE HUMAIN<\/h3>\n<p>La chronique de Gonsaiv K. Malnberger \"Le libre et le devoir\" : Socrate et le nouveau style de vie.<\/p>\n<p>&nbsp;<\/p>\n<h3>SUPPL\u00c9MENT : FINANCES<\/h3>\n<p>Pour la premi\u00e8re fois dans sa nouvelle forme : Le magazine FINANCE pour les entreprises et les entrepreneurs<\/p>\n<h3>\nORGANISATION \/ INFORMATIQUE \/ T\u00c9L\u00c9COMMUNICATIONS<\/h3>\n<p>Marc Otto \u00e0 propos du nouveau concept \u00e9ditorial;Organisation, informatique et t\u00e9l\u00e9communication comme un tout<br \/>\nLa s\u00e9rie \u00abFlexibilit\u00e9 de vie et de temps\u00bb (9) de Franz Schnyder s'attaque cette fois au fl\u00e9au du t\u00e9l\u00e9phone :<br \/>\nvotre t\u00e9l\u00e9phone - fil chaud ou fil d'achoppement ?  Markus Schwyter r\u00e9v\u00e8le le potentiel de r\u00e9ussite des services internes :<br \/>\nL'entreprise dans l'entreprise La s\u00e9rie de Roman Rosenstein \u00abCompuServe pour les managers\u00bb (2) : Les ordinateurs ont aussi besoin d'interpr\u00e8tes Walter Kapaurer montre les avantages d'une connexion ISDN :<br \/>\nLecture Swissnet pour les non-techniciens Martin Spaar : Tout frais sur le march\u00e9 - Nouveaux logiciels.<\/p>\n<p>&nbsp;<\/p>\n<h3>MARKETING<\/h3>\n<p>Thomas Greber mise sur le bon sens : les 7 \u00abC\u00bb magiques pour r\u00e9ussir en marketing Avec un portrait de notre r\u00e9dacteur Mlllz A New York : mon travail est accompli lorsque les lecteurs d'ORGANISATOR s'expriment aupr\u00e8s de leur<br \/>\nse frotteront joyeusement les mains lors des futurs bilans !<\/p>\n<p>&nbsp;<\/p>\n<h3>CONSULTATION<\/h3>\n<p>Vous cherchez un conseiller en gestion ?<\/p>\n<p>&nbsp;<\/p>\n<h3>PARTIE INFO ET SERVICES, RUBRIQUES<\/h3>\n<ul>\n<li>L'ORGANISATEUR en dialogue : Ch\u00e8re lectrice, cher lecteur<\/li>\n<li>Sur les personnes, les entreprises, les organisations<\/li>\n<li>Boutique ORGANISATOR Les premi\u00e8res id\u00e9es de cadeaux pas tout \u00e0 fait comme les autres<\/li>\n<li>Formation continue et litt\u00e9rature sp\u00e9cialis\u00e9e Cours, s\u00e9minaires, \u00e9v\u00e9nements Congr\u00e8s \u00abPerspective 96 - Succession d'entreprise\u00bb 7.<\/li>\n<li>Congr\u00e8s suisse des chefs de personnel (HWV \u00d6lten)<\/li>\n<\/ul>\n<h3>Clubs et associations<\/h3>\n<ul>\n<li>Club des consultants<\/li>\n<li>Clubs Efficlency<\/li>\n<li>FOKA Forum des femmes d'affaires<\/li>\n<li>Id\u00e9e-Suisse<\/li>\n<li>Psilog - PsIloGate goes Internet<\/li>\n<li>VPA Association des professionnels des ressources humaines et de la formation<\/li>\n<\/ul>\n<h3>\nLes derni\u00e8res pages<\/h3>\n<ul>\n<li>Aper\u00e7u des prochains num\u00e9ros, liste des annonceurs,<\/li>\n<li>Votre centre d'avantages et de comp\u00e9tences ; Impressum<\/li>\n<\/ul>\n<p>&nbsp;<\/p>","protected":false},"excerpt":{"rendered":"<p>Re\u00e7oit la revue sp\u00e9cialis\u00e9e en langue allemande \"organisator\" dans le num\u00e9ro 11\/1995 en t\u00e9l\u00e9chargement PDF avec la table des mati\u00e8res suivante :<\/p>","protected":false},"featured_media":14839,"template":"","meta":{"_acf_changed":false,"articlekey":""},"product_brand":[],"product_cat":[546],"product_tag":[2958],"class_list":{"0":"post-14837","1":"product","2":"type-product","3":"status-publish","4":"has-post-thumbnail","6":"product_cat-einzelausgaben","7":"product_tag-2958","9":"first","10":"instock","11":"downloadable","12":"virtual","13":"taxable","14":"purchasable","15":"product-type-simple"},"acf":[],"yoast_head":"<!-- This site is optimized with the Yoast SEO plugin v27.5 - https:\/\/yoast.com\/product\/yoast-seo-wordpress\/ -->\n<title>Organisator Ausgabe 11\/1995 - Organisator<\/title>\n<meta name=\"description\" content=\"Erhalte die deutschsprachige Fachzeitschrift \u00aborganisator\u00bb in der Ausgabe 11\/1995 als PDF-Download mit nachfolgendem Inhaltsverzeichnis:\" \/>\n<meta name=\"robots\" content=\"index, follow, max-snippet:-1, max-image-preview:large, max-video-preview:-1\" \/>\n<link rel=\"canonical\" href=\"https:\/\/www.organisator.ch\/fr\/product\/organisator-ausgabe-11-1995\/\" \/>\n<meta property=\"og:locale\" content=\"fr_FR\" \/>\n<meta property=\"og:type\" content=\"article\" \/>\n<meta property=\"og:title\" content=\"Organisator Ausgabe 11\/1995 - Organisator\" \/>\n<meta property=\"og:description\" content=\"Erhalte die deutschsprachige Fachzeitschrift \u00aborganisator\u00bb in der Ausgabe 11\/1995 als PDF-Download mit nachfolgendem Inhaltsverzeichnis:\" \/>\n<meta property=\"og:url\" content=\"https:\/\/www.organisator.ch\/fr\/product\/organisator-ausgabe-11-1995\/\" \/>\n<meta property=\"og:site_name\" content=\"Organisator\" \/>\n<meta property=\"article:publisher\" content=\"https:\/\/www.facebook.com\/OrganisatorFachmagazin\" \/>\n<meta property=\"article:modified_time\" content=\"2022-06-15T07:21:53+00:00\" \/>\n<meta property=\"og:image\" content=\"https:\/\/www.organisator.ch\/wp-content\/uploads\/2022\/06\/organisator_1995_11.png\" \/>\n\t<meta property=\"og:image:width\" content=\"654\" \/>\n\t<meta property=\"og:image:height\" content=\"370\" \/>\n\t<meta property=\"og:image:type\" content=\"image\/png\" \/>\n<meta name=\"twitter:card\" content=\"summary_large_image\" \/>\n<script type=\"application\/ld+json\" class=\"yoast-schema-graph\">{\"@context\":\"https:\\\/\\\/schema.org\",\"@graph\":[{\"@type\":\"WebPage\",\"@id\":\"https:\\\/\\\/www.organisator.ch\\\/en\\\/product\\\/organisator-ausgabe-11-1995\\\/\",\"url\":\"https:\\\/\\\/www.organisator.ch\\\/en\\\/product\\\/organisator-ausgabe-11-1995\\\/\",\"name\":\"Organisator Ausgabe 11\\\/1995 - Organisator\",\"isPartOf\":{\"@id\":\"https:\\\/\\\/www.organisator.ch\\\/#website\"},\"primaryImageOfPage\":{\"@id\":\"https:\\\/\\\/www.organisator.ch\\\/en\\\/product\\\/organisator-ausgabe-11-1995\\\/#primaryimage\"},\"image\":{\"@id\":\"https:\\\/\\\/www.organisator.ch\\\/en\\\/product\\\/organisator-ausgabe-11-1995\\\/#primaryimage\"},\"thumbnailUrl\":\"https:\\\/\\\/www.organisator.ch\\\/wp-content\\\/uploads\\\/2022\\\/06\\\/organisator_1995_11.png\",\"datePublished\":\"2022-06-15T07:21:52+00:00\",\"dateModified\":\"2022-06-15T07:21:53+00:00\",\"description\":\"Erhalte die deutschsprachige Fachzeitschrift \u00aborganisator\u00bb in der Ausgabe 11\\\/1995 als PDF-Download mit nachfolgendem Inhaltsverzeichnis:\",\"breadcrumb\":{\"@id\":\"https:\\\/\\\/www.organisator.ch\\\/en\\\/product\\\/organisator-ausgabe-11-1995\\\/#breadcrumb\"},\"inLanguage\":\"fr-FR\",\"potentialAction\":[{\"@type\":\"ReadAction\",\"target\":[\"https:\\\/\\\/www.organisator.ch\\\/en\\\/product\\\/organisator-ausgabe-11-1995\\\/\"]}]},{\"@type\":\"ImageObject\",\"inLanguage\":\"fr-FR\",\"@id\":\"https:\\\/\\\/www.organisator.ch\\\/en\\\/product\\\/organisator-ausgabe-11-1995\\\/#primaryimage\",\"url\":\"https:\\\/\\\/www.organisator.ch\\\/wp-content\\\/uploads\\\/2022\\\/06\\\/organisator_1995_11.png\",\"contentUrl\":\"https:\\\/\\\/www.organisator.ch\\\/wp-content\\\/uploads\\\/2022\\\/06\\\/organisator_1995_11.png\",\"width\":654,\"height\":370},{\"@type\":\"BreadcrumbList\",\"@id\":\"https:\\\/\\\/www.organisator.ch\\\/en\\\/product\\\/organisator-ausgabe-11-1995\\\/#breadcrumb\",\"itemListElement\":[{\"@type\":\"ListItem\",\"position\":1,\"name\":\"Home\",\"item\":\"https:\\\/\\\/www.organisator.ch\\\/\"},{\"@type\":\"ListItem\",\"position\":2,\"name\":\"Shop\",\"item\":\"https:\\\/\\\/www.organisator.ch\\\/fr\\\/shop\\\/\"},{\"@type\":\"ListItem\",\"position\":3,\"name\":\"Organisator Ausgabe 11\\\/1995\"}]},{\"@type\":\"WebSite\",\"@id\":\"https:\\\/\\\/www.organisator.ch\\\/#website\",\"url\":\"https:\\\/\\\/www.organisator.ch\\\/\",\"name\":\"Organisator\",\"description\":\"Kompetent. Praxisnah. Der ORGANISATOR bereitet in 10 Ausgaben pro Jahr die wesentlichen Themen f\u00fcr F\u00fchrungskr\u00e4fte von KMU auf.\",\"publisher\":{\"@id\":\"https:\\\/\\\/www.organisator.ch\\\/#organization\"},\"potentialAction\":[{\"@type\":\"SearchAction\",\"target\":{\"@type\":\"EntryPoint\",\"urlTemplate\":\"https:\\\/\\\/www.organisator.ch\\\/?s={search_term_string}\"},\"query-input\":{\"@type\":\"PropertyValueSpecification\",\"valueRequired\":true,\"valueName\":\"search_term_string\"}}],\"inLanguage\":\"fr-FR\"},{\"@type\":\"Organization\",\"@id\":\"https:\\\/\\\/www.organisator.ch\\\/#organization\",\"name\":\"Organisator\",\"url\":\"https:\\\/\\\/www.organisator.ch\\\/\",\"logo\":{\"@type\":\"ImageObject\",\"inLanguage\":\"fr-FR\",\"@id\":\"https:\\\/\\\/www.organisator.ch\\\/#\\\/schema\\\/logo\\\/image\\\/\",\"url\":\"https:\\\/\\\/www.organisator.ch\\\/wp-content\\\/uploads\\\/2022\\\/01\\\/Logo_Organisator_Website.png\",\"contentUrl\":\"https:\\\/\\\/www.organisator.ch\\\/wp-content\\\/uploads\\\/2022\\\/01\\\/Logo_Organisator_Website.png\",\"width\":800,\"height\":77,\"caption\":\"Organisator\"},\"image\":{\"@id\":\"https:\\\/\\\/www.organisator.ch\\\/#\\\/schema\\\/logo\\\/image\\\/\"},\"sameAs\":[\"https:\\\/\\\/www.facebook.com\\\/OrganisatorFachmagazin\",\"https:\\\/\\\/www.linkedin.com\\\/showcase\\\/organisator-das-magazin-fr-kmu\",\"https:\\\/\\\/www.xing.com\\\/news\\\/pages\\\/organisator-ch-695\",\"https:\\\/\\\/www.youtube.com\\\/channel\\\/UCGP2Sq0iWaZwT3BdIAQFYpw\"]}]}<\/script>\n<!-- \/ Yoast SEO plugin. -->","yoast_head_json":{"title":"Organisateur \u00c9dition 11\/1995 - Organisateur","description":"Re\u00e7oit la revue sp\u00e9cialis\u00e9e en langue allemande \"organisator\" dans le num\u00e9ro 11\/1995 en t\u00e9l\u00e9chargement PDF avec la table des mati\u00e8res suivante :","robots":{"index":"index","follow":"follow","max-snippet":"max-snippet:-1","max-image-preview":"max-image-preview:large","max-video-preview":"max-video-preview:-1"},"canonical":"https:\/\/www.organisator.ch\/fr\/product\/organisator-ausgabe-11-1995\/","og_locale":"fr_FR","og_type":"article","og_title":"Organisator Ausgabe 11\/1995 - Organisator","og_description":"Erhalte die deutschsprachige Fachzeitschrift \u00aborganisator\u00bb in der Ausgabe 11\/1995 als PDF-Download mit nachfolgendem Inhaltsverzeichnis:","og_url":"https:\/\/www.organisator.ch\/fr\/product\/organisator-ausgabe-11-1995\/","og_site_name":"Organisator","article_publisher":"https:\/\/www.facebook.com\/OrganisatorFachmagazin","article_modified_time":"2022-06-15T07:21:53+00:00","og_image":[{"width":654,"height":370,"url":"https:\/\/www.organisator.ch\/wp-content\/uploads\/2022\/06\/organisator_1995_11.png","type":"image\/png"}],"twitter_card":"summary_large_image","schema":{"@context":"https:\/\/schema.org","@graph":[{"@type":"WebPage","@id":"https:\/\/www.organisator.ch\/en\/product\/organisator-ausgabe-11-1995\/","url":"https:\/\/www.organisator.ch\/en\/product\/organisator-ausgabe-11-1995\/","name":"Organisateur \u00c9dition 11\/1995 - Organisateur","isPartOf":{"@id":"https:\/\/www.organisator.ch\/#website"},"primaryImageOfPage":{"@id":"https:\/\/www.organisator.ch\/en\/product\/organisator-ausgabe-11-1995\/#primaryimage"},"image":{"@id":"https:\/\/www.organisator.ch\/en\/product\/organisator-ausgabe-11-1995\/#primaryimage"},"thumbnailUrl":"https:\/\/www.organisator.ch\/wp-content\/uploads\/2022\/06\/organisator_1995_11.png","datePublished":"2022-06-15T07:21:52+00:00","dateModified":"2022-06-15T07:21:53+00:00","description":"Re\u00e7oit la revue sp\u00e9cialis\u00e9e en langue allemande \"organisator\" dans le num\u00e9ro 11\/1995 en t\u00e9l\u00e9chargement PDF avec la table des mati\u00e8res suivante :","breadcrumb":{"@id":"https:\/\/www.organisator.ch\/en\/product\/organisator-ausgabe-11-1995\/#breadcrumb"},"inLanguage":"fr-FR","potentialAction":[{"@type":"ReadAction","target":["https:\/\/www.organisator.ch\/en\/product\/organisator-ausgabe-11-1995\/"]}]},{"@type":"ImageObject","inLanguage":"fr-FR","@id":"https:\/\/www.organisator.ch\/en\/product\/organisator-ausgabe-11-1995\/#primaryimage","url":"https:\/\/www.organisator.ch\/wp-content\/uploads\/2022\/06\/organisator_1995_11.png","contentUrl":"https:\/\/www.organisator.ch\/wp-content\/uploads\/2022\/06\/organisator_1995_11.png","width":654,"height":370},{"@type":"BreadcrumbList","@id":"https:\/\/www.organisator.ch\/en\/product\/organisator-ausgabe-11-1995\/#breadcrumb","itemListElement":[{"@type":"ListItem","position":1,"name":"Home","item":"https:\/\/www.organisator.ch\/"},{"@type":"ListItem","position":2,"name":"Shop","item":"https:\/\/www.organisator.ch\/fr\/shop\/"},{"@type":"ListItem","position":3,"name":"Organisator Ausgabe 11\/1995"}]},{"@type":"WebSite","@id":"https:\/\/www.organisator.ch\/#website","url":"https:\/\/www.organisator.ch\/","name":"Organisateur","description":"Comp\u00e9tence et comp\u00e9tence. Proches de la pratique. L'ORGANISATEUR pr\u00e9pare 10 num\u00e9ros par an sur les th\u00e8mes essentiels pour les dirigeants de PME.","publisher":{"@id":"https:\/\/www.organisator.ch\/#organization"},"potentialAction":[{"@type":"SearchAction","target":{"@type":"EntryPoint","urlTemplate":"https:\/\/www.organisator.ch\/?s={search_term_string}"},"query-input":{"@type":"PropertyValueSpecification","valueRequired":true,"valueName":"search_term_string"}}],"inLanguage":"fr-FR"},{"@type":"Organization","@id":"https:\/\/www.organisator.ch\/#organization","name":"Organisateur","url":"https:\/\/www.organisator.ch\/","logo":{"@type":"ImageObject","inLanguage":"fr-FR","@id":"https:\/\/www.organisator.ch\/#\/schema\/logo\/image\/","url":"https:\/\/www.organisator.ch\/wp-content\/uploads\/2022\/01\/Logo_Organisator_Website.png","contentUrl":"https:\/\/www.organisator.ch\/wp-content\/uploads\/2022\/01\/Logo_Organisator_Website.png","width":800,"height":77,"caption":"Organisator"},"image":{"@id":"https:\/\/www.organisator.ch\/#\/schema\/logo\/image\/"},"sameAs":["https:\/\/www.facebook.com\/OrganisatorFachmagazin","https:\/\/www.linkedin.com\/showcase\/organisator-das-magazin-fr-kmu","https:\/\/www.xing.com\/news\/pages\/organisator-ch-695","https:\/\/www.youtube.com\/channel\/UCGP2Sq0iWaZwT3BdIAQFYpw"]}]}},"_links":{"self":[{"href":"https:\/\/www.organisator.ch\/fr\/wp-json\/wp\/v2\/product\/14837","targetHints":{"allow":["GET"]}}],"collection":[{"href":"https:\/\/www.organisator.ch\/fr\/wp-json\/wp\/v2\/product"}],"about":[{"href":"https:\/\/www.organisator.ch\/fr\/wp-json\/wp\/v2\/types\/product"}],"wp:featuredmedia":[{"embeddable":true,"href":"https:\/\/www.organisator.ch\/fr\/wp-json\/wp\/v2\/media\/14839"}],"wp:attachment":[{"href":"https:\/\/www.organisator.ch\/fr\/wp-json\/wp\/v2\/media?parent=14837"}],"wp:term":[{"taxonomy":"product_brand","embeddable":true,"href":"https:\/\/www.organisator.ch\/fr\/wp-json\/wp\/v2\/product_brand?post=14837"},{"taxonomy":"product_cat","embeddable":true,"href":"https:\/\/www.organisator.ch\/fr\/wp-json\/wp\/v2\/product_cat?post=14837"},{"taxonomy":"product_tag","embeddable":true,"href":"https:\/\/www.organisator.ch\/fr\/wp-json\/wp\/v2\/product_tag?post=14837"}],"curies":[{"name":"wp","href":"https:\/\/api.w.org\/{rel}","templated":true}]}}