{"id":14909,"date":"2022-06-16T07:22:50","date_gmt":"2022-06-16T05:22:50","guid":{"rendered":"https:\/\/www.organisator.ch\/?post_type=product&#038;p=14909"},"modified":"2022-06-16T07:22:50","modified_gmt":"2022-06-16T05:22:50","slug":"organisator-ausgabe-11-1996","status":"publish","type":"product","link":"https:\/\/www.organisator.ch\/fr\/produkt\/organisator-ausgabe-11-1996\/","title":{"rendered":"Organisateur \u00c9dition 11\/1996"},"content":{"rendered":"<h2>VISIONS, PRINCIPES DIRECTEURS<\/h2>\n<p>Avant de nous mettre en mouvement, nous devrions conna\u00eetre notre objectif, ce qui n'est pas toujours le cas. Le th\u00e8me de la couverture contient des pistes de r\u00e9flexion int\u00e9ressantes de six auteurs aux approches diff\u00e9rentes. Philipp Schmid est un montagnard passionn\u00e9 et fait des comparaisons : Une entreprise est comme une montagne Wolf H\u00f6nig motive \u00e0 d\u00e9sencombrer les visions existantes : Savons-nous vraiment o\u00f9 nous devons aller ?  Daniel Marthaler et Elisabeth Stern sur la th\u00e9orie et la pratique : les mod\u00e8les environnementaux au quotidien Pirmin Schwander devient concret : la construction d'un mod\u00e8le d'entreprise Grazia Amati int\u00e8gre l'homme : Le chemin est le but, et le but, c'est moi-m\u00eame.<\/p>\n<h3>\nGESTION D'ENTREPRISE<\/h3>\n<ul>\n<li>Bernhard Haerri a transform\u00e9 Dell Computer SA en \"Virtual Office\" : Virtuel et tr\u00e8s pr\u00e9sent<\/li>\n<li>Frangois Loeb : La reprise a besoin d'un climat cr\u00e9atif !<\/li>\n<\/ul>\n<h3>\nAUTDRGANISATIDN - PLANIFICATION DU TEMPS<\/h3>\n<ul>\n<li>Werner Roth, expert en emploi du temps : trucs et astuces pour la planification du temps<\/li>\n<li>Franz X. Erni : La planification du temps doit \u00eatre coordonn\u00e9e<\/li>\n<li>Un aper\u00e7u utile : ces entreprises ont du temps \u00e0 vous consacrer<\/li>\n<\/ul>\n<h3>\nGESTION DES EMPLOY\u00c9S<\/h3>\n<ul>\n<li>Hans-Peter Zimmermann \u00e0 propos de la \"deuxi\u00e8me plainte du petit entrepreneur\" : Dh, ce personnel !<\/li>\n<li>Franz Schnyder est concret : entretien d'\u00e9valuation et certificat de travail<\/li>\n<\/ul>\n<p>&nbsp;<\/p>\n<h3>\u00caTRE HUMAIN<\/h3>\n<ul>\n<li>Arnold H. Lanz : La red\u00e9couverte de la soir\u00e9e de travail La chronique de Gonsaiv K. Mainberger \u00abPhilosophie\u00bb (cette fois-ci correctement...) :<\/li>\n<li>Le Prom\u00e9th\u00e9e encha\u00een\u00e9 \u00e0 la Street Parade3<\/li>\n<li>Christian Katz : Soyez cr\u00e9atifs comme Walt Disney !<\/li>\n<\/ul>\n<p>&nbsp;<\/p>\n<h3>LA FINANCE POUR LES ENTREPRISES ET LES ENTREPRENEURS<\/h3>\n<p>Josef Berger pr\u00e9sente une \u00abaffaire triangulaire\u00bb fructueuse : la banque, le client ... et la tierce partie<br \/>\nDaniel Hofmann, Lukas RIeder- Savoir-faire \u00e0 l'exemple de \u00abSupport AG\u00bb : planification des ventes et du chiffre d'affaires dans une petite entreprise<br \/>\nStefan Heini transf\u00e8re le controlling \u00e0 l'ensemble de la direction : le controlling dans les diff\u00e9rents secteurs de l'entreprise<\/p>\n<h3>\nSAVOIR-FAIRE<\/h3>\n<ul>\n<li>Cornel Veil transmet des adresses dynamiques : Les fondements du management pour les femmes<\/li>\n<li>Hans Rudolf Jost et Peter Baumgartner pr\u00e9sentent le parcours d'apprentissage pour les entrepreneurs<\/li>\n<li>Portraits et ouvrages sp\u00e9cialis\u00e9s pour le management<\/li>\n<\/ul>\n<h3>\nMARKETING<\/h3>\n<ul>\n<li>Giacomo Rusconi montre comment vendre plus :  Sans suivi t\u00e9l\u00e9phonique, la publicit\u00e9 est de l'argent gaspill\u00e9<\/li>\n<li>S\u00e9rie \"Relations presse\" de Dieter Markwalder (3) : Le contact presse<\/li>\n<li>Rolf Gruber : Gagner la concurrence comme client<\/li>\n<li>Andreas Poncini : du vendeur au manager r\u00e9gional<\/li>\n<li>Thomas Greber : Les bonnes brochures ouvrent des portes<\/li>\n<\/ul>\n<h3>\nORGANISATION, INFORMATIQUE<\/h3>\n<ul>\n<li>Client\/Serveur 96 : Technologie des bases de donn\u00e9es et Intranets<\/li>\n<li>Martin Spaar, Mathias Sch\u00fcssler, Marco Sulser : Frais du march\u00e9<\/li>\n<\/ul>\n<p>&nbsp;<\/p>\n<h3>INFO - ET SERVICE, RUBRIQUES<\/h3>\n<ul>\n<li>Ch\u00e8re lectrice, cher lecteur, vous avez la parole<\/li>\n<li>Club des consultants<\/li>\n<li>Clubs Efficacit\u00e9 \/ Foka<\/li>\n<li>Id\u00e9e-Suisse<\/li>\n<li>Psilog - Psion User Club of Switzerland<\/li>\n<li>VPA Association des professionnels des ressources humaines et de la formation<\/li>\n<\/ul>\n<h3>\nFormation continue<\/h3>\n<ul>\n<li>Organisateur de l'Acad\u00e9mie : S\u00e9minaire \"Conversation-Navigation<\/li>\n<li>Les prochains \u00e9v\u00e9nements<\/li>\n<li>Cours, s\u00e9minaires, \u00e9v\u00e9nements<\/li>\n<\/ul>\n<p>&nbsp;<\/p>\n<h3>Les derni\u00e8res pages<\/h3>\n<ul>\n<li>C'est reparti : la boutique de No\u00ebl<\/li>\n<li>Recettes de succ\u00e8s pour les entreprises ; Impressum<\/li>\n<\/ul>\n<p>&nbsp;<\/p>","protected":false},"excerpt":{"rendered":"<p>Re\u00e7oit la revue sp\u00e9cialis\u00e9e en langue allemande \"organisator\" dans le num\u00e9ro 11\/1996 en t\u00e9l\u00e9chargement PDF avec la table des mati\u00e8res suivante :<\/p>","protected":false},"featured_media":14911,"template":"","meta":{"_acf_changed":false,"articlekey":""},"product_brand":[],"product_cat":[546],"product_tag":[2963],"class_list":{"0":"post-14909","1":"product","2":"type-product","3":"status-publish","4":"has-post-thumbnail","6":"product_cat-einzelausgaben","7":"product_tag-2963","9":"first","10":"instock","11":"downloadable","12":"virtual","13":"taxable","14":"purchasable","15":"product-type-simple"},"acf":[],"yoast_head":"<!-- This site is optimized with the Yoast SEO plugin v27.5 - https:\/\/yoast.com\/product\/yoast-seo-wordpress\/ -->\n<title>Organisator Ausgabe 11\/1996 - Organisator<\/title>\n<meta name=\"description\" content=\"Erhalte die deutschsprachige Fachzeitschrift \u00aborganisator\u00bb in der Ausgabe 11\/1996 als PDF-Download mit nachfolgendem Inhaltsverzeichnis:\" \/>\n<meta name=\"robots\" content=\"index, follow, max-snippet:-1, max-image-preview:large, max-video-preview:-1\" \/>\n<link rel=\"canonical\" href=\"https:\/\/www.organisator.ch\/fr\/produit\/organisator-ausgabe-11-1996\/\" \/>\n<meta property=\"og:locale\" content=\"fr_FR\" \/>\n<meta property=\"og:type\" content=\"article\" \/>\n<meta property=\"og:title\" content=\"Organisator Ausgabe 11\/1996 - Organisator\" \/>\n<meta property=\"og:description\" content=\"Erhalte die deutschsprachige Fachzeitschrift \u00aborganisator\u00bb in der Ausgabe 11\/1996 als PDF-Download mit nachfolgendem Inhaltsverzeichnis:\" \/>\n<meta property=\"og:url\" content=\"https:\/\/www.organisator.ch\/fr\/produit\/organisator-ausgabe-11-1996\/\" \/>\n<meta property=\"og:site_name\" content=\"Organisator\" \/>\n<meta property=\"article:publisher\" content=\"https:\/\/www.facebook.com\/OrganisatorFachmagazin\" \/>\n<meta property=\"og:image\" content=\"https:\/\/www.organisator.ch\/wp-content\/uploads\/2022\/06\/organisator_1996_11.png\" \/>\n\t<meta property=\"og:image:width\" content=\"654\" \/>\n\t<meta property=\"og:image:height\" content=\"370\" \/>\n\t<meta property=\"og:image:type\" content=\"image\/png\" \/>\n<meta name=\"twitter:card\" content=\"summary_large_image\" \/>\n<script type=\"application\/ld+json\" class=\"yoast-schema-graph\">{\"@context\":\"https:\\\/\\\/schema.org\",\"@graph\":[{\"@type\":\"WebPage\",\"@id\":\"https:\\\/\\\/www.organisator.ch\\\/de\\\/produkt\\\/organisator-ausgabe-11-1996\\\/\",\"url\":\"https:\\\/\\\/www.organisator.ch\\\/de\\\/produkt\\\/organisator-ausgabe-11-1996\\\/\",\"name\":\"Organisator Ausgabe 11\\\/1996 - Organisator\",\"isPartOf\":{\"@id\":\"https:\\\/\\\/www.organisator.ch\\\/#website\"},\"primaryImageOfPage\":{\"@id\":\"https:\\\/\\\/www.organisator.ch\\\/de\\\/produkt\\\/organisator-ausgabe-11-1996\\\/#primaryimage\"},\"image\":{\"@id\":\"https:\\\/\\\/www.organisator.ch\\\/de\\\/produkt\\\/organisator-ausgabe-11-1996\\\/#primaryimage\"},\"thumbnailUrl\":\"https:\\\/\\\/www.organisator.ch\\\/wp-content\\\/uploads\\\/2022\\\/06\\\/organisator_1996_11.png\",\"datePublished\":\"2022-06-16T05:22:50+00:00\",\"description\":\"Erhalte die deutschsprachige Fachzeitschrift \u00aborganisator\u00bb in der Ausgabe 11\\\/1996 als PDF-Download mit nachfolgendem Inhaltsverzeichnis:\",\"breadcrumb\":{\"@id\":\"https:\\\/\\\/www.organisator.ch\\\/de\\\/produkt\\\/organisator-ausgabe-11-1996\\\/#breadcrumb\"},\"inLanguage\":\"fr-FR\",\"potentialAction\":[{\"@type\":\"ReadAction\",\"target\":[\"https:\\\/\\\/www.organisator.ch\\\/de\\\/produkt\\\/organisator-ausgabe-11-1996\\\/\"]}]},{\"@type\":\"ImageObject\",\"inLanguage\":\"fr-FR\",\"@id\":\"https:\\\/\\\/www.organisator.ch\\\/de\\\/produkt\\\/organisator-ausgabe-11-1996\\\/#primaryimage\",\"url\":\"https:\\\/\\\/www.organisator.ch\\\/wp-content\\\/uploads\\\/2022\\\/06\\\/organisator_1996_11.png\",\"contentUrl\":\"https:\\\/\\\/www.organisator.ch\\\/wp-content\\\/uploads\\\/2022\\\/06\\\/organisator_1996_11.png\",\"width\":654,\"height\":370},{\"@type\":\"BreadcrumbList\",\"@id\":\"https:\\\/\\\/www.organisator.ch\\\/de\\\/produkt\\\/organisator-ausgabe-11-1996\\\/#breadcrumb\",\"itemListElement\":[{\"@type\":\"ListItem\",\"position\":1,\"name\":\"Home\",\"item\":\"https:\\\/\\\/www.organisator.ch\\\/\"},{\"@type\":\"ListItem\",\"position\":2,\"name\":\"Shop\",\"item\":\"https:\\\/\\\/www.organisator.ch\\\/fr\\\/shop\\\/\"},{\"@type\":\"ListItem\",\"position\":3,\"name\":\"Organisator Ausgabe 11\\\/1996\"}]},{\"@type\":\"WebSite\",\"@id\":\"https:\\\/\\\/www.organisator.ch\\\/#website\",\"url\":\"https:\\\/\\\/www.organisator.ch\\\/\",\"name\":\"Organisator\",\"description\":\"Kompetent. Praxisnah. Der ORGANISATOR bereitet in 10 Ausgaben pro Jahr die wesentlichen Themen f\u00fcr F\u00fchrungskr\u00e4fte von KMU auf.\",\"publisher\":{\"@id\":\"https:\\\/\\\/www.organisator.ch\\\/#organization\"},\"potentialAction\":[{\"@type\":\"SearchAction\",\"target\":{\"@type\":\"EntryPoint\",\"urlTemplate\":\"https:\\\/\\\/www.organisator.ch\\\/?s={search_term_string}\"},\"query-input\":{\"@type\":\"PropertyValueSpecification\",\"valueRequired\":true,\"valueName\":\"search_term_string\"}}],\"inLanguage\":\"fr-FR\"},{\"@type\":\"Organization\",\"@id\":\"https:\\\/\\\/www.organisator.ch\\\/#organization\",\"name\":\"Organisator\",\"url\":\"https:\\\/\\\/www.organisator.ch\\\/\",\"logo\":{\"@type\":\"ImageObject\",\"inLanguage\":\"fr-FR\",\"@id\":\"https:\\\/\\\/www.organisator.ch\\\/#\\\/schema\\\/logo\\\/image\\\/\",\"url\":\"https:\\\/\\\/www.organisator.ch\\\/wp-content\\\/uploads\\\/2022\\\/01\\\/Logo_Organisator_Website.png\",\"contentUrl\":\"https:\\\/\\\/www.organisator.ch\\\/wp-content\\\/uploads\\\/2022\\\/01\\\/Logo_Organisator_Website.png\",\"width\":800,\"height\":77,\"caption\":\"Organisator\"},\"image\":{\"@id\":\"https:\\\/\\\/www.organisator.ch\\\/#\\\/schema\\\/logo\\\/image\\\/\"},\"sameAs\":[\"https:\\\/\\\/www.facebook.com\\\/OrganisatorFachmagazin\",\"https:\\\/\\\/www.linkedin.com\\\/showcase\\\/organisator-das-magazin-fr-kmu\",\"https:\\\/\\\/www.xing.com\\\/news\\\/pages\\\/organisator-ch-695\",\"https:\\\/\\\/www.youtube.com\\\/channel\\\/UCGP2Sq0iWaZwT3BdIAQFYpw\"]}]}<\/script>\n<!-- \/ Yoast SEO plugin. -->","yoast_head_json":{"title":"Organisateur \u00c9dition 11\/1996 - Organisateur","description":"Re\u00e7oit la revue sp\u00e9cialis\u00e9e en langue allemande \"organisator\" dans le num\u00e9ro 11\/1996 en t\u00e9l\u00e9chargement PDF avec la table des mati\u00e8res suivante :","robots":{"index":"index","follow":"follow","max-snippet":"max-snippet:-1","max-image-preview":"max-image-preview:large","max-video-preview":"max-video-preview:-1"},"canonical":"https:\/\/www.organisator.ch\/fr\/produit\/organisator-ausgabe-11-1996\/","og_locale":"fr_FR","og_type":"article","og_title":"Organisator Ausgabe 11\/1996 - Organisator","og_description":"Erhalte die deutschsprachige Fachzeitschrift \u00aborganisator\u00bb in der Ausgabe 11\/1996 als PDF-Download mit nachfolgendem Inhaltsverzeichnis:","og_url":"https:\/\/www.organisator.ch\/fr\/produit\/organisator-ausgabe-11-1996\/","og_site_name":"Organisator","article_publisher":"https:\/\/www.facebook.com\/OrganisatorFachmagazin","og_image":[{"width":654,"height":370,"url":"https:\/\/www.organisator.ch\/wp-content\/uploads\/2022\/06\/organisator_1996_11.png","type":"image\/png"}],"twitter_card":"summary_large_image","schema":{"@context":"https:\/\/schema.org","@graph":[{"@type":"WebPage","@id":"https:\/\/www.organisator.ch\/de\/produkt\/organisator-ausgabe-11-1996\/","url":"https:\/\/www.organisator.ch\/de\/produkt\/organisator-ausgabe-11-1996\/","name":"Organisateur \u00c9dition 11\/1996 - Organisateur","isPartOf":{"@id":"https:\/\/www.organisator.ch\/#website"},"primaryImageOfPage":{"@id":"https:\/\/www.organisator.ch\/de\/produkt\/organisator-ausgabe-11-1996\/#primaryimage"},"image":{"@id":"https:\/\/www.organisator.ch\/de\/produkt\/organisator-ausgabe-11-1996\/#primaryimage"},"thumbnailUrl":"https:\/\/www.organisator.ch\/wp-content\/uploads\/2022\/06\/organisator_1996_11.png","datePublished":"2022-06-16T05:22:50+00:00","description":"Re\u00e7oit la revue sp\u00e9cialis\u00e9e en langue allemande \"organisator\" dans le num\u00e9ro 11\/1996 en t\u00e9l\u00e9chargement PDF avec la table des mati\u00e8res suivante :","breadcrumb":{"@id":"https:\/\/www.organisator.ch\/de\/produkt\/organisator-ausgabe-11-1996\/#breadcrumb"},"inLanguage":"fr-FR","potentialAction":[{"@type":"ReadAction","target":["https:\/\/www.organisator.ch\/de\/produkt\/organisator-ausgabe-11-1996\/"]}]},{"@type":"ImageObject","inLanguage":"fr-FR","@id":"https:\/\/www.organisator.ch\/de\/produkt\/organisator-ausgabe-11-1996\/#primaryimage","url":"https:\/\/www.organisator.ch\/wp-content\/uploads\/2022\/06\/organisator_1996_11.png","contentUrl":"https:\/\/www.organisator.ch\/wp-content\/uploads\/2022\/06\/organisator_1996_11.png","width":654,"height":370},{"@type":"BreadcrumbList","@id":"https:\/\/www.organisator.ch\/de\/produkt\/organisator-ausgabe-11-1996\/#breadcrumb","itemListElement":[{"@type":"ListItem","position":1,"name":"Home","item":"https:\/\/www.organisator.ch\/"},{"@type":"ListItem","position":2,"name":"Shop","item":"https:\/\/www.organisator.ch\/fr\/shop\/"},{"@type":"ListItem","position":3,"name":"Organisator Ausgabe 11\/1996"}]},{"@type":"WebSite","@id":"https:\/\/www.organisator.ch\/#website","url":"https:\/\/www.organisator.ch\/","name":"Organisateur","description":"Comp\u00e9tence et comp\u00e9tence. Proches de la pratique. L'ORGANISATEUR pr\u00e9pare 10 num\u00e9ros par an sur les th\u00e8mes essentiels pour les dirigeants de PME.","publisher":{"@id":"https:\/\/www.organisator.ch\/#organization"},"potentialAction":[{"@type":"SearchAction","target":{"@type":"EntryPoint","urlTemplate":"https:\/\/www.organisator.ch\/?s={search_term_string}"},"query-input":{"@type":"PropertyValueSpecification","valueRequired":true,"valueName":"search_term_string"}}],"inLanguage":"fr-FR"},{"@type":"Organization","@id":"https:\/\/www.organisator.ch\/#organization","name":"Organisateur","url":"https:\/\/www.organisator.ch\/","logo":{"@type":"ImageObject","inLanguage":"fr-FR","@id":"https:\/\/www.organisator.ch\/#\/schema\/logo\/image\/","url":"https:\/\/www.organisator.ch\/wp-content\/uploads\/2022\/01\/Logo_Organisator_Website.png","contentUrl":"https:\/\/www.organisator.ch\/wp-content\/uploads\/2022\/01\/Logo_Organisator_Website.png","width":800,"height":77,"caption":"Organisator"},"image":{"@id":"https:\/\/www.organisator.ch\/#\/schema\/logo\/image\/"},"sameAs":["https:\/\/www.facebook.com\/OrganisatorFachmagazin","https:\/\/www.linkedin.com\/showcase\/organisator-das-magazin-fr-kmu","https:\/\/www.xing.com\/news\/pages\/organisator-ch-695","https:\/\/www.youtube.com\/channel\/UCGP2Sq0iWaZwT3BdIAQFYpw"]}]}},"_links":{"self":[{"href":"https:\/\/www.organisator.ch\/fr\/wp-json\/wp\/v2\/product\/14909","targetHints":{"allow":["GET"]}}],"collection":[{"href":"https:\/\/www.organisator.ch\/fr\/wp-json\/wp\/v2\/product"}],"about":[{"href":"https:\/\/www.organisator.ch\/fr\/wp-json\/wp\/v2\/types\/product"}],"wp:featuredmedia":[{"embeddable":true,"href":"https:\/\/www.organisator.ch\/fr\/wp-json\/wp\/v2\/media\/14911"}],"wp:attachment":[{"href":"https:\/\/www.organisator.ch\/fr\/wp-json\/wp\/v2\/media?parent=14909"}],"wp:term":[{"taxonomy":"product_brand","embeddable":true,"href":"https:\/\/www.organisator.ch\/fr\/wp-json\/wp\/v2\/product_brand?post=14909"},{"taxonomy":"product_cat","embeddable":true,"href":"https:\/\/www.organisator.ch\/fr\/wp-json\/wp\/v2\/product_cat?post=14909"},{"taxonomy":"product_tag","embeddable":true,"href":"https:\/\/www.organisator.ch\/fr\/wp-json\/wp\/v2\/product_tag?post=14909"}],"curies":[{"name":"wp","href":"https:\/\/api.w.org\/{rel}","templated":true}]}}