{"id":14927,"date":"2022-06-16T08:01:15","date_gmt":"2022-06-16T06:01:15","guid":{"rendered":"https:\/\/www.organisator.ch\/?post_type=product&#038;p=14927"},"modified":"2022-06-16T08:01:16","modified_gmt":"2022-06-16T06:01:16","slug":"organisator-ausgabe-5-1996","status":"publish","type":"product","link":"https:\/\/www.organisator.ch\/fr\/produkt\/organisator-ausgabe-5-1996\/","title":{"rendered":"Organisateur \u00c9dition 5\/1996"},"content":{"rendered":"<h3>TRAVAIL POUR TOUS<\/h3>\n<p>\u00abSi nous, les entrepreneurs, ne prenons pas les choses en main, il ne se passera rien du tout\u00bb. C'est ce que dit Klaus J. Jacobs. Et pour que nous, les entrepreneurs, puissions d\u00e9sormais \u00abprendre les choses en main\u00bb, il y a maintenant cet ORGANISATEUR avec des contributions fond\u00e9es, des approches de mod\u00e8les courageuses mais r\u00e9alistes, des id\u00e9es originales et un engagement fort de huit auteurs comp\u00e9tents Hans Ruh commence ses r\u00e9flexions par la racine : r\u00e9inventer le travail Hans W\u00fcrgler est exasp\u00e9r\u00e9 par l'inaction de la politique et de l'\u00e9conomie : Une initiative populaire sur la r\u00e9partition du travail Franz Schnyder lance deux mod\u00e8les : la semaine de travail de 32* heures pour la formation permanente et l\u00ab\u00bbobligation de compatibilit\u00e9 avec l'emploi\" : la responsabilit\u00e9 des grands Maurice Pedergnana voit de grandes chances pour le maintien des emplois avec une nouvelle flexibilit\u00e9 du temps de travail consid\u00e9rablement \u00e9largie : Partage du travail et travail \u00e0 temps partiel Klaus J. Jacobs appelle \u00e0 une orientation des \u00e9coles et des entreprises vers un nouvel apprentissage tout au long de la vie : un appel \u00e0 l'action Fran\u00e7ois Loeb fait souffler un vent puissant en faveur d'un soutien actif de la part des entreprises et de l'Etat et encourage de nouveaux emplois en renfor\u00e7ant l'innovation Hansj\u00f6rg Aschmann fait quotidiennement l'exp\u00e9rience de l'outplacement :<br \/>\nDe nouveaux mod\u00e8les de travail sont n\u00e9cessaires Herve M. Wisard prend le contre-pied des cures d'amaigrissement : am\u00e9liorer la qualit\u00e9 au lieu de licencier du personnel.<\/p>\n<h3>\nGESTION D'ENTREPRISE<\/h3>\n<ul>\n<li>Pirmin Schwander pr\u00e9sente le deuxi\u00e8me \u00e9pisode de la s\u00e9rie \"Strat\u00e9gie 2000\" :<\/li>\n<li>L'analyse des points forts et des points faibles<\/li>\n<\/ul>\n<h3>\n\u00caTRE HUMAIN<\/h3>\n<ul>\n<li>Veronika Staudacher-Kohler pr\u00e9sente le \"mod\u00e8le des trois cercles\" : L'avenir est au f\u00e9minin<\/li>\n<li>La chronique \"Philosophie\" de Gonsaiv K. Mainberger (4) : Philosophie et r\u00e9gime alimentaire<\/li>\n<\/ul>\n<p>&nbsp;<\/p>\n<h3>MARKETING<\/h3>\n<ul>\n<li>Thomas Greber : Le marketing t\u00e9l\u00e9phonique adapt\u00e9 aux salons<\/li>\n<li>Rudolf Voegeli : Le marketing aussi peut \u00eatre externalis\u00e9<\/li>\n<\/ul>\n<h3>\nSECTION SP\u00c9CIALE T\u00c9L\u00c9COMMUNICATIONS : ORGA-LINE<\/h3>\n<ul>\n<li>Dieter Syz : La Suisse - centre ou p\u00e9riph\u00e9rie ?<\/li>\n<li>Fran\u00e7ois Loeb : des num\u00e9ros de t\u00e9l\u00e9phone verts pour les politiques<\/li>\n<li>Rolf Schoch : Le t\u00e9l\u00e9travail en Suisse<\/li>\n<li>Werner Wehrli : Protection contre les pirates de l'informatique dans les r\u00e9seaux<\/li>\n<li>J\u00fcrg Widmer : Les applications Hosta deviennent mobiles<\/li>\n<li>Marc Otto : avec quarante millions de cartes de visite sur le web<\/li>\n<li>Frank Taylor : Oracle Solution World \/ Camp Internet 96<\/li>\n<li>Iris Landtwing : TeleNetCom 96<\/li>\n<li>Christian Brunner : Gestion des flux de travail<\/li>\n<li>M. Spaar, M. Siegel : Tout frais sur le march\u00e9 - Nouveau logiciel<\/li>\n<li>Frank Taylor : Hold the Line<\/li>\n<\/ul>\n<h3>\nCONSULTATION<\/h3>\n<p>Vous cherchez un conseiller en gestion ?<\/p>\n<h3>\nSECTION D'INFORMATION ET DE SERVICE, RUBRIQUES :<\/h3>\n<ul>\n<li>Ch\u00e8re lectrice, cher lecteur 51<\/li>\n<li>Histoires de Claudia Marbach au quotidien - Attitude face \u00e0 la vie<\/li>\n<li>Organisateur de club et organisateur d'acad\u00e9mie En savoir plus - \u00eatre plus<\/li>\n<li>Formation intensive pour les administrateurs de PME<\/li>\n<\/ul>\n<h3>\nClubs et associations<\/h3>\n<ul>\n<li>Club des consultants<\/li>\n<li>Clubs Efficacit\u00e9\/Foka<\/li>\n<li>Id\u00e9e-Suisse<\/li>\n<li>VPA Association des professionnels des ressources humaines et de la formation<\/li>\n<li>Psilog<\/li>\n<\/ul>\n<h3>\nFormation continue et litt\u00e9rature sp\u00e9cialis\u00e9e<\/h3>\n<p>Cours, s\u00e9minaires, \u00e9v\u00e9nements<\/p>\n<h3>\nLes derni\u00e8res pages |<\/h3>\n<ul>\n<li>Aper\u00e7u des prochains num\u00e9ros, liste des annonceurs<\/li>\n<li>Votre centre d'avantages et de comp\u00e9tences ; Impressum<\/li>\n<\/ul>","protected":false},"excerpt":{"rendered":"<p>Re\u00e7oit la revue sp\u00e9cialis\u00e9e en langue allemande \"organisator\" dans le num\u00e9ro 5\/1996 en t\u00e9l\u00e9chargement PDF avec la table des mati\u00e8res suivante :<\/p>","protected":false},"featured_media":14929,"template":"","meta":{"_acf_changed":false,"articlekey":""},"product_brand":[],"product_cat":[546],"product_tag":[2963],"class_list":{"0":"post-14927","1":"product","2":"type-product","3":"status-publish","4":"has-post-thumbnail","6":"product_cat-einzelausgaben","7":"product_tag-2963","9":"first","10":"instock","11":"downloadable","12":"virtual","13":"taxable","14":"purchasable","15":"product-type-simple"},"acf":[],"yoast_head":"<!-- This site is optimized with the Yoast SEO plugin v27.5 - https:\/\/yoast.com\/product\/yoast-seo-wordpress\/ -->\n<title>Organisator Ausgabe 5\/1996 - Organisator<\/title>\n<meta name=\"description\" content=\"Erhalte die deutschsprachige Fachzeitschrift \u00aborganisator\u00bb in der Ausgabe 5\/1996 als PDF-Download mit nachfolgendem Inhaltsverzeichnis:\" \/>\n<meta name=\"robots\" content=\"index, follow, max-snippet:-1, max-image-preview:large, max-video-preview:-1\" \/>\n<link rel=\"canonical\" href=\"https:\/\/www.organisator.ch\/fr\/produit\/organisator-ausgabe-5-1996\/\" \/>\n<meta property=\"og:locale\" content=\"fr_FR\" \/>\n<meta property=\"og:type\" content=\"article\" \/>\n<meta property=\"og:title\" content=\"Organisator Ausgabe 5\/1996 - Organisator\" \/>\n<meta property=\"og:description\" content=\"Erhalte die deutschsprachige Fachzeitschrift \u00aborganisator\u00bb in der Ausgabe 5\/1996 als PDF-Download mit nachfolgendem Inhaltsverzeichnis:\" \/>\n<meta property=\"og:url\" content=\"https:\/\/www.organisator.ch\/fr\/produit\/organisator-ausgabe-5-1996\/\" \/>\n<meta property=\"og:site_name\" content=\"Organisator\" \/>\n<meta property=\"article:publisher\" content=\"https:\/\/www.facebook.com\/OrganisatorFachmagazin\" \/>\n<meta property=\"article:modified_time\" content=\"2022-06-16T06:01:16+00:00\" \/>\n<meta property=\"og:image\" content=\"https:\/\/www.organisator.ch\/wp-content\/uploads\/2022\/06\/organisator_1996_5.png\" \/>\n\t<meta property=\"og:image:width\" content=\"654\" \/>\n\t<meta property=\"og:image:height\" content=\"370\" \/>\n\t<meta property=\"og:image:type\" content=\"image\/png\" \/>\n<meta name=\"twitter:card\" content=\"summary_large_image\" \/>\n<script type=\"application\/ld+json\" class=\"yoast-schema-graph\">{\"@context\":\"https:\\\/\\\/schema.org\",\"@graph\":[{\"@type\":\"WebPage\",\"@id\":\"https:\\\/\\\/www.organisator.ch\\\/de\\\/produkt\\\/organisator-ausgabe-5-1996\\\/\",\"url\":\"https:\\\/\\\/www.organisator.ch\\\/de\\\/produkt\\\/organisator-ausgabe-5-1996\\\/\",\"name\":\"Organisator Ausgabe 5\\\/1996 - Organisator\",\"isPartOf\":{\"@id\":\"https:\\\/\\\/www.organisator.ch\\\/#website\"},\"primaryImageOfPage\":{\"@id\":\"https:\\\/\\\/www.organisator.ch\\\/de\\\/produkt\\\/organisator-ausgabe-5-1996\\\/#primaryimage\"},\"image\":{\"@id\":\"https:\\\/\\\/www.organisator.ch\\\/de\\\/produkt\\\/organisator-ausgabe-5-1996\\\/#primaryimage\"},\"thumbnailUrl\":\"https:\\\/\\\/www.organisator.ch\\\/wp-content\\\/uploads\\\/2022\\\/06\\\/organisator_1996_5.png\",\"datePublished\":\"2022-06-16T06:01:15+00:00\",\"dateModified\":\"2022-06-16T06:01:16+00:00\",\"description\":\"Erhalte die deutschsprachige Fachzeitschrift \u00aborganisator\u00bb in der Ausgabe 5\\\/1996 als PDF-Download mit nachfolgendem Inhaltsverzeichnis:\",\"breadcrumb\":{\"@id\":\"https:\\\/\\\/www.organisator.ch\\\/de\\\/produkt\\\/organisator-ausgabe-5-1996\\\/#breadcrumb\"},\"inLanguage\":\"fr-FR\",\"potentialAction\":[{\"@type\":\"ReadAction\",\"target\":[\"https:\\\/\\\/www.organisator.ch\\\/de\\\/produkt\\\/organisator-ausgabe-5-1996\\\/\"]}]},{\"@type\":\"ImageObject\",\"inLanguage\":\"fr-FR\",\"@id\":\"https:\\\/\\\/www.organisator.ch\\\/de\\\/produkt\\\/organisator-ausgabe-5-1996\\\/#primaryimage\",\"url\":\"https:\\\/\\\/www.organisator.ch\\\/wp-content\\\/uploads\\\/2022\\\/06\\\/organisator_1996_5.png\",\"contentUrl\":\"https:\\\/\\\/www.organisator.ch\\\/wp-content\\\/uploads\\\/2022\\\/06\\\/organisator_1996_5.png\",\"width\":654,\"height\":370},{\"@type\":\"BreadcrumbList\",\"@id\":\"https:\\\/\\\/www.organisator.ch\\\/de\\\/produkt\\\/organisator-ausgabe-5-1996\\\/#breadcrumb\",\"itemListElement\":[{\"@type\":\"ListItem\",\"position\":1,\"name\":\"Home\",\"item\":\"https:\\\/\\\/www.organisator.ch\\\/\"},{\"@type\":\"ListItem\",\"position\":2,\"name\":\"Shop\",\"item\":\"https:\\\/\\\/www.organisator.ch\\\/fr\\\/shop\\\/\"},{\"@type\":\"ListItem\",\"position\":3,\"name\":\"Organisator Ausgabe 5\\\/1996\"}]},{\"@type\":\"WebSite\",\"@id\":\"https:\\\/\\\/www.organisator.ch\\\/#website\",\"url\":\"https:\\\/\\\/www.organisator.ch\\\/\",\"name\":\"Organisator\",\"description\":\"Kompetent. Praxisnah. Der ORGANISATOR bereitet in 10 Ausgaben pro Jahr die wesentlichen Themen f\u00fcr F\u00fchrungskr\u00e4fte von KMU auf.\",\"publisher\":{\"@id\":\"https:\\\/\\\/www.organisator.ch\\\/#organization\"},\"potentialAction\":[{\"@type\":\"SearchAction\",\"target\":{\"@type\":\"EntryPoint\",\"urlTemplate\":\"https:\\\/\\\/www.organisator.ch\\\/?s={search_term_string}\"},\"query-input\":{\"@type\":\"PropertyValueSpecification\",\"valueRequired\":true,\"valueName\":\"search_term_string\"}}],\"inLanguage\":\"fr-FR\"},{\"@type\":\"Organization\",\"@id\":\"https:\\\/\\\/www.organisator.ch\\\/#organization\",\"name\":\"Organisator\",\"url\":\"https:\\\/\\\/www.organisator.ch\\\/\",\"logo\":{\"@type\":\"ImageObject\",\"inLanguage\":\"fr-FR\",\"@id\":\"https:\\\/\\\/www.organisator.ch\\\/#\\\/schema\\\/logo\\\/image\\\/\",\"url\":\"https:\\\/\\\/www.organisator.ch\\\/wp-content\\\/uploads\\\/2022\\\/01\\\/Logo_Organisator_Website.png\",\"contentUrl\":\"https:\\\/\\\/www.organisator.ch\\\/wp-content\\\/uploads\\\/2022\\\/01\\\/Logo_Organisator_Website.png\",\"width\":800,\"height\":77,\"caption\":\"Organisator\"},\"image\":{\"@id\":\"https:\\\/\\\/www.organisator.ch\\\/#\\\/schema\\\/logo\\\/image\\\/\"},\"sameAs\":[\"https:\\\/\\\/www.facebook.com\\\/OrganisatorFachmagazin\",\"https:\\\/\\\/www.linkedin.com\\\/showcase\\\/organisator-das-magazin-fr-kmu\",\"https:\\\/\\\/www.xing.com\\\/news\\\/pages\\\/organisator-ch-695\",\"https:\\\/\\\/www.youtube.com\\\/channel\\\/UCGP2Sq0iWaZwT3BdIAQFYpw\"]}]}<\/script>\n<!-- \/ Yoast SEO plugin. -->","yoast_head_json":{"title":"Organisateur \u00c9dition 5\/1996 - Organisateur","description":"Re\u00e7oit la revue sp\u00e9cialis\u00e9e en langue allemande \"organisator\" dans le num\u00e9ro 5\/1996 en t\u00e9l\u00e9chargement PDF avec la table des mati\u00e8res suivante :","robots":{"index":"index","follow":"follow","max-snippet":"max-snippet:-1","max-image-preview":"max-image-preview:large","max-video-preview":"max-video-preview:-1"},"canonical":"https:\/\/www.organisator.ch\/fr\/produit\/organisator-ausgabe-5-1996\/","og_locale":"fr_FR","og_type":"article","og_title":"Organisator Ausgabe 5\/1996 - Organisator","og_description":"Erhalte die deutschsprachige Fachzeitschrift \u00aborganisator\u00bb in der Ausgabe 5\/1996 als PDF-Download mit nachfolgendem Inhaltsverzeichnis:","og_url":"https:\/\/www.organisator.ch\/fr\/produit\/organisator-ausgabe-5-1996\/","og_site_name":"Organisator","article_publisher":"https:\/\/www.facebook.com\/OrganisatorFachmagazin","article_modified_time":"2022-06-16T06:01:16+00:00","og_image":[{"width":654,"height":370,"url":"https:\/\/www.organisator.ch\/wp-content\/uploads\/2022\/06\/organisator_1996_5.png","type":"image\/png"}],"twitter_card":"summary_large_image","schema":{"@context":"https:\/\/schema.org","@graph":[{"@type":"WebPage","@id":"https:\/\/www.organisator.ch\/de\/produkt\/organisator-ausgabe-5-1996\/","url":"https:\/\/www.organisator.ch\/de\/produkt\/organisator-ausgabe-5-1996\/","name":"Organisateur \u00c9dition 5\/1996 - Organisateur","isPartOf":{"@id":"https:\/\/www.organisator.ch\/#website"},"primaryImageOfPage":{"@id":"https:\/\/www.organisator.ch\/de\/produkt\/organisator-ausgabe-5-1996\/#primaryimage"},"image":{"@id":"https:\/\/www.organisator.ch\/de\/produkt\/organisator-ausgabe-5-1996\/#primaryimage"},"thumbnailUrl":"https:\/\/www.organisator.ch\/wp-content\/uploads\/2022\/06\/organisator_1996_5.png","datePublished":"2022-06-16T06:01:15+00:00","dateModified":"2022-06-16T06:01:16+00:00","description":"Re\u00e7oit la revue sp\u00e9cialis\u00e9e en langue allemande \"organisator\" dans le num\u00e9ro 5\/1996 en t\u00e9l\u00e9chargement PDF avec la table des mati\u00e8res suivante :","breadcrumb":{"@id":"https:\/\/www.organisator.ch\/de\/produkt\/organisator-ausgabe-5-1996\/#breadcrumb"},"inLanguage":"fr-FR","potentialAction":[{"@type":"ReadAction","target":["https:\/\/www.organisator.ch\/de\/produkt\/organisator-ausgabe-5-1996\/"]}]},{"@type":"ImageObject","inLanguage":"fr-FR","@id":"https:\/\/www.organisator.ch\/de\/produkt\/organisator-ausgabe-5-1996\/#primaryimage","url":"https:\/\/www.organisator.ch\/wp-content\/uploads\/2022\/06\/organisator_1996_5.png","contentUrl":"https:\/\/www.organisator.ch\/wp-content\/uploads\/2022\/06\/organisator_1996_5.png","width":654,"height":370},{"@type":"BreadcrumbList","@id":"https:\/\/www.organisator.ch\/de\/produkt\/organisator-ausgabe-5-1996\/#breadcrumb","itemListElement":[{"@type":"ListItem","position":1,"name":"Home","item":"https:\/\/www.organisator.ch\/"},{"@type":"ListItem","position":2,"name":"Shop","item":"https:\/\/www.organisator.ch\/fr\/shop\/"},{"@type":"ListItem","position":3,"name":"Organisator Ausgabe 5\/1996"}]},{"@type":"WebSite","@id":"https:\/\/www.organisator.ch\/#website","url":"https:\/\/www.organisator.ch\/","name":"Organisateur","description":"Comp\u00e9tence et comp\u00e9tence. Proches de la pratique. L'ORGANISATEUR pr\u00e9pare 10 num\u00e9ros par an sur les th\u00e8mes essentiels pour les dirigeants de PME.","publisher":{"@id":"https:\/\/www.organisator.ch\/#organization"},"potentialAction":[{"@type":"SearchAction","target":{"@type":"EntryPoint","urlTemplate":"https:\/\/www.organisator.ch\/?s={search_term_string}"},"query-input":{"@type":"PropertyValueSpecification","valueRequired":true,"valueName":"search_term_string"}}],"inLanguage":"fr-FR"},{"@type":"Organization","@id":"https:\/\/www.organisator.ch\/#organization","name":"Organisateur","url":"https:\/\/www.organisator.ch\/","logo":{"@type":"ImageObject","inLanguage":"fr-FR","@id":"https:\/\/www.organisator.ch\/#\/schema\/logo\/image\/","url":"https:\/\/www.organisator.ch\/wp-content\/uploads\/2022\/01\/Logo_Organisator_Website.png","contentUrl":"https:\/\/www.organisator.ch\/wp-content\/uploads\/2022\/01\/Logo_Organisator_Website.png","width":800,"height":77,"caption":"Organisator"},"image":{"@id":"https:\/\/www.organisator.ch\/#\/schema\/logo\/image\/"},"sameAs":["https:\/\/www.facebook.com\/OrganisatorFachmagazin","https:\/\/www.linkedin.com\/showcase\/organisator-das-magazin-fr-kmu","https:\/\/www.xing.com\/news\/pages\/organisator-ch-695","https:\/\/www.youtube.com\/channel\/UCGP2Sq0iWaZwT3BdIAQFYpw"]}]}},"_links":{"self":[{"href":"https:\/\/www.organisator.ch\/fr\/wp-json\/wp\/v2\/product\/14927","targetHints":{"allow":["GET"]}}],"collection":[{"href":"https:\/\/www.organisator.ch\/fr\/wp-json\/wp\/v2\/product"}],"about":[{"href":"https:\/\/www.organisator.ch\/fr\/wp-json\/wp\/v2\/types\/product"}],"wp:featuredmedia":[{"embeddable":true,"href":"https:\/\/www.organisator.ch\/fr\/wp-json\/wp\/v2\/media\/14929"}],"wp:attachment":[{"href":"https:\/\/www.organisator.ch\/fr\/wp-json\/wp\/v2\/media?parent=14927"}],"wp:term":[{"taxonomy":"product_brand","embeddable":true,"href":"https:\/\/www.organisator.ch\/fr\/wp-json\/wp\/v2\/product_brand?post=14927"},{"taxonomy":"product_cat","embeddable":true,"href":"https:\/\/www.organisator.ch\/fr\/wp-json\/wp\/v2\/product_cat?post=14927"},{"taxonomy":"product_tag","embeddable":true,"href":"https:\/\/www.organisator.ch\/fr\/wp-json\/wp\/v2\/product_tag?post=14927"}],"curies":[{"name":"wp","href":"https:\/\/api.w.org\/{rel}","templated":true}]}}