{"id":14998,"date":"2022-06-16T11:29:34","date_gmt":"2022-06-16T09:29:34","guid":{"rendered":"https:\/\/www.organisator.ch\/?post_type=product&#038;p=14998"},"modified":"2022-06-16T11:29:49","modified_gmt":"2022-06-16T09:29:49","slug":"organisator-ausgabe-9-1997","status":"publish","type":"product","link":"https:\/\/www.organisator.ch\/fr\/produkt\/organisator-ausgabe-9-1997\/","title":{"rendered":"Organisateur \u00c9dition 9\/1997"},"content":{"rendered":"<h2>Je dois absolument lire \u00e7a !<\/h2>\n<p>Success story du mois Arnold H. Lanz nous parle de l'IMTF : en dix ans, deux cents collaborateurs et leader du march\u00e9 dans le domaine de la gestion des documents. Nous sommes tous des sp\u00e9cialistes, mais nous ne voulons pas \u00eatre des idiots sp\u00e9cialis\u00e9s.<\/p>\n<p>&nbsp;<\/p>\n<h3>En route vers l'avenir<\/h3>\n<p>L'inconfortable C.P. Seibt : \"1. per\u00e7ois ce qui est r\u00e9el et 2. fais en sorte que ce qui doit arriver arrive\". La s\u00e9rie deuxi\u00e8me partie. Les nouveaux nomades : Le butin aujourd'hui !<\/p>\n<p>&nbsp;<\/p>\n<h3>Aide au d\u00e9veloppement<\/h3>\n<p>Mario Br\u00fchlmann nous parle d'un projet hors du commun : des Suisses montrent \u00e0 la Roumanie comment devenir entrepreneur. En sept ans, 150 petites entreprises ont \u00e9t\u00e9 mises sur pied et 500 emplois ont \u00e9t\u00e9 cr\u00e9\u00e9s. Le savoir-faire suisse pour la Roumanie.<\/p>\n<p>&nbsp;<\/p>\n<p>&nbsp;<\/p>\n<h2>Pour le succ\u00e8s de mon entreprise<\/h2>\n<p>&nbsp;<\/p>\n<h3>Gestion du personnel<\/h3>\n<p>Comment \u00e9viter les flops \u00e0 l'embauche (Thorsten Sievert), comment organiser l'administration de plus en plus complexe des ressources humaines (Peter-Michael K\u00fcppers) ?<\/p>\n<p>&nbsp;<\/p>\n<p>&nbsp;<\/p>\n<ul>\n<li>Choisir les meilleurs en toute s\u00e9curit\u00e9<\/li>\n<li>Le programme souhait\u00e9 pour le responsable RH<\/li>\n<\/ul>\n<p>&nbsp;<\/p>\n<h3>Finances<\/h3>\n<p>Le magazine sp\u00e9cial tr\u00e8s appr\u00e9ci\u00e9 pour des finances saines est joint.<\/p>\n<p>&nbsp;<\/p>\n<h3>Marketing<\/h3>\n<p>Urs R\u00fcetschi ne jure que par une recette de succ\u00e8s qui convient \u00e0 toutes les entreprises, grandes ou petites : \"L'action concentr\u00e9e\". Rolf Gruber vous encourage \u00e0 faire un \"lifting\".<\/p>\n<p>&nbsp;<\/p>\n<p>&nbsp;<\/p>\n<ul>\n<li>La recette du succ\u00e8s sur le march\u00e9<\/li>\n<li>Les v\u00eatements font les entreprises<\/li>\n<\/ul>\n<p>&nbsp;<\/p>\n<p>&nbsp;<\/p>\n<h2>Informations importantes et cl\u00e9s de lecture utiles<\/h2>\n<p>&nbsp;<\/p>\n<h3>Conseil en gestion<\/h3>\n<p>Sur 14 \"pages jaunes\", les adresses de conseillers en entreprise pour chaque secteur d'activit\u00e9. Le tout accompagn\u00e9 d'une glose de Werner H\u00fcrlimann (t) et des derni\u00e8res infos sur la sc\u00e8ne des consultants.<\/p>\n<p>&nbsp;<\/p>\n<p>&nbsp;<\/p>\n<ul>\n<li>Indice des conseillers 1997<\/li>\n<li>La fable des grenouilles et de la chouette<\/li>\n<li>Les conseillers sont ici chez eux<\/li>\n<\/ul>\n<p>&nbsp;<\/p>\n<h3>Orbit 97 et nouveaut\u00e9s produits<\/h3>\n<p>&nbsp;<\/p>\n<ul>\n<li>Orbit 97 - les exposants et leurs offres<\/li>\n<li>Des nouvelles de nos annonceurs ; qui offre quoi<\/li>\n<\/ul>\n<p>&nbsp;<\/p>\n<p>&nbsp;<\/p>\n<h3>Clubs, formation continue, \u00e9v\u00e9nements<\/h3>\n<ul>\n<li>Organisateur du club\/Acad\u00e9mie du programme Organisateur<\/li>\n<li>PSILOG Psion User Club de Suisse<\/li>\n<li>VPA Association des professionnels de la formation et des ressources humaines 1<\/li>\n<li>Calendrier des manifestations<\/li>\n<\/ul>\n<h3>La derni\u00e8re<\/h3>\n<ul>\n<li>Le \"mode d'emploi\" de l'ORGANISATEUR 107<\/li>\n<li>Mentions l\u00e9gales 107^<\/li>\n<\/ul>","protected":false},"excerpt":{"rendered":"<p>Re\u00e7oit la revue sp\u00e9cialis\u00e9e en langue allemande \"organisator\" dans le num\u00e9ro 9\/1997 en t\u00e9l\u00e9chargement PDF avec la table des mati\u00e8res suivante :<\/p>","protected":false},"featured_media":15000,"template":"","meta":{"_acf_changed":false,"articlekey":""},"product_brand":[],"product_cat":[546],"product_tag":[2965],"class_list":{"0":"post-14998","1":"product","2":"type-product","3":"status-publish","4":"has-post-thumbnail","6":"product_cat-einzelausgaben","7":"product_tag-2965","9":"first","10":"instock","11":"downloadable","12":"virtual","13":"taxable","14":"purchasable","15":"product-type-simple"},"acf":[],"yoast_head":"<!-- This site is optimized with the Yoast SEO plugin v27.5 - https:\/\/yoast.com\/product\/yoast-seo-wordpress\/ -->\n<title>Organisator Ausgabe 9\/1997 - Organisator<\/title>\n<meta name=\"description\" content=\"Erhalte die deutschsprachige Fachzeitschrift \u00aborganisator\u00bb in der Ausgabe 9\/1997 als PDF-Download mit nachfolgendem Inhaltsverzeichnis:\" \/>\n<meta name=\"robots\" content=\"index, follow, max-snippet:-1, max-image-preview:large, max-video-preview:-1\" \/>\n<link rel=\"canonical\" href=\"https:\/\/www.organisator.ch\/fr\/produit\/organisator-ausgabe-9-1997\/\" \/>\n<meta property=\"og:locale\" content=\"fr_FR\" \/>\n<meta property=\"og:type\" content=\"article\" \/>\n<meta property=\"og:title\" content=\"Organisator Ausgabe 9\/1997 - Organisator\" \/>\n<meta property=\"og:description\" content=\"Erhalte die deutschsprachige Fachzeitschrift \u00aborganisator\u00bb in der Ausgabe 9\/1997 als PDF-Download mit nachfolgendem Inhaltsverzeichnis:\" \/>\n<meta property=\"og:url\" content=\"https:\/\/www.organisator.ch\/fr\/produit\/organisator-ausgabe-9-1997\/\" \/>\n<meta property=\"og:site_name\" content=\"Organisator\" \/>\n<meta property=\"article:publisher\" content=\"https:\/\/www.facebook.com\/OrganisatorFachmagazin\" \/>\n<meta property=\"article:modified_time\" content=\"2022-06-16T09:29:49+00:00\" \/>\n<meta property=\"og:image\" content=\"https:\/\/www.organisator.ch\/wp-content\/uploads\/2022\/06\/organisator_1997_9.png\" \/>\n\t<meta property=\"og:image:width\" content=\"654\" \/>\n\t<meta property=\"og:image:height\" content=\"370\" \/>\n\t<meta property=\"og:image:type\" content=\"image\/png\" \/>\n<meta name=\"twitter:card\" content=\"summary_large_image\" \/>\n<script type=\"application\/ld+json\" class=\"yoast-schema-graph\">{\"@context\":\"https:\\\/\\\/schema.org\",\"@graph\":[{\"@type\":\"WebPage\",\"@id\":\"https:\\\/\\\/www.organisator.ch\\\/fr\\\/produit\\\/organisator-ausgabe-9-1997\\\/\",\"url\":\"https:\\\/\\\/www.organisator.ch\\\/fr\\\/produit\\\/organisator-ausgabe-9-1997\\\/\",\"name\":\"Organisator Ausgabe 9\\\/1997 - Organisator\",\"isPartOf\":{\"@id\":\"https:\\\/\\\/www.organisator.ch\\\/#website\"},\"primaryImageOfPage\":{\"@id\":\"https:\\\/\\\/www.organisator.ch\\\/fr\\\/produit\\\/organisator-ausgabe-9-1997\\\/#primaryimage\"},\"image\":{\"@id\":\"https:\\\/\\\/www.organisator.ch\\\/fr\\\/produit\\\/organisator-ausgabe-9-1997\\\/#primaryimage\"},\"thumbnailUrl\":\"https:\\\/\\\/www.organisator.ch\\\/wp-content\\\/uploads\\\/2022\\\/06\\\/organisator_1997_9.png\",\"datePublished\":\"2022-06-16T09:29:34+00:00\",\"dateModified\":\"2022-06-16T09:29:49+00:00\",\"description\":\"Erhalte die deutschsprachige Fachzeitschrift \u00aborganisator\u00bb in der Ausgabe 9\\\/1997 als PDF-Download mit nachfolgendem Inhaltsverzeichnis:\",\"breadcrumb\":{\"@id\":\"https:\\\/\\\/www.organisator.ch\\\/fr\\\/produit\\\/organisator-ausgabe-9-1997\\\/#breadcrumb\"},\"inLanguage\":\"fr-FR\",\"potentialAction\":[{\"@type\":\"ReadAction\",\"target\":[\"https:\\\/\\\/www.organisator.ch\\\/fr\\\/produit\\\/organisator-ausgabe-9-1997\\\/\"]}]},{\"@type\":\"ImageObject\",\"inLanguage\":\"fr-FR\",\"@id\":\"https:\\\/\\\/www.organisator.ch\\\/fr\\\/produit\\\/organisator-ausgabe-9-1997\\\/#primaryimage\",\"url\":\"https:\\\/\\\/www.organisator.ch\\\/wp-content\\\/uploads\\\/2022\\\/06\\\/organisator_1997_9.png\",\"contentUrl\":\"https:\\\/\\\/www.organisator.ch\\\/wp-content\\\/uploads\\\/2022\\\/06\\\/organisator_1997_9.png\",\"width\":654,\"height\":370},{\"@type\":\"BreadcrumbList\",\"@id\":\"https:\\\/\\\/www.organisator.ch\\\/fr\\\/produit\\\/organisator-ausgabe-9-1997\\\/#breadcrumb\",\"itemListElement\":[{\"@type\":\"ListItem\",\"position\":1,\"name\":\"Home\",\"item\":\"https:\\\/\\\/www.organisator.ch\\\/\"},{\"@type\":\"ListItem\",\"position\":2,\"name\":\"Shop\",\"item\":\"https:\\\/\\\/www.organisator.ch\\\/fr\\\/shop\\\/\"},{\"@type\":\"ListItem\",\"position\":3,\"name\":\"Organisator Ausgabe 9\\\/1997\"}]},{\"@type\":\"WebSite\",\"@id\":\"https:\\\/\\\/www.organisator.ch\\\/#website\",\"url\":\"https:\\\/\\\/www.organisator.ch\\\/\",\"name\":\"Organisator\",\"description\":\"Kompetent. Praxisnah. Der ORGANISATOR bereitet in 10 Ausgaben pro Jahr die wesentlichen Themen f\u00fcr F\u00fchrungskr\u00e4fte von KMU auf.\",\"publisher\":{\"@id\":\"https:\\\/\\\/www.organisator.ch\\\/#organization\"},\"potentialAction\":[{\"@type\":\"SearchAction\",\"target\":{\"@type\":\"EntryPoint\",\"urlTemplate\":\"https:\\\/\\\/www.organisator.ch\\\/?s={search_term_string}\"},\"query-input\":{\"@type\":\"PropertyValueSpecification\",\"valueRequired\":true,\"valueName\":\"search_term_string\"}}],\"inLanguage\":\"fr-FR\"},{\"@type\":\"Organization\",\"@id\":\"https:\\\/\\\/www.organisator.ch\\\/#organization\",\"name\":\"Organisator\",\"url\":\"https:\\\/\\\/www.organisator.ch\\\/\",\"logo\":{\"@type\":\"ImageObject\",\"inLanguage\":\"fr-FR\",\"@id\":\"https:\\\/\\\/www.organisator.ch\\\/#\\\/schema\\\/logo\\\/image\\\/\",\"url\":\"https:\\\/\\\/www.organisator.ch\\\/wp-content\\\/uploads\\\/2022\\\/01\\\/Logo_Organisator_Website.png\",\"contentUrl\":\"https:\\\/\\\/www.organisator.ch\\\/wp-content\\\/uploads\\\/2022\\\/01\\\/Logo_Organisator_Website.png\",\"width\":800,\"height\":77,\"caption\":\"Organisator\"},\"image\":{\"@id\":\"https:\\\/\\\/www.organisator.ch\\\/#\\\/schema\\\/logo\\\/image\\\/\"},\"sameAs\":[\"https:\\\/\\\/www.facebook.com\\\/OrganisatorFachmagazin\",\"https:\\\/\\\/www.linkedin.com\\\/showcase\\\/organisator-das-magazin-fr-kmu\",\"https:\\\/\\\/www.xing.com\\\/news\\\/pages\\\/organisator-ch-695\",\"https:\\\/\\\/www.youtube.com\\\/channel\\\/UCGP2Sq0iWaZwT3BdIAQFYpw\"]}]}<\/script>\n<!-- \/ Yoast SEO plugin. -->","yoast_head_json":{"title":"Organisateur \u00c9dition 9\/1997 - Organisateur","description":"Re\u00e7oit la revue sp\u00e9cialis\u00e9e en langue allemande \"organisator\" dans le num\u00e9ro 9\/1997 en t\u00e9l\u00e9chargement PDF avec la table des mati\u00e8res suivante :","robots":{"index":"index","follow":"follow","max-snippet":"max-snippet:-1","max-image-preview":"max-image-preview:large","max-video-preview":"max-video-preview:-1"},"canonical":"https:\/\/www.organisator.ch\/fr\/produit\/organisator-ausgabe-9-1997\/","og_locale":"fr_FR","og_type":"article","og_title":"Organisator Ausgabe 9\/1997 - Organisator","og_description":"Erhalte die deutschsprachige Fachzeitschrift \u00aborganisator\u00bb in der Ausgabe 9\/1997 als PDF-Download mit nachfolgendem Inhaltsverzeichnis:","og_url":"https:\/\/www.organisator.ch\/fr\/produit\/organisator-ausgabe-9-1997\/","og_site_name":"Organisator","article_publisher":"https:\/\/www.facebook.com\/OrganisatorFachmagazin","article_modified_time":"2022-06-16T09:29:49+00:00","og_image":[{"width":654,"height":370,"url":"https:\/\/www.organisator.ch\/wp-content\/uploads\/2022\/06\/organisator_1997_9.png","type":"image\/png"}],"twitter_card":"summary_large_image","schema":{"@context":"https:\/\/schema.org","@graph":[{"@type":"WebPage","@id":"https:\/\/www.organisator.ch\/fr\/produit\/organisator-ausgabe-9-1997\/","url":"https:\/\/www.organisator.ch\/fr\/produit\/organisator-ausgabe-9-1997\/","name":"Organisateur \u00c9dition 9\/1997 - Organisateur","isPartOf":{"@id":"https:\/\/www.organisator.ch\/#website"},"primaryImageOfPage":{"@id":"https:\/\/www.organisator.ch\/fr\/produit\/organisator-ausgabe-9-1997\/#primaryimage"},"image":{"@id":"https:\/\/www.organisator.ch\/fr\/produit\/organisator-ausgabe-9-1997\/#primaryimage"},"thumbnailUrl":"https:\/\/www.organisator.ch\/wp-content\/uploads\/2022\/06\/organisator_1997_9.png","datePublished":"2022-06-16T09:29:34+00:00","dateModified":"2022-06-16T09:29:49+00:00","description":"Re\u00e7oit la revue sp\u00e9cialis\u00e9e en langue allemande \"organisator\" dans le num\u00e9ro 9\/1997 en t\u00e9l\u00e9chargement PDF avec la table des mati\u00e8res suivante :","breadcrumb":{"@id":"https:\/\/www.organisator.ch\/fr\/produit\/organisator-ausgabe-9-1997\/#breadcrumb"},"inLanguage":"fr-FR","potentialAction":[{"@type":"ReadAction","target":["https:\/\/www.organisator.ch\/fr\/produit\/organisator-ausgabe-9-1997\/"]}]},{"@type":"ImageObject","inLanguage":"fr-FR","@id":"https:\/\/www.organisator.ch\/fr\/produit\/organisator-ausgabe-9-1997\/#primaryimage","url":"https:\/\/www.organisator.ch\/wp-content\/uploads\/2022\/06\/organisator_1997_9.png","contentUrl":"https:\/\/www.organisator.ch\/wp-content\/uploads\/2022\/06\/organisator_1997_9.png","width":654,"height":370},{"@type":"BreadcrumbList","@id":"https:\/\/www.organisator.ch\/fr\/produit\/organisator-ausgabe-9-1997\/#breadcrumb","itemListElement":[{"@type":"ListItem","position":1,"name":"Home","item":"https:\/\/www.organisator.ch\/"},{"@type":"ListItem","position":2,"name":"Shop","item":"https:\/\/www.organisator.ch\/fr\/shop\/"},{"@type":"ListItem","position":3,"name":"Organisator Ausgabe 9\/1997"}]},{"@type":"WebSite","@id":"https:\/\/www.organisator.ch\/#website","url":"https:\/\/www.organisator.ch\/","name":"Organisateur","description":"Comp\u00e9tence et comp\u00e9tence. Proches de la pratique. L'ORGANISATEUR pr\u00e9pare 10 num\u00e9ros par an sur les th\u00e8mes essentiels pour les dirigeants de PME.","publisher":{"@id":"https:\/\/www.organisator.ch\/#organization"},"potentialAction":[{"@type":"SearchAction","target":{"@type":"EntryPoint","urlTemplate":"https:\/\/www.organisator.ch\/?s={search_term_string}"},"query-input":{"@type":"PropertyValueSpecification","valueRequired":true,"valueName":"search_term_string"}}],"inLanguage":"fr-FR"},{"@type":"Organization","@id":"https:\/\/www.organisator.ch\/#organization","name":"Organisateur","url":"https:\/\/www.organisator.ch\/","logo":{"@type":"ImageObject","inLanguage":"fr-FR","@id":"https:\/\/www.organisator.ch\/#\/schema\/logo\/image\/","url":"https:\/\/www.organisator.ch\/wp-content\/uploads\/2022\/01\/Logo_Organisator_Website.png","contentUrl":"https:\/\/www.organisator.ch\/wp-content\/uploads\/2022\/01\/Logo_Organisator_Website.png","width":800,"height":77,"caption":"Organisator"},"image":{"@id":"https:\/\/www.organisator.ch\/#\/schema\/logo\/image\/"},"sameAs":["https:\/\/www.facebook.com\/OrganisatorFachmagazin","https:\/\/www.linkedin.com\/showcase\/organisator-das-magazin-fr-kmu","https:\/\/www.xing.com\/news\/pages\/organisator-ch-695","https:\/\/www.youtube.com\/channel\/UCGP2Sq0iWaZwT3BdIAQFYpw"]}]}},"_links":{"self":[{"href":"https:\/\/www.organisator.ch\/fr\/wp-json\/wp\/v2\/product\/14998","targetHints":{"allow":["GET"]}}],"collection":[{"href":"https:\/\/www.organisator.ch\/fr\/wp-json\/wp\/v2\/product"}],"about":[{"href":"https:\/\/www.organisator.ch\/fr\/wp-json\/wp\/v2\/types\/product"}],"wp:featuredmedia":[{"embeddable":true,"href":"https:\/\/www.organisator.ch\/fr\/wp-json\/wp\/v2\/media\/15000"}],"wp:attachment":[{"href":"https:\/\/www.organisator.ch\/fr\/wp-json\/wp\/v2\/media?parent=14998"}],"wp:term":[{"taxonomy":"product_brand","embeddable":true,"href":"https:\/\/www.organisator.ch\/fr\/wp-json\/wp\/v2\/product_brand?post=14998"},{"taxonomy":"product_cat","embeddable":true,"href":"https:\/\/www.organisator.ch\/fr\/wp-json\/wp\/v2\/product_cat?post=14998"},{"taxonomy":"product_tag","embeddable":true,"href":"https:\/\/www.organisator.ch\/fr\/wp-json\/wp\/v2\/product_tag?post=14998"}],"curies":[{"name":"wp","href":"https:\/\/api.w.org\/{rel}","templated":true}]}}