{"id":15019,"date":"2022-06-16T13:34:28","date_gmt":"2022-06-16T11:34:28","guid":{"rendered":"https:\/\/www.organisator.ch\/?post_type=product&#038;p=15019"},"modified":"2022-06-16T13:45:44","modified_gmt":"2022-06-16T11:45:44","slug":"organisator-ausgabe-3-1997","status":"publish","type":"product","link":"https:\/\/www.organisator.ch\/fr\/produkt\/organisator-ausgabe-3-1997\/","title":{"rendered":"Organisateur \u00c9dition 3\/1997"},"content":{"rendered":"<h2>GESTION D'ENTREPRISE<\/h2>\n<p>Alfred Arlger a cr\u00e9\u00e9 un site de production \u00e0 l'\u00e9tranger en tant que petit entrepreneur. Il nous fait part de ses exp\u00e9riences:Une petite entreprise \u00e0 l'\u00e9tranger ?  Wolfgang Salzmann explique les principales diff\u00e9rences ; Il ne doit pas toujours s'agir d'une SA A propos de la 3e Journ\u00e9e suisse des jeunes entrepreneurs : Les jeunes entrepreneurs ont aussi besoin d'\u00eatre guid\u00e9s Un s\u00e9minaire de l'Acad\u00e9mie : La strat\u00e9gie SMART.<\/p>\n<h3>GESTION DES EMPLOY\u00c9S<\/h3>\n<p>Un sujet br\u00fblant - Wolf Honig l'aborde : Les directeurs des ressources humaines doivent-ils \u00eatre des universitaires ?  Dans sa chronique \u00abCoach Yourself\u00bb, Christian Katz plaide pour un contrat de maintenance avec chaque collaborateur Mise en r\u00e9seau globale des donn\u00e9es des collaborateurs - Peter Doeberl pose des questions ; Inventaire des valeurs les plus importantes d'une entreprise.<\/p>\n<h3>\u00caTRE HUMAIN, PERFORMANCE PERSONNELLE<\/h3>\n<ul>\n<li>Arnold H. Lanz en qu\u00eate de cr\u00e9ativit\u00e9 : Nous avons \u00e0 nouveau besoin de chevaux de bataille<\/li>\n<li>Camilla Schmid sur la consommation maximale comme devoir civique : ne sommes-nous qu'un homo economicus ?<\/li>\n<li>Franz Schnyder pr\u00e9sente un livre que vous pouvez obtenir gratuitement : Le Livre Bleu - Rien n'est impossible.<\/li>\n<li>Heinz Juchli : La d\u00e9claration d'imp\u00f4ts comme f\u00eate de joie.<\/li>\n<\/ul>\n<h3>MARKETING<\/h3>\n<p>Dialogue entre Hans-Peter Zimmermann et Wendelin Niederberger sur Internet : Vendre au troisi\u00e8me mill\u00e9naire La r\u00e9flexion de Rolf Gruber sur la publicit\u00e9 cibl\u00e9e La s\u00e9rie de Dieter Markwalder sur les relations presse \u00e0 faire soi-m\u00eame (6) : Le dossier de presse avec Knigge<\/p>\n<h3>ORGANISATION, INFORMATIQUE<\/h3>\n<ul>\n<li>Walter Meier-Solfrian sur la gestion de la qualit\u00e9 dans l'administration ;<\/li>\n<li>Nouvelle gestion publique et qualit\u00e9<\/li>\n<li>Ludwig A. Minelli - deuxi\u00e8me partie du journal du QZ : Les certificats de qualit\u00e9 ISO et la pratique de la consommation 32<\/li>\n<li>Un s\u00e9minaire de l'acad\u00e9mie : gestion de projet<\/li>\n<li>Un colloque de l'Acad\u00e9mie : colloque des conseillers 97<\/li>\n<li>Martin Spaar et Marc Siegel : tout frais du march\u00e9<\/li>\n<\/ul>\n<h3>TECHNIQUE DE BUREAU<\/h3>\n<ul>\n<li>Fred Kipfer nous parle du dernier porte-monnaie : la carte \u00e0 puce - la nouvelle monnaie<\/li>\n<li>Susanne Koester et Martin Kleibrink : Exigences relatives au poste de travail sur \u00e9cran<\/li>\n<li>Fred Kipfer : Le moniteur limite les performances du syst\u00e8me<\/li>\n<\/ul>\n<h3>LIVRE DE COURS 97 - FORMATION ET PERFECTIONNEMENT<\/h3>\n<ul>\n<li>Marina Bosch : Les r\u00e8gles importantes des managers qui r\u00e9ussissent<\/li>\n<li>Peter Yaacoub : Bien pr\u00e9sent\u00e9 - vite accept\u00e9 !<\/li>\n<li>Les portraits des principaux instituts de formation initiale et continue :<\/li>\n<li>Bedag Informatique<\/li>\n<li>Digicomp<\/li>\n<li>R\u00e9seau mondial de connaissances<\/li>\n<li>IBM Formation et conseil<\/li>\n<li>IFA Institut de formation en informatique<\/li>\n<li>Unisys (Suisse)<\/li>\n<\/ul>\n<p>&nbsp;<\/p>\n<h3>INFO ET SERVICES, RUBRIQUES, CLUBS<\/h3>\n<ul>\n<li>Les conseillers sont ici chez eux<\/li>\n<li>Acad\u00e9mie organisateur : les prochains \u00e9v\u00e9nements<\/li>\n<li>Club des consultants<\/li>\n<li>Clubs Efficacit\u00e9 \/ Foka<\/li>\n<li>Psilog - Psion User Club of Switzerland<\/li>\n<li>VPA Association des professionnels des ressources humaines et de la formation<\/li>\n<\/ul>\n<h3>Formation continue<\/h3>\n<p>Cours, s\u00e9minaires, \u00e9v\u00e9nements 39, 48, 54, 60, 72-76<\/p>\n<h3>Les derni\u00e8res pages<\/h3>\n<ul>\n<li>Du nouveau et de l'int\u00e9ressant chez nos annonceurs<\/li>\n<li>Les entrepreneurs sont ici chez eux ; Mentions l\u00e9gales<\/li>\n<\/ul>\n<p>&nbsp;<\/p>","protected":false},"excerpt":{"rendered":"<p>Re\u00e7oit la revue sp\u00e9cialis\u00e9e en langue allemande \"organisator\" dans le num\u00e9ro 3\/1997 en t\u00e9l\u00e9chargement PDF avec la table des mati\u00e8res suivante :<\/p>","protected":false},"featured_media":15022,"template":"","meta":{"_acf_changed":false,"articlekey":""},"product_brand":[],"product_cat":[546],"product_tag":[2965],"class_list":{"0":"post-15019","1":"product","2":"type-product","3":"status-publish","4":"has-post-thumbnail","6":"product_cat-einzelausgaben","7":"product_tag-2965","9":"first","10":"instock","11":"downloadable","12":"virtual","13":"taxable","14":"purchasable","15":"product-type-simple"},"acf":[],"yoast_head":"<!-- This site is optimized with the Yoast SEO plugin v27.5 - https:\/\/yoast.com\/product\/yoast-seo-wordpress\/ -->\n<title>Organisator Ausgabe 3\/1997 - Organisator<\/title>\n<meta name=\"description\" content=\"Erhalte die deutschsprachige Fachzeitschrift \u00aborganisator\u00bb in der Ausgabe 3\/1997 als PDF-Download mit nachfolgendem Inhaltsverzeichnis:\" \/>\n<meta name=\"robots\" content=\"index, follow, max-snippet:-1, max-image-preview:large, max-video-preview:-1\" \/>\n<link rel=\"canonical\" href=\"https:\/\/www.organisator.ch\/fr\/produit\/organisator-ausgabe-3-1997\/\" \/>\n<meta property=\"og:locale\" content=\"fr_FR\" \/>\n<meta property=\"og:type\" content=\"article\" \/>\n<meta property=\"og:title\" content=\"Organisator Ausgabe 3\/1997 - Organisator\" \/>\n<meta property=\"og:description\" content=\"Erhalte die deutschsprachige Fachzeitschrift \u00aborganisator\u00bb in der Ausgabe 3\/1997 als PDF-Download mit nachfolgendem Inhaltsverzeichnis:\" \/>\n<meta property=\"og:url\" content=\"https:\/\/www.organisator.ch\/fr\/produit\/organisator-ausgabe-3-1997\/\" \/>\n<meta property=\"og:site_name\" content=\"Organisator\" \/>\n<meta property=\"article:publisher\" content=\"https:\/\/www.facebook.com\/OrganisatorFachmagazin\" \/>\n<meta property=\"article:modified_time\" content=\"2022-06-16T11:45:44+00:00\" \/>\n<meta property=\"og:image\" content=\"https:\/\/www.organisator.ch\/wp-content\/uploads\/2022\/06\/organisator_1997_3.png\" \/>\n\t<meta property=\"og:image:width\" content=\"654\" \/>\n\t<meta property=\"og:image:height\" content=\"370\" \/>\n\t<meta property=\"og:image:type\" content=\"image\/png\" \/>\n<meta name=\"twitter:card\" content=\"summary_large_image\" \/>\n<script type=\"application\/ld+json\" class=\"yoast-schema-graph\">{\"@context\":\"https:\\\/\\\/schema.org\",\"@graph\":[{\"@type\":\"WebPage\",\"@id\":\"https:\\\/\\\/www.organisator.ch\\\/fr\\\/produit\\\/organisator-ausgabe-3-1997\\\/\",\"url\":\"https:\\\/\\\/www.organisator.ch\\\/fr\\\/produit\\\/organisator-ausgabe-3-1997\\\/\",\"name\":\"Organisator Ausgabe 3\\\/1997 - Organisator\",\"isPartOf\":{\"@id\":\"https:\\\/\\\/www.organisator.ch\\\/#website\"},\"primaryImageOfPage\":{\"@id\":\"https:\\\/\\\/www.organisator.ch\\\/fr\\\/produit\\\/organisator-ausgabe-3-1997\\\/#primaryimage\"},\"image\":{\"@id\":\"https:\\\/\\\/www.organisator.ch\\\/fr\\\/produit\\\/organisator-ausgabe-3-1997\\\/#primaryimage\"},\"thumbnailUrl\":\"https:\\\/\\\/www.organisator.ch\\\/wp-content\\\/uploads\\\/2022\\\/06\\\/organisator_1997_3.png\",\"datePublished\":\"2022-06-16T11:34:28+00:00\",\"dateModified\":\"2022-06-16T11:45:44+00:00\",\"description\":\"Erhalte die deutschsprachige Fachzeitschrift \u00aborganisator\u00bb in der Ausgabe 3\\\/1997 als PDF-Download mit nachfolgendem Inhaltsverzeichnis:\",\"breadcrumb\":{\"@id\":\"https:\\\/\\\/www.organisator.ch\\\/fr\\\/produit\\\/organisator-ausgabe-3-1997\\\/#breadcrumb\"},\"inLanguage\":\"fr-FR\",\"potentialAction\":[{\"@type\":\"ReadAction\",\"target\":[\"https:\\\/\\\/www.organisator.ch\\\/fr\\\/produit\\\/organisator-ausgabe-3-1997\\\/\"]}]},{\"@type\":\"ImageObject\",\"inLanguage\":\"fr-FR\",\"@id\":\"https:\\\/\\\/www.organisator.ch\\\/fr\\\/produit\\\/organisator-ausgabe-3-1997\\\/#primaryimage\",\"url\":\"https:\\\/\\\/www.organisator.ch\\\/wp-content\\\/uploads\\\/2022\\\/06\\\/organisator_1997_3.png\",\"contentUrl\":\"https:\\\/\\\/www.organisator.ch\\\/wp-content\\\/uploads\\\/2022\\\/06\\\/organisator_1997_3.png\",\"width\":654,\"height\":370},{\"@type\":\"BreadcrumbList\",\"@id\":\"https:\\\/\\\/www.organisator.ch\\\/fr\\\/produit\\\/organisator-ausgabe-3-1997\\\/#breadcrumb\",\"itemListElement\":[{\"@type\":\"ListItem\",\"position\":1,\"name\":\"Home\",\"item\":\"https:\\\/\\\/www.organisator.ch\\\/\"},{\"@type\":\"ListItem\",\"position\":2,\"name\":\"Shop\",\"item\":\"https:\\\/\\\/www.organisator.ch\\\/fr\\\/shop\\\/\"},{\"@type\":\"ListItem\",\"position\":3,\"name\":\"Organisator Ausgabe 3\\\/1997\"}]},{\"@type\":\"WebSite\",\"@id\":\"https:\\\/\\\/www.organisator.ch\\\/#website\",\"url\":\"https:\\\/\\\/www.organisator.ch\\\/\",\"name\":\"Organisator\",\"description\":\"Kompetent. Praxisnah. Der ORGANISATOR bereitet in 10 Ausgaben pro Jahr die wesentlichen Themen f\u00fcr F\u00fchrungskr\u00e4fte von KMU auf.\",\"publisher\":{\"@id\":\"https:\\\/\\\/www.organisator.ch\\\/#organization\"},\"potentialAction\":[{\"@type\":\"SearchAction\",\"target\":{\"@type\":\"EntryPoint\",\"urlTemplate\":\"https:\\\/\\\/www.organisator.ch\\\/?s={search_term_string}\"},\"query-input\":{\"@type\":\"PropertyValueSpecification\",\"valueRequired\":true,\"valueName\":\"search_term_string\"}}],\"inLanguage\":\"fr-FR\"},{\"@type\":\"Organization\",\"@id\":\"https:\\\/\\\/www.organisator.ch\\\/#organization\",\"name\":\"Organisator\",\"url\":\"https:\\\/\\\/www.organisator.ch\\\/\",\"logo\":{\"@type\":\"ImageObject\",\"inLanguage\":\"fr-FR\",\"@id\":\"https:\\\/\\\/www.organisator.ch\\\/#\\\/schema\\\/logo\\\/image\\\/\",\"url\":\"https:\\\/\\\/www.organisator.ch\\\/wp-content\\\/uploads\\\/2022\\\/01\\\/Logo_Organisator_Website.png\",\"contentUrl\":\"https:\\\/\\\/www.organisator.ch\\\/wp-content\\\/uploads\\\/2022\\\/01\\\/Logo_Organisator_Website.png\",\"width\":800,\"height\":77,\"caption\":\"Organisator\"},\"image\":{\"@id\":\"https:\\\/\\\/www.organisator.ch\\\/#\\\/schema\\\/logo\\\/image\\\/\"},\"sameAs\":[\"https:\\\/\\\/www.facebook.com\\\/OrganisatorFachmagazin\",\"https:\\\/\\\/www.linkedin.com\\\/showcase\\\/organisator-das-magazin-fr-kmu\",\"https:\\\/\\\/www.xing.com\\\/news\\\/pages\\\/organisator-ch-695\",\"https:\\\/\\\/www.youtube.com\\\/channel\\\/UCGP2Sq0iWaZwT3BdIAQFYpw\"]}]}<\/script>\n<!-- \/ Yoast SEO plugin. -->","yoast_head_json":{"title":"Organisateur \u00c9dition 3\/1997 - Organisateur","description":"Re\u00e7oit la revue sp\u00e9cialis\u00e9e en langue allemande \"organisator\" dans le num\u00e9ro 3\/1997 en t\u00e9l\u00e9chargement PDF avec la table des mati\u00e8res suivante :","robots":{"index":"index","follow":"follow","max-snippet":"max-snippet:-1","max-image-preview":"max-image-preview:large","max-video-preview":"max-video-preview:-1"},"canonical":"https:\/\/www.organisator.ch\/fr\/produit\/organisator-ausgabe-3-1997\/","og_locale":"fr_FR","og_type":"article","og_title":"Organisator Ausgabe 3\/1997 - Organisator","og_description":"Erhalte die deutschsprachige Fachzeitschrift \u00aborganisator\u00bb in der Ausgabe 3\/1997 als PDF-Download mit nachfolgendem Inhaltsverzeichnis:","og_url":"https:\/\/www.organisator.ch\/fr\/produit\/organisator-ausgabe-3-1997\/","og_site_name":"Organisator","article_publisher":"https:\/\/www.facebook.com\/OrganisatorFachmagazin","article_modified_time":"2022-06-16T11:45:44+00:00","og_image":[{"width":654,"height":370,"url":"https:\/\/www.organisator.ch\/wp-content\/uploads\/2022\/06\/organisator_1997_3.png","type":"image\/png"}],"twitter_card":"summary_large_image","schema":{"@context":"https:\/\/schema.org","@graph":[{"@type":"WebPage","@id":"https:\/\/www.organisator.ch\/fr\/produit\/organisator-ausgabe-3-1997\/","url":"https:\/\/www.organisator.ch\/fr\/produit\/organisator-ausgabe-3-1997\/","name":"Organisateur \u00c9dition 3\/1997 - Organisateur","isPartOf":{"@id":"https:\/\/www.organisator.ch\/#website"},"primaryImageOfPage":{"@id":"https:\/\/www.organisator.ch\/fr\/produit\/organisator-ausgabe-3-1997\/#primaryimage"},"image":{"@id":"https:\/\/www.organisator.ch\/fr\/produit\/organisator-ausgabe-3-1997\/#primaryimage"},"thumbnailUrl":"https:\/\/www.organisator.ch\/wp-content\/uploads\/2022\/06\/organisator_1997_3.png","datePublished":"2022-06-16T11:34:28+00:00","dateModified":"2022-06-16T11:45:44+00:00","description":"Re\u00e7oit la revue sp\u00e9cialis\u00e9e en langue allemande \"organisator\" dans le num\u00e9ro 3\/1997 en t\u00e9l\u00e9chargement PDF avec la table des mati\u00e8res suivante :","breadcrumb":{"@id":"https:\/\/www.organisator.ch\/fr\/produit\/organisator-ausgabe-3-1997\/#breadcrumb"},"inLanguage":"fr-FR","potentialAction":[{"@type":"ReadAction","target":["https:\/\/www.organisator.ch\/fr\/produit\/organisator-ausgabe-3-1997\/"]}]},{"@type":"ImageObject","inLanguage":"fr-FR","@id":"https:\/\/www.organisator.ch\/fr\/produit\/organisator-ausgabe-3-1997\/#primaryimage","url":"https:\/\/www.organisator.ch\/wp-content\/uploads\/2022\/06\/organisator_1997_3.png","contentUrl":"https:\/\/www.organisator.ch\/wp-content\/uploads\/2022\/06\/organisator_1997_3.png","width":654,"height":370},{"@type":"BreadcrumbList","@id":"https:\/\/www.organisator.ch\/fr\/produit\/organisator-ausgabe-3-1997\/#breadcrumb","itemListElement":[{"@type":"ListItem","position":1,"name":"Home","item":"https:\/\/www.organisator.ch\/"},{"@type":"ListItem","position":2,"name":"Shop","item":"https:\/\/www.organisator.ch\/fr\/shop\/"},{"@type":"ListItem","position":3,"name":"Organisator Ausgabe 3\/1997"}]},{"@type":"WebSite","@id":"https:\/\/www.organisator.ch\/#website","url":"https:\/\/www.organisator.ch\/","name":"Organisateur","description":"Comp\u00e9tence et comp\u00e9tence. Proches de la pratique. L'ORGANISATEUR pr\u00e9pare 10 num\u00e9ros par an sur les th\u00e8mes essentiels pour les dirigeants de PME.","publisher":{"@id":"https:\/\/www.organisator.ch\/#organization"},"potentialAction":[{"@type":"SearchAction","target":{"@type":"EntryPoint","urlTemplate":"https:\/\/www.organisator.ch\/?s={search_term_string}"},"query-input":{"@type":"PropertyValueSpecification","valueRequired":true,"valueName":"search_term_string"}}],"inLanguage":"fr-FR"},{"@type":"Organization","@id":"https:\/\/www.organisator.ch\/#organization","name":"Organisateur","url":"https:\/\/www.organisator.ch\/","logo":{"@type":"ImageObject","inLanguage":"fr-FR","@id":"https:\/\/www.organisator.ch\/#\/schema\/logo\/image\/","url":"https:\/\/www.organisator.ch\/wp-content\/uploads\/2022\/01\/Logo_Organisator_Website.png","contentUrl":"https:\/\/www.organisator.ch\/wp-content\/uploads\/2022\/01\/Logo_Organisator_Website.png","width":800,"height":77,"caption":"Organisator"},"image":{"@id":"https:\/\/www.organisator.ch\/#\/schema\/logo\/image\/"},"sameAs":["https:\/\/www.facebook.com\/OrganisatorFachmagazin","https:\/\/www.linkedin.com\/showcase\/organisator-das-magazin-fr-kmu","https:\/\/www.xing.com\/news\/pages\/organisator-ch-695","https:\/\/www.youtube.com\/channel\/UCGP2Sq0iWaZwT3BdIAQFYpw"]}]}},"_links":{"self":[{"href":"https:\/\/www.organisator.ch\/fr\/wp-json\/wp\/v2\/product\/15019","targetHints":{"allow":["GET"]}}],"collection":[{"href":"https:\/\/www.organisator.ch\/fr\/wp-json\/wp\/v2\/product"}],"about":[{"href":"https:\/\/www.organisator.ch\/fr\/wp-json\/wp\/v2\/types\/product"}],"wp:featuredmedia":[{"embeddable":true,"href":"https:\/\/www.organisator.ch\/fr\/wp-json\/wp\/v2\/media\/15022"}],"wp:attachment":[{"href":"https:\/\/www.organisator.ch\/fr\/wp-json\/wp\/v2\/media?parent=15019"}],"wp:term":[{"taxonomy":"product_brand","embeddable":true,"href":"https:\/\/www.organisator.ch\/fr\/wp-json\/wp\/v2\/product_brand?post=15019"},{"taxonomy":"product_cat","embeddable":true,"href":"https:\/\/www.organisator.ch\/fr\/wp-json\/wp\/v2\/product_cat?post=15019"},{"taxonomy":"product_tag","embeddable":true,"href":"https:\/\/www.organisator.ch\/fr\/wp-json\/wp\/v2\/product_tag?post=15019"}],"curies":[{"name":"wp","href":"https:\/\/api.w.org\/{rel}","templated":true}]}}