{"id":15072,"date":"2022-06-16T15:24:57","date_gmt":"2022-06-16T13:24:57","guid":{"rendered":"https:\/\/www.organisator.ch\/?post_type=product&#038;p=15072"},"modified":"2022-06-16T15:25:16","modified_gmt":"2022-06-16T13:25:16","slug":"organisator-ausgabe-12-1999","status":"publish","type":"product","link":"https:\/\/www.organisator.ch\/fr\/produkt\/organisator-ausgabe-12-1999\/","title":{"rendered":"Organisateur \u00c9dition 12\/1999"},"content":{"rendered":"<h2>Administration \/ Organisations \u00e0 but non lucratif<\/h2>\n<ul>\n<li>Franz Schnyder s'entretient avec Verena Diener, conseill\u00e8re d'\u00c9tat zurichoise : \u00ab ... car ils ne savent pas ce qu'ils font. \u00bb.<\/li>\n<li>Andreas G\u00fcller \u2013 la comparaison avec la \u201e concurrence \u201c : benchmarking dans l'administration publique<\/li>\n<li>Markus Z\u00fcrcher:Gestion de la qualit\u00e9 dans l'administration<\/li>\n<li>Hans Walker \u2013 Gestion des associations : les associations en route vers le XXIe si\u00e8cle<\/li>\n<li>Otto Troxler \u2013 Gestion des documents : rien ne doit \u00eatre \u201a n\u00e9glig\u00e9 \u2018 dans la commune<\/li>\n<li>Claudio Cittarini \u2013 Services communaux via Internet : demandes des citoyens \u00e0 la commune<\/li>\n<li>Walter Schmuki \u2013 Gestion de la qualit\u00e9 dans les foyers et les ateliers : g\u00e9rer les foyers de mani\u00e8re efficace<\/li>\n<li>Journ\u00e9e des communes Visura 2000:R\u00e9duire les co\u00fbts gr\u00e2ce \u00e0 la flexibilit\u00e9<\/li>\n<li>Hans-Ulrich Weber \u2013 Logiciel \u201e CareSoft \u201c : un pour tous<\/li>\n<li>Franz Schnyder : Conseils de lecture pour les organisations \u00e0 but non lucratif<\/li>\n<\/ul>\n<p>&nbsp;<\/p>\n<h3>Gestion de l'entreprise<\/h3>\n<ul>\n<li>Franz Schnyder \u2013 Bureau de poste de l'ann\u00e9e 1999 : un enfant n\u00e9glig\u00e9 fait carri\u00e8re !<\/li>\n<li>La r\u00e9flexion de Rolf Gruber pour les entrepreneurs : des id\u00e9es sans barri\u00e8res pour le prochain mill\u00e9naire<\/li>\n<\/ul>\n<p>&nbsp;<\/p>\n<h3>Pour des finances saines<\/h3>\n<ul>\n<li>Arnold H. Lanz sur la bonne fa\u00e7on de penser l'argent:Ce n'est pas l'argent qui manque !<\/li>\n<li>\u00c9v\u00e9nement de l'\u00d6BU:Investir dans les march\u00e9s de demain<\/li>\n<li>Achim H. Poliert s'entretient avec J\u00f6rg R\u00fcdiger au sujet de la vente de Softinc : \u201c De bonnes relations avec la concurrence \u00bb<\/li>\n<\/ul>\n<p>&nbsp;<\/p>\n<h3>Finfos :<\/h3>\n<p>Des informations int\u00e9ressantes pour vos finances<\/p>\n<p>&nbsp;<\/p>\n<h3>Je ne dirige jamais les gens ?<\/h3>\n<ul>\n<li>Fredy Isler \u2013 Management Development : le retour en force des anciens<\/li>\n<li>Alex M\u00fcller \u2013 Culture d'entreprise : ne laissez aucune chance au harc\u00e8lement moral !<\/li>\n<li>Marianna Herzog \u2013 Motivation (5) : les r\u00e9unions ne sont pas des moments de bavardage 41<\/li>\n<li>Karin Fuchs-H\u00e4seli \u2013 Des collaborateurs c\u00e9lestes Direction : le destin signifie \u201a envoy\u00e9 pour le bien \u2018<\/li>\n<li>Le site du VPA \u2013 Gestion des connaissances : tendance \u00e0 la mode ou r\u00e9orientation strat\u00e9gique ?<\/li>\n<\/ul>\n<p>&nbsp;<\/p>\n<h3>Pour moi, en tant que personne et en tant que chef !<\/h3>\n<ul>\n<li>Matthyas Arter \u2013 2000 : Enterrez le bug du mill\u00e9naire dans des bulles de savon<\/li>\n<li>Guido Biland \u2013 Pas de stress au prochain mill\u00e9naire : une nouvelle utopie<\/li>\n<li>Franz Schnyder \u00e0 Pascal Couchepin sur l'augmentation de l'\u00e2ge de la retraite:A 66 ans, c'est l\u00e0 que la vie commence vraiment.<\/li>\n<li>Manfred Helfrecht \u2013 Auto-organisation : planification du temps en 10 \u00e9tapes<\/li>\n<li>Xaver Achermann \u2013 Animation : des r\u00e9unions couronn\u00e9es de succ\u00e8s<\/li>\n<li>Paul Dominik Hasler \u2013 Conversations avec Dieu : Dieu et Greta (manager)<\/li>\n<\/ul>\n<p>&nbsp;<\/p>\n<h3>Informatique mobile<\/h3>\n<ul>\n<li>J\u00fcrgen Fuchs \u2013 Value Creating Mobility : Le conte de la mobilit\u00e9<\/li>\n<li>Patrick Ansorg \u2013 Aper\u00e7u du march\u00e9 : en route avec son compagnon mobile<\/li>\n<li>Franz Schnyder \u2013 Compte rendu de Lotusphere Europe 99 : L'homme transparent<\/li>\n<\/ul>\n<p>&nbsp;<\/p>\n<h3>Infos et services aux lecteurs<\/h3>\n<ul>\n<li>Sources d'approvisionnement : Nouveaut\u00e9s du march\u00e9<\/li>\n<li>Calendrier des manifestations<\/li>\n<li>Conseil en entreprise : les conseillers sont ici chez eux<\/li>\n<li>Aper\u00e7u annuel 1999<\/li>\n<li>Organisateur du club \/ Organisateur de l'acad\u00e9mie \/ Mentions l\u00e9gales<\/li>\n<\/ul>","protected":false},"excerpt":{"rendered":"<p>Re\u00e7oit la revue sp\u00e9cialis\u00e9e en langue allemande \"organisator\" dans le num\u00e9ro 12\/1999 en t\u00e9l\u00e9chargement PDF avec la table des mati\u00e8res suivante :<\/p>","protected":false},"featured_media":15074,"template":"","meta":{"_acf_changed":false,"articlekey":""},"product_brand":[],"product_cat":[546],"product_tag":[2967],"class_list":{"0":"post-15072","1":"product","2":"type-product","3":"status-publish","4":"has-post-thumbnail","6":"product_cat-einzelausgaben","7":"product_tag-2967","9":"first","10":"instock","11":"downloadable","12":"virtual","13":"taxable","14":"purchasable","15":"product-type-simple"},"acf":[],"yoast_head":"<!-- This site is optimized with the Yoast SEO plugin v27.5 - https:\/\/yoast.com\/product\/yoast-seo-wordpress\/ -->\n<title>Organisator Ausgabe 12\/1999 - Organisator<\/title>\n<meta name=\"description\" content=\"Erhalte die deutschsprachige Fachzeitschrift \u00aborganisator\u00bb in der Ausgabe 12\/1999 als PDF-Download mit nachfolgendem Inhaltsverzeichnis:\" \/>\n<meta name=\"robots\" content=\"index, follow, max-snippet:-1, max-image-preview:large, max-video-preview:-1\" \/>\n<link rel=\"canonical\" href=\"https:\/\/www.organisator.ch\/fr\/produit\/organisator-ausgabe-12-1999\/\" \/>\n<meta property=\"og:locale\" content=\"fr_FR\" \/>\n<meta property=\"og:type\" content=\"article\" \/>\n<meta property=\"og:title\" content=\"Organisator Ausgabe 12\/1999 - Organisator\" \/>\n<meta property=\"og:description\" content=\"Erhalte die deutschsprachige Fachzeitschrift \u00aborganisator\u00bb in der Ausgabe 12\/1999 als PDF-Download mit nachfolgendem Inhaltsverzeichnis:\" \/>\n<meta property=\"og:url\" content=\"https:\/\/www.organisator.ch\/fr\/produit\/organisator-ausgabe-12-1999\/\" \/>\n<meta property=\"og:site_name\" content=\"Organisator\" \/>\n<meta property=\"article:publisher\" content=\"https:\/\/www.facebook.com\/OrganisatorFachmagazin\" \/>\n<meta property=\"article:modified_time\" content=\"2022-06-16T13:25:16+00:00\" \/>\n<meta property=\"og:image\" content=\"https:\/\/www.organisator.ch\/wp-content\/uploads\/2022\/06\/organisator_1999_12.png\" \/>\n\t<meta property=\"og:image:width\" content=\"654\" \/>\n\t<meta property=\"og:image:height\" content=\"370\" \/>\n\t<meta property=\"og:image:type\" content=\"image\/png\" \/>\n<meta name=\"twitter:card\" content=\"summary_large_image\" \/>\n<script type=\"application\/ld+json\" class=\"yoast-schema-graph\">{\"@context\":\"https:\\\/\\\/schema.org\",\"@graph\":[{\"@type\":\"WebPage\",\"@id\":\"https:\\\/\\\/www.organisator.ch\\\/it\\\/prodotto\\\/organisator-ausgabe-12-1999\\\/\",\"url\":\"https:\\\/\\\/www.organisator.ch\\\/it\\\/prodotto\\\/organisator-ausgabe-12-1999\\\/\",\"name\":\"Organisator Ausgabe 12\\\/1999 - Organisator\",\"isPartOf\":{\"@id\":\"https:\\\/\\\/www.organisator.ch\\\/#website\"},\"primaryImageOfPage\":{\"@id\":\"https:\\\/\\\/www.organisator.ch\\\/it\\\/prodotto\\\/organisator-ausgabe-12-1999\\\/#primaryimage\"},\"image\":{\"@id\":\"https:\\\/\\\/www.organisator.ch\\\/it\\\/prodotto\\\/organisator-ausgabe-12-1999\\\/#primaryimage\"},\"thumbnailUrl\":\"https:\\\/\\\/www.organisator.ch\\\/wp-content\\\/uploads\\\/2022\\\/06\\\/organisator_1999_12.png\",\"datePublished\":\"2022-06-16T13:24:57+00:00\",\"dateModified\":\"2022-06-16T13:25:16+00:00\",\"description\":\"Erhalte die deutschsprachige Fachzeitschrift \u00aborganisator\u00bb in der Ausgabe 12\\\/1999 als PDF-Download mit nachfolgendem Inhaltsverzeichnis:\",\"breadcrumb\":{\"@id\":\"https:\\\/\\\/www.organisator.ch\\\/it\\\/prodotto\\\/organisator-ausgabe-12-1999\\\/#breadcrumb\"},\"inLanguage\":\"fr-FR\",\"potentialAction\":[{\"@type\":\"ReadAction\",\"target\":[\"https:\\\/\\\/www.organisator.ch\\\/it\\\/prodotto\\\/organisator-ausgabe-12-1999\\\/\"]}]},{\"@type\":\"ImageObject\",\"inLanguage\":\"fr-FR\",\"@id\":\"https:\\\/\\\/www.organisator.ch\\\/it\\\/prodotto\\\/organisator-ausgabe-12-1999\\\/#primaryimage\",\"url\":\"https:\\\/\\\/www.organisator.ch\\\/wp-content\\\/uploads\\\/2022\\\/06\\\/organisator_1999_12.png\",\"contentUrl\":\"https:\\\/\\\/www.organisator.ch\\\/wp-content\\\/uploads\\\/2022\\\/06\\\/organisator_1999_12.png\",\"width\":654,\"height\":370},{\"@type\":\"BreadcrumbList\",\"@id\":\"https:\\\/\\\/www.organisator.ch\\\/it\\\/prodotto\\\/organisator-ausgabe-12-1999\\\/#breadcrumb\",\"itemListElement\":[{\"@type\":\"ListItem\",\"position\":1,\"name\":\"Home\",\"item\":\"https:\\\/\\\/www.organisator.ch\\\/\"},{\"@type\":\"ListItem\",\"position\":2,\"name\":\"Shop\",\"item\":\"https:\\\/\\\/www.organisator.ch\\\/fr\\\/shop\\\/\"},{\"@type\":\"ListItem\",\"position\":3,\"name\":\"Organisator Ausgabe 12\\\/1999\"}]},{\"@type\":\"WebSite\",\"@id\":\"https:\\\/\\\/www.organisator.ch\\\/#website\",\"url\":\"https:\\\/\\\/www.organisator.ch\\\/\",\"name\":\"Organisator\",\"description\":\"Kompetent. Praxisnah. Der ORGANISATOR bereitet in 10 Ausgaben pro Jahr die wesentlichen Themen f\u00fcr F\u00fchrungskr\u00e4fte von KMU auf.\",\"publisher\":{\"@id\":\"https:\\\/\\\/www.organisator.ch\\\/#organization\"},\"potentialAction\":[{\"@type\":\"SearchAction\",\"target\":{\"@type\":\"EntryPoint\",\"urlTemplate\":\"https:\\\/\\\/www.organisator.ch\\\/?s={search_term_string}\"},\"query-input\":{\"@type\":\"PropertyValueSpecification\",\"valueRequired\":true,\"valueName\":\"search_term_string\"}}],\"inLanguage\":\"fr-FR\"},{\"@type\":\"Organization\",\"@id\":\"https:\\\/\\\/www.organisator.ch\\\/#organization\",\"name\":\"Organisator\",\"url\":\"https:\\\/\\\/www.organisator.ch\\\/\",\"logo\":{\"@type\":\"ImageObject\",\"inLanguage\":\"fr-FR\",\"@id\":\"https:\\\/\\\/www.organisator.ch\\\/#\\\/schema\\\/logo\\\/image\\\/\",\"url\":\"https:\\\/\\\/www.organisator.ch\\\/wp-content\\\/uploads\\\/2022\\\/01\\\/Logo_Organisator_Website.png\",\"contentUrl\":\"https:\\\/\\\/www.organisator.ch\\\/wp-content\\\/uploads\\\/2022\\\/01\\\/Logo_Organisator_Website.png\",\"width\":800,\"height\":77,\"caption\":\"Organisator\"},\"image\":{\"@id\":\"https:\\\/\\\/www.organisator.ch\\\/#\\\/schema\\\/logo\\\/image\\\/\"},\"sameAs\":[\"https:\\\/\\\/www.facebook.com\\\/OrganisatorFachmagazin\",\"https:\\\/\\\/www.linkedin.com\\\/showcase\\\/organisator-das-magazin-fr-kmu\",\"https:\\\/\\\/www.xing.com\\\/news\\\/pages\\\/organisator-ch-695\",\"https:\\\/\\\/www.youtube.com\\\/channel\\\/UCGP2Sq0iWaZwT3BdIAQFYpw\"]}]}<\/script>\n<!-- \/ Yoast SEO plugin. -->","yoast_head_json":{"title":"Organisateur \u00c9dition 12\/1999 - Organisateur","description":"Re\u00e7oit la revue sp\u00e9cialis\u00e9e en langue allemande \"organisator\" dans le num\u00e9ro 12\/1999 en t\u00e9l\u00e9chargement PDF avec la table des mati\u00e8res suivante :","robots":{"index":"index","follow":"follow","max-snippet":"max-snippet:-1","max-image-preview":"max-image-preview:large","max-video-preview":"max-video-preview:-1"},"canonical":"https:\/\/www.organisator.ch\/fr\/produit\/organisator-ausgabe-12-1999\/","og_locale":"fr_FR","og_type":"article","og_title":"Organisator Ausgabe 12\/1999 - Organisator","og_description":"Erhalte die deutschsprachige Fachzeitschrift \u00aborganisator\u00bb in der Ausgabe 12\/1999 als PDF-Download mit nachfolgendem Inhaltsverzeichnis:","og_url":"https:\/\/www.organisator.ch\/fr\/produit\/organisator-ausgabe-12-1999\/","og_site_name":"Organisator","article_publisher":"https:\/\/www.facebook.com\/OrganisatorFachmagazin","article_modified_time":"2022-06-16T13:25:16+00:00","og_image":[{"width":654,"height":370,"url":"https:\/\/www.organisator.ch\/wp-content\/uploads\/2022\/06\/organisator_1999_12.png","type":"image\/png"}],"twitter_card":"summary_large_image","schema":{"@context":"https:\/\/schema.org","@graph":[{"@type":"WebPage","@id":"https:\/\/www.organisator.ch\/it\/prodotto\/organisator-ausgabe-12-1999\/","url":"https:\/\/www.organisator.ch\/it\/prodotto\/organisator-ausgabe-12-1999\/","name":"Organisateur \u00c9dition 12\/1999 - Organisateur","isPartOf":{"@id":"https:\/\/www.organisator.ch\/#website"},"primaryImageOfPage":{"@id":"https:\/\/www.organisator.ch\/it\/prodotto\/organisator-ausgabe-12-1999\/#primaryimage"},"image":{"@id":"https:\/\/www.organisator.ch\/it\/prodotto\/organisator-ausgabe-12-1999\/#primaryimage"},"thumbnailUrl":"https:\/\/www.organisator.ch\/wp-content\/uploads\/2022\/06\/organisator_1999_12.png","datePublished":"2022-06-16T13:24:57+00:00","dateModified":"2022-06-16T13:25:16+00:00","description":"Re\u00e7oit la revue sp\u00e9cialis\u00e9e en langue allemande \"organisator\" dans le num\u00e9ro 12\/1999 en t\u00e9l\u00e9chargement PDF avec la table des mati\u00e8res suivante :","breadcrumb":{"@id":"https:\/\/www.organisator.ch\/it\/prodotto\/organisator-ausgabe-12-1999\/#breadcrumb"},"inLanguage":"fr-FR","potentialAction":[{"@type":"ReadAction","target":["https:\/\/www.organisator.ch\/it\/prodotto\/organisator-ausgabe-12-1999\/"]}]},{"@type":"ImageObject","inLanguage":"fr-FR","@id":"https:\/\/www.organisator.ch\/it\/prodotto\/organisator-ausgabe-12-1999\/#primaryimage","url":"https:\/\/www.organisator.ch\/wp-content\/uploads\/2022\/06\/organisator_1999_12.png","contentUrl":"https:\/\/www.organisator.ch\/wp-content\/uploads\/2022\/06\/organisator_1999_12.png","width":654,"height":370},{"@type":"BreadcrumbList","@id":"https:\/\/www.organisator.ch\/it\/prodotto\/organisator-ausgabe-12-1999\/#breadcrumb","itemListElement":[{"@type":"ListItem","position":1,"name":"Home","item":"https:\/\/www.organisator.ch\/"},{"@type":"ListItem","position":2,"name":"Shop","item":"https:\/\/www.organisator.ch\/fr\/shop\/"},{"@type":"ListItem","position":3,"name":"Organisator Ausgabe 12\/1999"}]},{"@type":"WebSite","@id":"https:\/\/www.organisator.ch\/#website","url":"https:\/\/www.organisator.ch\/","name":"Organisateur","description":"Comp\u00e9tence et comp\u00e9tence. Proches de la pratique. L'ORGANISATEUR pr\u00e9pare 10 num\u00e9ros par an sur les th\u00e8mes essentiels pour les dirigeants de PME.","publisher":{"@id":"https:\/\/www.organisator.ch\/#organization"},"potentialAction":[{"@type":"SearchAction","target":{"@type":"EntryPoint","urlTemplate":"https:\/\/www.organisator.ch\/?s={search_term_string}"},"query-input":{"@type":"PropertyValueSpecification","valueRequired":true,"valueName":"search_term_string"}}],"inLanguage":"fr-FR"},{"@type":"Organization","@id":"https:\/\/www.organisator.ch\/#organization","name":"Organisateur","url":"https:\/\/www.organisator.ch\/","logo":{"@type":"ImageObject","inLanguage":"fr-FR","@id":"https:\/\/www.organisator.ch\/#\/schema\/logo\/image\/","url":"https:\/\/www.organisator.ch\/wp-content\/uploads\/2022\/01\/Logo_Organisator_Website.png","contentUrl":"https:\/\/www.organisator.ch\/wp-content\/uploads\/2022\/01\/Logo_Organisator_Website.png","width":800,"height":77,"caption":"Organisator"},"image":{"@id":"https:\/\/www.organisator.ch\/#\/schema\/logo\/image\/"},"sameAs":["https:\/\/www.facebook.com\/OrganisatorFachmagazin","https:\/\/www.linkedin.com\/showcase\/organisator-das-magazin-fr-kmu","https:\/\/www.xing.com\/news\/pages\/organisator-ch-695","https:\/\/www.youtube.com\/channel\/UCGP2Sq0iWaZwT3BdIAQFYpw"]}]}},"_links":{"self":[{"href":"https:\/\/www.organisator.ch\/fr\/wp-json\/wp\/v2\/product\/15072","targetHints":{"allow":["GET"]}}],"collection":[{"href":"https:\/\/www.organisator.ch\/fr\/wp-json\/wp\/v2\/product"}],"about":[{"href":"https:\/\/www.organisator.ch\/fr\/wp-json\/wp\/v2\/types\/product"}],"wp:featuredmedia":[{"embeddable":true,"href":"https:\/\/www.organisator.ch\/fr\/wp-json\/wp\/v2\/media\/15074"}],"wp:attachment":[{"href":"https:\/\/www.organisator.ch\/fr\/wp-json\/wp\/v2\/media?parent=15072"}],"wp:term":[{"taxonomy":"product_brand","embeddable":true,"href":"https:\/\/www.organisator.ch\/fr\/wp-json\/wp\/v2\/product_brand?post=15072"},{"taxonomy":"product_cat","embeddable":true,"href":"https:\/\/www.organisator.ch\/fr\/wp-json\/wp\/v2\/product_cat?post=15072"},{"taxonomy":"product_tag","embeddable":true,"href":"https:\/\/www.organisator.ch\/fr\/wp-json\/wp\/v2\/product_tag?post=15072"}],"curies":[{"name":"wp","href":"https:\/\/api.w.org\/{rel}","templated":true}]}}