{"id":15352,"date":"2022-06-17T16:03:52","date_gmt":"2022-06-17T14:03:52","guid":{"rendered":"https:\/\/www.organisator.ch\/?post_type=product&#038;p=15352"},"modified":"2022-06-17T16:04:16","modified_gmt":"2022-06-17T14:04:16","slug":"organisator-ausgabe-9-2008","status":"publish","type":"product","link":"https:\/\/www.organisator.ch\/fr\/produkt\/organisator-ausgabe-9-2008\/","title":{"rendered":"Organisateur \u00c9dition 9\/2008"},"content":{"rendered":"<p>HOMME<\/p>\n<p>&nbsp;<\/p>\n<h3>Walter Engelhard est un fervent d\u00e9fenseur du site de production suisse.<\/h3>\n<p>Le directeur de STIHL &amp; Co. parle du syst\u00e8me \u00e9tatique, des avantages et du site de production suisse.<\/p>\n<p>&nbsp;<\/p>\n<h3>POINT FORT<\/h3>\n<p>&nbsp;<\/p>\n<h3>Succ\u00e8s de l'entreprise au-del\u00e0 d'une \"id\u00e9e de produit g\u00e9niale<\/h3>\n<p>\"Celui qui est fort \u00e0 l'int\u00e9rieur peut toujours cro\u00eetre\" - l'\u00e9tude MuGrow d\u00e9crit les quatre voies de croissance pour un succ\u00e8s durable de l'entreprise.<\/p>\n<p>&nbsp;<\/p>\n<h3>LEADERSHIP<\/h3>\n<p>&nbsp;<\/p>\n<h3>Banc d'essai pour les cadres<\/h3>\n<p>Il est important de pouvoir s'exprimer au plus haut niveau professionnel, mais plus on monte dans la hi\u00e9rarchie, plus sa propre nature prend de l'importance et plus le contact avec les autres est important.<\/p>\n<p>&nbsp;<\/p>\n<h3>Leadership par la revue<\/h3>\n<p>La \"critique\" se fait surtout du haut vers le bas. Or, la \"critique\" rec\u00e8le un potentiel positif et l'inverse, \u00e0 savoir du bas vers le haut, est \u00e9galement tr\u00e8s important pour le d\u00e9veloppement des entreprises.<\/p>\n<p>&nbsp;<\/p>\n<h3>Flexibilit\u00e9<\/h3>\n<p>Les besoins diff\u00e9renci\u00e9s des entreprises exigent des mod\u00e8les diff\u00e9rents dans l'aviation d'affaires.<\/p>\n<p>&nbsp;<\/p>\n<h2>INTERNATIONAL<\/h2>\n<p>&nbsp;<\/p>\n<h3>De nouveaux d\u00e9fis \u00e0 relever chaque jour.<\/h3>\n<p>Ronny Inninger est l'un des quelque 2000 citoyens suisses qui ont \u00e9migr\u00e9 aux \u00c9tats-Unis en 2007.<\/p>\n<p>&nbsp;<\/p>\n<h2>MARKETING<\/h2>\n<p>&nbsp;<\/p>\n<h3>Seules les adresses correctes sonttu<\/h3>\n<p>Les d\u00e9penses de marketing sont souvent perdues en raison d'adresses trop g\u00e9n\u00e9rales et de la perte de diffusion qui en r\u00e9sulte. Chaque entreprise a tout int\u00e9r\u00eat \u00e0 conna\u00eetre ses clients et \u00e0 communiquer personnellement avec eux.<\/p>\n<p>&nbsp;<\/p>\n<h3>S\u00c9CURIT\u00c9<\/h3>\n<p>&nbsp;<\/p>\n<h3>Shopping en ligne - Paradis - La saisie des informations de carte de cr\u00e9dit est bloqu\u00e9e<\/h3>\n<p>La fraude \u00e0 la carte de cr\u00e9dit est un \u00e9norme business et c'est pourquoi, lorsque l'on saisit les informations hautement confidentielles d'une carte de cr\u00e9dit sur un site web inconnu, on a souvent un sentiment de malaise.<\/p>\n<p>&nbsp;<\/p>\n<h3>ICT<\/h3>\n<p>Les collaborateurs \u00e9quip\u00e9s d'outils de communication mobiles sont joignables \u00e0 tout moment. Mais il serait pr\u00e9matur\u00e9 de s'\u00e9quiper de ces nouvelles merveilles mobiles sans r\u00e9fl\u00e9chir.<\/p>\n<p>&nbsp;<\/p>\n<h3>HRM<\/h3>\n<p>Sujet encore tabou - mais plus fr\u00e9quent qu'on ne le pense Le harc\u00e8lement sexuel sur le lieu de travail cr\u00e9e un climat d'ins\u00e9curit\u00e9 et de m\u00e9fiance. Les entreprises peuvent se prot\u00e9ger gr\u00e2ce \u00e0 des mesures de pr\u00e9vention appropri\u00e9es.<\/p>\n<p>&nbsp;<\/p>\n<h3>Gestion des absences - une valeur ajout\u00e9e financi\u00e8re et humaine pour les entreprises<\/h3>\n<p>Les absences sont toujours synonymes de perturbations du d\u00e9roulement normal du travail, mais derri\u00e8re chaque absence se cache aussi une personne qui ne va pas bien. Avec la gestion des absences, les absences deviennent un facteur sur lequel il est possible d'agir.<\/p>\n<p>&nbsp;<\/p>\n<h3>FINANCES<\/h3>\n<p>Limites de l'optimisation fiscale L'objectif de la deuxi\u00e8me r\u00e9forme de l'imposition des entreprises est d'att\u00e9nuer la double imposition \u00e9conomique.<br \/>\ncharge fiscale. Pour les actionnaires travaillant dans l'entreprise, la question de l'optimisation fiscale se pose - non sans avoir clarifi\u00e9 au pr\u00e9alable les cons\u00e9quences sur la caisse de pension.<\/p>\n<p>&nbsp;<\/p>\n<h3>Un d\u00e9fi pour les PME<\/h3>\n<p>\"Mieux vaut le pigeon dans l'herbe que le pigeon sur le toit ?\" Trouver un placement ad\u00e9quat pour les fonds libres de l'entreprise repr\u00e9sente un d\u00e9fi pour certains responsables financiers de PME.<\/p>\n<p>&nbsp;<\/p>\n<h3>Rubriques<\/h3>\n<ul>\n<li>\u00c9ditorial<\/li>\n<li>Sc\u00e8ne<\/li>\n<li>March\u00e9<\/li>\n<li>Livre conseill\u00e9<\/li>\n<li>Sources d'approvisionnement<\/li>\n<li>Service<\/li>\n<li>Chronique<\/li>\n<\/ul>","protected":false},"excerpt":{"rendered":"<p>Re\u00e7ois la revue sp\u00e9cialis\u00e9e en langue allemande \"organisator\" dans son num\u00e9ro 9\/2008 en t\u00e9l\u00e9chargement PDF avec la table des mati\u00e8res ci-dessous :<\/p>","protected":false},"featured_media":15354,"template":"","meta":{"_acf_changed":false,"articlekey":""},"product_brand":[],"product_cat":[546],"product_tag":[2979],"class_list":{"0":"post-15352","1":"product","2":"type-product","3":"status-publish","4":"has-post-thumbnail","6":"product_cat-einzelausgaben","7":"product_tag-2979","9":"first","10":"instock","11":"downloadable","12":"virtual","13":"taxable","14":"purchasable","15":"product-type-simple"},"acf":[],"yoast_head":"<!-- This site is optimized with the Yoast SEO plugin v27.4 - https:\/\/yoast.com\/product\/yoast-seo-wordpress\/ -->\n<title>Organisator Ausgabe 9\/2008 - Organisator<\/title>\n<meta name=\"description\" content=\"Erhalte die deutschsprachige Fachzeitschrift \u00aborganisator\u00bb in der Ausgabe 9\/2008 als PDF-Download mit nachfolgendem Inhaltsverzeichnis:\" \/>\n<meta name=\"robots\" content=\"index, follow, max-snippet:-1, max-image-preview:large, max-video-preview:-1\" \/>\n<link rel=\"canonical\" href=\"https:\/\/www.organisator.ch\/fr\/produit\/organisator-ausgabe-9-2008\/\" \/>\n<meta property=\"og:locale\" content=\"fr_FR\" \/>\n<meta property=\"og:type\" content=\"article\" \/>\n<meta property=\"og:title\" content=\"Organisator Ausgabe 9\/2008 - Organisator\" \/>\n<meta property=\"og:description\" content=\"Erhalte die deutschsprachige Fachzeitschrift \u00aborganisator\u00bb in der Ausgabe 9\/2008 als PDF-Download mit nachfolgendem Inhaltsverzeichnis:\" \/>\n<meta property=\"og:url\" content=\"https:\/\/www.organisator.ch\/fr\/produit\/organisator-ausgabe-9-2008\/\" \/>\n<meta property=\"og:site_name\" content=\"Organisator\" \/>\n<meta property=\"article:publisher\" content=\"https:\/\/www.facebook.com\/OrganisatorFachmagazin\" \/>\n<meta property=\"article:modified_time\" content=\"2022-06-17T14:04:16+00:00\" \/>\n<meta property=\"og:image\" content=\"https:\/\/www.organisator.ch\/wp-content\/uploads\/2022\/06\/organisator_2008_9.png\" \/>\n\t<meta property=\"og:image:width\" content=\"654\" \/>\n\t<meta property=\"og:image:height\" content=\"370\" \/>\n\t<meta property=\"og:image:type\" content=\"image\/png\" \/>\n<meta name=\"twitter:card\" content=\"summary_large_image\" \/>\n<script type=\"application\/ld+json\" class=\"yoast-schema-graph\">{\"@context\":\"https:\\\/\\\/schema.org\",\"@graph\":[{\"@type\":\"WebPage\",\"@id\":\"https:\\\/\\\/www.organisator.ch\\\/de\\\/produkt\\\/organisator-ausgabe-9-2008\\\/\",\"url\":\"https:\\\/\\\/www.organisator.ch\\\/de\\\/produkt\\\/organisator-ausgabe-9-2008\\\/\",\"name\":\"Organisator Ausgabe 9\\\/2008 - Organisator\",\"isPartOf\":{\"@id\":\"https:\\\/\\\/www.organisator.ch\\\/#website\"},\"primaryImageOfPage\":{\"@id\":\"https:\\\/\\\/www.organisator.ch\\\/de\\\/produkt\\\/organisator-ausgabe-9-2008\\\/#primaryimage\"},\"image\":{\"@id\":\"https:\\\/\\\/www.organisator.ch\\\/de\\\/produkt\\\/organisator-ausgabe-9-2008\\\/#primaryimage\"},\"thumbnailUrl\":\"https:\\\/\\\/www.organisator.ch\\\/wp-content\\\/uploads\\\/2022\\\/06\\\/organisator_2008_9.png\",\"datePublished\":\"2022-06-17T14:03:52+00:00\",\"dateModified\":\"2022-06-17T14:04:16+00:00\",\"description\":\"Erhalte die deutschsprachige Fachzeitschrift \u00aborganisator\u00bb in der Ausgabe 9\\\/2008 als PDF-Download mit nachfolgendem Inhaltsverzeichnis:\",\"breadcrumb\":{\"@id\":\"https:\\\/\\\/www.organisator.ch\\\/de\\\/produkt\\\/organisator-ausgabe-9-2008\\\/#breadcrumb\"},\"inLanguage\":\"fr-FR\",\"potentialAction\":[{\"@type\":\"ReadAction\",\"target\":[\"https:\\\/\\\/www.organisator.ch\\\/de\\\/produkt\\\/organisator-ausgabe-9-2008\\\/\"]}]},{\"@type\":\"ImageObject\",\"inLanguage\":\"fr-FR\",\"@id\":\"https:\\\/\\\/www.organisator.ch\\\/de\\\/produkt\\\/organisator-ausgabe-9-2008\\\/#primaryimage\",\"url\":\"https:\\\/\\\/www.organisator.ch\\\/wp-content\\\/uploads\\\/2022\\\/06\\\/organisator_2008_9.png\",\"contentUrl\":\"https:\\\/\\\/www.organisator.ch\\\/wp-content\\\/uploads\\\/2022\\\/06\\\/organisator_2008_9.png\",\"width\":654,\"height\":370},{\"@type\":\"BreadcrumbList\",\"@id\":\"https:\\\/\\\/www.organisator.ch\\\/de\\\/produkt\\\/organisator-ausgabe-9-2008\\\/#breadcrumb\",\"itemListElement\":[{\"@type\":\"ListItem\",\"position\":1,\"name\":\"Home\",\"item\":\"https:\\\/\\\/www.organisator.ch\\\/\"},{\"@type\":\"ListItem\",\"position\":2,\"name\":\"Shop\",\"item\":\"https:\\\/\\\/www.organisator.ch\\\/fr\\\/shop\\\/\"},{\"@type\":\"ListItem\",\"position\":3,\"name\":\"Organisator Ausgabe 9\\\/2008\"}]},{\"@type\":\"WebSite\",\"@id\":\"https:\\\/\\\/www.organisator.ch\\\/#website\",\"url\":\"https:\\\/\\\/www.organisator.ch\\\/\",\"name\":\"Organisator\",\"description\":\"Kompetent. Praxisnah. Der ORGANISATOR bereitet in 10 Ausgaben pro Jahr die wesentlichen Themen f\u00fcr F\u00fchrungskr\u00e4fte von KMU auf.\",\"publisher\":{\"@id\":\"https:\\\/\\\/www.organisator.ch\\\/#organization\"},\"potentialAction\":[{\"@type\":\"SearchAction\",\"target\":{\"@type\":\"EntryPoint\",\"urlTemplate\":\"https:\\\/\\\/www.organisator.ch\\\/?s={search_term_string}\"},\"query-input\":{\"@type\":\"PropertyValueSpecification\",\"valueRequired\":true,\"valueName\":\"search_term_string\"}}],\"inLanguage\":\"fr-FR\"},{\"@type\":\"Organization\",\"@id\":\"https:\\\/\\\/www.organisator.ch\\\/#organization\",\"name\":\"Organisator\",\"url\":\"https:\\\/\\\/www.organisator.ch\\\/\",\"logo\":{\"@type\":\"ImageObject\",\"inLanguage\":\"fr-FR\",\"@id\":\"https:\\\/\\\/www.organisator.ch\\\/#\\\/schema\\\/logo\\\/image\\\/\",\"url\":\"https:\\\/\\\/www.organisator.ch\\\/wp-content\\\/uploads\\\/2022\\\/01\\\/Logo_Organisator_Website.png\",\"contentUrl\":\"https:\\\/\\\/www.organisator.ch\\\/wp-content\\\/uploads\\\/2022\\\/01\\\/Logo_Organisator_Website.png\",\"width\":800,\"height\":77,\"caption\":\"Organisator\"},\"image\":{\"@id\":\"https:\\\/\\\/www.organisator.ch\\\/#\\\/schema\\\/logo\\\/image\\\/\"},\"sameAs\":[\"https:\\\/\\\/www.facebook.com\\\/OrganisatorFachmagazin\",\"https:\\\/\\\/www.linkedin.com\\\/showcase\\\/organisator-das-magazin-fr-kmu\",\"https:\\\/\\\/www.xing.com\\\/news\\\/pages\\\/organisator-ch-695\",\"https:\\\/\\\/www.youtube.com\\\/channel\\\/UCGP2Sq0iWaZwT3BdIAQFYpw\"]}]}<\/script>\n<!-- \/ Yoast SEO plugin. -->","yoast_head_json":{"title":"Organisateur \u00c9dition 9\/2008 - Organisateur","description":"Re\u00e7ois la revue sp\u00e9cialis\u00e9e en langue allemande \"organisator\" dans son num\u00e9ro 9\/2008 en t\u00e9l\u00e9chargement PDF avec la table des mati\u00e8res ci-dessous :","robots":{"index":"index","follow":"follow","max-snippet":"max-snippet:-1","max-image-preview":"max-image-preview:large","max-video-preview":"max-video-preview:-1"},"canonical":"https:\/\/www.organisator.ch\/fr\/produit\/organisator-ausgabe-9-2008\/","og_locale":"fr_FR","og_type":"article","og_title":"Organisator Ausgabe 9\/2008 - Organisator","og_description":"Erhalte die deutschsprachige Fachzeitschrift \u00aborganisator\u00bb in der Ausgabe 9\/2008 als PDF-Download mit nachfolgendem Inhaltsverzeichnis:","og_url":"https:\/\/www.organisator.ch\/fr\/produit\/organisator-ausgabe-9-2008\/","og_site_name":"Organisator","article_publisher":"https:\/\/www.facebook.com\/OrganisatorFachmagazin","article_modified_time":"2022-06-17T14:04:16+00:00","og_image":[{"width":654,"height":370,"url":"https:\/\/www.organisator.ch\/wp-content\/uploads\/2022\/06\/organisator_2008_9.png","type":"image\/png"}],"twitter_card":"summary_large_image","schema":{"@context":"https:\/\/schema.org","@graph":[{"@type":"WebPage","@id":"https:\/\/www.organisator.ch\/de\/produkt\/organisator-ausgabe-9-2008\/","url":"https:\/\/www.organisator.ch\/de\/produkt\/organisator-ausgabe-9-2008\/","name":"Organisateur \u00c9dition 9\/2008 - Organisateur","isPartOf":{"@id":"https:\/\/www.organisator.ch\/#website"},"primaryImageOfPage":{"@id":"https:\/\/www.organisator.ch\/de\/produkt\/organisator-ausgabe-9-2008\/#primaryimage"},"image":{"@id":"https:\/\/www.organisator.ch\/de\/produkt\/organisator-ausgabe-9-2008\/#primaryimage"},"thumbnailUrl":"https:\/\/www.organisator.ch\/wp-content\/uploads\/2022\/06\/organisator_2008_9.png","datePublished":"2022-06-17T14:03:52+00:00","dateModified":"2022-06-17T14:04:16+00:00","description":"Re\u00e7ois la revue sp\u00e9cialis\u00e9e en langue allemande \"organisator\" dans son num\u00e9ro 9\/2008 en t\u00e9l\u00e9chargement PDF avec la table des mati\u00e8res ci-dessous :","breadcrumb":{"@id":"https:\/\/www.organisator.ch\/de\/produkt\/organisator-ausgabe-9-2008\/#breadcrumb"},"inLanguage":"fr-FR","potentialAction":[{"@type":"ReadAction","target":["https:\/\/www.organisator.ch\/de\/produkt\/organisator-ausgabe-9-2008\/"]}]},{"@type":"ImageObject","inLanguage":"fr-FR","@id":"https:\/\/www.organisator.ch\/de\/produkt\/organisator-ausgabe-9-2008\/#primaryimage","url":"https:\/\/www.organisator.ch\/wp-content\/uploads\/2022\/06\/organisator_2008_9.png","contentUrl":"https:\/\/www.organisator.ch\/wp-content\/uploads\/2022\/06\/organisator_2008_9.png","width":654,"height":370},{"@type":"BreadcrumbList","@id":"https:\/\/www.organisator.ch\/de\/produkt\/organisator-ausgabe-9-2008\/#breadcrumb","itemListElement":[{"@type":"ListItem","position":1,"name":"Home","item":"https:\/\/www.organisator.ch\/"},{"@type":"ListItem","position":2,"name":"Shop","item":"https:\/\/www.organisator.ch\/fr\/shop\/"},{"@type":"ListItem","position":3,"name":"Organisator Ausgabe 9\/2008"}]},{"@type":"WebSite","@id":"https:\/\/www.organisator.ch\/#website","url":"https:\/\/www.organisator.ch\/","name":"Organisateur","description":"Comp\u00e9tence et comp\u00e9tence. Proches de la pratique. L'ORGANISATEUR pr\u00e9pare 10 num\u00e9ros par an sur les th\u00e8mes essentiels pour les dirigeants de PME.","publisher":{"@id":"https:\/\/www.organisator.ch\/#organization"},"potentialAction":[{"@type":"SearchAction","target":{"@type":"EntryPoint","urlTemplate":"https:\/\/www.organisator.ch\/?s={search_term_string}"},"query-input":{"@type":"PropertyValueSpecification","valueRequired":true,"valueName":"search_term_string"}}],"inLanguage":"fr-FR"},{"@type":"Organization","@id":"https:\/\/www.organisator.ch\/#organization","name":"Organisateur","url":"https:\/\/www.organisator.ch\/","logo":{"@type":"ImageObject","inLanguage":"fr-FR","@id":"https:\/\/www.organisator.ch\/#\/schema\/logo\/image\/","url":"https:\/\/www.organisator.ch\/wp-content\/uploads\/2022\/01\/Logo_Organisator_Website.png","contentUrl":"https:\/\/www.organisator.ch\/wp-content\/uploads\/2022\/01\/Logo_Organisator_Website.png","width":800,"height":77,"caption":"Organisator"},"image":{"@id":"https:\/\/www.organisator.ch\/#\/schema\/logo\/image\/"},"sameAs":["https:\/\/www.facebook.com\/OrganisatorFachmagazin","https:\/\/www.linkedin.com\/showcase\/organisator-das-magazin-fr-kmu","https:\/\/www.xing.com\/news\/pages\/organisator-ch-695","https:\/\/www.youtube.com\/channel\/UCGP2Sq0iWaZwT3BdIAQFYpw"]}]}},"_links":{"self":[{"href":"https:\/\/www.organisator.ch\/fr\/wp-json\/wp\/v2\/product\/15352","targetHints":{"allow":["GET"]}}],"collection":[{"href":"https:\/\/www.organisator.ch\/fr\/wp-json\/wp\/v2\/product"}],"about":[{"href":"https:\/\/www.organisator.ch\/fr\/wp-json\/wp\/v2\/types\/product"}],"wp:featuredmedia":[{"embeddable":true,"href":"https:\/\/www.organisator.ch\/fr\/wp-json\/wp\/v2\/media\/15354"}],"wp:attachment":[{"href":"https:\/\/www.organisator.ch\/fr\/wp-json\/wp\/v2\/media?parent=15352"}],"wp:term":[{"taxonomy":"product_brand","embeddable":true,"href":"https:\/\/www.organisator.ch\/fr\/wp-json\/wp\/v2\/product_brand?post=15352"},{"taxonomy":"product_cat","embeddable":true,"href":"https:\/\/www.organisator.ch\/fr\/wp-json\/wp\/v2\/product_cat?post=15352"},{"taxonomy":"product_tag","embeddable":true,"href":"https:\/\/www.organisator.ch\/fr\/wp-json\/wp\/v2\/product_tag?post=15352"}],"curies":[{"name":"wp","href":"https:\/\/api.w.org\/{rel}","templated":true}]}}