{"id":17957,"date":"2022-12-05T00:01:07","date_gmt":"2022-12-04T23:01:07","guid":{"rendered":"https:\/\/www.organisator.ch\/?post_type=product&#038;p=17957"},"modified":"2022-11-28T10:16:58","modified_gmt":"2022-11-28T09:16:58","slug":"organisator-ausgabe-11-12-2022","status":"publish","type":"product","link":"https:\/\/www.organisator.ch\/fr\/produkt\/organisator-ausgabe-11-12-2022\/","title":{"rendered":"Organisateur \u00c9dition 11-12\/2022"},"content":{"rendered":"<h2>Gestion<\/h2>\n<ul>\n<li>Plus de modestie intellectuelle, s'il vous pla\u00eet !<\/li>\n<li>Moteur de la croissance \u00e9conomique \u00e0 long terme<\/li>\n<li>Radicalement pr\u00e9voyant, radicalement simple<\/li>\n<li>Le march\u00e9 de la musique en pleine fi\u00e8vre r\u00e9tro<\/li>\n<li>\"Nous associons cr\u00e9ation de valeur et estime\"<\/li>\n<\/ul>\n<h2>Excellence op\u00e9rationnelle<\/h2>\n<ul>\n<li>Durabilit\u00e9 num\u00e9rique<\/li>\n<li>Smart Factory dans le droit suisse<\/li>\n<li>D\u00e9ploiement rentable de la fibre optique<\/li>\n<li>De nouvelles possibilit\u00e9s pour la succession d'entreprise<\/li>\n<li>Nouveau droit des soci\u00e9t\u00e9s anonymes : plus de flexibilit\u00e9 dans la cr\u00e9ation d'entreprise<\/li>\n<li>Gestion des stocks : un logiciel optimise les processus internes<\/li>\n<\/ul>\n<h2>Marketing<\/h2>\n<ul>\n<li>Vendeurs, ne soyez pas timides !<\/li>\n<li>D\u00e9couvrir virtuellement des produits<\/li>\n<\/ul>\n<h2>Ressources humaines<\/h2>\n<ul>\n<li>Du footballeur \u00e0 l'entreprise de location de services<\/li>\n<li>Emplois et talents : Pour une meilleure ad\u00e9quation<\/li>\n<li>Les entreprises doivent devenir plus num\u00e9riques<\/li>\n<li>Demand\u00e9 : Avec des seniors contre le manque de personnel qualifi\u00e9 ?<\/li>\n<li>Trois ingr\u00e9dients pour devenir plus efficace en tant que dirigeant<\/li>\n<\/ul>\n<h2>Sustainability<\/h2>\n<ul>\n<li>Martin Kyburz : \"Nous avons tous flash\u00e9\".<\/li>\n<li>Rendre l'argent num\u00e9rique plus durable<\/li>\n<li>Si la num\u00e9risation est n\u00e9cessaire, elle doit \u00eatre durable<\/li>\n<\/ul>\n<h2>Amis<\/h2>\n<ul>\n<li>Actualit\u00e9 SVC : Mecaplast SA remporte le Prix SVC Suisse romande<\/li>\n<li>Outil de contr\u00f4le de l'\u00e9conomie circulaire pour les PME<\/li>\n<li><img decoding=\"async\" class=\"editor-icon\" title=\"Tabulateur pour le retrait jusqu&#039;ici\" src=\"data:image\/gif;base64,R0lGODlhAQABAAAAACH5BAEKAAEALAAAAAABAAEAAAICTAEAOw==\" data-cke-saved-src=\"data:image\/gif;base64,R0lGODlhAQABAAAAACH5BAEKAAEALAAAAAABAAEAAAICTAEAOw==\" \/>Atelier \u00f6bu : \"Les premiers pas d'une \u00e9conomie durable<\/li>\n<\/ul>\n<h2>Rubrique<\/h2>\n<ul>\n<li>Sc\u00e8ne<\/li>\n<li>March\u00e9<\/li>\n<li>Suggestions de livres<\/li>\n<li>Invit\u00e9<\/li>\n<li>Agenda<\/li>\n<\/ul>","protected":false},"excerpt":{"rendered":"<p>Re\u00e7ois la revue sp\u00e9cialis\u00e9e en langue allemande \"Organisator\" dans son num\u00e9ro 11-12\/2022 \u00e0 t\u00e9l\u00e9charger au format PDF avec la table des mati\u00e8res ci-dessous :<\/p>","protected":false},"featured_media":17958,"template":"","meta":{"_acf_changed":false,"articlekey":""},"product_brand":[],"product_cat":[546],"product_tag":[2655],"class_list":{"0":"post-17957","1":"product","2":"type-product","3":"status-publish","4":"has-post-thumbnail","6":"product_cat-einzelausgaben","7":"product_tag-2655","9":"first","10":"instock","11":"downloadable","12":"virtual","13":"taxable","14":"purchasable","15":"product-type-simple"},"acf":[],"yoast_head":"<!-- This site is optimized with the Yoast SEO plugin v27.5 - https:\/\/yoast.com\/product\/yoast-seo-wordpress\/ -->\n<title>Organisator Ausgabe 11-12\/2022 - Organisator<\/title>\n<meta name=\"description\" content=\"Erhalte die deutschsprachige Fachzeitschrift \u00aborganisator\u00bb in der Organisator Ausgabe 10\/2021 als PDF-Download mit nachfolgendem Inhaltsverzeichnis:\" \/>\n<meta name=\"robots\" content=\"index, follow, max-snippet:-1, max-image-preview:large, max-video-preview:-1\" \/>\n<link rel=\"canonical\" href=\"https:\/\/www.organisator.ch\/fr\/produit\/organisator-ausgabe-11-12-2022\/\" \/>\n<meta property=\"og:locale\" content=\"fr_FR\" \/>\n<meta property=\"og:type\" content=\"article\" \/>\n<meta property=\"og:title\" content=\"Organisator Ausgabe 11-12\/2022 - Organisator\" \/>\n<meta property=\"og:description\" content=\"Erhalte die deutschsprachige Fachzeitschrift \u00aborganisator\u00bb in der Organisator Ausgabe 10\/2021 als PDF-Download mit nachfolgendem Inhaltsverzeichnis:\" \/>\n<meta property=\"og:url\" content=\"https:\/\/www.organisator.ch\/fr\/produit\/organisator-ausgabe-11-12-2022\/\" \/>\n<meta property=\"og:site_name\" content=\"Organisator\" \/>\n<meta property=\"article:publisher\" content=\"https:\/\/www.facebook.com\/OrganisatorFachmagazin\" \/>\n<meta property=\"og:image\" content=\"https:\/\/www.organisator.ch\/wp-content\/uploads\/2022\/11\/Organisator-Ausgabe-11-12-2022.png\" \/>\n\t<meta property=\"og:image:width\" content=\"654\" \/>\n\t<meta property=\"og:image:height\" content=\"370\" \/>\n\t<meta property=\"og:image:type\" content=\"image\/png\" \/>\n<meta name=\"twitter:card\" content=\"summary_large_image\" \/>\n<script type=\"application\/ld+json\" class=\"yoast-schema-graph\">{\"@context\":\"https:\\\/\\\/schema.org\",\"@graph\":[{\"@type\":\"WebPage\",\"@id\":\"https:\\\/\\\/www.organisator.ch\\\/produkt\\\/organisator-ausgabe-11-12-2022\\\/\",\"url\":\"https:\\\/\\\/www.organisator.ch\\\/produkt\\\/organisator-ausgabe-11-12-2022\\\/\",\"name\":\"Organisator Ausgabe 11-12\\\/2022 - Organisator\",\"isPartOf\":{\"@id\":\"https:\\\/\\\/www.organisator.ch\\\/#website\"},\"primaryImageOfPage\":{\"@id\":\"https:\\\/\\\/www.organisator.ch\\\/produkt\\\/organisator-ausgabe-11-12-2022\\\/#primaryimage\"},\"image\":{\"@id\":\"https:\\\/\\\/www.organisator.ch\\\/produkt\\\/organisator-ausgabe-11-12-2022\\\/#primaryimage\"},\"thumbnailUrl\":\"https:\\\/\\\/www.organisator.ch\\\/wp-content\\\/uploads\\\/2022\\\/11\\\/Organisator-Ausgabe-11-12-2022.png\",\"datePublished\":\"2022-12-04T23:01:07+00:00\",\"description\":\"Erhalte die deutschsprachige Fachzeitschrift \u00aborganisator\u00bb in der Organisator Ausgabe 10\\\/2021 als PDF-Download mit nachfolgendem Inhaltsverzeichnis:\",\"breadcrumb\":{\"@id\":\"https:\\\/\\\/www.organisator.ch\\\/produkt\\\/organisator-ausgabe-11-12-2022\\\/#breadcrumb\"},\"inLanguage\":\"fr-FR\",\"potentialAction\":[{\"@type\":\"ReadAction\",\"target\":[\"https:\\\/\\\/www.organisator.ch\\\/produkt\\\/organisator-ausgabe-11-12-2022\\\/\"]}]},{\"@type\":\"ImageObject\",\"inLanguage\":\"fr-FR\",\"@id\":\"https:\\\/\\\/www.organisator.ch\\\/produkt\\\/organisator-ausgabe-11-12-2022\\\/#primaryimage\",\"url\":\"https:\\\/\\\/www.organisator.ch\\\/wp-content\\\/uploads\\\/2022\\\/11\\\/Organisator-Ausgabe-11-12-2022.png\",\"contentUrl\":\"https:\\\/\\\/www.organisator.ch\\\/wp-content\\\/uploads\\\/2022\\\/11\\\/Organisator-Ausgabe-11-12-2022.png\",\"width\":654,\"height\":370},{\"@type\":\"BreadcrumbList\",\"@id\":\"https:\\\/\\\/www.organisator.ch\\\/produkt\\\/organisator-ausgabe-11-12-2022\\\/#breadcrumb\",\"itemListElement\":[{\"@type\":\"ListItem\",\"position\":1,\"name\":\"Home\",\"item\":\"https:\\\/\\\/www.organisator.ch\\\/\"},{\"@type\":\"ListItem\",\"position\":2,\"name\":\"Shop\",\"item\":\"https:\\\/\\\/www.organisator.ch\\\/fr\\\/shop\\\/\"},{\"@type\":\"ListItem\",\"position\":3,\"name\":\"Organisator Ausgabe 11-12\\\/2022\"}]},{\"@type\":\"WebSite\",\"@id\":\"https:\\\/\\\/www.organisator.ch\\\/#website\",\"url\":\"https:\\\/\\\/www.organisator.ch\\\/\",\"name\":\"Organisator\",\"description\":\"Kompetent. Praxisnah. Der ORGANISATOR bereitet in 10 Ausgaben pro Jahr die wesentlichen Themen f\u00fcr F\u00fchrungskr\u00e4fte von KMU auf.\",\"publisher\":{\"@id\":\"https:\\\/\\\/www.organisator.ch\\\/#organization\"},\"potentialAction\":[{\"@type\":\"SearchAction\",\"target\":{\"@type\":\"EntryPoint\",\"urlTemplate\":\"https:\\\/\\\/www.organisator.ch\\\/?s={search_term_string}\"},\"query-input\":{\"@type\":\"PropertyValueSpecification\",\"valueRequired\":true,\"valueName\":\"search_term_string\"}}],\"inLanguage\":\"fr-FR\"},{\"@type\":\"Organization\",\"@id\":\"https:\\\/\\\/www.organisator.ch\\\/#organization\",\"name\":\"Organisator\",\"url\":\"https:\\\/\\\/www.organisator.ch\\\/\",\"logo\":{\"@type\":\"ImageObject\",\"inLanguage\":\"fr-FR\",\"@id\":\"https:\\\/\\\/www.organisator.ch\\\/#\\\/schema\\\/logo\\\/image\\\/\",\"url\":\"https:\\\/\\\/www.organisator.ch\\\/wp-content\\\/uploads\\\/2022\\\/01\\\/Logo_Organisator_Website.png\",\"contentUrl\":\"https:\\\/\\\/www.organisator.ch\\\/wp-content\\\/uploads\\\/2022\\\/01\\\/Logo_Organisator_Website.png\",\"width\":800,\"height\":77,\"caption\":\"Organisator\"},\"image\":{\"@id\":\"https:\\\/\\\/www.organisator.ch\\\/#\\\/schema\\\/logo\\\/image\\\/\"},\"sameAs\":[\"https:\\\/\\\/www.facebook.com\\\/OrganisatorFachmagazin\",\"https:\\\/\\\/www.linkedin.com\\\/showcase\\\/organisator-das-magazin-fr-kmu\",\"https:\\\/\\\/www.xing.com\\\/news\\\/pages\\\/organisator-ch-695\",\"https:\\\/\\\/www.youtube.com\\\/channel\\\/UCGP2Sq0iWaZwT3BdIAQFYpw\"]}]}<\/script>\n<!-- \/ Yoast SEO plugin. -->","yoast_head_json":{"title":"Organisateur \u00c9dition 11-12\/2022 - Organisateur","description":"Re\u00e7ois la revue sp\u00e9cialis\u00e9e en langue allemande \"organisator\" dans le num\u00e9ro 10\/2021 d'Organisator en t\u00e9l\u00e9chargement PDF avec la table des mati\u00e8res ci-dessous :","robots":{"index":"index","follow":"follow","max-snippet":"max-snippet:-1","max-image-preview":"max-image-preview:large","max-video-preview":"max-video-preview:-1"},"canonical":"https:\/\/www.organisator.ch\/fr\/produit\/organisator-ausgabe-11-12-2022\/","og_locale":"fr_FR","og_type":"article","og_title":"Organisator Ausgabe 11-12\/2022 - Organisator","og_description":"Erhalte die deutschsprachige Fachzeitschrift \u00aborganisator\u00bb in der Organisator Ausgabe 10\/2021 als PDF-Download mit nachfolgendem Inhaltsverzeichnis:","og_url":"https:\/\/www.organisator.ch\/fr\/produit\/organisator-ausgabe-11-12-2022\/","og_site_name":"Organisator","article_publisher":"https:\/\/www.facebook.com\/OrganisatorFachmagazin","og_image":[{"width":654,"height":370,"url":"https:\/\/www.organisator.ch\/wp-content\/uploads\/2022\/11\/Organisator-Ausgabe-11-12-2022.png","type":"image\/png"}],"twitter_card":"summary_large_image","schema":{"@context":"https:\/\/schema.org","@graph":[{"@type":"WebPage","@id":"https:\/\/www.organisator.ch\/produkt\/organisator-ausgabe-11-12-2022\/","url":"https:\/\/www.organisator.ch\/produkt\/organisator-ausgabe-11-12-2022\/","name":"Organisateur \u00c9dition 11-12\/2022 - Organisateur","isPartOf":{"@id":"https:\/\/www.organisator.ch\/#website"},"primaryImageOfPage":{"@id":"https:\/\/www.organisator.ch\/produkt\/organisator-ausgabe-11-12-2022\/#primaryimage"},"image":{"@id":"https:\/\/www.organisator.ch\/produkt\/organisator-ausgabe-11-12-2022\/#primaryimage"},"thumbnailUrl":"https:\/\/www.organisator.ch\/wp-content\/uploads\/2022\/11\/Organisator-Ausgabe-11-12-2022.png","datePublished":"2022-12-04T23:01:07+00:00","description":"Re\u00e7ois la revue sp\u00e9cialis\u00e9e en langue allemande \"organisator\" dans le num\u00e9ro 10\/2021 d'Organisator en t\u00e9l\u00e9chargement PDF avec la table des mati\u00e8res ci-dessous :","breadcrumb":{"@id":"https:\/\/www.organisator.ch\/produkt\/organisator-ausgabe-11-12-2022\/#breadcrumb"},"inLanguage":"fr-FR","potentialAction":[{"@type":"ReadAction","target":["https:\/\/www.organisator.ch\/produkt\/organisator-ausgabe-11-12-2022\/"]}]},{"@type":"ImageObject","inLanguage":"fr-FR","@id":"https:\/\/www.organisator.ch\/produkt\/organisator-ausgabe-11-12-2022\/#primaryimage","url":"https:\/\/www.organisator.ch\/wp-content\/uploads\/2022\/11\/Organisator-Ausgabe-11-12-2022.png","contentUrl":"https:\/\/www.organisator.ch\/wp-content\/uploads\/2022\/11\/Organisator-Ausgabe-11-12-2022.png","width":654,"height":370},{"@type":"BreadcrumbList","@id":"https:\/\/www.organisator.ch\/produkt\/organisator-ausgabe-11-12-2022\/#breadcrumb","itemListElement":[{"@type":"ListItem","position":1,"name":"Home","item":"https:\/\/www.organisator.ch\/"},{"@type":"ListItem","position":2,"name":"Shop","item":"https:\/\/www.organisator.ch\/fr\/shop\/"},{"@type":"ListItem","position":3,"name":"Organisator Ausgabe 11-12\/2022"}]},{"@type":"WebSite","@id":"https:\/\/www.organisator.ch\/#website","url":"https:\/\/www.organisator.ch\/","name":"Organisateur","description":"Comp\u00e9tence et comp\u00e9tence. Proches de la pratique. L'ORGANISATEUR pr\u00e9pare 10 num\u00e9ros par an sur les th\u00e8mes essentiels pour les dirigeants de PME.","publisher":{"@id":"https:\/\/www.organisator.ch\/#organization"},"potentialAction":[{"@type":"SearchAction","target":{"@type":"EntryPoint","urlTemplate":"https:\/\/www.organisator.ch\/?s={search_term_string}"},"query-input":{"@type":"PropertyValueSpecification","valueRequired":true,"valueName":"search_term_string"}}],"inLanguage":"fr-FR"},{"@type":"Organization","@id":"https:\/\/www.organisator.ch\/#organization","name":"Organisateur","url":"https:\/\/www.organisator.ch\/","logo":{"@type":"ImageObject","inLanguage":"fr-FR","@id":"https:\/\/www.organisator.ch\/#\/schema\/logo\/image\/","url":"https:\/\/www.organisator.ch\/wp-content\/uploads\/2022\/01\/Logo_Organisator_Website.png","contentUrl":"https:\/\/www.organisator.ch\/wp-content\/uploads\/2022\/01\/Logo_Organisator_Website.png","width":800,"height":77,"caption":"Organisator"},"image":{"@id":"https:\/\/www.organisator.ch\/#\/schema\/logo\/image\/"},"sameAs":["https:\/\/www.facebook.com\/OrganisatorFachmagazin","https:\/\/www.linkedin.com\/showcase\/organisator-das-magazin-fr-kmu","https:\/\/www.xing.com\/news\/pages\/organisator-ch-695","https:\/\/www.youtube.com\/channel\/UCGP2Sq0iWaZwT3BdIAQFYpw"]}]}},"_links":{"self":[{"href":"https:\/\/www.organisator.ch\/fr\/wp-json\/wp\/v2\/product\/17957","targetHints":{"allow":["GET"]}}],"collection":[{"href":"https:\/\/www.organisator.ch\/fr\/wp-json\/wp\/v2\/product"}],"about":[{"href":"https:\/\/www.organisator.ch\/fr\/wp-json\/wp\/v2\/types\/product"}],"wp:featuredmedia":[{"embeddable":true,"href":"https:\/\/www.organisator.ch\/fr\/wp-json\/wp\/v2\/media\/17958"}],"wp:attachment":[{"href":"https:\/\/www.organisator.ch\/fr\/wp-json\/wp\/v2\/media?parent=17957"}],"wp:term":[{"taxonomy":"product_brand","embeddable":true,"href":"https:\/\/www.organisator.ch\/fr\/wp-json\/wp\/v2\/product_brand?post=17957"},{"taxonomy":"product_cat","embeddable":true,"href":"https:\/\/www.organisator.ch\/fr\/wp-json\/wp\/v2\/product_cat?post=17957"},{"taxonomy":"product_tag","embeddable":true,"href":"https:\/\/www.organisator.ch\/fr\/wp-json\/wp\/v2\/product_tag?post=17957"}],"curies":[{"name":"wp","href":"https:\/\/api.w.org\/{rel}","templated":true}]}}