{"id":31442,"date":"2024-10-22T00:00:06","date_gmt":"2024-10-21T22:00:06","guid":{"rendered":"https:\/\/www.organisator.ch\/?post_type=product&#038;p=31442"},"modified":"2024-11-01T10:52:12","modified_gmt":"2024-11-01T09:52:12","slug":"organisator-ausgabe-9-10-2024","status":"publish","type":"product","link":"https:\/\/www.organisator.ch\/fr\/produkt\/organisator-ausgabe-9-10-2024\/","title":{"rendered":"Organisateur \u00c9dition 9-10\/2024"},"content":{"rendered":"<h2>Gestion<\/h2>\n<ul>\n<li>Tobi Wolf : \"Penser le syst\u00e8me fondamentalement diff\u00e9remment\".<\/li>\n<li>Le leadership repens\u00e9 \u00e0 l'\u00e8re du num\u00e9rique<\/li>\n<li>Des chaussures de sant\u00e9 thurgoviennes \u00e0 Bagdad<\/li>\n<li>Organisation bimodale : combiner les activit\u00e9s quotidiennes avec le renouvellement<\/li>\n<li>Attirer et enthousiasmer les gens pour l'avenir<\/li>\n<li>Il n'y a pas d'alternative \u00e0 l'IA<\/li>\n<li>Comment les PME restent dans le coup gr\u00e2ce \u00e0 l'IA<\/li>\n<\/ul>\n<h2>Excellence op\u00e9rationnelle<\/h2>\n<ul>\n<li>La logistique sous tension<\/li>\n<li>Comment les PME marquent des points gr\u00e2ce \u00e0 des approches informatiques modernes<\/li>\n<li>Attaques narratives : Faux faits, vraies cons\u00e9quences<\/li>\n<li>L'homme comme bouclier contre les cyberattaques<\/li>\n<li>\u00c9tude ERP : la qualit\u00e9 de service des fournisseurs critiqu\u00e9e<\/li>\n<li>Int\u00e9gration du CRM dans l'environnement informatique : un guide<\/li>\n<li>Prudence est m\u00e8re de s\u00fbret\u00e9<\/li>\n<\/ul>\n<h2>Marketing<\/h2>\n<ul>\n<li>Protection insuffisante des mineurs dans le commerce en ligne<\/li>\n<li>Des entretiens t\u00e9l\u00e9phoniques parfaits : un facteur de r\u00e9ussite pour l'image de marque<\/li>\n<li>Les m\u00e8mes comme forme de publicit\u00e9 et de communication<\/li>\n<\/ul>\n<h2>Ressources humaines<\/h2>\n<ul>\n<li>Recruter avec les m\u00e9dias sociaux ?<\/li>\n<li>Comment les entreprises motivent et fid\u00e9lisent leurs collaborateurs<\/li>\n<li>Comment le coaching ax\u00e9 sur les ressources fait progresser le d\u00e9veloppement des collaborateurs<\/li>\n<li>Plus qu'un simple non<\/li>\n<li>Comment fonctionne l'inclusion et la diversit\u00e9 ?<\/li>\n<li>Tendances actuelles en mati\u00e8re de droit du travail, de pr\u00e9vention et de gestion<\/li>\n<li>Traverser l'automne avec style<\/li>\n<\/ul>\n<h2>Sustainability<\/h2>\n<ul>\n<li>Une femme puissante pour (presque) tout<\/li>\n<li>Recyclage des dr\u00eaches de bi\u00e8re : deux brasseries prennent les devants<\/li>\n<li>Durabilit\u00e9 : une approche de gestion int\u00e9gr\u00e9e<\/li>\n<li>Mobilit\u00e9 \u00e9lectrique : progr\u00e8s ou statu quo ?<\/li>\n<li>Des conflits derri\u00e8re de nombreuses bonnes intentions<\/li>\n<\/ul>\n<h2>Amis<\/h2>\n<ul>\n<li>Actualit\u00e9s SVC : nouveaux membres du comit\u00e9 directeur et bureau \u00e0 partir de 2025 au ZID Bernapark<\/li>\n<li>Comment l'actionnariat salari\u00e9 aide les PME<\/li>\n<li>Contr\u00f4le des risques RSE : outil en ligne gratuit pour aider les entreprises \u00e0 faire preuve de diligence raisonnable<\/li>\n<li>Roger S\u00fcess : \"Je ressens une grande plus-value \u00e0 chaque \u00e9v\u00e9nement\".<\/li>\n<\/ul>\n<h2>Rubriques<\/h2>\n<ul>\n<li>Sc\u00e8ne<\/li>\n<li>March\u00e9<\/li>\n<li>Suggestions de livres<\/li>\n<li>Chronique \"Hannes managt\" (Hannes g\u00e8re)<\/li>\n<li>Agenda<\/li>\n<\/ul>","protected":false},"excerpt":{"rendered":"<p>Re\u00e7ois la revue sp\u00e9cialis\u00e9e en langue allemande \"Organisator\" dans le num\u00e9ro 9-10\/2024 en t\u00e9l\u00e9chargement PDF avec la table des mati\u00e8res ci-dessous :<\/p>","protected":false},"featured_media":31444,"template":"","meta":{"_acf_changed":false,"articlekey":""},"product_brand":[],"product_cat":[546],"product_tag":[4109],"class_list":{"0":"post-31442","1":"product","2":"type-product","3":"status-publish","4":"has-post-thumbnail","6":"product_cat-einzelausgaben","7":"product_tag-4109","9":"first","10":"instock","11":"downloadable","12":"virtual","13":"taxable","14":"purchasable","15":"product-type-simple"},"acf":[],"yoast_head":"<!-- This site is optimized with the Yoast SEO plugin v27.5 - https:\/\/yoast.com\/product\/yoast-seo-wordpress\/ -->\n<title>Organisator Ausgabe 9-10\/2024 - Organisator<\/title>\n<meta name=\"description\" content=\"Erhalte die deutschsprachige Fachzeitschrift \u00aborganisator\u00bb in der Organisator Ausgabe 9-10\/2024 als PDF-Download mit nachfolgendem Inhaltsverzeichnis:\" \/>\n<meta name=\"robots\" content=\"index, follow, max-snippet:-1, max-image-preview:large, max-video-preview:-1\" \/>\n<link rel=\"canonical\" href=\"https:\/\/www.organisator.ch\/fr\/produit\/organisator-ausgabe-9-10-2024\/\" \/>\n<meta property=\"og:locale\" content=\"fr_FR\" \/>\n<meta property=\"og:type\" content=\"article\" \/>\n<meta property=\"og:title\" content=\"Organisator Ausgabe 9-10\/2024 - Organisator\" \/>\n<meta property=\"og:description\" content=\"Erhalte die deutschsprachige Fachzeitschrift \u00aborganisator\u00bb in der Organisator Ausgabe 9-10\/2024 als PDF-Download mit nachfolgendem Inhaltsverzeichnis:\" \/>\n<meta property=\"og:url\" content=\"https:\/\/www.organisator.ch\/fr\/produit\/organisator-ausgabe-9-10-2024\/\" \/>\n<meta property=\"og:site_name\" content=\"Organisator\" \/>\n<meta property=\"article:publisher\" content=\"https:\/\/www.facebook.com\/OrganisatorFachmagazin\" \/>\n<meta property=\"article:modified_time\" content=\"2024-11-01T09:52:12+00:00\" \/>\n<meta property=\"og:image\" content=\"https:\/\/www.organisator.ch\/wp-content\/uploads\/2024\/11\/Organisator-Ausgabe-9-10-2024.png\" \/>\n\t<meta property=\"og:image:width\" content=\"654\" \/>\n\t<meta property=\"og:image:height\" content=\"370\" \/>\n\t<meta property=\"og:image:type\" content=\"image\/png\" \/>\n<meta name=\"twitter:card\" content=\"summary_large_image\" \/>\n<script type=\"application\/ld+json\" class=\"yoast-schema-graph\">{\"@context\":\"https:\\\/\\\/schema.org\",\"@graph\":[{\"@type\":\"WebPage\",\"@id\":\"https:\\\/\\\/www.organisator.ch\\\/produkt\\\/organisator-ausgabe-9-10-2024\\\/\",\"url\":\"https:\\\/\\\/www.organisator.ch\\\/produkt\\\/organisator-ausgabe-9-10-2024\\\/\",\"name\":\"Organisator Ausgabe 9-10\\\/2024 - Organisator\",\"isPartOf\":{\"@id\":\"https:\\\/\\\/www.organisator.ch\\\/#website\"},\"primaryImageOfPage\":{\"@id\":\"https:\\\/\\\/www.organisator.ch\\\/produkt\\\/organisator-ausgabe-9-10-2024\\\/#primaryimage\"},\"image\":{\"@id\":\"https:\\\/\\\/www.organisator.ch\\\/produkt\\\/organisator-ausgabe-9-10-2024\\\/#primaryimage\"},\"thumbnailUrl\":\"https:\\\/\\\/www.organisator.ch\\\/wp-content\\\/uploads\\\/2024\\\/11\\\/Organisator-Ausgabe-9-10-2024.png\",\"datePublished\":\"2024-10-21T22:00:06+00:00\",\"dateModified\":\"2024-11-01T09:52:12+00:00\",\"description\":\"Erhalte die deutschsprachige Fachzeitschrift \u00aborganisator\u00bb in der Organisator Ausgabe 9-10\\\/2024 als PDF-Download mit nachfolgendem Inhaltsverzeichnis:\",\"breadcrumb\":{\"@id\":\"https:\\\/\\\/www.organisator.ch\\\/produkt\\\/organisator-ausgabe-9-10-2024\\\/#breadcrumb\"},\"inLanguage\":\"fr-FR\",\"potentialAction\":[{\"@type\":\"ReadAction\",\"target\":[\"https:\\\/\\\/www.organisator.ch\\\/produkt\\\/organisator-ausgabe-9-10-2024\\\/\"]}]},{\"@type\":\"ImageObject\",\"inLanguage\":\"fr-FR\",\"@id\":\"https:\\\/\\\/www.organisator.ch\\\/produkt\\\/organisator-ausgabe-9-10-2024\\\/#primaryimage\",\"url\":\"https:\\\/\\\/www.organisator.ch\\\/wp-content\\\/uploads\\\/2024\\\/11\\\/Organisator-Ausgabe-9-10-2024.png\",\"contentUrl\":\"https:\\\/\\\/www.organisator.ch\\\/wp-content\\\/uploads\\\/2024\\\/11\\\/Organisator-Ausgabe-9-10-2024.png\",\"width\":654,\"height\":370},{\"@type\":\"BreadcrumbList\",\"@id\":\"https:\\\/\\\/www.organisator.ch\\\/produkt\\\/organisator-ausgabe-9-10-2024\\\/#breadcrumb\",\"itemListElement\":[{\"@type\":\"ListItem\",\"position\":1,\"name\":\"Home\",\"item\":\"https:\\\/\\\/www.organisator.ch\\\/\"},{\"@type\":\"ListItem\",\"position\":2,\"name\":\"Shop\",\"item\":\"https:\\\/\\\/www.organisator.ch\\\/fr\\\/shop\\\/\"},{\"@type\":\"ListItem\",\"position\":3,\"name\":\"Organisator Ausgabe 9-10\\\/2024\"}]},{\"@type\":\"WebSite\",\"@id\":\"https:\\\/\\\/www.organisator.ch\\\/#website\",\"url\":\"https:\\\/\\\/www.organisator.ch\\\/\",\"name\":\"Organisator\",\"description\":\"Kompetent. Praxisnah. Der ORGANISATOR bereitet in 10 Ausgaben pro Jahr die wesentlichen Themen f\u00fcr F\u00fchrungskr\u00e4fte von KMU auf.\",\"publisher\":{\"@id\":\"https:\\\/\\\/www.organisator.ch\\\/#organization\"},\"potentialAction\":[{\"@type\":\"SearchAction\",\"target\":{\"@type\":\"EntryPoint\",\"urlTemplate\":\"https:\\\/\\\/www.organisator.ch\\\/?s={search_term_string}\"},\"query-input\":{\"@type\":\"PropertyValueSpecification\",\"valueRequired\":true,\"valueName\":\"search_term_string\"}}],\"inLanguage\":\"fr-FR\"},{\"@type\":\"Organization\",\"@id\":\"https:\\\/\\\/www.organisator.ch\\\/#organization\",\"name\":\"Organisator\",\"url\":\"https:\\\/\\\/www.organisator.ch\\\/\",\"logo\":{\"@type\":\"ImageObject\",\"inLanguage\":\"fr-FR\",\"@id\":\"https:\\\/\\\/www.organisator.ch\\\/#\\\/schema\\\/logo\\\/image\\\/\",\"url\":\"https:\\\/\\\/www.organisator.ch\\\/wp-content\\\/uploads\\\/2022\\\/01\\\/Logo_Organisator_Website.png\",\"contentUrl\":\"https:\\\/\\\/www.organisator.ch\\\/wp-content\\\/uploads\\\/2022\\\/01\\\/Logo_Organisator_Website.png\",\"width\":800,\"height\":77,\"caption\":\"Organisator\"},\"image\":{\"@id\":\"https:\\\/\\\/www.organisator.ch\\\/#\\\/schema\\\/logo\\\/image\\\/\"},\"sameAs\":[\"https:\\\/\\\/www.facebook.com\\\/OrganisatorFachmagazin\",\"https:\\\/\\\/www.linkedin.com\\\/showcase\\\/organisator-das-magazin-fr-kmu\",\"https:\\\/\\\/www.xing.com\\\/news\\\/pages\\\/organisator-ch-695\",\"https:\\\/\\\/www.youtube.com\\\/channel\\\/UCGP2Sq0iWaZwT3BdIAQFYpw\"]}]}<\/script>\n<!-- \/ Yoast SEO plugin. -->","yoast_head_json":{"title":"Organisateur \u00c9dition 9-10\/2024 - Organisateur","description":"Re\u00e7ois la revue sp\u00e9cialis\u00e9e en langue allemande \"organisator\" dans l'Organisator num\u00e9ro 9-10\/2024 en t\u00e9l\u00e9chargement PDF avec la table des mati\u00e8res ci-dessous :","robots":{"index":"index","follow":"follow","max-snippet":"max-snippet:-1","max-image-preview":"max-image-preview:large","max-video-preview":"max-video-preview:-1"},"canonical":"https:\/\/www.organisator.ch\/fr\/produit\/organisator-ausgabe-9-10-2024\/","og_locale":"fr_FR","og_type":"article","og_title":"Organisator Ausgabe 9-10\/2024 - Organisator","og_description":"Erhalte die deutschsprachige Fachzeitschrift \u00aborganisator\u00bb in der Organisator Ausgabe 9-10\/2024 als PDF-Download mit nachfolgendem Inhaltsverzeichnis:","og_url":"https:\/\/www.organisator.ch\/fr\/produit\/organisator-ausgabe-9-10-2024\/","og_site_name":"Organisator","article_publisher":"https:\/\/www.facebook.com\/OrganisatorFachmagazin","article_modified_time":"2024-11-01T09:52:12+00:00","og_image":[{"width":654,"height":370,"url":"https:\/\/www.organisator.ch\/wp-content\/uploads\/2024\/11\/Organisator-Ausgabe-9-10-2024.png","type":"image\/png"}],"twitter_card":"summary_large_image","schema":{"@context":"https:\/\/schema.org","@graph":[{"@type":"WebPage","@id":"https:\/\/www.organisator.ch\/produkt\/organisator-ausgabe-9-10-2024\/","url":"https:\/\/www.organisator.ch\/produkt\/organisator-ausgabe-9-10-2024\/","name":"Organisateur \u00c9dition 9-10\/2024 - Organisateur","isPartOf":{"@id":"https:\/\/www.organisator.ch\/#website"},"primaryImageOfPage":{"@id":"https:\/\/www.organisator.ch\/produkt\/organisator-ausgabe-9-10-2024\/#primaryimage"},"image":{"@id":"https:\/\/www.organisator.ch\/produkt\/organisator-ausgabe-9-10-2024\/#primaryimage"},"thumbnailUrl":"https:\/\/www.organisator.ch\/wp-content\/uploads\/2024\/11\/Organisator-Ausgabe-9-10-2024.png","datePublished":"2024-10-21T22:00:06+00:00","dateModified":"2024-11-01T09:52:12+00:00","description":"Re\u00e7ois la revue sp\u00e9cialis\u00e9e en langue allemande \"organisator\" dans l'Organisator num\u00e9ro 9-10\/2024 en t\u00e9l\u00e9chargement PDF avec la table des mati\u00e8res ci-dessous :","breadcrumb":{"@id":"https:\/\/www.organisator.ch\/produkt\/organisator-ausgabe-9-10-2024\/#breadcrumb"},"inLanguage":"fr-FR","potentialAction":[{"@type":"ReadAction","target":["https:\/\/www.organisator.ch\/produkt\/organisator-ausgabe-9-10-2024\/"]}]},{"@type":"ImageObject","inLanguage":"fr-FR","@id":"https:\/\/www.organisator.ch\/produkt\/organisator-ausgabe-9-10-2024\/#primaryimage","url":"https:\/\/www.organisator.ch\/wp-content\/uploads\/2024\/11\/Organisator-Ausgabe-9-10-2024.png","contentUrl":"https:\/\/www.organisator.ch\/wp-content\/uploads\/2024\/11\/Organisator-Ausgabe-9-10-2024.png","width":654,"height":370},{"@type":"BreadcrumbList","@id":"https:\/\/www.organisator.ch\/produkt\/organisator-ausgabe-9-10-2024\/#breadcrumb","itemListElement":[{"@type":"ListItem","position":1,"name":"Home","item":"https:\/\/www.organisator.ch\/"},{"@type":"ListItem","position":2,"name":"Shop","item":"https:\/\/www.organisator.ch\/fr\/shop\/"},{"@type":"ListItem","position":3,"name":"Organisator Ausgabe 9-10\/2024"}]},{"@type":"WebSite","@id":"https:\/\/www.organisator.ch\/#website","url":"https:\/\/www.organisator.ch\/","name":"Organisateur","description":"Comp\u00e9tence et comp\u00e9tence. Proches de la pratique. L'ORGANISATEUR pr\u00e9pare 10 num\u00e9ros par an sur les th\u00e8mes essentiels pour les dirigeants de PME.","publisher":{"@id":"https:\/\/www.organisator.ch\/#organization"},"potentialAction":[{"@type":"SearchAction","target":{"@type":"EntryPoint","urlTemplate":"https:\/\/www.organisator.ch\/?s={search_term_string}"},"query-input":{"@type":"PropertyValueSpecification","valueRequired":true,"valueName":"search_term_string"}}],"inLanguage":"fr-FR"},{"@type":"Organization","@id":"https:\/\/www.organisator.ch\/#organization","name":"Organisateur","url":"https:\/\/www.organisator.ch\/","logo":{"@type":"ImageObject","inLanguage":"fr-FR","@id":"https:\/\/www.organisator.ch\/#\/schema\/logo\/image\/","url":"https:\/\/www.organisator.ch\/wp-content\/uploads\/2022\/01\/Logo_Organisator_Website.png","contentUrl":"https:\/\/www.organisator.ch\/wp-content\/uploads\/2022\/01\/Logo_Organisator_Website.png","width":800,"height":77,"caption":"Organisator"},"image":{"@id":"https:\/\/www.organisator.ch\/#\/schema\/logo\/image\/"},"sameAs":["https:\/\/www.facebook.com\/OrganisatorFachmagazin","https:\/\/www.linkedin.com\/showcase\/organisator-das-magazin-fr-kmu","https:\/\/www.xing.com\/news\/pages\/organisator-ch-695","https:\/\/www.youtube.com\/channel\/UCGP2Sq0iWaZwT3BdIAQFYpw"]}]}},"_links":{"self":[{"href":"https:\/\/www.organisator.ch\/fr\/wp-json\/wp\/v2\/product\/31442","targetHints":{"allow":["GET"]}}],"collection":[{"href":"https:\/\/www.organisator.ch\/fr\/wp-json\/wp\/v2\/product"}],"about":[{"href":"https:\/\/www.organisator.ch\/fr\/wp-json\/wp\/v2\/types\/product"}],"wp:featuredmedia":[{"embeddable":true,"href":"https:\/\/www.organisator.ch\/fr\/wp-json\/wp\/v2\/media\/31444"}],"wp:attachment":[{"href":"https:\/\/www.organisator.ch\/fr\/wp-json\/wp\/v2\/media?parent=31442"}],"wp:term":[{"taxonomy":"product_brand","embeddable":true,"href":"https:\/\/www.organisator.ch\/fr\/wp-json\/wp\/v2\/product_brand?post=31442"},{"taxonomy":"product_cat","embeddable":true,"href":"https:\/\/www.organisator.ch\/fr\/wp-json\/wp\/v2\/product_cat?post=31442"},{"taxonomy":"product_tag","embeddable":true,"href":"https:\/\/www.organisator.ch\/fr\/wp-json\/wp\/v2\/product_tag?post=31442"}],"curies":[{"name":"wp","href":"https:\/\/api.w.org\/{rel}","templated":true}]}}