{"id":5964,"date":"2021-07-21T10:35:05","date_gmt":"2021-07-21T08:35:05","guid":{"rendered":"https:\/\/www.organisator.ch\/?post_type=product&#038;p=5964"},"modified":"2021-11-09T18:07:18","modified_gmt":"2021-11-09T17:07:18","slug":"organisator-ausgabe-12-2019","status":"publish","type":"product","link":"https:\/\/www.organisator.ch\/fr\/produkt\/organisator-ausgabe-12-2019\/","title":{"rendered":"Organisateur \u00c9dition 12\/2019"},"content":{"rendered":"<h2>PEOPLE<\/h2>\n<ul>\n<li>Michelle R\u00fctti-Kummli et Rolf Kummli : \u201eOn n'a jamais eu besoin d'un plan B\u201c<\/li>\n<\/ul>\n<h2>INQUIRED<\/h2>\n<ul>\n<li>Prendre des r\u00e9solutions \u00e0 partir d'\u00e9v\u00e9nements de r\u00e9seautage ?<\/li>\n<\/ul>\n<h2>MAIN EMPHASIS<\/h2>\n<ul>\n<li>Les t\u00e2ches principales des RH : Identifier les types de personnes \u00e0 l'\u00e8re de la num\u00e9risation<\/li>\n<li>Promouvoir, challenger, d\u00e9velopper : la bonne fa\u00e7on de g\u00e9rer les talents<\/li>\n<li>La culture d'entreprise est-elle \"pour les renards\" ?<\/li>\n<li>Strat\u00e9gies dans la \u201eguerre des talents\u201c<\/li>\n<\/ul>\n<h2>LEADERSHIP<\/h2>\n<ul>\n<li>CAS en transformation des entreprises dans la pratique<\/li>\n<li>L'humanisation gagne ? ! Le changement dans l'environnement num\u00e9rique et mondial<\/li>\n<\/ul>\n<h2>MARKETING<\/h2>\n<ul>\n<li>Quelle t\u00e2che le client confie-t-il r\u00e9ellement \u00e0 un produit ?<\/li>\n<\/ul>\n<h2>ICT<\/h2>\n<ul>\n<li>Utiliser de nouvelles libert\u00e9s avec des blocs et des cha\u00eenes<\/li>\n<li>Cha\u00eenes num\u00e9riques pour la v\u00e9rit\u00e9<\/li>\n<li>Blockchain : Possibilit\u00e9s et limites dans les RH<\/li>\n<\/ul>\n<h2>FINANCE \/ LAW<\/h2>\n<ul>\n<li>QR-bill : nouveau calcul du temps pour les transactions de paiement<\/li>\n<li>Tenues de travail : quelques dispositions l\u00e9gales (du travail)<\/li>\n<li>Comment nous devenons plus intelligents gr\u00e2ce aux normes<\/li>\n<\/ul>\n<h2>DOSSIER SME SUCCESSION<\/h2>\n<ul>\n<li>Succession au sein de l'entreprise - enfin \u00e0 bord !<\/li>\n<li>Le bon esprit de l'entreprise, partie 5<\/li>\n<li>Cas standard et cas particuliers lors de la vente d'une entreprise<\/li>\n<li>Faire des fusions d'entreprises une r\u00e9ussite<\/li>\n<\/ul>\n<h2>En forme au travail<\/h2>\n<ul>\n<li>Bon \u00e9quilibre entre vie professionnelle et vie priv\u00e9e en tant que ressource contre les douleurs dorsales<\/li>\n<li>Much Ado About Noise : How To Avoid It In The Workplace (Beaucoup de bruit : comment l'\u00e9viter au travail)<\/li>\n<\/ul>","protected":false},"excerpt":{"rendered":"<p><span style=\"vertical-align: inherit\"><span style=\"vertical-align: inherit\"><span style=\"vertical-align: inherit\"><span style=\"vertical-align: inherit\"><span style=\"vertical-align: inherit\"><span style=\"vertical-align: inherit\">Obtenez le journal commercial en langue allemande \u201eorganizer\u201c dans l'Organizer num\u00e9ro 12\/2019 en t\u00e9l\u00e9chargement PDF avec le tableau de contenu suivant :<\/span><\/span><\/span><\/span><\/span><\/span><\/p>","protected":false},"featured_media":5994,"template":"","meta":{"_acf_changed":false,"articlekey":""},"product_brand":[],"product_cat":[546],"product_tag":[548],"class_list":{"0":"post-5964","1":"product","2":"type-product","3":"status-publish","4":"has-post-thumbnail","6":"product_cat-einzelausgaben","7":"product_tag-548","9":"first","10":"instock","11":"downloadable","12":"virtual","13":"taxable","14":"purchasable","15":"product-type-simple"},"acf":[],"yoast_head":"<!-- This site is optimized with the Yoast SEO plugin v27.5 - https:\/\/yoast.com\/product\/yoast-seo-wordpress\/ -->\n<title>Organisator Ausgabe 12\/2019 - Organisator<\/title>\n<meta name=\"description\" content=\"Get the German-language trade journal &quot;organizer&quot; in the Organizer issue 12\/2019 as a PDF download with the following table of contents:\" \/>\n<meta name=\"robots\" content=\"index, follow, max-snippet:-1, max-image-preview:large, max-video-preview:-1\" \/>\n<link rel=\"canonical\" href=\"https:\/\/www.organisator.ch\/fr\/produit\/organisator-ausgabe-12-2019\/\" \/>\n<meta property=\"og:locale\" content=\"fr_FR\" \/>\n<meta property=\"og:type\" content=\"article\" \/>\n<meta property=\"og:title\" content=\"Organisator Ausgabe 12\/2019 - Organisator\" \/>\n<meta property=\"og:description\" content=\"Get the German-language trade journal &quot;organizer&quot; in the Organizer issue 12\/2019 as a PDF download with the following table of contents:\" \/>\n<meta property=\"og:url\" content=\"https:\/\/www.organisator.ch\/fr\/produit\/organisator-ausgabe-12-2019\/\" \/>\n<meta property=\"og:site_name\" content=\"Organisator\" \/>\n<meta property=\"article:publisher\" content=\"https:\/\/www.facebook.com\/OrganisatorFachmagazin\" \/>\n<meta property=\"article:modified_time\" content=\"2021-11-09T17:07:18+00:00\" \/>\n<meta property=\"og:image\" content=\"https:\/\/www.organisator.ch\/wp-content\/uploads\/2021\/07\/organisator_2019_12.png\" \/>\n\t<meta property=\"og:image:width\" content=\"654\" \/>\n\t<meta property=\"og:image:height\" content=\"370\" \/>\n\t<meta property=\"og:image:type\" content=\"image\/png\" \/>\n<meta name=\"twitter:card\" content=\"summary_large_image\" \/>\n<script type=\"application\/ld+json\" class=\"yoast-schema-graph\">{\"@context\":\"https:\\\/\\\/schema.org\",\"@graph\":[{\"@type\":\"WebPage\",\"@id\":\"https:\\\/\\\/www.organisator.ch\\\/it\\\/prodotto\\\/organisator-ausgabe-12-2019\\\/\",\"url\":\"https:\\\/\\\/www.organisator.ch\\\/it\\\/prodotto\\\/organisator-ausgabe-12-2019\\\/\",\"name\":\"Organisator Ausgabe 12\\\/2019 - Organisator\",\"isPartOf\":{\"@id\":\"https:\\\/\\\/www.organisator.ch\\\/#website\"},\"primaryImageOfPage\":{\"@id\":\"https:\\\/\\\/www.organisator.ch\\\/it\\\/prodotto\\\/organisator-ausgabe-12-2019\\\/#primaryimage\"},\"image\":{\"@id\":\"https:\\\/\\\/www.organisator.ch\\\/it\\\/prodotto\\\/organisator-ausgabe-12-2019\\\/#primaryimage\"},\"thumbnailUrl\":\"https:\\\/\\\/www.organisator.ch\\\/wp-content\\\/uploads\\\/2021\\\/07\\\/organisator_2019_12.png\",\"datePublished\":\"2021-07-21T08:35:05+00:00\",\"dateModified\":\"2021-11-09T17:07:18+00:00\",\"description\":\"Get the German-language trade journal \\\"organizer\\\" in the Organizer issue 12\\\/2019 as a PDF download with the following table of contents:\",\"breadcrumb\":{\"@id\":\"https:\\\/\\\/www.organisator.ch\\\/it\\\/prodotto\\\/organisator-ausgabe-12-2019\\\/#breadcrumb\"},\"inLanguage\":\"fr-FR\",\"potentialAction\":[{\"@type\":\"ReadAction\",\"target\":[\"https:\\\/\\\/www.organisator.ch\\\/it\\\/prodotto\\\/organisator-ausgabe-12-2019\\\/\"]}]},{\"@type\":\"ImageObject\",\"inLanguage\":\"fr-FR\",\"@id\":\"https:\\\/\\\/www.organisator.ch\\\/it\\\/prodotto\\\/organisator-ausgabe-12-2019\\\/#primaryimage\",\"url\":\"https:\\\/\\\/www.organisator.ch\\\/wp-content\\\/uploads\\\/2021\\\/07\\\/organisator_2019_12.png\",\"contentUrl\":\"https:\\\/\\\/www.organisator.ch\\\/wp-content\\\/uploads\\\/2021\\\/07\\\/organisator_2019_12.png\",\"width\":654,\"height\":370},{\"@type\":\"BreadcrumbList\",\"@id\":\"https:\\\/\\\/www.organisator.ch\\\/it\\\/prodotto\\\/organisator-ausgabe-12-2019\\\/#breadcrumb\",\"itemListElement\":[{\"@type\":\"ListItem\",\"position\":1,\"name\":\"Home\",\"item\":\"https:\\\/\\\/www.organisator.ch\\\/\"},{\"@type\":\"ListItem\",\"position\":2,\"name\":\"Shop\",\"item\":\"https:\\\/\\\/www.organisator.ch\\\/fr\\\/shop\\\/\"},{\"@type\":\"ListItem\",\"position\":3,\"name\":\"Organisator Ausgabe 12\\\/2019\"}]},{\"@type\":\"WebSite\",\"@id\":\"https:\\\/\\\/www.organisator.ch\\\/#website\",\"url\":\"https:\\\/\\\/www.organisator.ch\\\/\",\"name\":\"Organisator\",\"description\":\"Kompetent. Praxisnah. Der ORGANISATOR bereitet in 10 Ausgaben pro Jahr die wesentlichen Themen f\u00fcr F\u00fchrungskr\u00e4fte von KMU auf.\",\"publisher\":{\"@id\":\"https:\\\/\\\/www.organisator.ch\\\/#organization\"},\"potentialAction\":[{\"@type\":\"SearchAction\",\"target\":{\"@type\":\"EntryPoint\",\"urlTemplate\":\"https:\\\/\\\/www.organisator.ch\\\/?s={search_term_string}\"},\"query-input\":{\"@type\":\"PropertyValueSpecification\",\"valueRequired\":true,\"valueName\":\"search_term_string\"}}],\"inLanguage\":\"fr-FR\"},{\"@type\":\"Organization\",\"@id\":\"https:\\\/\\\/www.organisator.ch\\\/#organization\",\"name\":\"Organisator\",\"url\":\"https:\\\/\\\/www.organisator.ch\\\/\",\"logo\":{\"@type\":\"ImageObject\",\"inLanguage\":\"fr-FR\",\"@id\":\"https:\\\/\\\/www.organisator.ch\\\/#\\\/schema\\\/logo\\\/image\\\/\",\"url\":\"https:\\\/\\\/www.organisator.ch\\\/wp-content\\\/uploads\\\/2022\\\/01\\\/Logo_Organisator_Website.png\",\"contentUrl\":\"https:\\\/\\\/www.organisator.ch\\\/wp-content\\\/uploads\\\/2022\\\/01\\\/Logo_Organisator_Website.png\",\"width\":800,\"height\":77,\"caption\":\"Organisator\"},\"image\":{\"@id\":\"https:\\\/\\\/www.organisator.ch\\\/#\\\/schema\\\/logo\\\/image\\\/\"},\"sameAs\":[\"https:\\\/\\\/www.facebook.com\\\/OrganisatorFachmagazin\",\"https:\\\/\\\/www.linkedin.com\\\/showcase\\\/organisator-das-magazin-fr-kmu\",\"https:\\\/\\\/www.xing.com\\\/news\\\/pages\\\/organisator-ch-695\",\"https:\\\/\\\/www.youtube.com\\\/channel\\\/UCGP2Sq0iWaZwT3BdIAQFYpw\"]}]}<\/script>\n<!-- \/ Yoast SEO plugin. -->","yoast_head_json":{"title":"Organisateur \u00c9dition 12\/2019 - Organisateur","description":"Obtenez le journal commercial en langue allemande \"organizer\" dans l'Organizer num\u00e9ro 12\/2019 en t\u00e9l\u00e9chargement PDF avec le tableau de contenu suivant :","robots":{"index":"index","follow":"follow","max-snippet":"max-snippet:-1","max-image-preview":"max-image-preview:large","max-video-preview":"max-video-preview:-1"},"canonical":"https:\/\/www.organisator.ch\/fr\/produit\/organisator-ausgabe-12-2019\/","og_locale":"fr_FR","og_type":"article","og_title":"Organisator Ausgabe 12\/2019 - Organisator","og_description":"Get the German-language trade journal \"organizer\" in the Organizer issue 12\/2019 as a PDF download with the following table of contents:","og_url":"https:\/\/www.organisator.ch\/fr\/produit\/organisator-ausgabe-12-2019\/","og_site_name":"Organisator","article_publisher":"https:\/\/www.facebook.com\/OrganisatorFachmagazin","article_modified_time":"2021-11-09T17:07:18+00:00","og_image":[{"width":654,"height":370,"url":"https:\/\/www.organisator.ch\/wp-content\/uploads\/2021\/07\/organisator_2019_12.png","type":"image\/png"}],"twitter_card":"summary_large_image","schema":{"@context":"https:\/\/schema.org","@graph":[{"@type":"WebPage","@id":"https:\/\/www.organisator.ch\/it\/prodotto\/organisator-ausgabe-12-2019\/","url":"https:\/\/www.organisator.ch\/it\/prodotto\/organisator-ausgabe-12-2019\/","name":"Organisateur \u00c9dition 12\/2019 - Organisateur","isPartOf":{"@id":"https:\/\/www.organisator.ch\/#website"},"primaryImageOfPage":{"@id":"https:\/\/www.organisator.ch\/it\/prodotto\/organisator-ausgabe-12-2019\/#primaryimage"},"image":{"@id":"https:\/\/www.organisator.ch\/it\/prodotto\/organisator-ausgabe-12-2019\/#primaryimage"},"thumbnailUrl":"https:\/\/www.organisator.ch\/wp-content\/uploads\/2021\/07\/organisator_2019_12.png","datePublished":"2021-07-21T08:35:05+00:00","dateModified":"2021-11-09T17:07:18+00:00","description":"Obtenez le journal commercial en langue allemande \"organizer\" dans l'Organizer num\u00e9ro 12\/2019 en t\u00e9l\u00e9chargement PDF avec le tableau de contenu suivant :","breadcrumb":{"@id":"https:\/\/www.organisator.ch\/it\/prodotto\/organisator-ausgabe-12-2019\/#breadcrumb"},"inLanguage":"fr-FR","potentialAction":[{"@type":"ReadAction","target":["https:\/\/www.organisator.ch\/it\/prodotto\/organisator-ausgabe-12-2019\/"]}]},{"@type":"ImageObject","inLanguage":"fr-FR","@id":"https:\/\/www.organisator.ch\/it\/prodotto\/organisator-ausgabe-12-2019\/#primaryimage","url":"https:\/\/www.organisator.ch\/wp-content\/uploads\/2021\/07\/organisator_2019_12.png","contentUrl":"https:\/\/www.organisator.ch\/wp-content\/uploads\/2021\/07\/organisator_2019_12.png","width":654,"height":370},{"@type":"BreadcrumbList","@id":"https:\/\/www.organisator.ch\/it\/prodotto\/organisator-ausgabe-12-2019\/#breadcrumb","itemListElement":[{"@type":"ListItem","position":1,"name":"Home","item":"https:\/\/www.organisator.ch\/"},{"@type":"ListItem","position":2,"name":"Shop","item":"https:\/\/www.organisator.ch\/fr\/shop\/"},{"@type":"ListItem","position":3,"name":"Organisator Ausgabe 12\/2019"}]},{"@type":"WebSite","@id":"https:\/\/www.organisator.ch\/#website","url":"https:\/\/www.organisator.ch\/","name":"Organisateur","description":"Comp\u00e9tence et comp\u00e9tence. Proches de la pratique. L'ORGANISATEUR pr\u00e9pare 10 num\u00e9ros par an sur les th\u00e8mes essentiels pour les dirigeants de PME.","publisher":{"@id":"https:\/\/www.organisator.ch\/#organization"},"potentialAction":[{"@type":"SearchAction","target":{"@type":"EntryPoint","urlTemplate":"https:\/\/www.organisator.ch\/?s={search_term_string}"},"query-input":{"@type":"PropertyValueSpecification","valueRequired":true,"valueName":"search_term_string"}}],"inLanguage":"fr-FR"},{"@type":"Organization","@id":"https:\/\/www.organisator.ch\/#organization","name":"Organisateur","url":"https:\/\/www.organisator.ch\/","logo":{"@type":"ImageObject","inLanguage":"fr-FR","@id":"https:\/\/www.organisator.ch\/#\/schema\/logo\/image\/","url":"https:\/\/www.organisator.ch\/wp-content\/uploads\/2022\/01\/Logo_Organisator_Website.png","contentUrl":"https:\/\/www.organisator.ch\/wp-content\/uploads\/2022\/01\/Logo_Organisator_Website.png","width":800,"height":77,"caption":"Organisator"},"image":{"@id":"https:\/\/www.organisator.ch\/#\/schema\/logo\/image\/"},"sameAs":["https:\/\/www.facebook.com\/OrganisatorFachmagazin","https:\/\/www.linkedin.com\/showcase\/organisator-das-magazin-fr-kmu","https:\/\/www.xing.com\/news\/pages\/organisator-ch-695","https:\/\/www.youtube.com\/channel\/UCGP2Sq0iWaZwT3BdIAQFYpw"]}]}},"_links":{"self":[{"href":"https:\/\/www.organisator.ch\/fr\/wp-json\/wp\/v2\/product\/5964","targetHints":{"allow":["GET"]}}],"collection":[{"href":"https:\/\/www.organisator.ch\/fr\/wp-json\/wp\/v2\/product"}],"about":[{"href":"https:\/\/www.organisator.ch\/fr\/wp-json\/wp\/v2\/types\/product"}],"wp:featuredmedia":[{"embeddable":true,"href":"https:\/\/www.organisator.ch\/fr\/wp-json\/wp\/v2\/media\/5994"}],"wp:attachment":[{"href":"https:\/\/www.organisator.ch\/fr\/wp-json\/wp\/v2\/media?parent=5964"}],"wp:term":[{"taxonomy":"product_brand","embeddable":true,"href":"https:\/\/www.organisator.ch\/fr\/wp-json\/wp\/v2\/product_brand?post=5964"},{"taxonomy":"product_cat","embeddable":true,"href":"https:\/\/www.organisator.ch\/fr\/wp-json\/wp\/v2\/product_cat?post=5964"},{"taxonomy":"product_tag","embeddable":true,"href":"https:\/\/www.organisator.ch\/fr\/wp-json\/wp\/v2\/product_tag?post=5964"}],"curies":[{"name":"wp","href":"https:\/\/api.w.org\/{rel}","templated":true}]}}