{"version":"1.0","provider_name":"Organizzatore","provider_url":"https:\/\/www.organisator.ch\/it","title":"Mit Pestiziden belastete B\u00e4che - Organisator","type":"rich","width":600,"height":338,"html":"<blockquote class=\"wp-embedded-content\" data-secret=\"6gZSMk1hPt\"><a href=\"https:\/\/www.organisator.ch\/it\/sustainability\/2021-05-18\/mit-pestiziden-belastete-baeche\/\">Ruscelli inquinati da pesticidi<\/a><\/blockquote><iframe sandbox=\"allow-scripts\" security=\"restricted\" src=\"https:\/\/www.organisator.ch\/it\/sustainability\/2021-05-18\/mit-pestiziden-belastete-baeche\/embed\/#?secret=6gZSMk1hPt\" width=\"600\" height=\"338\" title=\"&#8220;Mit Pestiziden belastete B\u00e4che&#8221; &#8212; Organisator\" data-secret=\"6gZSMk1hPt\" frameborder=\"0\" marginwidth=\"0\" marginheight=\"0\" scrolling=\"no\" class=\"wp-embedded-content\"><\/iframe><script>\n\/*! This file is auto-generated *\/\n!function(d,l){\"use strict\";l.querySelector&&d.addEventListener&&\"undefined\"!=typeof URL&&(d.wp=d.wp||{},d.wp.receiveEmbedMessage||(d.wp.receiveEmbedMessage=function(e){var t=e.data;if((t||t.secret||t.message||t.value)&&!\/[^a-zA-Z0-9]\/.test(t.secret)){for(var s,r,n,a=l.querySelectorAll('iframe[data-secret=\"'+t.secret+'\"]'),o=l.querySelectorAll('blockquote[data-secret=\"'+t.secret+'\"]'),c=new RegExp(\"^https?:$\",\"i\"),i=0;i<o.length;i++)o[i].style.display=\"none\";for(i=0;i<a.length;i++)s=a[i],e.source===s.contentWindow&&(s.removeAttribute(\"style\"),\"height\"===t.message?(1e3<(r=parseInt(t.value,10))?r=1e3:~~r<200&&(r=200),s.height=r):\"link\"===t.message&&(r=new URL(s.getAttribute(\"src\")),n=new URL(t.value),c.test(n.protocol))&&n.host===r.host&&l.activeElement===s&&(d.top.location.href=t.value))}},d.addEventListener(\"message\",d.wp.receiveEmbedMessage,!1),l.addEventListener(\"DOMContentLoaded\",function(){for(var e,t,s=l.querySelectorAll(\"iframe.wp-embedded-content\"),r=0;r<s.length;r++)(t=(e=s[r]).getAttribute(\"data-secret\"))||(t=Math.random().toString(36).substring(2,12),e.src+=\"#?secret=\"+t,e.setAttribute(\"data-secret\",t)),e.contentWindow.postMessage({message:\"ready\",secret:t},\"*\")},!1)))}(window,document);\n\/\/# sourceURL=https:\/\/www.organisator.ch\/wp-includes\/js\/wp-embed.min.js\n<\/script>","thumbnail_url":"https:\/\/www.organisator.ch\/wp-content\/uploads\/2021\/05\/Probenahme.gif","thumbnail_width":695,"thumbnail_height":465,"description":"In den Jahren 2018 bis 2020 hat das Amt f\u00fcr Wasser und Energie (AWE) des Kantons St. Gallen 14 B\u00e4che in genutzten Gebieten unter die Lupe genommen und\u00a0auf organische Spurenstoffe, sogenannte Mikroverunreinigungen, untersucht. Bereits in sehr tiefen Konzentrationen k\u00f6nnen solche Stoffe Gew\u00e4sserlebewesen sch\u00e4digen. Die Auswertung der Messergebnisse w\u00fcrde f\u00fcr jeden der 14 B\u00e4che ein erh\u00f6htes [&hellip;]"}