{"id":13837,"date":"2022-06-08T04:33:43","date_gmt":"2022-06-08T02:33:43","guid":{"rendered":"https:\/\/www.organisator.ch\/?post_type=product&#038;p=13837"},"modified":"2022-06-08T04:33:44","modified_gmt":"2022-06-08T02:33:44","slug":"organisator-ausgabe-2-1979","status":"publish","type":"product","link":"https:\/\/www.organisator.ch\/it\/produkt\/organisator-ausgabe-2-1979\/","title":{"rendered":"Organizzatore Numero 2\/1979"},"content":{"rendered":"<h2>Colonne permanenti<\/h2>\n<ul>\n<li>Libri per voi<\/li>\n<li>Pagina del lettore<\/li>\n<li>Per la donna d'affari<\/li>\n<li>Consigli fiscali<\/li>\n<li>Il mese economico<\/li>\n<li>Per riflettere<\/li>\n<li>Seminari organizzatori<\/li>\n<li>L'organizzatore dice<\/li>\n<li>L'ORGANIZZATORE offre<\/li>\n<li>La lettura si concentra<\/li>\n<li>Corsi e conferenze<\/li>\n<li>Mostre<\/li>\n<li>Prodotti e servizi<\/li>\n<li>Tarantola<\/li>\n<\/ul>\n<h2>Economia in generale<\/h2>\n<ul>\n<li>Le nostre comunit\u00e0 come fattore economico<\/li>\n<li>Il mese economico<\/li>\n<li>Ostilit\u00e0 economica (per riflettere)<\/li>\n<li>Imprenditori in politica (L'organizzatore dice)<\/li>\n<li>Le crisi sociali del futuro (LK)<\/li>\n<li>Le zone pedonali sono sempre pi\u00f9 popolari (LK)<\/li>\n<\/ul>\n<h2>Governo d'impresa<\/h2>\n<ul>\n<li>Come pu\u00f2 l'imprenditore migliorare le sue relazioni con la comunit\u00e0 locale?<\/li>\n<li>Rivoluzione in sala riunioni<\/li>\n<li>Chi legge davvero l'ORGANISATORE?<\/li>\n<li>Pianificare e controllare gli investimenti (LK)<\/li>\n<li>Contro il dilettantismo negli affari esteri (LK)<\/li>\n<li>Nuovi concetti commerciali (LK)<\/li>\n<li>Gestione del rischio (LK)<\/li>\n<li>Dati rilevanti per la decisione (LK)<\/li>\n<li>Trovare opportunit\u00e0 di business (LK)<\/li>\n<li>Cambiamenti sociali e aumento della produzione (LK)<\/li>\n<li>Lavoro razionale del capo (sem.)<\/li>\n<\/ul>\n<h2>Tasse<\/h2>\n<ul>\n<li>Accertamento intermedio in caso di beni maturati in caso di decesso<\/li>\n<li>Obbligo di informazione dell'AVS<\/li>\n<li>Royalties<\/li>\n<li>Moralit\u00e0 fiscale nella RFT (LK)<\/li>\n<\/ul>\n<h2>Finanza\/Contabilit\u00e0<\/h2>\n<ul>\n<li>Tracciare le perdite: i costi della stanza nel dettaglio<\/li>\n<li>Quando l'organo di controllo \u00e8 veramente responsabile?<\/li>\n<li>Introduzione al calcolo dei costi marginali (LK)<\/li>\n<li>Rendiconto finanziario (LC)<\/li>\n<li>Pianificare e controllare gli investimenti (LK)<\/li>\n<li>Un bilancio preciso porta vantaggi? (LK)<\/li>\n<\/ul>\n<h2>Organizzazione\/Tecnologia d'ufficio<\/h2>\n<ul>\n<li>Ridurre i costi di trasporto (LK)<\/li>\n<li>Nuovi orari di apertura della posta<\/li>\n<li>Dittafono Grundig<\/li>\n<li>Macchina da scrivere Hermes (P + D)<\/li>\n<li>Schiuma isolante Aminotherm<\/li>\n<li>Copiatrice automatica Oce 17(K)<\/li>\n<li>Pellicola cinematografica istantanea Polaroid (P + D)<\/li>\n<li>Unit\u00e0 di misura legali<\/li>\n<li>Macchina da scrivere Eagle(P +D)<\/li>\n<li>Lavagna luminosa Petra<\/li>\n<li>Calcolatrice da tavolo Kardex (P + D)<\/li>\n<li>Appuntamento Borse Visimap (P + D)<\/li>\n<li>Indice della scrivania elettrica<\/li>\n<li>Film plastico carta carbone<\/li>\n<li>Pinzatura automatica (P + D)<\/li>\n<\/ul>\n<h2>Elaborazione dei dati<\/h2>\n<ul>\n<li>Sistema di testo IBM 6\/420 (P + D)<\/li>\n<li>Nova Computer Data Gen. (P + D)<\/li>\n<li>Pulizia e test di<\/li>\n<li>Nastri magnetici (P + D)<\/li>\n<\/ul>\n<h2>Gestione delle risorse umane<\/h2>\n<ul>\n<li>Rivoluzione in sala riunioni<\/li>\n<li>Eutonia: equiparare le tensioni interpersonali (seminario)<\/li>\n<li>Tecnica di lavoro personale (seminario)<\/li>\n<li>Consiglio. Lavoro esecutivo (seminario)<\/li>\n<li>L'uomo migliore al posto giusto<\/li>\n<li>Appalti personali nelle piccole imprese (SC)<\/li>\n<li>Intorno al limite di et\u00e0 (LK)<\/li>\n<li>Metodi di leadership flessibili (LK)<\/li>\n<li>Un sistema informativo per il personale (LK)<\/li>\n<li>Compatibilit\u00e0 chimica tra persone leader (LK)<\/li>\n<li>Controllo dei gestori di GDR (LK)<\/li>\n<li>Registrazione dell'orario di lavoro con il telefono (LK)<\/li>\n<li>Corsi e conferenze<\/li>\n<\/ul>\n<h2>Vendite\/Marketing\/Pubblicit\u00e0<\/h2>\n<ul>\n<li>Chi legge davvero l'ORGANISATORE?<\/li>\n<li>Come funzionano i caratteri tipografici e il layout (LK)<\/li>\n<li>Trovare opportunit\u00e0 di business (LK)<\/li>\n<li>Mostre<\/li>\n<li>Concessione di parcheggio per viaggiatori commerciali (P + D)<\/li>\n<\/ul>","protected":false},"excerpt":{"rendered":"<p>Ricevete la rivista specializzata in lingua tedesca \"organisator\" nel numero 2\/1979 come download in formato PDF con il seguente indice:<\/p>","protected":false},"featured_media":13839,"template":"","meta":{"_acf_changed":false,"articlekey":""},"product_brand":[],"product_cat":[546],"product_tag":[2924],"class_list":{"0":"post-13837","1":"product","2":"type-product","3":"status-publish","4":"has-post-thumbnail","6":"product_cat-einzelausgaben","7":"product_tag-2924","9":"first","10":"instock","11":"downloadable","12":"virtual","13":"taxable","14":"purchasable","15":"product-type-simple"},"acf":[],"yoast_head":"<!-- This site is optimized with the Yoast SEO plugin v27.4 - https:\/\/yoast.com\/product\/yoast-seo-wordpress\/ -->\n<title>Organisator Ausgabe 2\/1979 - Organisator<\/title>\n<meta name=\"robots\" content=\"index, follow, max-snippet:-1, max-image-preview:large, max-video-preview:-1\" \/>\n<link rel=\"canonical\" href=\"https:\/\/www.organisator.ch\/it\/prodotto\/organisator-ausgabe-2-1979\/\" \/>\n<meta property=\"og:locale\" content=\"it_IT\" \/>\n<meta property=\"og:type\" content=\"article\" \/>\n<meta property=\"og:title\" content=\"Organisator Ausgabe 2\/1979 - Organisator\" \/>\n<meta property=\"og:description\" content=\"Erhalte die deutschsprachige Fachzeitschrift \u00aborganisator\u00bb in der Ausgabe 2\/1979 als PDF-Download mit nachfolgendem Inhaltsverzeichnis:\" \/>\n<meta property=\"og:url\" content=\"https:\/\/www.organisator.ch\/it\/prodotto\/organisator-ausgabe-2-1979\/\" \/>\n<meta property=\"og:site_name\" content=\"Organisator\" \/>\n<meta property=\"article:publisher\" content=\"https:\/\/www.facebook.com\/OrganisatorFachmagazin\" \/>\n<meta property=\"article:modified_time\" content=\"2022-06-08T02:33:44+00:00\" \/>\n<meta property=\"og:image\" content=\"https:\/\/www.organisator.ch\/wp-content\/uploads\/2022\/06\/organisator_1979_2.png\" \/>\n\t<meta property=\"og:image:width\" content=\"654\" \/>\n\t<meta property=\"og:image:height\" content=\"370\" \/>\n\t<meta property=\"og:image:type\" content=\"image\/png\" \/>\n<meta name=\"twitter:card\" content=\"summary_large_image\" \/>\n<script type=\"application\/ld+json\" class=\"yoast-schema-graph\">{\"@context\":\"https:\\\/\\\/schema.org\",\"@graph\":[{\"@type\":\"WebPage\",\"@id\":\"https:\\\/\\\/www.organisator.ch\\\/de\\\/produkt\\\/organisator-ausgabe-2-1979\\\/\",\"url\":\"https:\\\/\\\/www.organisator.ch\\\/de\\\/produkt\\\/organisator-ausgabe-2-1979\\\/\",\"name\":\"Organisator Ausgabe 2\\\/1979 - Organisator\",\"isPartOf\":{\"@id\":\"https:\\\/\\\/www.organisator.ch\\\/#website\"},\"primaryImageOfPage\":{\"@id\":\"https:\\\/\\\/www.organisator.ch\\\/de\\\/produkt\\\/organisator-ausgabe-2-1979\\\/#primaryimage\"},\"image\":{\"@id\":\"https:\\\/\\\/www.organisator.ch\\\/de\\\/produkt\\\/organisator-ausgabe-2-1979\\\/#primaryimage\"},\"thumbnailUrl\":\"https:\\\/\\\/www.organisator.ch\\\/wp-content\\\/uploads\\\/2022\\\/06\\\/organisator_1979_2.png\",\"datePublished\":\"2022-06-08T02:33:43+00:00\",\"dateModified\":\"2022-06-08T02:33:44+00:00\",\"breadcrumb\":{\"@id\":\"https:\\\/\\\/www.organisator.ch\\\/de\\\/produkt\\\/organisator-ausgabe-2-1979\\\/#breadcrumb\"},\"inLanguage\":\"it-IT\",\"potentialAction\":[{\"@type\":\"ReadAction\",\"target\":[\"https:\\\/\\\/www.organisator.ch\\\/de\\\/produkt\\\/organisator-ausgabe-2-1979\\\/\"]}]},{\"@type\":\"ImageObject\",\"inLanguage\":\"it-IT\",\"@id\":\"https:\\\/\\\/www.organisator.ch\\\/de\\\/produkt\\\/organisator-ausgabe-2-1979\\\/#primaryimage\",\"url\":\"https:\\\/\\\/www.organisator.ch\\\/wp-content\\\/uploads\\\/2022\\\/06\\\/organisator_1979_2.png\",\"contentUrl\":\"https:\\\/\\\/www.organisator.ch\\\/wp-content\\\/uploads\\\/2022\\\/06\\\/organisator_1979_2.png\",\"width\":654,\"height\":370},{\"@type\":\"BreadcrumbList\",\"@id\":\"https:\\\/\\\/www.organisator.ch\\\/de\\\/produkt\\\/organisator-ausgabe-2-1979\\\/#breadcrumb\",\"itemListElement\":[{\"@type\":\"ListItem\",\"position\":1,\"name\":\"Home\",\"item\":\"https:\\\/\\\/www.organisator.ch\\\/\"},{\"@type\":\"ListItem\",\"position\":2,\"name\":\"Shop\",\"item\":\"https:\\\/\\\/www.organisator.ch\\\/fr\\\/shop\\\/\"},{\"@type\":\"ListItem\",\"position\":3,\"name\":\"Organisator Ausgabe 2\\\/1979\"}]},{\"@type\":\"WebSite\",\"@id\":\"https:\\\/\\\/www.organisator.ch\\\/#website\",\"url\":\"https:\\\/\\\/www.organisator.ch\\\/\",\"name\":\"Organisator\",\"description\":\"Kompetent. Praxisnah. Der ORGANISATOR bereitet in 10 Ausgaben pro Jahr die wesentlichen Themen f\u00fcr F\u00fchrungskr\u00e4fte von KMU auf.\",\"publisher\":{\"@id\":\"https:\\\/\\\/www.organisator.ch\\\/#organization\"},\"potentialAction\":[{\"@type\":\"SearchAction\",\"target\":{\"@type\":\"EntryPoint\",\"urlTemplate\":\"https:\\\/\\\/www.organisator.ch\\\/?s={search_term_string}\"},\"query-input\":{\"@type\":\"PropertyValueSpecification\",\"valueRequired\":true,\"valueName\":\"search_term_string\"}}],\"inLanguage\":\"it-IT\"},{\"@type\":\"Organization\",\"@id\":\"https:\\\/\\\/www.organisator.ch\\\/#organization\",\"name\":\"Organisator\",\"url\":\"https:\\\/\\\/www.organisator.ch\\\/\",\"logo\":{\"@type\":\"ImageObject\",\"inLanguage\":\"it-IT\",\"@id\":\"https:\\\/\\\/www.organisator.ch\\\/#\\\/schema\\\/logo\\\/image\\\/\",\"url\":\"https:\\\/\\\/www.organisator.ch\\\/wp-content\\\/uploads\\\/2022\\\/01\\\/Logo_Organisator_Website.png\",\"contentUrl\":\"https:\\\/\\\/www.organisator.ch\\\/wp-content\\\/uploads\\\/2022\\\/01\\\/Logo_Organisator_Website.png\",\"width\":800,\"height\":77,\"caption\":\"Organisator\"},\"image\":{\"@id\":\"https:\\\/\\\/www.organisator.ch\\\/#\\\/schema\\\/logo\\\/image\\\/\"},\"sameAs\":[\"https:\\\/\\\/www.facebook.com\\\/OrganisatorFachmagazin\",\"https:\\\/\\\/www.linkedin.com\\\/showcase\\\/organisator-das-magazin-fr-kmu\",\"https:\\\/\\\/www.xing.com\\\/news\\\/pages\\\/organisator-ch-695\",\"https:\\\/\\\/www.youtube.com\\\/channel\\\/UCGP2Sq0iWaZwT3BdIAQFYpw\"]}]}<\/script>\n<!-- \/ Yoast SEO plugin. -->","yoast_head_json":{"title":"Organizzatore Numero 2\/1979 - Organizzatore","robots":{"index":"index","follow":"follow","max-snippet":"max-snippet:-1","max-image-preview":"max-image-preview:large","max-video-preview":"max-video-preview:-1"},"canonical":"https:\/\/www.organisator.ch\/it\/prodotto\/organisator-ausgabe-2-1979\/","og_locale":"it_IT","og_type":"article","og_title":"Organisator Ausgabe 2\/1979 - Organisator","og_description":"Erhalte die deutschsprachige Fachzeitschrift \u00aborganisator\u00bb in der Ausgabe 2\/1979 als PDF-Download mit nachfolgendem Inhaltsverzeichnis:","og_url":"https:\/\/www.organisator.ch\/it\/prodotto\/organisator-ausgabe-2-1979\/","og_site_name":"Organisator","article_publisher":"https:\/\/www.facebook.com\/OrganisatorFachmagazin","article_modified_time":"2022-06-08T02:33:44+00:00","og_image":[{"width":654,"height":370,"url":"https:\/\/www.organisator.ch\/wp-content\/uploads\/2022\/06\/organisator_1979_2.png","type":"image\/png"}],"twitter_card":"summary_large_image","schema":{"@context":"https:\/\/schema.org","@graph":[{"@type":"WebPage","@id":"https:\/\/www.organisator.ch\/de\/produkt\/organisator-ausgabe-2-1979\/","url":"https:\/\/www.organisator.ch\/de\/produkt\/organisator-ausgabe-2-1979\/","name":"Organizzatore Numero 2\/1979 - Organizzatore","isPartOf":{"@id":"https:\/\/www.organisator.ch\/#website"},"primaryImageOfPage":{"@id":"https:\/\/www.organisator.ch\/de\/produkt\/organisator-ausgabe-2-1979\/#primaryimage"},"image":{"@id":"https:\/\/www.organisator.ch\/de\/produkt\/organisator-ausgabe-2-1979\/#primaryimage"},"thumbnailUrl":"https:\/\/www.organisator.ch\/wp-content\/uploads\/2022\/06\/organisator_1979_2.png","datePublished":"2022-06-08T02:33:43+00:00","dateModified":"2022-06-08T02:33:44+00:00","breadcrumb":{"@id":"https:\/\/www.organisator.ch\/de\/produkt\/organisator-ausgabe-2-1979\/#breadcrumb"},"inLanguage":"it-IT","potentialAction":[{"@type":"ReadAction","target":["https:\/\/www.organisator.ch\/de\/produkt\/organisator-ausgabe-2-1979\/"]}]},{"@type":"ImageObject","inLanguage":"it-IT","@id":"https:\/\/www.organisator.ch\/de\/produkt\/organisator-ausgabe-2-1979\/#primaryimage","url":"https:\/\/www.organisator.ch\/wp-content\/uploads\/2022\/06\/organisator_1979_2.png","contentUrl":"https:\/\/www.organisator.ch\/wp-content\/uploads\/2022\/06\/organisator_1979_2.png","width":654,"height":370},{"@type":"BreadcrumbList","@id":"https:\/\/www.organisator.ch\/de\/produkt\/organisator-ausgabe-2-1979\/#breadcrumb","itemListElement":[{"@type":"ListItem","position":1,"name":"Home","item":"https:\/\/www.organisator.ch\/"},{"@type":"ListItem","position":2,"name":"Shop","item":"https:\/\/www.organisator.ch\/fr\/shop\/"},{"@type":"ListItem","position":3,"name":"Organisator Ausgabe 2\/1979"}]},{"@type":"WebSite","@id":"https:\/\/www.organisator.ch\/#website","url":"https:\/\/www.organisator.ch\/","name":"Organizzatore","description":"Competente. Pratico. In 10 numeri all'anno, ORGANISATOR presenta i temi essenziali per i manager delle PMI.","publisher":{"@id":"https:\/\/www.organisator.ch\/#organization"},"potentialAction":[{"@type":"SearchAction","target":{"@type":"EntryPoint","urlTemplate":"https:\/\/www.organisator.ch\/?s={search_term_string}"},"query-input":{"@type":"PropertyValueSpecification","valueRequired":true,"valueName":"search_term_string"}}],"inLanguage":"it-IT"},{"@type":"Organization","@id":"https:\/\/www.organisator.ch\/#organization","name":"Organizzatore","url":"https:\/\/www.organisator.ch\/","logo":{"@type":"ImageObject","inLanguage":"it-IT","@id":"https:\/\/www.organisator.ch\/#\/schema\/logo\/image\/","url":"https:\/\/www.organisator.ch\/wp-content\/uploads\/2022\/01\/Logo_Organisator_Website.png","contentUrl":"https:\/\/www.organisator.ch\/wp-content\/uploads\/2022\/01\/Logo_Organisator_Website.png","width":800,"height":77,"caption":"Organisator"},"image":{"@id":"https:\/\/www.organisator.ch\/#\/schema\/logo\/image\/"},"sameAs":["https:\/\/www.facebook.com\/OrganisatorFachmagazin","https:\/\/www.linkedin.com\/showcase\/organisator-das-magazin-fr-kmu","https:\/\/www.xing.com\/news\/pages\/organisator-ch-695","https:\/\/www.youtube.com\/channel\/UCGP2Sq0iWaZwT3BdIAQFYpw"]}]}},"_links":{"self":[{"href":"https:\/\/www.organisator.ch\/it\/wp-json\/wp\/v2\/product\/13837","targetHints":{"allow":["GET"]}}],"collection":[{"href":"https:\/\/www.organisator.ch\/it\/wp-json\/wp\/v2\/product"}],"about":[{"href":"https:\/\/www.organisator.ch\/it\/wp-json\/wp\/v2\/types\/product"}],"wp:featuredmedia":[{"embeddable":true,"href":"https:\/\/www.organisator.ch\/it\/wp-json\/wp\/v2\/media\/13839"}],"wp:attachment":[{"href":"https:\/\/www.organisator.ch\/it\/wp-json\/wp\/v2\/media?parent=13837"}],"wp:term":[{"taxonomy":"product_brand","embeddable":true,"href":"https:\/\/www.organisator.ch\/it\/wp-json\/wp\/v2\/product_brand?post=13837"},{"taxonomy":"product_cat","embeddable":true,"href":"https:\/\/www.organisator.ch\/it\/wp-json\/wp\/v2\/product_cat?post=13837"},{"taxonomy":"product_tag","embeddable":true,"href":"https:\/\/www.organisator.ch\/it\/wp-json\/wp\/v2\/product_tag?post=13837"}],"curies":[{"name":"wp","href":"https:\/\/api.w.org\/{rel}","templated":true}]}}