{"id":14070,"date":"2022-06-09T08:29:53","date_gmt":"2022-06-09T06:29:53","guid":{"rendered":"https:\/\/www.organisator.ch\/?post_type=product&#038;p=14070"},"modified":"2022-06-09T08:29:54","modified_gmt":"2022-06-09T06:29:54","slug":"organisator-ausgabe-extra-9-1983","status":"publish","type":"product","link":"https:\/\/www.organisator.ch\/it\/produkt\/organisator-ausgabe-extra-9-1983\/","title":{"rendered":"Numero dell'organizzatore Extra 9\/1983"},"content":{"rendered":"<h2>Indice dei contenuti<\/h2>\n<p>&nbsp;<\/p>\n<h3>Mezzi di risposta e indirizzi per una maggiore risposta<\/h3>\n<p>Il tasso di risposta determina il successo o il fallimento della campagna pubblicitaria diretta.<br \/>\nIn questo contesto, il mezzo di risposta riveste un ruolo particolare. Alcuni trucchi da parte di un esperto.<\/p>\n<p>&nbsp;<\/p>\n<h2>Opzioni per la posta diretta non indirizzata<\/h2>\n<p>Naturalmente non esiste solo la pubblicit\u00e0 indirizzata, ma anche quella diretta nella sua forma non indirizzata.<br \/>\nforma standardizzata. L'attenzione si concentra quindi sull'efficienza dell'organizzazione di distribuzione.<\/p>\n<p>&nbsp;<\/p>\n<h3>Il concetto di general contractor nel marketing diretto<\/h3>\n<p>Progettazione di materiale pubblicitario, produzione di stampati, acquisizione di indirizzi,<\/p>\n<p>Gestione degli indirizzi... Con il concetto di appaltatore generale esiste<br \/>\nla possibilit\u00e0 di affidare tutto a un unico interlocutore.<\/p>\n<p>&nbsp;<\/p>\n<h3>L'uso corretto dei file client<\/h3>\n<p>I dati dei clienti sono tanto pi\u00f9 preziosi quanto pi\u00f9 consentono la suddivisione in singoli segmenti.<br \/>\n\u00c8 pi\u00f9 facile rivolgersi a \u00abtipi\u00bb di clienti.<\/p>\n<h3>Audiovision sul fronte delle vendite: una lista di controllo<\/h3>\n<p>La presentazione audiovisiva, spesso utilizzata come strumento di marketing, sta volgendo al termine. Tanto pi\u00f9 intensa<br \/>\nIl settore Audivisions si occupa di film e video.<\/p>\n<p>&nbsp;<\/p>\n<h3>Direct Caritas: Marketing per le buone azioni<\/h3>\n<p>Quasi tutto \u00e8 possibile con il direct mail, anche aiutare un po' il bene nel mondo<\/p>\n<h3>Avete affrontato il direct mail nella vendita al dettaglio?<\/h3>\n<p>Si dice che il commercio al dettaglio conduca un'esistenza tranquilla per quanto riguarda i metodi di pubblicit\u00e0 diretta.<br \/>\nEssere. Tuttavia, ci sono ragioni importanti che indicano che proprio in questo caso il marketing diretto<br \/>\n\u00e8 un terreno particolarmente fertile.<\/p>\n<p>&nbsp;<\/p>\n<h3>Il mezzo diretto \"Videotex\": costi e possibilit\u00e0.<\/h3>\n<p>Presto sar\u00e0 ufficiale anche in Svizzera che ci si potr\u00e0 trasferire dalla propria abitazione<br \/>\ncollegare un computer esterno. Si chiama Video tex (in Germania: Bildschirmtext).<br \/>\nIl mezzo che lo rende possibile. Possibilit\u00e0 e costi nell'impiego a fini di marketing.<\/p>\n<p>&nbsp;<\/p>\n<h3>L'uso di mini e microcomputer nel marketing diretto.<\/h3>\n<p>Quando si utilizza un microcomputer per la pubblicit\u00e0 diretta, la capacit\u00e0 di memoria e<br \/>\nLa scelta della stampante riveste un ruolo importante.<\/p>\n<h3>Marketing telefonico: test acido superato!<\/h3>\n<p>Il telemarketing \u00e8 quando qualcuno cerca di venderti o proporti qualcosa per telefono.<br \/>\nQuattro casi di studio illustrano i costi e i benefici di questa soluzione.<\/p>\n<p>&nbsp;<\/p>\n<h3>Posta diretta - Oggi<\/h3>\n<p>Esperienze spiacevoli di un \u00abcliente target\u00bb.<\/p>\n<p>Panoramica del mercato: fornitori di servizi nel settore del direct marketing<\/p>","protected":false},"excerpt":{"rendered":"<p>Ricevete la rivista specializzata in lingua tedesca \"organisator\" nel numero Extra 9\/1983 come download in formato PDF con il seguente indice:<\/p>","protected":false},"featured_media":14072,"template":"","meta":{"_acf_changed":false,"articlekey":""},"product_brand":[],"product_cat":[546],"product_tag":[2937],"class_list":{"0":"post-14070","1":"product","2":"type-product","3":"status-publish","4":"has-post-thumbnail","6":"product_cat-einzelausgaben","7":"product_tag-2937","9":"first","10":"instock","11":"downloadable","12":"virtual","13":"taxable","14":"purchasable","15":"product-type-simple"},"acf":[],"yoast_head":"<!-- This site is optimized with the Yoast SEO plugin v27.4 - https:\/\/yoast.com\/product\/yoast-seo-wordpress\/ -->\n<title>Organisator Ausgabe Extra 9\/1983 - Organisator<\/title>\n<meta name=\"description\" content=\"Erhalte die deutschsprachige Fachzeitschrift \u00aborganisator\u00bb in der Ausgabe Extra 9\/1983 als PDF-Download mit nachfolgendem Inhaltsverzeichnis:\" \/>\n<meta name=\"robots\" content=\"index, follow, max-snippet:-1, max-image-preview:large, max-video-preview:-1\" \/>\n<link rel=\"canonical\" href=\"https:\/\/www.organisator.ch\/it\/prodotto\/organisator-ausgabe-extra-9-1983\/\" \/>\n<meta property=\"og:locale\" content=\"it_IT\" \/>\n<meta property=\"og:type\" content=\"article\" \/>\n<meta property=\"og:title\" content=\"Organisator Ausgabe Extra 9\/1983 - Organisator\" \/>\n<meta property=\"og:description\" content=\"Erhalte die deutschsprachige Fachzeitschrift \u00aborganisator\u00bb in der Ausgabe Extra 9\/1983 als PDF-Download mit nachfolgendem Inhaltsverzeichnis:\" \/>\n<meta property=\"og:url\" content=\"https:\/\/www.organisator.ch\/it\/prodotto\/organisator-ausgabe-extra-9-1983\/\" \/>\n<meta property=\"og:site_name\" content=\"Organisator\" \/>\n<meta property=\"article:publisher\" content=\"https:\/\/www.facebook.com\/OrganisatorFachmagazin\" \/>\n<meta property=\"article:modified_time\" content=\"2022-06-09T06:29:54+00:00\" \/>\n<meta property=\"og:image\" content=\"https:\/\/www.organisator.ch\/wp-content\/uploads\/2022\/06\/organisator_1983_9_Extra.png\" \/>\n\t<meta property=\"og:image:width\" content=\"654\" \/>\n\t<meta property=\"og:image:height\" content=\"370\" \/>\n\t<meta property=\"og:image:type\" content=\"image\/png\" \/>\n<meta name=\"twitter:card\" content=\"summary_large_image\" \/>\n<script type=\"application\/ld+json\" class=\"yoast-schema-graph\">{\"@context\":\"https:\\\/\\\/schema.org\",\"@graph\":[{\"@type\":\"WebPage\",\"@id\":\"https:\\\/\\\/www.organisator.ch\\\/de\\\/produkt\\\/organisator-ausgabe-extra-9-1983\\\/\",\"url\":\"https:\\\/\\\/www.organisator.ch\\\/de\\\/produkt\\\/organisator-ausgabe-extra-9-1983\\\/\",\"name\":\"Organisator Ausgabe Extra 9\\\/1983 - Organisator\",\"isPartOf\":{\"@id\":\"https:\\\/\\\/www.organisator.ch\\\/#website\"},\"primaryImageOfPage\":{\"@id\":\"https:\\\/\\\/www.organisator.ch\\\/de\\\/produkt\\\/organisator-ausgabe-extra-9-1983\\\/#primaryimage\"},\"image\":{\"@id\":\"https:\\\/\\\/www.organisator.ch\\\/de\\\/produkt\\\/organisator-ausgabe-extra-9-1983\\\/#primaryimage\"},\"thumbnailUrl\":\"https:\\\/\\\/www.organisator.ch\\\/wp-content\\\/uploads\\\/2022\\\/06\\\/organisator_1983_9_Extra.png\",\"datePublished\":\"2022-06-09T06:29:53+00:00\",\"dateModified\":\"2022-06-09T06:29:54+00:00\",\"description\":\"Erhalte die deutschsprachige Fachzeitschrift \u00aborganisator\u00bb in der Ausgabe Extra 9\\\/1983 als PDF-Download mit nachfolgendem Inhaltsverzeichnis:\",\"breadcrumb\":{\"@id\":\"https:\\\/\\\/www.organisator.ch\\\/de\\\/produkt\\\/organisator-ausgabe-extra-9-1983\\\/#breadcrumb\"},\"inLanguage\":\"it-IT\",\"potentialAction\":[{\"@type\":\"ReadAction\",\"target\":[\"https:\\\/\\\/www.organisator.ch\\\/de\\\/produkt\\\/organisator-ausgabe-extra-9-1983\\\/\"]}]},{\"@type\":\"ImageObject\",\"inLanguage\":\"it-IT\",\"@id\":\"https:\\\/\\\/www.organisator.ch\\\/de\\\/produkt\\\/organisator-ausgabe-extra-9-1983\\\/#primaryimage\",\"url\":\"https:\\\/\\\/www.organisator.ch\\\/wp-content\\\/uploads\\\/2022\\\/06\\\/organisator_1983_9_Extra.png\",\"contentUrl\":\"https:\\\/\\\/www.organisator.ch\\\/wp-content\\\/uploads\\\/2022\\\/06\\\/organisator_1983_9_Extra.png\",\"width\":654,\"height\":370},{\"@type\":\"BreadcrumbList\",\"@id\":\"https:\\\/\\\/www.organisator.ch\\\/de\\\/produkt\\\/organisator-ausgabe-extra-9-1983\\\/#breadcrumb\",\"itemListElement\":[{\"@type\":\"ListItem\",\"position\":1,\"name\":\"Home\",\"item\":\"https:\\\/\\\/www.organisator.ch\\\/\"},{\"@type\":\"ListItem\",\"position\":2,\"name\":\"Shop\",\"item\":\"https:\\\/\\\/www.organisator.ch\\\/fr\\\/shop\\\/\"},{\"@type\":\"ListItem\",\"position\":3,\"name\":\"Organisator Ausgabe Extra 9\\\/1983\"}]},{\"@type\":\"WebSite\",\"@id\":\"https:\\\/\\\/www.organisator.ch\\\/#website\",\"url\":\"https:\\\/\\\/www.organisator.ch\\\/\",\"name\":\"Organisator\",\"description\":\"Kompetent. Praxisnah. Der ORGANISATOR bereitet in 10 Ausgaben pro Jahr die wesentlichen Themen f\u00fcr F\u00fchrungskr\u00e4fte von KMU auf.\",\"publisher\":{\"@id\":\"https:\\\/\\\/www.organisator.ch\\\/#organization\"},\"potentialAction\":[{\"@type\":\"SearchAction\",\"target\":{\"@type\":\"EntryPoint\",\"urlTemplate\":\"https:\\\/\\\/www.organisator.ch\\\/?s={search_term_string}\"},\"query-input\":{\"@type\":\"PropertyValueSpecification\",\"valueRequired\":true,\"valueName\":\"search_term_string\"}}],\"inLanguage\":\"it-IT\"},{\"@type\":\"Organization\",\"@id\":\"https:\\\/\\\/www.organisator.ch\\\/#organization\",\"name\":\"Organisator\",\"url\":\"https:\\\/\\\/www.organisator.ch\\\/\",\"logo\":{\"@type\":\"ImageObject\",\"inLanguage\":\"it-IT\",\"@id\":\"https:\\\/\\\/www.organisator.ch\\\/#\\\/schema\\\/logo\\\/image\\\/\",\"url\":\"https:\\\/\\\/www.organisator.ch\\\/wp-content\\\/uploads\\\/2022\\\/01\\\/Logo_Organisator_Website.png\",\"contentUrl\":\"https:\\\/\\\/www.organisator.ch\\\/wp-content\\\/uploads\\\/2022\\\/01\\\/Logo_Organisator_Website.png\",\"width\":800,\"height\":77,\"caption\":\"Organisator\"},\"image\":{\"@id\":\"https:\\\/\\\/www.organisator.ch\\\/#\\\/schema\\\/logo\\\/image\\\/\"},\"sameAs\":[\"https:\\\/\\\/www.facebook.com\\\/OrganisatorFachmagazin\",\"https:\\\/\\\/www.linkedin.com\\\/showcase\\\/organisator-das-magazin-fr-kmu\",\"https:\\\/\\\/www.xing.com\\\/news\\\/pages\\\/organisator-ch-695\",\"https:\\\/\\\/www.youtube.com\\\/channel\\\/UCGP2Sq0iWaZwT3BdIAQFYpw\"]}]}<\/script>\n<!-- \/ Yoast SEO plugin. -->","yoast_head_json":{"title":"Organiser Numero Extra 9\/1983 - Organiser","description":"Ricevete la rivista specializzata in lingua tedesca \"organisator\" nel numero Extra 9\/1983 come download in formato PDF con il seguente indice:","robots":{"index":"index","follow":"follow","max-snippet":"max-snippet:-1","max-image-preview":"max-image-preview:large","max-video-preview":"max-video-preview:-1"},"canonical":"https:\/\/www.organisator.ch\/it\/prodotto\/organisator-ausgabe-extra-9-1983\/","og_locale":"it_IT","og_type":"article","og_title":"Organisator Ausgabe Extra 9\/1983 - Organisator","og_description":"Erhalte die deutschsprachige Fachzeitschrift \u00aborganisator\u00bb in der Ausgabe Extra 9\/1983 als PDF-Download mit nachfolgendem Inhaltsverzeichnis:","og_url":"https:\/\/www.organisator.ch\/it\/prodotto\/organisator-ausgabe-extra-9-1983\/","og_site_name":"Organisator","article_publisher":"https:\/\/www.facebook.com\/OrganisatorFachmagazin","article_modified_time":"2022-06-09T06:29:54+00:00","og_image":[{"width":654,"height":370,"url":"https:\/\/www.organisator.ch\/wp-content\/uploads\/2022\/06\/organisator_1983_9_Extra.png","type":"image\/png"}],"twitter_card":"summary_large_image","schema":{"@context":"https:\/\/schema.org","@graph":[{"@type":"WebPage","@id":"https:\/\/www.organisator.ch\/de\/produkt\/organisator-ausgabe-extra-9-1983\/","url":"https:\/\/www.organisator.ch\/de\/produkt\/organisator-ausgabe-extra-9-1983\/","name":"Organiser Numero Extra 9\/1983 - Organiser","isPartOf":{"@id":"https:\/\/www.organisator.ch\/#website"},"primaryImageOfPage":{"@id":"https:\/\/www.organisator.ch\/de\/produkt\/organisator-ausgabe-extra-9-1983\/#primaryimage"},"image":{"@id":"https:\/\/www.organisator.ch\/de\/produkt\/organisator-ausgabe-extra-9-1983\/#primaryimage"},"thumbnailUrl":"https:\/\/www.organisator.ch\/wp-content\/uploads\/2022\/06\/organisator_1983_9_Extra.png","datePublished":"2022-06-09T06:29:53+00:00","dateModified":"2022-06-09T06:29:54+00:00","description":"Ricevete la rivista specializzata in lingua tedesca \"organisator\" nel numero Extra 9\/1983 come download in formato PDF con il seguente indice:","breadcrumb":{"@id":"https:\/\/www.organisator.ch\/de\/produkt\/organisator-ausgabe-extra-9-1983\/#breadcrumb"},"inLanguage":"it-IT","potentialAction":[{"@type":"ReadAction","target":["https:\/\/www.organisator.ch\/de\/produkt\/organisator-ausgabe-extra-9-1983\/"]}]},{"@type":"ImageObject","inLanguage":"it-IT","@id":"https:\/\/www.organisator.ch\/de\/produkt\/organisator-ausgabe-extra-9-1983\/#primaryimage","url":"https:\/\/www.organisator.ch\/wp-content\/uploads\/2022\/06\/organisator_1983_9_Extra.png","contentUrl":"https:\/\/www.organisator.ch\/wp-content\/uploads\/2022\/06\/organisator_1983_9_Extra.png","width":654,"height":370},{"@type":"BreadcrumbList","@id":"https:\/\/www.organisator.ch\/de\/produkt\/organisator-ausgabe-extra-9-1983\/#breadcrumb","itemListElement":[{"@type":"ListItem","position":1,"name":"Home","item":"https:\/\/www.organisator.ch\/"},{"@type":"ListItem","position":2,"name":"Shop","item":"https:\/\/www.organisator.ch\/fr\/shop\/"},{"@type":"ListItem","position":3,"name":"Organisator Ausgabe Extra 9\/1983"}]},{"@type":"WebSite","@id":"https:\/\/www.organisator.ch\/#website","url":"https:\/\/www.organisator.ch\/","name":"Organizzatore","description":"Competente. Pratico. In 10 numeri all'anno, ORGANISATOR presenta i temi essenziali per i manager delle PMI.","publisher":{"@id":"https:\/\/www.organisator.ch\/#organization"},"potentialAction":[{"@type":"SearchAction","target":{"@type":"EntryPoint","urlTemplate":"https:\/\/www.organisator.ch\/?s={search_term_string}"},"query-input":{"@type":"PropertyValueSpecification","valueRequired":true,"valueName":"search_term_string"}}],"inLanguage":"it-IT"},{"@type":"Organization","@id":"https:\/\/www.organisator.ch\/#organization","name":"Organizzatore","url":"https:\/\/www.organisator.ch\/","logo":{"@type":"ImageObject","inLanguage":"it-IT","@id":"https:\/\/www.organisator.ch\/#\/schema\/logo\/image\/","url":"https:\/\/www.organisator.ch\/wp-content\/uploads\/2022\/01\/Logo_Organisator_Website.png","contentUrl":"https:\/\/www.organisator.ch\/wp-content\/uploads\/2022\/01\/Logo_Organisator_Website.png","width":800,"height":77,"caption":"Organisator"},"image":{"@id":"https:\/\/www.organisator.ch\/#\/schema\/logo\/image\/"},"sameAs":["https:\/\/www.facebook.com\/OrganisatorFachmagazin","https:\/\/www.linkedin.com\/showcase\/organisator-das-magazin-fr-kmu","https:\/\/www.xing.com\/news\/pages\/organisator-ch-695","https:\/\/www.youtube.com\/channel\/UCGP2Sq0iWaZwT3BdIAQFYpw"]}]}},"_links":{"self":[{"href":"https:\/\/www.organisator.ch\/it\/wp-json\/wp\/v2\/product\/14070","targetHints":{"allow":["GET"]}}],"collection":[{"href":"https:\/\/www.organisator.ch\/it\/wp-json\/wp\/v2\/product"}],"about":[{"href":"https:\/\/www.organisator.ch\/it\/wp-json\/wp\/v2\/types\/product"}],"wp:featuredmedia":[{"embeddable":true,"href":"https:\/\/www.organisator.ch\/it\/wp-json\/wp\/v2\/media\/14072"}],"wp:attachment":[{"href":"https:\/\/www.organisator.ch\/it\/wp-json\/wp\/v2\/media?parent=14070"}],"wp:term":[{"taxonomy":"product_brand","embeddable":true,"href":"https:\/\/www.organisator.ch\/it\/wp-json\/wp\/v2\/product_brand?post=14070"},{"taxonomy":"product_cat","embeddable":true,"href":"https:\/\/www.organisator.ch\/it\/wp-json\/wp\/v2\/product_cat?post=14070"},{"taxonomy":"product_tag","embeddable":true,"href":"https:\/\/www.organisator.ch\/it\/wp-json\/wp\/v2\/product_tag?post=14070"}],"curies":[{"name":"wp","href":"https:\/\/api.w.org\/{rel}","templated":true}]}}