{"id":14916,"date":"2022-06-16T07:40:45","date_gmt":"2022-06-16T05:40:45","guid":{"rendered":"https:\/\/www.organisator.ch\/?post_type=product&#038;p=14916"},"modified":"2022-06-16T07:40:45","modified_gmt":"2022-06-16T05:40:45","slug":"organisator-ausgabe-9-1996","status":"publish","type":"product","link":"https:\/\/www.organisator.ch\/it\/produkt\/organisator-ausgabe-9-1996\/","title":{"rendered":"Organizzatore Numero 9\/1996"},"content":{"rendered":"<h2>TRASFORMATE I VOSTRI DIPENDENTI IN CO-IMPRENDITORI!<\/h2>\n<p>Coinvolgete i vostri dipendenti nell'azienda. Non \u00e8 necessario distribuire azioni o rassegnare le proprie dimissioni. Basta ripensarci! Franz Schnyder vuole proteggervi da una falsit\u00e0: Non pensate sempre prima ai soldi!  Heidi Haas e Helmut Muthers portano \"istruzioni e ricette\" per imprenditori e futuri co-imprenditori: avere successo insieme Siegmar Baumann si concentra sui killer della responsabilit\u00e0: nessuno pensa?<\/p>\n<h3>\nL'\"IMPRENDITORIA D'AVVENTURA<\/h3>\n<p>Hans-Peter Zimmermann, nel secondo episodio della serie \u00abGrande successo nelle piccole imprese\u00bb, spiega in modo convincente che c'\u00e8 qualcos'altro...: cosa c'entrano i sogni con il successo?  E la giovane imprenditrice Isabella Guidi ribadisce: quello che puoi sognare, puoi anche realizzarlo!\u00a0 Resta solo l'invito, che Hans Ulrich Kunz fa proprio: fatelo! A questo proposito, ecco una ricetta di Fran\u00e7ois Loeb per i grandi comuni che vogliono sostenere i propri cittadini intraprendenti: centri di incubazione per giovani imprese.<\/p>\n<h3>\nCOMUNICAZIONE. LEADERSHIP DEI DIPENDENTI, ESSERE UMANI<\/h3>\n<p>Wolf H\u00f6nig sull'onest\u00e0 e l'apertura negli affari: La comunicazione interna non va confusa con l'ombrellino E se volete migliorare le vostre prestazioni, un consiglio per il seminario; Parlare e presentare meglio dopo un giorno di formazione intensiva Ivo C. Claus e Karl Kellenberger traggono interessanti conclusioni da un simposio sulla dicotomia tecnologia\/leadership: Il direttore del personale sta diventando superfluo?  Gonsaiv K. Mainberger fa un paragone tra la statua di Baal e Challender nella sua rubrica \"Filosofia\" (7): dispositivi tecnici e oggetti sociali.<\/p>\n<h3>\nSUGGERIMENTI E IDEE PER IL VOSTRO MARKETING<\/h3>\n<ul>\n<li>Dieter Markwalder inizia una serie che vi sar\u00e0 utile: Relazioni con la stampa fai-da-te<\/li>\n<li>Elisabeth Stern e Daniel Marthaler: il comportamento ambientale d\u00e0 impulsi al marketing<\/li>\n<\/ul>\n<h3>\nFINANZIAMENTI PER AZIENDE E IMPRENDITORI<\/h3>\n<p>La sezione speciale dedicata alla salute finanziaria inizia a pagina Manfred Metz individua delle riserve nascoste nella vostra azienda: il denaro \u00e8 in magazzino invece che in banca? E se avete bisogno di denaro dalla banca prima di aver svuotato il magazzino, Hans-Peter Zimmermann sa come procurarselo: La ricetta: quando vado dal mio banchiere Daniel Hofmann e Lukas Rieder sul caso di studio \u2018Support AG: pianificazione delle prestazioni e delle finanze nelle piccole imprese Due contributi di W. Frenke! e P. Keller sulla contabilit\u00e0 degli investimenti: siete aggiornati? \/ L'archivio fornisce informazioni Stefan Heini: Controlling: lo strumento per finanze sane.<\/p>\n<h3>\nORGANIZZAZIONE, INFORMATICA, TECNOLOGIA D'UFFICIO<\/h3>\n<p>Franz X. Erni sull'auto-organizzazione e la filosofia del tempo: il tempo \u00e8 vita Martin Spaar e Marco Sulser presentano innovazioni software: Fresco di mercato Una nuova rubrica di Frank Taylor su Internet: La strategia dei fiori e delle api Novit\u00e0 interessanti in vista di Orbit 96:<\/p>\n<p>&nbsp;<\/p>\n<h3>SEZIONE INFO E SERVIZIO, RUBRICHE.<\/h3>\n<ul>\n<li>Cara lettrice, caro lettore, la parola \u00e8 vostra!<\/li>\n<li>La nuova rubrica di Christian Katz: Allenati...<\/li>\n<li>Club dei consulenti<\/li>\n<li>VPA Associazione dei professionisti del personale e della formazione.<\/li>\n<li>Idee-Suisse<\/li>\n<li>Psilog \u2013 Club degli utenti Psion della Svizzera<\/li>\n<\/ul>\n<h3>\nFormazione continua e letteratura specializzata<\/h3>\n<ul>\n<li>Corsi, seminari, eventi Le ultime pagine<\/li>\n<li>AGZ \u2013 Allerlei Gescheites Zeug (Tutto ci\u00f2 che \u00e8 intelligente) ErfolgsrezfiateJ\u00fcrJMeinehmeni<\/li>\n<\/ul>\n<p>&nbsp;<\/p>","protected":false},"excerpt":{"rendered":"<p>Ricevete la rivista specializzata in lingua tedesca \"organisator\" nel numero 9\/1996 come download in formato PDF con il seguente indice:<\/p>","protected":false},"featured_media":14918,"template":"","meta":{"_acf_changed":false,"articlekey":""},"product_brand":[],"product_cat":[546],"product_tag":[2963],"class_list":{"0":"post-14916","1":"product","2":"type-product","3":"status-publish","4":"has-post-thumbnail","6":"product_cat-einzelausgaben","7":"product_tag-2963","9":"first","10":"instock","11":"downloadable","12":"virtual","13":"taxable","14":"purchasable","15":"product-type-simple"},"acf":[],"yoast_head":"<!-- This site is optimized with the Yoast SEO plugin v27.4 - https:\/\/yoast.com\/product\/yoast-seo-wordpress\/ -->\n<title>Organisator Ausgabe 9\/1996 - Organisator<\/title>\n<meta name=\"description\" content=\"Erhalte die deutschsprachige Fachzeitschrift \u00aborganisator\u00bb in der Ausgabe 9\/1996 als PDF-Download mit nachfolgendem Inhaltsverzeichnis:\" \/>\n<meta name=\"robots\" content=\"index, follow, max-snippet:-1, max-image-preview:large, max-video-preview:-1\" \/>\n<link rel=\"canonical\" href=\"https:\/\/www.organisator.ch\/it\/prodotto\/organisator-ausgabe-9-1996\/\" \/>\n<meta property=\"og:locale\" content=\"it_IT\" \/>\n<meta property=\"og:type\" content=\"article\" \/>\n<meta property=\"og:title\" content=\"Organisator Ausgabe 9\/1996 - Organisator\" \/>\n<meta property=\"og:description\" content=\"Erhalte die deutschsprachige Fachzeitschrift \u00aborganisator\u00bb in der Ausgabe 9\/1996 als PDF-Download mit nachfolgendem Inhaltsverzeichnis:\" \/>\n<meta property=\"og:url\" content=\"https:\/\/www.organisator.ch\/it\/prodotto\/organisator-ausgabe-9-1996\/\" \/>\n<meta property=\"og:site_name\" content=\"Organisator\" \/>\n<meta property=\"article:publisher\" content=\"https:\/\/www.facebook.com\/OrganisatorFachmagazin\" \/>\n<meta property=\"og:image\" content=\"https:\/\/www.organisator.ch\/wp-content\/uploads\/2022\/06\/organisator_1996_9.png\" \/>\n\t<meta property=\"og:image:width\" content=\"654\" \/>\n\t<meta property=\"og:image:height\" content=\"370\" \/>\n\t<meta property=\"og:image:type\" content=\"image\/png\" \/>\n<meta name=\"twitter:card\" content=\"summary_large_image\" \/>\n<script type=\"application\/ld+json\" class=\"yoast-schema-graph\">{\"@context\":\"https:\\\/\\\/schema.org\",\"@graph\":[{\"@type\":\"WebPage\",\"@id\":\"https:\\\/\\\/www.organisator.ch\\\/fr\\\/produit\\\/organisator-ausgabe-9-1996\\\/\",\"url\":\"https:\\\/\\\/www.organisator.ch\\\/fr\\\/produit\\\/organisator-ausgabe-9-1996\\\/\",\"name\":\"Organisator Ausgabe 9\\\/1996 - Organisator\",\"isPartOf\":{\"@id\":\"https:\\\/\\\/www.organisator.ch\\\/#website\"},\"primaryImageOfPage\":{\"@id\":\"https:\\\/\\\/www.organisator.ch\\\/fr\\\/produit\\\/organisator-ausgabe-9-1996\\\/#primaryimage\"},\"image\":{\"@id\":\"https:\\\/\\\/www.organisator.ch\\\/fr\\\/produit\\\/organisator-ausgabe-9-1996\\\/#primaryimage\"},\"thumbnailUrl\":\"https:\\\/\\\/www.organisator.ch\\\/wp-content\\\/uploads\\\/2022\\\/06\\\/organisator_1996_9.png\",\"datePublished\":\"2022-06-16T05:40:45+00:00\",\"description\":\"Erhalte die deutschsprachige Fachzeitschrift \u00aborganisator\u00bb in der Ausgabe 9\\\/1996 als PDF-Download mit nachfolgendem Inhaltsverzeichnis:\",\"breadcrumb\":{\"@id\":\"https:\\\/\\\/www.organisator.ch\\\/fr\\\/produit\\\/organisator-ausgabe-9-1996\\\/#breadcrumb\"},\"inLanguage\":\"it-IT\",\"potentialAction\":[{\"@type\":\"ReadAction\",\"target\":[\"https:\\\/\\\/www.organisator.ch\\\/fr\\\/produit\\\/organisator-ausgabe-9-1996\\\/\"]}]},{\"@type\":\"ImageObject\",\"inLanguage\":\"it-IT\",\"@id\":\"https:\\\/\\\/www.organisator.ch\\\/fr\\\/produit\\\/organisator-ausgabe-9-1996\\\/#primaryimage\",\"url\":\"https:\\\/\\\/www.organisator.ch\\\/wp-content\\\/uploads\\\/2022\\\/06\\\/organisator_1996_9.png\",\"contentUrl\":\"https:\\\/\\\/www.organisator.ch\\\/wp-content\\\/uploads\\\/2022\\\/06\\\/organisator_1996_9.png\",\"width\":654,\"height\":370},{\"@type\":\"BreadcrumbList\",\"@id\":\"https:\\\/\\\/www.organisator.ch\\\/fr\\\/produit\\\/organisator-ausgabe-9-1996\\\/#breadcrumb\",\"itemListElement\":[{\"@type\":\"ListItem\",\"position\":1,\"name\":\"Home\",\"item\":\"https:\\\/\\\/www.organisator.ch\\\/\"},{\"@type\":\"ListItem\",\"position\":2,\"name\":\"Shop\",\"item\":\"https:\\\/\\\/www.organisator.ch\\\/fr\\\/shop\\\/\"},{\"@type\":\"ListItem\",\"position\":3,\"name\":\"Organisator Ausgabe 9\\\/1996\"}]},{\"@type\":\"WebSite\",\"@id\":\"https:\\\/\\\/www.organisator.ch\\\/#website\",\"url\":\"https:\\\/\\\/www.organisator.ch\\\/\",\"name\":\"Organisator\",\"description\":\"Kompetent. Praxisnah. Der ORGANISATOR bereitet in 10 Ausgaben pro Jahr die wesentlichen Themen f\u00fcr F\u00fchrungskr\u00e4fte von KMU auf.\",\"publisher\":{\"@id\":\"https:\\\/\\\/www.organisator.ch\\\/#organization\"},\"potentialAction\":[{\"@type\":\"SearchAction\",\"target\":{\"@type\":\"EntryPoint\",\"urlTemplate\":\"https:\\\/\\\/www.organisator.ch\\\/?s={search_term_string}\"},\"query-input\":{\"@type\":\"PropertyValueSpecification\",\"valueRequired\":true,\"valueName\":\"search_term_string\"}}],\"inLanguage\":\"it-IT\"},{\"@type\":\"Organization\",\"@id\":\"https:\\\/\\\/www.organisator.ch\\\/#organization\",\"name\":\"Organisator\",\"url\":\"https:\\\/\\\/www.organisator.ch\\\/\",\"logo\":{\"@type\":\"ImageObject\",\"inLanguage\":\"it-IT\",\"@id\":\"https:\\\/\\\/www.organisator.ch\\\/#\\\/schema\\\/logo\\\/image\\\/\",\"url\":\"https:\\\/\\\/www.organisator.ch\\\/wp-content\\\/uploads\\\/2022\\\/01\\\/Logo_Organisator_Website.png\",\"contentUrl\":\"https:\\\/\\\/www.organisator.ch\\\/wp-content\\\/uploads\\\/2022\\\/01\\\/Logo_Organisator_Website.png\",\"width\":800,\"height\":77,\"caption\":\"Organisator\"},\"image\":{\"@id\":\"https:\\\/\\\/www.organisator.ch\\\/#\\\/schema\\\/logo\\\/image\\\/\"},\"sameAs\":[\"https:\\\/\\\/www.facebook.com\\\/OrganisatorFachmagazin\",\"https:\\\/\\\/www.linkedin.com\\\/showcase\\\/organisator-das-magazin-fr-kmu\",\"https:\\\/\\\/www.xing.com\\\/news\\\/pages\\\/organisator-ch-695\",\"https:\\\/\\\/www.youtube.com\\\/channel\\\/UCGP2Sq0iWaZwT3BdIAQFYpw\"]}]}<\/script>\n<!-- \/ Yoast SEO plugin. -->","yoast_head_json":{"title":"Organizzatore Numero 9\/1996 - Organizzatore","description":"Ricevete la rivista specializzata in lingua tedesca \"organisator\" nel numero 9\/1996 come download in formato PDF con il seguente indice:","robots":{"index":"index","follow":"follow","max-snippet":"max-snippet:-1","max-image-preview":"max-image-preview:large","max-video-preview":"max-video-preview:-1"},"canonical":"https:\/\/www.organisator.ch\/it\/prodotto\/organisator-ausgabe-9-1996\/","og_locale":"it_IT","og_type":"article","og_title":"Organisator Ausgabe 9\/1996 - Organisator","og_description":"Erhalte die deutschsprachige Fachzeitschrift \u00aborganisator\u00bb in der Ausgabe 9\/1996 als PDF-Download mit nachfolgendem Inhaltsverzeichnis:","og_url":"https:\/\/www.organisator.ch\/it\/prodotto\/organisator-ausgabe-9-1996\/","og_site_name":"Organisator","article_publisher":"https:\/\/www.facebook.com\/OrganisatorFachmagazin","og_image":[{"width":654,"height":370,"url":"https:\/\/www.organisator.ch\/wp-content\/uploads\/2022\/06\/organisator_1996_9.png","type":"image\/png"}],"twitter_card":"summary_large_image","schema":{"@context":"https:\/\/schema.org","@graph":[{"@type":"WebPage","@id":"https:\/\/www.organisator.ch\/fr\/produit\/organisator-ausgabe-9-1996\/","url":"https:\/\/www.organisator.ch\/fr\/produit\/organisator-ausgabe-9-1996\/","name":"Organizzatore Numero 9\/1996 - Organizzatore","isPartOf":{"@id":"https:\/\/www.organisator.ch\/#website"},"primaryImageOfPage":{"@id":"https:\/\/www.organisator.ch\/fr\/produit\/organisator-ausgabe-9-1996\/#primaryimage"},"image":{"@id":"https:\/\/www.organisator.ch\/fr\/produit\/organisator-ausgabe-9-1996\/#primaryimage"},"thumbnailUrl":"https:\/\/www.organisator.ch\/wp-content\/uploads\/2022\/06\/organisator_1996_9.png","datePublished":"2022-06-16T05:40:45+00:00","description":"Ricevete la rivista specializzata in lingua tedesca \"organisator\" nel numero 9\/1996 come download in formato PDF con il seguente indice:","breadcrumb":{"@id":"https:\/\/www.organisator.ch\/fr\/produit\/organisator-ausgabe-9-1996\/#breadcrumb"},"inLanguage":"it-IT","potentialAction":[{"@type":"ReadAction","target":["https:\/\/www.organisator.ch\/fr\/produit\/organisator-ausgabe-9-1996\/"]}]},{"@type":"ImageObject","inLanguage":"it-IT","@id":"https:\/\/www.organisator.ch\/fr\/produit\/organisator-ausgabe-9-1996\/#primaryimage","url":"https:\/\/www.organisator.ch\/wp-content\/uploads\/2022\/06\/organisator_1996_9.png","contentUrl":"https:\/\/www.organisator.ch\/wp-content\/uploads\/2022\/06\/organisator_1996_9.png","width":654,"height":370},{"@type":"BreadcrumbList","@id":"https:\/\/www.organisator.ch\/fr\/produit\/organisator-ausgabe-9-1996\/#breadcrumb","itemListElement":[{"@type":"ListItem","position":1,"name":"Home","item":"https:\/\/www.organisator.ch\/"},{"@type":"ListItem","position":2,"name":"Shop","item":"https:\/\/www.organisator.ch\/fr\/shop\/"},{"@type":"ListItem","position":3,"name":"Organisator Ausgabe 9\/1996"}]},{"@type":"WebSite","@id":"https:\/\/www.organisator.ch\/#website","url":"https:\/\/www.organisator.ch\/","name":"Organizzatore","description":"Competente. Pratico. In 10 numeri all'anno, ORGANISATOR presenta i temi essenziali per i manager delle PMI.","publisher":{"@id":"https:\/\/www.organisator.ch\/#organization"},"potentialAction":[{"@type":"SearchAction","target":{"@type":"EntryPoint","urlTemplate":"https:\/\/www.organisator.ch\/?s={search_term_string}"},"query-input":{"@type":"PropertyValueSpecification","valueRequired":true,"valueName":"search_term_string"}}],"inLanguage":"it-IT"},{"@type":"Organization","@id":"https:\/\/www.organisator.ch\/#organization","name":"Organizzatore","url":"https:\/\/www.organisator.ch\/","logo":{"@type":"ImageObject","inLanguage":"it-IT","@id":"https:\/\/www.organisator.ch\/#\/schema\/logo\/image\/","url":"https:\/\/www.organisator.ch\/wp-content\/uploads\/2022\/01\/Logo_Organisator_Website.png","contentUrl":"https:\/\/www.organisator.ch\/wp-content\/uploads\/2022\/01\/Logo_Organisator_Website.png","width":800,"height":77,"caption":"Organisator"},"image":{"@id":"https:\/\/www.organisator.ch\/#\/schema\/logo\/image\/"},"sameAs":["https:\/\/www.facebook.com\/OrganisatorFachmagazin","https:\/\/www.linkedin.com\/showcase\/organisator-das-magazin-fr-kmu","https:\/\/www.xing.com\/news\/pages\/organisator-ch-695","https:\/\/www.youtube.com\/channel\/UCGP2Sq0iWaZwT3BdIAQFYpw"]}]}},"_links":{"self":[{"href":"https:\/\/www.organisator.ch\/it\/wp-json\/wp\/v2\/product\/14916","targetHints":{"allow":["GET"]}}],"collection":[{"href":"https:\/\/www.organisator.ch\/it\/wp-json\/wp\/v2\/product"}],"about":[{"href":"https:\/\/www.organisator.ch\/it\/wp-json\/wp\/v2\/types\/product"}],"wp:featuredmedia":[{"embeddable":true,"href":"https:\/\/www.organisator.ch\/it\/wp-json\/wp\/v2\/media\/14918"}],"wp:attachment":[{"href":"https:\/\/www.organisator.ch\/it\/wp-json\/wp\/v2\/media?parent=14916"}],"wp:term":[{"taxonomy":"product_brand","embeddable":true,"href":"https:\/\/www.organisator.ch\/it\/wp-json\/wp\/v2\/product_brand?post=14916"},{"taxonomy":"product_cat","embeddable":true,"href":"https:\/\/www.organisator.ch\/it\/wp-json\/wp\/v2\/product_cat?post=14916"},{"taxonomy":"product_tag","embeddable":true,"href":"https:\/\/www.organisator.ch\/it\/wp-json\/wp\/v2\/product_tag?post=14916"}],"curies":[{"name":"wp","href":"https:\/\/api.w.org\/{rel}","templated":true}]}}