{"id":14948,"date":"2022-06-16T09:51:21","date_gmt":"2022-06-16T07:51:21","guid":{"rendered":"https:\/\/www.organisator.ch\/?post_type=product&#038;p=14948"},"modified":"2022-06-16T09:51:22","modified_gmt":"2022-06-16T07:51:22","slug":"organisator-ausgabe-1-2-1996","status":"publish","type":"product","link":"https:\/\/www.organisator.ch\/it\/produkt\/organisator-ausgabe-1-2-1996\/","title":{"rendered":"Organizzatore Numero 1-2\/1996"},"content":{"rendered":"<h2>CONSIGLIO DI AMMINISTRAZIONE\/DIRETTIVO, OPPOSTI E PUNTI IN COMUNE<\/h2>\n<p>Felix R. Wunderer descrive nel suo approfondito articolo: La posizione chiave del presidente del consiglio di amministrazione<br \/>\nWalo St\u00e4hlin sui problemi e le opportunit\u00e0 specifici: il consiglio di amministrazione esterno nell'azienda familiare<\/p>\n<p>&nbsp;<\/p>\n<h3>GOVERNANCE AZIENDALE<\/h3>\n<p>Veronika Bellone ha intervistato Ursula Gut, direttrice di Interbaby: \u00abE all'improvviso ti ritrovi imprenditrice\u00bb<br \/>\nAl Gateway 96 (dal 20 al 22 giugno) troverete 1000 risposte alla domanda: come posso mettermi in proprio?<br \/>\nKerstin Friedrich e Lothar J. Seiwert, serie su EKS (10): la cooperazione come chiave del successo<\/p>\n<h3>\nCOMUNICAZIONE<\/h3>\n<p>Martin Zenh\u00e4usern: Come i leader (non) comunicano, Hans Ulrich Kunz sul suo nuovo libro Team Actions: Troppi pensano troppo e fanno troppo poco<\/p>\n<h3>\nUMANIT\u00c0<\/h3>\n<p>La nuova rubrica di Gonsaiv K. Mainberger \"Filosofia\": invito al tavolo della filosofia<\/p>\n<h3>\nSUPPLEMENTO: FINANZIARIO<\/h3>\n<p>La rivista FINANZEN per aziende e imprenditori: questa volta dedicata in particolare a tasse, controlling, software di contabilit\u00e0 finanziaria e<br \/>\nGestione finanziaria nello studio medico.<\/p>\n<p>&nbsp;<\/p>\n<h3>ORGANIZZAZIONE \/ INFORMATICA \/ TELECOMUNICAZIONI<\/h3>\n<p>Frank Taylor presenta la Networking University 96 e il seminario ORGANISATOR che si terr\u00e0 in tale contesto:<br \/>\nDi quanta informatica ha bisogno una piccola e media impresa?<br \/>\nRoman Rosenstein continua ad aiutare con CompuSurfen (3): la registrazione a CompuServe<br \/>\nMartin Spaar, Marc Siegel: Fresco dal mercato \u2013 Nuovo software<\/p>\n<h3>\nMARKETING<\/h3>\n<p>Rene Gilgen, Hans Peter Wehrli sul marketing relazionale, caso di studio IBM: la strada verso il successo passa attraverso le relazioni.<br \/>\nThomas Greber sulla preparazione alla stagione fieristica primaverile: le fiere non sono un terreno di gioco per dilettanti.<br \/>\nBernd LeMar-Klughardt: Importanza diversa del marketing per la generazione dei fondatori e quella dei successori.<\/p>\n<h3>\nCONSULTAZIONE<\/h3>\n<ul>\n<li>Benno Paglia fornisce consigli sulla valutazione di un consulente di gestione:<\/li>\n<li>La strada giusta per il giusto consulente<\/li>\n<li>Siete alla ricerca di un consulente di gestione?<\/li>\n<\/ul>\n<p>&nbsp;<\/p>\n<h3>SEZIONE INFO E SERVIZIO, RUBRICHE<\/h3>\n<ul>\n<li>L'ORGANIZZATORE in dialogo: Caro lettore<\/li>\n<li>Novit\u00e0, Notizie<\/li>\n<li>Persone, aziende e organizzazioni<\/li>\n<li>Le storie quotidiane di Claudia Marbach<\/li>\n<\/ul>\n<h3>\nOrganizzatore di club<\/h3>\n<p>Il Super Abbonamento<\/p>\n<h3>\nClub e associazioni<\/h3>\n<ul>\n<li>Club dei consulenti<\/li>\n<li>Club dell'efficienza<\/li>\n<li>HWV \u00d6lten: 7a Conferenza svizzera dei responsabili delle risorse umane<\/li>\n<li>Idee-Suisse<\/li>\n<li>Psilog \u2013 PsiloGate arriva su Internet<\/li>\n<li>VPA Associazione dei professionisti del personale e della formazione<\/li>\n<\/ul>\n<h3>\nFormazione continua e letteratura specializzata<\/h3>\n<p>Corsi, seminari, eventi Nuove pubblicazioni degne di nota<\/p>\n<h3>\nLe ultime pagine<\/h3>\n<p>Anteprima dei prossimi numeri, elenco degli inserzionisti<br \/>\nIl vostro centro di competenza e beneficio; Imprint<\/p>","protected":false},"excerpt":{"rendered":"<p>Ricevete la rivista specializzata in lingua tedesca \"organisator\" nel numero 1-2\/1996 come download in formato PDF con il seguente indice:<\/p>","protected":false},"featured_media":14950,"template":"","meta":{"_acf_changed":false,"articlekey":""},"product_brand":[],"product_cat":[546],"product_tag":[2963],"class_list":{"0":"post-14948","1":"product","2":"type-product","3":"status-publish","4":"has-post-thumbnail","6":"product_cat-einzelausgaben","7":"product_tag-2963","9":"first","10":"instock","11":"downloadable","12":"virtual","13":"taxable","14":"purchasable","15":"product-type-simple"},"acf":[],"yoast_head":"<!-- This site is optimized with the Yoast SEO plugin v27.4 - https:\/\/yoast.com\/product\/yoast-seo-wordpress\/ -->\n<title>Organisator Ausgabe 1-2\/1996 - Organisator<\/title>\n<meta name=\"description\" content=\"Erhalte die deutschsprachige Fachzeitschrift \u00aborganisator\u00bb in der Ausgabe 1-2\/1996 als PDF-Download mit nachfolgendem Inhaltsverzeichnis:\" \/>\n<meta name=\"robots\" content=\"index, follow, max-snippet:-1, max-image-preview:large, max-video-preview:-1\" \/>\n<link rel=\"canonical\" href=\"https:\/\/www.organisator.ch\/it\/prodotto\/organisator-ausgabe-1-2-1996\/\" \/>\n<meta property=\"og:locale\" content=\"it_IT\" \/>\n<meta property=\"og:type\" content=\"article\" \/>\n<meta property=\"og:title\" content=\"Organisator Ausgabe 1-2\/1996 - Organisator\" \/>\n<meta property=\"og:description\" content=\"Erhalte die deutschsprachige Fachzeitschrift \u00aborganisator\u00bb in der Ausgabe 1-2\/1996 als PDF-Download mit nachfolgendem Inhaltsverzeichnis:\" \/>\n<meta property=\"og:url\" content=\"https:\/\/www.organisator.ch\/it\/prodotto\/organisator-ausgabe-1-2-1996\/\" \/>\n<meta property=\"og:site_name\" content=\"Organisator\" \/>\n<meta property=\"article:publisher\" content=\"https:\/\/www.facebook.com\/OrganisatorFachmagazin\" \/>\n<meta property=\"article:modified_time\" content=\"2022-06-16T07:51:22+00:00\" \/>\n<meta property=\"og:image\" content=\"https:\/\/www.organisator.ch\/wp-content\/uploads\/2022\/06\/organisator_1996_1-2.png\" \/>\n\t<meta property=\"og:image:width\" content=\"654\" \/>\n\t<meta property=\"og:image:height\" content=\"370\" \/>\n\t<meta property=\"og:image:type\" content=\"image\/png\" \/>\n<meta name=\"twitter:card\" content=\"summary_large_image\" \/>\n<script type=\"application\/ld+json\" class=\"yoast-schema-graph\">{\"@context\":\"https:\\\/\\\/schema.org\",\"@graph\":[{\"@type\":\"WebPage\",\"@id\":\"https:\\\/\\\/www.organisator.ch\\\/de\\\/produkt\\\/organisator-ausgabe-1-2-1996\\\/\",\"url\":\"https:\\\/\\\/www.organisator.ch\\\/de\\\/produkt\\\/organisator-ausgabe-1-2-1996\\\/\",\"name\":\"Organisator Ausgabe 1-2\\\/1996 - Organisator\",\"isPartOf\":{\"@id\":\"https:\\\/\\\/www.organisator.ch\\\/#website\"},\"primaryImageOfPage\":{\"@id\":\"https:\\\/\\\/www.organisator.ch\\\/de\\\/produkt\\\/organisator-ausgabe-1-2-1996\\\/#primaryimage\"},\"image\":{\"@id\":\"https:\\\/\\\/www.organisator.ch\\\/de\\\/produkt\\\/organisator-ausgabe-1-2-1996\\\/#primaryimage\"},\"thumbnailUrl\":\"https:\\\/\\\/www.organisator.ch\\\/wp-content\\\/uploads\\\/2022\\\/06\\\/organisator_1996_1-2.png\",\"datePublished\":\"2022-06-16T07:51:21+00:00\",\"dateModified\":\"2022-06-16T07:51:22+00:00\",\"description\":\"Erhalte die deutschsprachige Fachzeitschrift \u00aborganisator\u00bb in der Ausgabe 1-2\\\/1996 als PDF-Download mit nachfolgendem Inhaltsverzeichnis:\",\"breadcrumb\":{\"@id\":\"https:\\\/\\\/www.organisator.ch\\\/de\\\/produkt\\\/organisator-ausgabe-1-2-1996\\\/#breadcrumb\"},\"inLanguage\":\"it-IT\",\"potentialAction\":[{\"@type\":\"ReadAction\",\"target\":[\"https:\\\/\\\/www.organisator.ch\\\/de\\\/produkt\\\/organisator-ausgabe-1-2-1996\\\/\"]}]},{\"@type\":\"ImageObject\",\"inLanguage\":\"it-IT\",\"@id\":\"https:\\\/\\\/www.organisator.ch\\\/de\\\/produkt\\\/organisator-ausgabe-1-2-1996\\\/#primaryimage\",\"url\":\"https:\\\/\\\/www.organisator.ch\\\/wp-content\\\/uploads\\\/2022\\\/06\\\/organisator_1996_1-2.png\",\"contentUrl\":\"https:\\\/\\\/www.organisator.ch\\\/wp-content\\\/uploads\\\/2022\\\/06\\\/organisator_1996_1-2.png\",\"width\":654,\"height\":370},{\"@type\":\"BreadcrumbList\",\"@id\":\"https:\\\/\\\/www.organisator.ch\\\/de\\\/produkt\\\/organisator-ausgabe-1-2-1996\\\/#breadcrumb\",\"itemListElement\":[{\"@type\":\"ListItem\",\"position\":1,\"name\":\"Home\",\"item\":\"https:\\\/\\\/www.organisator.ch\\\/\"},{\"@type\":\"ListItem\",\"position\":2,\"name\":\"Shop\",\"item\":\"https:\\\/\\\/www.organisator.ch\\\/fr\\\/shop\\\/\"},{\"@type\":\"ListItem\",\"position\":3,\"name\":\"Organisator Ausgabe 1-2\\\/1996\"}]},{\"@type\":\"WebSite\",\"@id\":\"https:\\\/\\\/www.organisator.ch\\\/#website\",\"url\":\"https:\\\/\\\/www.organisator.ch\\\/\",\"name\":\"Organisator\",\"description\":\"Kompetent. Praxisnah. Der ORGANISATOR bereitet in 10 Ausgaben pro Jahr die wesentlichen Themen f\u00fcr F\u00fchrungskr\u00e4fte von KMU auf.\",\"publisher\":{\"@id\":\"https:\\\/\\\/www.organisator.ch\\\/#organization\"},\"potentialAction\":[{\"@type\":\"SearchAction\",\"target\":{\"@type\":\"EntryPoint\",\"urlTemplate\":\"https:\\\/\\\/www.organisator.ch\\\/?s={search_term_string}\"},\"query-input\":{\"@type\":\"PropertyValueSpecification\",\"valueRequired\":true,\"valueName\":\"search_term_string\"}}],\"inLanguage\":\"it-IT\"},{\"@type\":\"Organization\",\"@id\":\"https:\\\/\\\/www.organisator.ch\\\/#organization\",\"name\":\"Organisator\",\"url\":\"https:\\\/\\\/www.organisator.ch\\\/\",\"logo\":{\"@type\":\"ImageObject\",\"inLanguage\":\"it-IT\",\"@id\":\"https:\\\/\\\/www.organisator.ch\\\/#\\\/schema\\\/logo\\\/image\\\/\",\"url\":\"https:\\\/\\\/www.organisator.ch\\\/wp-content\\\/uploads\\\/2022\\\/01\\\/Logo_Organisator_Website.png\",\"contentUrl\":\"https:\\\/\\\/www.organisator.ch\\\/wp-content\\\/uploads\\\/2022\\\/01\\\/Logo_Organisator_Website.png\",\"width\":800,\"height\":77,\"caption\":\"Organisator\"},\"image\":{\"@id\":\"https:\\\/\\\/www.organisator.ch\\\/#\\\/schema\\\/logo\\\/image\\\/\"},\"sameAs\":[\"https:\\\/\\\/www.facebook.com\\\/OrganisatorFachmagazin\",\"https:\\\/\\\/www.linkedin.com\\\/showcase\\\/organisator-das-magazin-fr-kmu\",\"https:\\\/\\\/www.xing.com\\\/news\\\/pages\\\/organisator-ch-695\",\"https:\\\/\\\/www.youtube.com\\\/channel\\\/UCGP2Sq0iWaZwT3BdIAQFYpw\"]}]}<\/script>\n<!-- \/ Yoast SEO plugin. -->","yoast_head_json":{"title":"Numero 1-2\/1996 dell'Organizzatore - Organizzatore","description":"Ricevete la rivista specializzata in lingua tedesca \"organisator\" nel numero 1-2\/1996 come download in formato PDF con il seguente indice:","robots":{"index":"index","follow":"follow","max-snippet":"max-snippet:-1","max-image-preview":"max-image-preview:large","max-video-preview":"max-video-preview:-1"},"canonical":"https:\/\/www.organisator.ch\/it\/prodotto\/organisator-ausgabe-1-2-1996\/","og_locale":"it_IT","og_type":"article","og_title":"Organisator Ausgabe 1-2\/1996 - Organisator","og_description":"Erhalte die deutschsprachige Fachzeitschrift \u00aborganisator\u00bb in der Ausgabe 1-2\/1996 als PDF-Download mit nachfolgendem Inhaltsverzeichnis:","og_url":"https:\/\/www.organisator.ch\/it\/prodotto\/organisator-ausgabe-1-2-1996\/","og_site_name":"Organisator","article_publisher":"https:\/\/www.facebook.com\/OrganisatorFachmagazin","article_modified_time":"2022-06-16T07:51:22+00:00","og_image":[{"width":654,"height":370,"url":"https:\/\/www.organisator.ch\/wp-content\/uploads\/2022\/06\/organisator_1996_1-2.png","type":"image\/png"}],"twitter_card":"summary_large_image","schema":{"@context":"https:\/\/schema.org","@graph":[{"@type":"WebPage","@id":"https:\/\/www.organisator.ch\/de\/produkt\/organisator-ausgabe-1-2-1996\/","url":"https:\/\/www.organisator.ch\/de\/produkt\/organisator-ausgabe-1-2-1996\/","name":"Numero 1-2\/1996 dell'Organizzatore - Organizzatore","isPartOf":{"@id":"https:\/\/www.organisator.ch\/#website"},"primaryImageOfPage":{"@id":"https:\/\/www.organisator.ch\/de\/produkt\/organisator-ausgabe-1-2-1996\/#primaryimage"},"image":{"@id":"https:\/\/www.organisator.ch\/de\/produkt\/organisator-ausgabe-1-2-1996\/#primaryimage"},"thumbnailUrl":"https:\/\/www.organisator.ch\/wp-content\/uploads\/2022\/06\/organisator_1996_1-2.png","datePublished":"2022-06-16T07:51:21+00:00","dateModified":"2022-06-16T07:51:22+00:00","description":"Ricevete la rivista specializzata in lingua tedesca \"organisator\" nel numero 1-2\/1996 come download in formato PDF con il seguente indice:","breadcrumb":{"@id":"https:\/\/www.organisator.ch\/de\/produkt\/organisator-ausgabe-1-2-1996\/#breadcrumb"},"inLanguage":"it-IT","potentialAction":[{"@type":"ReadAction","target":["https:\/\/www.organisator.ch\/de\/produkt\/organisator-ausgabe-1-2-1996\/"]}]},{"@type":"ImageObject","inLanguage":"it-IT","@id":"https:\/\/www.organisator.ch\/de\/produkt\/organisator-ausgabe-1-2-1996\/#primaryimage","url":"https:\/\/www.organisator.ch\/wp-content\/uploads\/2022\/06\/organisator_1996_1-2.png","contentUrl":"https:\/\/www.organisator.ch\/wp-content\/uploads\/2022\/06\/organisator_1996_1-2.png","width":654,"height":370},{"@type":"BreadcrumbList","@id":"https:\/\/www.organisator.ch\/de\/produkt\/organisator-ausgabe-1-2-1996\/#breadcrumb","itemListElement":[{"@type":"ListItem","position":1,"name":"Home","item":"https:\/\/www.organisator.ch\/"},{"@type":"ListItem","position":2,"name":"Shop","item":"https:\/\/www.organisator.ch\/fr\/shop\/"},{"@type":"ListItem","position":3,"name":"Organisator Ausgabe 1-2\/1996"}]},{"@type":"WebSite","@id":"https:\/\/www.organisator.ch\/#website","url":"https:\/\/www.organisator.ch\/","name":"Organizzatore","description":"Competente. Pratico. In 10 numeri all'anno, ORGANISATOR presenta i temi essenziali per i manager delle PMI.","publisher":{"@id":"https:\/\/www.organisator.ch\/#organization"},"potentialAction":[{"@type":"SearchAction","target":{"@type":"EntryPoint","urlTemplate":"https:\/\/www.organisator.ch\/?s={search_term_string}"},"query-input":{"@type":"PropertyValueSpecification","valueRequired":true,"valueName":"search_term_string"}}],"inLanguage":"it-IT"},{"@type":"Organization","@id":"https:\/\/www.organisator.ch\/#organization","name":"Organizzatore","url":"https:\/\/www.organisator.ch\/","logo":{"@type":"ImageObject","inLanguage":"it-IT","@id":"https:\/\/www.organisator.ch\/#\/schema\/logo\/image\/","url":"https:\/\/www.organisator.ch\/wp-content\/uploads\/2022\/01\/Logo_Organisator_Website.png","contentUrl":"https:\/\/www.organisator.ch\/wp-content\/uploads\/2022\/01\/Logo_Organisator_Website.png","width":800,"height":77,"caption":"Organisator"},"image":{"@id":"https:\/\/www.organisator.ch\/#\/schema\/logo\/image\/"},"sameAs":["https:\/\/www.facebook.com\/OrganisatorFachmagazin","https:\/\/www.linkedin.com\/showcase\/organisator-das-magazin-fr-kmu","https:\/\/www.xing.com\/news\/pages\/organisator-ch-695","https:\/\/www.youtube.com\/channel\/UCGP2Sq0iWaZwT3BdIAQFYpw"]}]}},"_links":{"self":[{"href":"https:\/\/www.organisator.ch\/it\/wp-json\/wp\/v2\/product\/14948","targetHints":{"allow":["GET"]}}],"collection":[{"href":"https:\/\/www.organisator.ch\/it\/wp-json\/wp\/v2\/product"}],"about":[{"href":"https:\/\/www.organisator.ch\/it\/wp-json\/wp\/v2\/types\/product"}],"wp:featuredmedia":[{"embeddable":true,"href":"https:\/\/www.organisator.ch\/it\/wp-json\/wp\/v2\/media\/14950"}],"wp:attachment":[{"href":"https:\/\/www.organisator.ch\/it\/wp-json\/wp\/v2\/media?parent=14948"}],"wp:term":[{"taxonomy":"product_brand","embeddable":true,"href":"https:\/\/www.organisator.ch\/it\/wp-json\/wp\/v2\/product_brand?post=14948"},{"taxonomy":"product_cat","embeddable":true,"href":"https:\/\/www.organisator.ch\/it\/wp-json\/wp\/v2\/product_cat?post=14948"},{"taxonomy":"product_tag","embeddable":true,"href":"https:\/\/www.organisator.ch\/it\/wp-json\/wp\/v2\/product_tag?post=14948"}],"curies":[{"name":"wp","href":"https:\/\/api.w.org\/{rel}","templated":true}]}}