{"id":20318,"date":"2023-06-06T00:01:30","date_gmt":"2023-06-05T22:01:30","guid":{"rendered":"https:\/\/www.organisator.ch\/?post_type=product&#038;p=20318"},"modified":"2023-05-22T16:36:59","modified_gmt":"2023-05-22T14:36:59","slug":"organisator-ausgabe-5-6-2023","status":"publish","type":"product","link":"https:\/\/www.organisator.ch\/it\/produkt\/organisator-ausgabe-5-6-2023\/","title":{"rendered":"Numero dell'organizzatore 5-6\/2023"},"content":{"rendered":"<h2>Gestione<\/h2>\n<ul>\n<li>Perch\u00e9 i calzini non puzzino...<\/li>\n<li>Sfruttare l'intelligenza dello sciame<\/li>\n<li>La descrizione delle mansioni del segretario del CdA<\/li>\n<li>Migliorare la sensibilit\u00e0 alle crisi nei consigli di amministrazione<\/li>\n<li>Fondi pensione: Situazione attuale e ulteriori sviluppi<\/li>\n<li>2022: anno di investimenti horror per i fondi pensione<\/li>\n<li>AVS 21: effetti sulla previdenza professionale<\/li>\n<li>Separare risparmio e rischio<\/li>\n<li>Una holding ha senso per le PMI?<\/li>\n<\/ul>\n<h2>Eccellenza operativa<\/h2>\n<ul>\n<li>Lavorare in sicurezza in movimento con lo smartphone<\/li>\n<li>La legge sulla protezione dei dati: i compiti da svolgere per la gestione aziendale<\/li>\n<li>Guida autonoma: Preferita dagli uomini?<\/li>\n<\/ul>\n<h2>Marketing<\/h2>\n<ul>\n<li>Tra marketing, identit\u00e0 e cultura dei valori<\/li>\n<li>I costi nascosti della scarsa soddisfazione dei clienti<\/li>\n<\/ul>\n<h2>Risorse Umane<\/h2>\n<ul>\n<li>\"Il reclutamento \u00e8 un compito aziendale\"<\/li>\n<li>Come il nuovo lavoro combina esigenze economiche e sociali<\/li>\n<li>HR: Il reparto meno popolare dell'azienda?<\/li>\n<li>Influenzare la soddisfazione dei clienti con le risorse umane<\/li>\n<\/ul>\n<h2>Educazione continua<\/h2>\n<ul>\n<li>Investire in competenze cloud<\/li>\n<li>CAS Ricostruzione Ucraina: una visione che decolla<\/li>\n<\/ul>\n<h2>Sostenibilit\u00e0<\/h2>\n<ul>\n<li>Economia circolare nell'industria della stampa<\/li>\n<li>Economia circolare nel settore automobilistico<\/li>\n<li>\"I rifiuti sono diventati un materiale riciclabile\".<\/li>\n<\/ul>\n<h2>Gli amici<\/h2>\n<ul>\n<li>Notizie SVC: Forum economico dell'Emmental 2023<\/li>\n<li>Sostenibilit\u00e0 \"in movimento<\/li>\n<li>Forum \u00f6 2023: Nuovi percorsi o vecchi schemi?<\/li>\n<\/ul>\n<h2>Categoria<\/h2>\n<ul>\n<li>Scena<\/li>\n<li>Mercato<\/li>\n<li>Consigli per i libri<\/li>\n<li>La rubrica \"Hannes Manages<\/li>\n<li>Agenda<\/li>\n<\/ul>","protected":false},"excerpt":{"rendered":"<p>Ricevete la rivista specializzata in lingua tedesca \"Organisator\" nel numero 5-6\/2023 come download in formato PDF con il seguente indice:<\/p>","protected":false},"featured_media":20319,"template":"","meta":{"_acf_changed":false,"articlekey":""},"product_brand":[],"product_cat":[546],"product_tag":[3628],"class_list":{"0":"post-20318","1":"product","2":"type-product","3":"status-publish","4":"has-post-thumbnail","6":"product_cat-einzelausgaben","7":"product_tag-3628","9":"first","10":"instock","11":"downloadable","12":"virtual","13":"taxable","14":"purchasable","15":"product-type-simple"},"acf":[],"yoast_head":"<!-- This site is optimized with the Yoast SEO plugin v27.4 - https:\/\/yoast.com\/product\/yoast-seo-wordpress\/ -->\n<title>Organisator Ausgabe 5-6\/2023 - Organisator<\/title>\n<meta name=\"description\" content=\"Erhalte die deutschsprachige Fachzeitschrift \u00aborganisator\u00bb in der Organisator Ausgabe 10\/2021 als PDF-Download mit nachfolgendem Inhaltsverzeichnis:\" \/>\n<meta name=\"robots\" content=\"index, follow, max-snippet:-1, max-image-preview:large, max-video-preview:-1\" \/>\n<link rel=\"canonical\" href=\"https:\/\/www.organisator.ch\/it\/prodotto\/organisator-ausgabe-5-6-2023\/\" \/>\n<meta property=\"og:locale\" content=\"it_IT\" \/>\n<meta property=\"og:type\" content=\"article\" \/>\n<meta property=\"og:title\" content=\"Organisator Ausgabe 5-6\/2023 - Organisator\" \/>\n<meta property=\"og:description\" content=\"Erhalte die deutschsprachige Fachzeitschrift \u00aborganisator\u00bb in der Organisator Ausgabe 10\/2021 als PDF-Download mit nachfolgendem Inhaltsverzeichnis:\" \/>\n<meta property=\"og:url\" content=\"https:\/\/www.organisator.ch\/it\/prodotto\/organisator-ausgabe-5-6-2023\/\" \/>\n<meta property=\"og:site_name\" content=\"Organisator\" \/>\n<meta property=\"article:publisher\" content=\"https:\/\/www.facebook.com\/OrganisatorFachmagazin\" \/>\n<meta property=\"og:image\" content=\"https:\/\/www.organisator.ch\/wp-content\/uploads\/2023\/05\/Organisator-Ausgabe-5-6-2023.png\" \/>\n\t<meta property=\"og:image:width\" content=\"654\" \/>\n\t<meta property=\"og:image:height\" content=\"370\" \/>\n\t<meta property=\"og:image:type\" content=\"image\/png\" \/>\n<meta name=\"twitter:card\" content=\"summary_large_image\" \/>\n<script type=\"application\/ld+json\" class=\"yoast-schema-graph\">{\"@context\":\"https:\\\/\\\/schema.org\",\"@graph\":[{\"@type\":\"WebPage\",\"@id\":\"https:\\\/\\\/www.organisator.ch\\\/produkt\\\/organisator-ausgabe-5-6-2023\\\/\",\"url\":\"https:\\\/\\\/www.organisator.ch\\\/produkt\\\/organisator-ausgabe-5-6-2023\\\/\",\"name\":\"Organisator Ausgabe 5-6\\\/2023 - Organisator\",\"isPartOf\":{\"@id\":\"https:\\\/\\\/www.organisator.ch\\\/#website\"},\"primaryImageOfPage\":{\"@id\":\"https:\\\/\\\/www.organisator.ch\\\/produkt\\\/organisator-ausgabe-5-6-2023\\\/#primaryimage\"},\"image\":{\"@id\":\"https:\\\/\\\/www.organisator.ch\\\/produkt\\\/organisator-ausgabe-5-6-2023\\\/#primaryimage\"},\"thumbnailUrl\":\"https:\\\/\\\/www.organisator.ch\\\/wp-content\\\/uploads\\\/2023\\\/05\\\/Organisator-Ausgabe-5-6-2023.png\",\"datePublished\":\"2023-06-05T22:01:30+00:00\",\"description\":\"Erhalte die deutschsprachige Fachzeitschrift \u00aborganisator\u00bb in der Organisator Ausgabe 10\\\/2021 als PDF-Download mit nachfolgendem Inhaltsverzeichnis:\",\"breadcrumb\":{\"@id\":\"https:\\\/\\\/www.organisator.ch\\\/produkt\\\/organisator-ausgabe-5-6-2023\\\/#breadcrumb\"},\"inLanguage\":\"it-IT\",\"potentialAction\":[{\"@type\":\"ReadAction\",\"target\":[\"https:\\\/\\\/www.organisator.ch\\\/produkt\\\/organisator-ausgabe-5-6-2023\\\/\"]}]},{\"@type\":\"ImageObject\",\"inLanguage\":\"it-IT\",\"@id\":\"https:\\\/\\\/www.organisator.ch\\\/produkt\\\/organisator-ausgabe-5-6-2023\\\/#primaryimage\",\"url\":\"https:\\\/\\\/www.organisator.ch\\\/wp-content\\\/uploads\\\/2023\\\/05\\\/Organisator-Ausgabe-5-6-2023.png\",\"contentUrl\":\"https:\\\/\\\/www.organisator.ch\\\/wp-content\\\/uploads\\\/2023\\\/05\\\/Organisator-Ausgabe-5-6-2023.png\",\"width\":654,\"height\":370},{\"@type\":\"BreadcrumbList\",\"@id\":\"https:\\\/\\\/www.organisator.ch\\\/produkt\\\/organisator-ausgabe-5-6-2023\\\/#breadcrumb\",\"itemListElement\":[{\"@type\":\"ListItem\",\"position\":1,\"name\":\"Home\",\"item\":\"https:\\\/\\\/www.organisator.ch\\\/\"},{\"@type\":\"ListItem\",\"position\":2,\"name\":\"Shop\",\"item\":\"https:\\\/\\\/www.organisator.ch\\\/fr\\\/shop\\\/\"},{\"@type\":\"ListItem\",\"position\":3,\"name\":\"Organisator Ausgabe 5-6\\\/2023\"}]},{\"@type\":\"WebSite\",\"@id\":\"https:\\\/\\\/www.organisator.ch\\\/#website\",\"url\":\"https:\\\/\\\/www.organisator.ch\\\/\",\"name\":\"Organisator\",\"description\":\"Kompetent. Praxisnah. Der ORGANISATOR bereitet in 10 Ausgaben pro Jahr die wesentlichen Themen f\u00fcr F\u00fchrungskr\u00e4fte von KMU auf.\",\"publisher\":{\"@id\":\"https:\\\/\\\/www.organisator.ch\\\/#organization\"},\"potentialAction\":[{\"@type\":\"SearchAction\",\"target\":{\"@type\":\"EntryPoint\",\"urlTemplate\":\"https:\\\/\\\/www.organisator.ch\\\/?s={search_term_string}\"},\"query-input\":{\"@type\":\"PropertyValueSpecification\",\"valueRequired\":true,\"valueName\":\"search_term_string\"}}],\"inLanguage\":\"it-IT\"},{\"@type\":\"Organization\",\"@id\":\"https:\\\/\\\/www.organisator.ch\\\/#organization\",\"name\":\"Organisator\",\"url\":\"https:\\\/\\\/www.organisator.ch\\\/\",\"logo\":{\"@type\":\"ImageObject\",\"inLanguage\":\"it-IT\",\"@id\":\"https:\\\/\\\/www.organisator.ch\\\/#\\\/schema\\\/logo\\\/image\\\/\",\"url\":\"https:\\\/\\\/www.organisator.ch\\\/wp-content\\\/uploads\\\/2022\\\/01\\\/Logo_Organisator_Website.png\",\"contentUrl\":\"https:\\\/\\\/www.organisator.ch\\\/wp-content\\\/uploads\\\/2022\\\/01\\\/Logo_Organisator_Website.png\",\"width\":800,\"height\":77,\"caption\":\"Organisator\"},\"image\":{\"@id\":\"https:\\\/\\\/www.organisator.ch\\\/#\\\/schema\\\/logo\\\/image\\\/\"},\"sameAs\":[\"https:\\\/\\\/www.facebook.com\\\/OrganisatorFachmagazin\",\"https:\\\/\\\/www.linkedin.com\\\/showcase\\\/organisator-das-magazin-fr-kmu\",\"https:\\\/\\\/www.xing.com\\\/news\\\/pages\\\/organisator-ch-695\",\"https:\\\/\\\/www.youtube.com\\\/channel\\\/UCGP2Sq0iWaZwT3BdIAQFYpw\"]}]}<\/script>\n<!-- \/ Yoast SEO plugin. -->","yoast_head_json":{"title":"Numero dell'Organizzatore 5-6\/2023 - Organizzatore","description":"Ricevi la rivista specializzata in lingua tedesca \"organisator\" nel numero 10\/2021 di Organisator come download PDF con il seguente indice:","robots":{"index":"index","follow":"follow","max-snippet":"max-snippet:-1","max-image-preview":"max-image-preview:large","max-video-preview":"max-video-preview:-1"},"canonical":"https:\/\/www.organisator.ch\/it\/prodotto\/organisator-ausgabe-5-6-2023\/","og_locale":"it_IT","og_type":"article","og_title":"Organisator Ausgabe 5-6\/2023 - Organisator","og_description":"Erhalte die deutschsprachige Fachzeitschrift \u00aborganisator\u00bb in der Organisator Ausgabe 10\/2021 als PDF-Download mit nachfolgendem Inhaltsverzeichnis:","og_url":"https:\/\/www.organisator.ch\/it\/prodotto\/organisator-ausgabe-5-6-2023\/","og_site_name":"Organisator","article_publisher":"https:\/\/www.facebook.com\/OrganisatorFachmagazin","og_image":[{"width":654,"height":370,"url":"https:\/\/www.organisator.ch\/wp-content\/uploads\/2023\/05\/Organisator-Ausgabe-5-6-2023.png","type":"image\/png"}],"twitter_card":"summary_large_image","schema":{"@context":"https:\/\/schema.org","@graph":[{"@type":"WebPage","@id":"https:\/\/www.organisator.ch\/produkt\/organisator-ausgabe-5-6-2023\/","url":"https:\/\/www.organisator.ch\/produkt\/organisator-ausgabe-5-6-2023\/","name":"Numero dell'Organizzatore 5-6\/2023 - Organizzatore","isPartOf":{"@id":"https:\/\/www.organisator.ch\/#website"},"primaryImageOfPage":{"@id":"https:\/\/www.organisator.ch\/produkt\/organisator-ausgabe-5-6-2023\/#primaryimage"},"image":{"@id":"https:\/\/www.organisator.ch\/produkt\/organisator-ausgabe-5-6-2023\/#primaryimage"},"thumbnailUrl":"https:\/\/www.organisator.ch\/wp-content\/uploads\/2023\/05\/Organisator-Ausgabe-5-6-2023.png","datePublished":"2023-06-05T22:01:30+00:00","description":"Ricevi la rivista specializzata in lingua tedesca \"organisator\" nel numero 10\/2021 di Organisator come download PDF con il seguente indice:","breadcrumb":{"@id":"https:\/\/www.organisator.ch\/produkt\/organisator-ausgabe-5-6-2023\/#breadcrumb"},"inLanguage":"it-IT","potentialAction":[{"@type":"ReadAction","target":["https:\/\/www.organisator.ch\/produkt\/organisator-ausgabe-5-6-2023\/"]}]},{"@type":"ImageObject","inLanguage":"it-IT","@id":"https:\/\/www.organisator.ch\/produkt\/organisator-ausgabe-5-6-2023\/#primaryimage","url":"https:\/\/www.organisator.ch\/wp-content\/uploads\/2023\/05\/Organisator-Ausgabe-5-6-2023.png","contentUrl":"https:\/\/www.organisator.ch\/wp-content\/uploads\/2023\/05\/Organisator-Ausgabe-5-6-2023.png","width":654,"height":370},{"@type":"BreadcrumbList","@id":"https:\/\/www.organisator.ch\/produkt\/organisator-ausgabe-5-6-2023\/#breadcrumb","itemListElement":[{"@type":"ListItem","position":1,"name":"Home","item":"https:\/\/www.organisator.ch\/"},{"@type":"ListItem","position":2,"name":"Shop","item":"https:\/\/www.organisator.ch\/fr\/shop\/"},{"@type":"ListItem","position":3,"name":"Organisator Ausgabe 5-6\/2023"}]},{"@type":"WebSite","@id":"https:\/\/www.organisator.ch\/#website","url":"https:\/\/www.organisator.ch\/","name":"Organizzatore","description":"Competente. Pratico. In 10 numeri all'anno, ORGANISATOR presenta i temi essenziali per i manager delle PMI.","publisher":{"@id":"https:\/\/www.organisator.ch\/#organization"},"potentialAction":[{"@type":"SearchAction","target":{"@type":"EntryPoint","urlTemplate":"https:\/\/www.organisator.ch\/?s={search_term_string}"},"query-input":{"@type":"PropertyValueSpecification","valueRequired":true,"valueName":"search_term_string"}}],"inLanguage":"it-IT"},{"@type":"Organization","@id":"https:\/\/www.organisator.ch\/#organization","name":"Organizzatore","url":"https:\/\/www.organisator.ch\/","logo":{"@type":"ImageObject","inLanguage":"it-IT","@id":"https:\/\/www.organisator.ch\/#\/schema\/logo\/image\/","url":"https:\/\/www.organisator.ch\/wp-content\/uploads\/2022\/01\/Logo_Organisator_Website.png","contentUrl":"https:\/\/www.organisator.ch\/wp-content\/uploads\/2022\/01\/Logo_Organisator_Website.png","width":800,"height":77,"caption":"Organisator"},"image":{"@id":"https:\/\/www.organisator.ch\/#\/schema\/logo\/image\/"},"sameAs":["https:\/\/www.facebook.com\/OrganisatorFachmagazin","https:\/\/www.linkedin.com\/showcase\/organisator-das-magazin-fr-kmu","https:\/\/www.xing.com\/news\/pages\/organisator-ch-695","https:\/\/www.youtube.com\/channel\/UCGP2Sq0iWaZwT3BdIAQFYpw"]}]}},"_links":{"self":[{"href":"https:\/\/www.organisator.ch\/it\/wp-json\/wp\/v2\/product\/20318","targetHints":{"allow":["GET"]}}],"collection":[{"href":"https:\/\/www.organisator.ch\/it\/wp-json\/wp\/v2\/product"}],"about":[{"href":"https:\/\/www.organisator.ch\/it\/wp-json\/wp\/v2\/types\/product"}],"wp:featuredmedia":[{"embeddable":true,"href":"https:\/\/www.organisator.ch\/it\/wp-json\/wp\/v2\/media\/20319"}],"wp:attachment":[{"href":"https:\/\/www.organisator.ch\/it\/wp-json\/wp\/v2\/media?parent=20318"}],"wp:term":[{"taxonomy":"product_brand","embeddable":true,"href":"https:\/\/www.organisator.ch\/it\/wp-json\/wp\/v2\/product_brand?post=20318"},{"taxonomy":"product_cat","embeddable":true,"href":"https:\/\/www.organisator.ch\/it\/wp-json\/wp\/v2\/product_cat?post=20318"},{"taxonomy":"product_tag","embeddable":true,"href":"https:\/\/www.organisator.ch\/it\/wp-json\/wp\/v2\/product_tag?post=20318"}],"curies":[{"name":"wp","href":"https:\/\/api.w.org\/{rel}","templated":true}]}}