{"id":29051,"date":"2024-08-28T00:01:18","date_gmt":"2024-08-27T22:01:18","guid":{"rendered":"https:\/\/www.organisator.ch\/?post_type=product&#038;p=29051"},"modified":"2024-08-15T16:51:48","modified_gmt":"2024-08-15T14:51:48","slug":"organisator-ausgabe-7-8-2024","status":"publish","type":"product","link":"https:\/\/www.organisator.ch\/it\/produkt\/organisator-ausgabe-7-8-2024\/","title":{"rendered":"Numero di organizzatori 7-8\/2024"},"content":{"rendered":"<h2>Gestione<\/h2>\n<ul>\n<li>Rolf Schlagenhauf: \"Rafforzare i punti di forza e indebolire le debolezze\".<\/li>\n<li>Kosovo come parco di innovazione - interessante anche per le PMI svizzere?<\/li>\n<li>La rivoluzione degli e-sport nei Balcani<\/li>\n<li>Passo dopo passo verso la sostenibilit\u00e0 rigenerativa<\/li>\n<\/ul>\n<h2>Eccellenza operativa<\/h2>\n<ul>\n<li>Gestione strategica delle spese<\/li>\n<li>SAP con un nuovo ERP in cloud per i rivenditori di fascia media<\/li>\n<li>La conformit\u00e0 ai prezzi di trasferimento come opportunit\u00e0 di crescita strategica<\/li>\n<li>Consulenza finanziaria: il futuro \u00e8 nell'IA?<\/li>\n<\/ul>\n<h2>Risorse Umane<\/h2>\n<ul>\n<li>\"Essere diversi insieme\"<\/li>\n<li>L'intelligenza artificiale al servizio di CHRO e CFO<\/li>\n<li>Resilienza sostenibile contro il burnout<\/li>\n<\/ul>\n<h2>Educazione continua<\/h2>\n<ul>\n<li>L'IA: un cambiamento di gioco nel settore dell'istruzione?<\/li>\n<li>Il percorso verso il giusto programma di formazione<\/li>\n<li>Microimprese: prendetevi cura della formazione continua aggiornata!<\/li>\n<li>\"Sono stato in grado di applicare immediatamente ci\u00f2 che ho imparato\".<\/li>\n<li>Giochi d'impresa: Eccellenza imprenditoriale attraverso la realt\u00e0 simulata<\/li>\n<li>Rendere pi\u00f9 visibili gli apprendistati<\/li>\n<\/ul>\n<h2>Marketing<\/h2>\n<ul>\n<li>Tecnologie immersive nel marketing<\/li>\n<li>La piattaforma Internet, in qualche modo diversa<\/li>\n<li>Il commercio elettronico e l'importanza della psicologia del cliente<\/li>\n<\/ul>\n<h2>Sostenibilit\u00e0<\/h2>\n<ul>\n<li>In campagna!<\/li>\n<li>Cosa \u00e8 pi\u00f9 ecologico: la stampa o il digitale?<\/li>\n<li>Appalti sotto il segno di OR, CSRD e CSDDD<\/li>\n<li>Che handicap ha un campo da golf in termini di sostenibilit\u00e0?<\/li>\n<\/ul>\n<h2>Gli amici<\/h2>\n<ul>\n<li>Cinque aziende nominate per il Prix SVC Economic Area Zurich 2024<\/li>\n<li>Come l'assicurazione sostiene le aziende nella protezione del clima<\/li>\n<li>Forum \u00f6 2024: Quo vadis, economia sostenibile?<\/li>\n<li>\"Da noi la stretta di mano conta ancora\".<\/li>\n<\/ul>\n<h2>Rubriche<\/h2>\n<ul>\n<li>Scena<\/li>\n<li>Mercato<\/li>\n<li>Consigli per i libri<\/li>\n<li>Hannes riesce: Empowerment, allenamenti, DeepDive ...<\/li>\n<li>Agenda \/ Impronta<\/li>\n<\/ul>","protected":false},"excerpt":{"rendered":"<p>Ricevete la rivista specializzata in lingua tedesca \"Organisator\" nel numero 7-8\/2024 come download in formato PDF con il seguente indice:<\/p>","protected":false},"featured_media":29052,"template":"","meta":{"_acf_changed":false,"articlekey":""},"product_brand":[],"product_cat":[546],"product_tag":[4109],"class_list":{"0":"post-29051","1":"product","2":"type-product","3":"status-publish","4":"has-post-thumbnail","6":"product_cat-einzelausgaben","7":"product_tag-4109","9":"first","10":"instock","11":"downloadable","12":"virtual","13":"taxable","14":"purchasable","15":"product-type-simple"},"acf":[],"yoast_head":"<!-- This site is optimized with the Yoast SEO plugin v27.4 - https:\/\/yoast.com\/product\/yoast-seo-wordpress\/ -->\n<title>Organisator Ausgabe 7-8\/2024 - Organisator<\/title>\n<meta name=\"description\" content=\"Erhalte die deutschsprachige Fachzeitschrift \u00aborganisator\u00bb in der Organisator Ausgabe 10\/2021 als PDF-Download mit nachfolgendem Inhaltsverzeichnis:\" \/>\n<meta name=\"robots\" content=\"index, follow, max-snippet:-1, max-image-preview:large, max-video-preview:-1\" \/>\n<link rel=\"canonical\" href=\"https:\/\/www.organisator.ch\/it\/prodotto\/organisator-ausgabe-7-8-2024\/\" \/>\n<meta property=\"og:locale\" content=\"it_IT\" \/>\n<meta property=\"og:type\" content=\"article\" \/>\n<meta property=\"og:title\" content=\"Organisator Ausgabe 7-8\/2024 - Organisator\" \/>\n<meta property=\"og:description\" content=\"Erhalte die deutschsprachige Fachzeitschrift \u00aborganisator\u00bb in der Organisator Ausgabe 10\/2021 als PDF-Download mit nachfolgendem Inhaltsverzeichnis:\" \/>\n<meta property=\"og:url\" content=\"https:\/\/www.organisator.ch\/it\/prodotto\/organisator-ausgabe-7-8-2024\/\" \/>\n<meta property=\"og:site_name\" content=\"Organisator\" \/>\n<meta property=\"article:publisher\" content=\"https:\/\/www.facebook.com\/OrganisatorFachmagazin\" \/>\n<meta property=\"og:image\" content=\"https:\/\/www.organisator.ch\/wp-content\/uploads\/2024\/08\/Organisator-Ausgabe-7-8-2024.png\" \/>\n\t<meta property=\"og:image:width\" content=\"654\" \/>\n\t<meta property=\"og:image:height\" content=\"370\" \/>\n\t<meta property=\"og:image:type\" content=\"image\/png\" \/>\n<meta name=\"twitter:card\" content=\"summary_large_image\" \/>\n<script type=\"application\/ld+json\" class=\"yoast-schema-graph\">{\"@context\":\"https:\\\/\\\/schema.org\",\"@graph\":[{\"@type\":\"WebPage\",\"@id\":\"https:\\\/\\\/www.organisator.ch\\\/produkt\\\/organisator-ausgabe-7-8-2024\\\/\",\"url\":\"https:\\\/\\\/www.organisator.ch\\\/produkt\\\/organisator-ausgabe-7-8-2024\\\/\",\"name\":\"Organisator Ausgabe 7-8\\\/2024 - Organisator\",\"isPartOf\":{\"@id\":\"https:\\\/\\\/www.organisator.ch\\\/#website\"},\"primaryImageOfPage\":{\"@id\":\"https:\\\/\\\/www.organisator.ch\\\/produkt\\\/organisator-ausgabe-7-8-2024\\\/#primaryimage\"},\"image\":{\"@id\":\"https:\\\/\\\/www.organisator.ch\\\/produkt\\\/organisator-ausgabe-7-8-2024\\\/#primaryimage\"},\"thumbnailUrl\":\"https:\\\/\\\/www.organisator.ch\\\/wp-content\\\/uploads\\\/2024\\\/08\\\/Organisator-Ausgabe-7-8-2024.png\",\"datePublished\":\"2024-08-27T22:01:18+00:00\",\"description\":\"Erhalte die deutschsprachige Fachzeitschrift \u00aborganisator\u00bb in der Organisator Ausgabe 10\\\/2021 als PDF-Download mit nachfolgendem Inhaltsverzeichnis:\",\"breadcrumb\":{\"@id\":\"https:\\\/\\\/www.organisator.ch\\\/produkt\\\/organisator-ausgabe-7-8-2024\\\/#breadcrumb\"},\"inLanguage\":\"it-IT\",\"potentialAction\":[{\"@type\":\"ReadAction\",\"target\":[\"https:\\\/\\\/www.organisator.ch\\\/produkt\\\/organisator-ausgabe-7-8-2024\\\/\"]}]},{\"@type\":\"ImageObject\",\"inLanguage\":\"it-IT\",\"@id\":\"https:\\\/\\\/www.organisator.ch\\\/produkt\\\/organisator-ausgabe-7-8-2024\\\/#primaryimage\",\"url\":\"https:\\\/\\\/www.organisator.ch\\\/wp-content\\\/uploads\\\/2024\\\/08\\\/Organisator-Ausgabe-7-8-2024.png\",\"contentUrl\":\"https:\\\/\\\/www.organisator.ch\\\/wp-content\\\/uploads\\\/2024\\\/08\\\/Organisator-Ausgabe-7-8-2024.png\",\"width\":654,\"height\":370},{\"@type\":\"BreadcrumbList\",\"@id\":\"https:\\\/\\\/www.organisator.ch\\\/produkt\\\/organisator-ausgabe-7-8-2024\\\/#breadcrumb\",\"itemListElement\":[{\"@type\":\"ListItem\",\"position\":1,\"name\":\"Home\",\"item\":\"https:\\\/\\\/www.organisator.ch\\\/\"},{\"@type\":\"ListItem\",\"position\":2,\"name\":\"Shop\",\"item\":\"https:\\\/\\\/www.organisator.ch\\\/fr\\\/shop\\\/\"},{\"@type\":\"ListItem\",\"position\":3,\"name\":\"Organisator Ausgabe 7-8\\\/2024\"}]},{\"@type\":\"WebSite\",\"@id\":\"https:\\\/\\\/www.organisator.ch\\\/#website\",\"url\":\"https:\\\/\\\/www.organisator.ch\\\/\",\"name\":\"Organisator\",\"description\":\"Kompetent. Praxisnah. Der ORGANISATOR bereitet in 10 Ausgaben pro Jahr die wesentlichen Themen f\u00fcr F\u00fchrungskr\u00e4fte von KMU auf.\",\"publisher\":{\"@id\":\"https:\\\/\\\/www.organisator.ch\\\/#organization\"},\"potentialAction\":[{\"@type\":\"SearchAction\",\"target\":{\"@type\":\"EntryPoint\",\"urlTemplate\":\"https:\\\/\\\/www.organisator.ch\\\/?s={search_term_string}\"},\"query-input\":{\"@type\":\"PropertyValueSpecification\",\"valueRequired\":true,\"valueName\":\"search_term_string\"}}],\"inLanguage\":\"it-IT\"},{\"@type\":\"Organization\",\"@id\":\"https:\\\/\\\/www.organisator.ch\\\/#organization\",\"name\":\"Organisator\",\"url\":\"https:\\\/\\\/www.organisator.ch\\\/\",\"logo\":{\"@type\":\"ImageObject\",\"inLanguage\":\"it-IT\",\"@id\":\"https:\\\/\\\/www.organisator.ch\\\/#\\\/schema\\\/logo\\\/image\\\/\",\"url\":\"https:\\\/\\\/www.organisator.ch\\\/wp-content\\\/uploads\\\/2022\\\/01\\\/Logo_Organisator_Website.png\",\"contentUrl\":\"https:\\\/\\\/www.organisator.ch\\\/wp-content\\\/uploads\\\/2022\\\/01\\\/Logo_Organisator_Website.png\",\"width\":800,\"height\":77,\"caption\":\"Organisator\"},\"image\":{\"@id\":\"https:\\\/\\\/www.organisator.ch\\\/#\\\/schema\\\/logo\\\/image\\\/\"},\"sameAs\":[\"https:\\\/\\\/www.facebook.com\\\/OrganisatorFachmagazin\",\"https:\\\/\\\/www.linkedin.com\\\/showcase\\\/organisator-das-magazin-fr-kmu\",\"https:\\\/\\\/www.xing.com\\\/news\\\/pages\\\/organisator-ch-695\",\"https:\\\/\\\/www.youtube.com\\\/channel\\\/UCGP2Sq0iWaZwT3BdIAQFYpw\"]}]}<\/script>\n<!-- \/ Yoast SEO plugin. -->","yoast_head_json":{"title":"Organizzatore Edizione 7-8\/2024 - Organizzatore","description":"Ricevi la rivista specializzata in lingua tedesca \"organisator\" nel numero 10\/2021 di Organisator come download PDF con il seguente indice:","robots":{"index":"index","follow":"follow","max-snippet":"max-snippet:-1","max-image-preview":"max-image-preview:large","max-video-preview":"max-video-preview:-1"},"canonical":"https:\/\/www.organisator.ch\/it\/prodotto\/organisator-ausgabe-7-8-2024\/","og_locale":"it_IT","og_type":"article","og_title":"Organisator Ausgabe 7-8\/2024 - Organisator","og_description":"Erhalte die deutschsprachige Fachzeitschrift \u00aborganisator\u00bb in der Organisator Ausgabe 10\/2021 als PDF-Download mit nachfolgendem Inhaltsverzeichnis:","og_url":"https:\/\/www.organisator.ch\/it\/prodotto\/organisator-ausgabe-7-8-2024\/","og_site_name":"Organisator","article_publisher":"https:\/\/www.facebook.com\/OrganisatorFachmagazin","og_image":[{"width":654,"height":370,"url":"https:\/\/www.organisator.ch\/wp-content\/uploads\/2024\/08\/Organisator-Ausgabe-7-8-2024.png","type":"image\/png"}],"twitter_card":"summary_large_image","schema":{"@context":"https:\/\/schema.org","@graph":[{"@type":"WebPage","@id":"https:\/\/www.organisator.ch\/produkt\/organisator-ausgabe-7-8-2024\/","url":"https:\/\/www.organisator.ch\/produkt\/organisator-ausgabe-7-8-2024\/","name":"Organizzatore Edizione 7-8\/2024 - Organizzatore","isPartOf":{"@id":"https:\/\/www.organisator.ch\/#website"},"primaryImageOfPage":{"@id":"https:\/\/www.organisator.ch\/produkt\/organisator-ausgabe-7-8-2024\/#primaryimage"},"image":{"@id":"https:\/\/www.organisator.ch\/produkt\/organisator-ausgabe-7-8-2024\/#primaryimage"},"thumbnailUrl":"https:\/\/www.organisator.ch\/wp-content\/uploads\/2024\/08\/Organisator-Ausgabe-7-8-2024.png","datePublished":"2024-08-27T22:01:18+00:00","description":"Ricevi la rivista specializzata in lingua tedesca \"organisator\" nel numero 10\/2021 di Organisator come download PDF con il seguente indice:","breadcrumb":{"@id":"https:\/\/www.organisator.ch\/produkt\/organisator-ausgabe-7-8-2024\/#breadcrumb"},"inLanguage":"it-IT","potentialAction":[{"@type":"ReadAction","target":["https:\/\/www.organisator.ch\/produkt\/organisator-ausgabe-7-8-2024\/"]}]},{"@type":"ImageObject","inLanguage":"it-IT","@id":"https:\/\/www.organisator.ch\/produkt\/organisator-ausgabe-7-8-2024\/#primaryimage","url":"https:\/\/www.organisator.ch\/wp-content\/uploads\/2024\/08\/Organisator-Ausgabe-7-8-2024.png","contentUrl":"https:\/\/www.organisator.ch\/wp-content\/uploads\/2024\/08\/Organisator-Ausgabe-7-8-2024.png","width":654,"height":370},{"@type":"BreadcrumbList","@id":"https:\/\/www.organisator.ch\/produkt\/organisator-ausgabe-7-8-2024\/#breadcrumb","itemListElement":[{"@type":"ListItem","position":1,"name":"Home","item":"https:\/\/www.organisator.ch\/"},{"@type":"ListItem","position":2,"name":"Shop","item":"https:\/\/www.organisator.ch\/fr\/shop\/"},{"@type":"ListItem","position":3,"name":"Organisator Ausgabe 7-8\/2024"}]},{"@type":"WebSite","@id":"https:\/\/www.organisator.ch\/#website","url":"https:\/\/www.organisator.ch\/","name":"Organizzatore","description":"Competente. Pratico. In 10 numeri all'anno, ORGANISATOR presenta i temi essenziali per i manager delle PMI.","publisher":{"@id":"https:\/\/www.organisator.ch\/#organization"},"potentialAction":[{"@type":"SearchAction","target":{"@type":"EntryPoint","urlTemplate":"https:\/\/www.organisator.ch\/?s={search_term_string}"},"query-input":{"@type":"PropertyValueSpecification","valueRequired":true,"valueName":"search_term_string"}}],"inLanguage":"it-IT"},{"@type":"Organization","@id":"https:\/\/www.organisator.ch\/#organization","name":"Organizzatore","url":"https:\/\/www.organisator.ch\/","logo":{"@type":"ImageObject","inLanguage":"it-IT","@id":"https:\/\/www.organisator.ch\/#\/schema\/logo\/image\/","url":"https:\/\/www.organisator.ch\/wp-content\/uploads\/2022\/01\/Logo_Organisator_Website.png","contentUrl":"https:\/\/www.organisator.ch\/wp-content\/uploads\/2022\/01\/Logo_Organisator_Website.png","width":800,"height":77,"caption":"Organisator"},"image":{"@id":"https:\/\/www.organisator.ch\/#\/schema\/logo\/image\/"},"sameAs":["https:\/\/www.facebook.com\/OrganisatorFachmagazin","https:\/\/www.linkedin.com\/showcase\/organisator-das-magazin-fr-kmu","https:\/\/www.xing.com\/news\/pages\/organisator-ch-695","https:\/\/www.youtube.com\/channel\/UCGP2Sq0iWaZwT3BdIAQFYpw"]}]}},"_links":{"self":[{"href":"https:\/\/www.organisator.ch\/it\/wp-json\/wp\/v2\/product\/29051","targetHints":{"allow":["GET"]}}],"collection":[{"href":"https:\/\/www.organisator.ch\/it\/wp-json\/wp\/v2\/product"}],"about":[{"href":"https:\/\/www.organisator.ch\/it\/wp-json\/wp\/v2\/types\/product"}],"wp:featuredmedia":[{"embeddable":true,"href":"https:\/\/www.organisator.ch\/it\/wp-json\/wp\/v2\/media\/29052"}],"wp:attachment":[{"href":"https:\/\/www.organisator.ch\/it\/wp-json\/wp\/v2\/media?parent=29051"}],"wp:term":[{"taxonomy":"product_brand","embeddable":true,"href":"https:\/\/www.organisator.ch\/it\/wp-json\/wp\/v2\/product_brand?post=29051"},{"taxonomy":"product_cat","embeddable":true,"href":"https:\/\/www.organisator.ch\/it\/wp-json\/wp\/v2\/product_cat?post=29051"},{"taxonomy":"product_tag","embeddable":true,"href":"https:\/\/www.organisator.ch\/it\/wp-json\/wp\/v2\/product_tag?post=29051"}],"curies":[{"name":"wp","href":"https:\/\/api.w.org\/{rel}","templated":true}]}}