{"id":5953,"date":"2021-07-21T10:35:04","date_gmt":"2021-07-21T08:35:04","guid":{"rendered":"https:\/\/www.organisator.ch\/?post_type=product&#038;p=5953"},"modified":"2021-11-09T18:04:17","modified_gmt":"2021-11-09T17:04:17","slug":"organisator-ausgabe-4-2021","status":"publish","type":"product","link":"https:\/\/www.organisator.ch\/it\/produkt\/organisator-ausgabe-4-2021\/","title":{"rendered":"Edizione dell'organizzatore 4\/2021"},"content":{"rendered":"<h2>INIZIATIVA BUS SUCCESSORE<\/h2>\n<ul>\n<li>Incoraggia la successione: Il bus della successione.ch<\/li>\n<\/ul>\n<h2>LA LISTA 100<\/h2>\n<h2>FATTI E CIFRE<\/h2>\n<ul>\n<li>Diversit\u00e0 e inclusione: un incentivo alla successione?<\/li>\n<li>Come pensano gli imprenditori<\/li>\n<li>Problemi di successione: maggiori nelle piccole imprese<\/li>\n<\/ul>\n<h2>PMI IMPULSO<\/h2>\n<h2>MIGLIORE PRATICA<\/h2>\n<ul>\n<li>Il sogno infranto di un successore interno<\/li>\n<\/ul>\n<h2>CHECKLISTS<\/h2>\n<ul>\n<li>7 passi della successione<\/li>\n<\/ul>\n<h2>RAPPORTI ESPERTI<\/h2>\n<ul>\n<li>Vendita di conservazione: quando le cose devono muoversi in fretta<\/li>\n<li>Emozioni: Blocchi frenanti nella vendita di un'azienda<\/li>\n<li>Pensare e agire in opzioni: Obbligo nelle vendite di conservazione<\/li>\n<li>Quando l'azienda sta per fallire<\/li>\n<li>Raccogliere capitale e velocit\u00e0: \u00e8 possibile?<\/li>\n<\/ul>\n<h2>ELENCO DI ESPERTI<\/h2>\n<h2>Persone<\/h2>\n<ul>\n<li>Michael Brenner della Weleda AG: \"Mano nella mano con la natura\".<\/li>\n<\/ul>\n<h2>In domanda<\/h2>\n<ul>\n<li>Test e vaccinazione dei dipendenti: un problema anche per le PMI?<\/li>\n<\/ul>\n<h2>Focus sul finanziamento<\/h2>\n<ul>\n<li>Il percorso finanziario di ritorno alla crescita<\/li>\n<li>Tassi d'interesse negativi per il \"boom dell'oro concreto<\/li>\n<li>Tenere d'occhio la solvibilit\u00e0 dei clienti<\/li>\n<\/ul>\n<h2>Leadership<\/h2>\n<ul>\n<li>Processo decisionale agile nel mondo VUCA<\/li>\n<li>Passo dopo passo verso un'economia circolare<\/li>\n<li>10 consigli per aiutarti a uscire vincitore dalla crisi di Corona<\/li>\n<\/ul>\n<h2>Dossier PMI e salute<\/h2>\n<ul>\n<li>Gestire la demografia e la salute<\/li>\n<li>Assenteismo - la prevenzione \u00e8 sempre meglio<\/li>\n<li>Prevenzione: le PMI e gli assicuratori d'indennit\u00e0 giornaliera ne beneficiano<\/li>\n<li>Modi alternativi per dipendenti sani<\/li>\n<li>\"Non c'\u00e8 salute senza salute mentale\"<\/li>\n<\/ul>\n<h2>Internazionale<\/h2>\n<ul>\n<li>Marchio CE - il passaporto per i prodotti in Europa<\/li>\n<\/ul>\n<h2>Marketing<\/h2>\n<ul>\n<li>Gestione degli input basata sull'AI<\/li>\n<li>Pi\u00f9 tempo per i compiti principali<\/li>\n<\/ul>\n<h2>In forma sul lavoro<\/h2>\n<ul>\n<li>Coraggio di comunicare<\/li>\n<li>La primavera della moda si avvicina<\/li>\n<\/ul>\n<h2>Rubriche<\/h2>\n<ul>\n<li>Scena<\/li>\n<li>Mercato<\/li>\n<li>Consigli per i libri<\/li>\n<li>Ospite<\/li>\n<li>Agenda<\/li>\n<\/ul>","protected":false},"excerpt":{"rendered":"<p>Ricevi la rivista specializzata in lingua tedesca \"organisator\" nel numero 4\/2021 di Organisator come download PDF con il seguente indice:<\/p>","protected":false},"featured_media":5983,"template":"","meta":{"_acf_changed":false,"articlekey":""},"product_brand":[],"product_cat":[15],"product_tag":[545],"class_list":{"0":"post-5953","1":"product","2":"type-product","3":"status-publish","4":"has-post-thumbnail","6":"product_cat-uncategorized","7":"product_tag-545","9":"first","10":"instock","11":"downloadable","12":"virtual","13":"taxable","14":"purchasable","15":"product-type-simple"},"acf":[],"yoast_head":"<!-- This site is optimized with the Yoast SEO plugin v27.5 - https:\/\/yoast.com\/product\/yoast-seo-wordpress\/ -->\n<title>Organisator Ausgabe 4\/2021 - Organisator<\/title>\n<meta name=\"description\" content=\"Erhalte die deutschsprachige Fachzeitschrift \u00aborganisator\u00bb in der Organisator Ausgabe 4\/2021 als PDF-Download mit nachfolgendem Inhaltsverzeichnis:\" \/>\n<meta name=\"robots\" content=\"index, follow, max-snippet:-1, max-image-preview:large, max-video-preview:-1\" \/>\n<link rel=\"canonical\" href=\"https:\/\/www.organisator.ch\/it\/product\/organisator-ausgabe-4-2021\/\" \/>\n<meta property=\"og:locale\" content=\"it_IT\" \/>\n<meta property=\"og:type\" content=\"article\" \/>\n<meta property=\"og:title\" content=\"Organisator Ausgabe 4\/2021 - Organisator\" \/>\n<meta property=\"og:description\" content=\"Erhalte die deutschsprachige Fachzeitschrift \u00aborganisator\u00bb in der Organisator Ausgabe 4\/2021 als PDF-Download mit nachfolgendem Inhaltsverzeichnis:\" \/>\n<meta property=\"og:url\" content=\"https:\/\/www.organisator.ch\/it\/product\/organisator-ausgabe-4-2021\/\" \/>\n<meta property=\"og:site_name\" content=\"Organisator\" \/>\n<meta property=\"article:publisher\" content=\"https:\/\/www.facebook.com\/OrganisatorFachmagazin\" \/>\n<meta property=\"article:modified_time\" content=\"2021-11-09T17:04:17+00:00\" \/>\n<meta property=\"og:image\" content=\"https:\/\/www.organisator.ch\/wp-content\/uploads\/2021\/07\/organisator_2021_4-3.png\" \/>\n\t<meta property=\"og:image:width\" content=\"654\" \/>\n\t<meta property=\"og:image:height\" content=\"370\" \/>\n\t<meta property=\"og:image:type\" content=\"image\/png\" \/>\n<meta name=\"twitter:card\" content=\"summary_large_image\" \/>\n<script type=\"application\/ld+json\" class=\"yoast-schema-graph\">{\"@context\":\"https:\\\/\\\/schema.org\",\"@graph\":[{\"@type\":\"WebPage\",\"@id\":\"https:\\\/\\\/www.organisator.ch\\\/en\\\/product\\\/organisator-ausgabe-4-2021\\\/\",\"url\":\"https:\\\/\\\/www.organisator.ch\\\/en\\\/product\\\/organisator-ausgabe-4-2021\\\/\",\"name\":\"Organisator Ausgabe 4\\\/2021 - Organisator\",\"isPartOf\":{\"@id\":\"https:\\\/\\\/www.organisator.ch\\\/#website\"},\"primaryImageOfPage\":{\"@id\":\"https:\\\/\\\/www.organisator.ch\\\/en\\\/product\\\/organisator-ausgabe-4-2021\\\/#primaryimage\"},\"image\":{\"@id\":\"https:\\\/\\\/www.organisator.ch\\\/en\\\/product\\\/organisator-ausgabe-4-2021\\\/#primaryimage\"},\"thumbnailUrl\":\"https:\\\/\\\/www.organisator.ch\\\/wp-content\\\/uploads\\\/2021\\\/07\\\/organisator_2021_4-3.png\",\"datePublished\":\"2021-07-21T08:35:04+00:00\",\"dateModified\":\"2021-11-09T17:04:17+00:00\",\"description\":\"Erhalte die deutschsprachige Fachzeitschrift \u00aborganisator\u00bb in der Organisator Ausgabe 4\\\/2021 als PDF-Download mit nachfolgendem Inhaltsverzeichnis:\",\"breadcrumb\":{\"@id\":\"https:\\\/\\\/www.organisator.ch\\\/en\\\/product\\\/organisator-ausgabe-4-2021\\\/#breadcrumb\"},\"inLanguage\":\"it-IT\",\"potentialAction\":[{\"@type\":\"ReadAction\",\"target\":[\"https:\\\/\\\/www.organisator.ch\\\/en\\\/product\\\/organisator-ausgabe-4-2021\\\/\"]}]},{\"@type\":\"ImageObject\",\"inLanguage\":\"it-IT\",\"@id\":\"https:\\\/\\\/www.organisator.ch\\\/en\\\/product\\\/organisator-ausgabe-4-2021\\\/#primaryimage\",\"url\":\"https:\\\/\\\/www.organisator.ch\\\/wp-content\\\/uploads\\\/2021\\\/07\\\/organisator_2021_4-3.png\",\"contentUrl\":\"https:\\\/\\\/www.organisator.ch\\\/wp-content\\\/uploads\\\/2021\\\/07\\\/organisator_2021_4-3.png\",\"width\":654,\"height\":370},{\"@type\":\"BreadcrumbList\",\"@id\":\"https:\\\/\\\/www.organisator.ch\\\/en\\\/product\\\/organisator-ausgabe-4-2021\\\/#breadcrumb\",\"itemListElement\":[{\"@type\":\"ListItem\",\"position\":1,\"name\":\"Home\",\"item\":\"https:\\\/\\\/www.organisator.ch\\\/\"},{\"@type\":\"ListItem\",\"position\":2,\"name\":\"Shop\",\"item\":\"https:\\\/\\\/www.organisator.ch\\\/fr\\\/shop\\\/\"},{\"@type\":\"ListItem\",\"position\":3,\"name\":\"Organisator Ausgabe 4\\\/2021\"}]},{\"@type\":\"WebSite\",\"@id\":\"https:\\\/\\\/www.organisator.ch\\\/#website\",\"url\":\"https:\\\/\\\/www.organisator.ch\\\/\",\"name\":\"Organisator\",\"description\":\"Kompetent. Praxisnah. Der ORGANISATOR bereitet in 10 Ausgaben pro Jahr die wesentlichen Themen f\u00fcr F\u00fchrungskr\u00e4fte von KMU auf.\",\"publisher\":{\"@id\":\"https:\\\/\\\/www.organisator.ch\\\/#organization\"},\"potentialAction\":[{\"@type\":\"SearchAction\",\"target\":{\"@type\":\"EntryPoint\",\"urlTemplate\":\"https:\\\/\\\/www.organisator.ch\\\/?s={search_term_string}\"},\"query-input\":{\"@type\":\"PropertyValueSpecification\",\"valueRequired\":true,\"valueName\":\"search_term_string\"}}],\"inLanguage\":\"it-IT\"},{\"@type\":\"Organization\",\"@id\":\"https:\\\/\\\/www.organisator.ch\\\/#organization\",\"name\":\"Organisator\",\"url\":\"https:\\\/\\\/www.organisator.ch\\\/\",\"logo\":{\"@type\":\"ImageObject\",\"inLanguage\":\"it-IT\",\"@id\":\"https:\\\/\\\/www.organisator.ch\\\/#\\\/schema\\\/logo\\\/image\\\/\",\"url\":\"https:\\\/\\\/www.organisator.ch\\\/wp-content\\\/uploads\\\/2022\\\/01\\\/Logo_Organisator_Website.png\",\"contentUrl\":\"https:\\\/\\\/www.organisator.ch\\\/wp-content\\\/uploads\\\/2022\\\/01\\\/Logo_Organisator_Website.png\",\"width\":800,\"height\":77,\"caption\":\"Organisator\"},\"image\":{\"@id\":\"https:\\\/\\\/www.organisator.ch\\\/#\\\/schema\\\/logo\\\/image\\\/\"},\"sameAs\":[\"https:\\\/\\\/www.facebook.com\\\/OrganisatorFachmagazin\",\"https:\\\/\\\/www.linkedin.com\\\/showcase\\\/organisator-das-magazin-fr-kmu\",\"https:\\\/\\\/www.xing.com\\\/news\\\/pages\\\/organisator-ch-695\",\"https:\\\/\\\/www.youtube.com\\\/channel\\\/UCGP2Sq0iWaZwT3BdIAQFYpw\"]}]}<\/script>\n<!-- \/ Yoast SEO plugin. -->","yoast_head_json":{"title":"Organizzatore Numero 4\/2021 - Organizzatore","description":"Ricevi la rivista specializzata in lingua tedesca \"organisator\" nel numero 4\/2021 di Organisator come download PDF con il seguente indice:","robots":{"index":"index","follow":"follow","max-snippet":"max-snippet:-1","max-image-preview":"max-image-preview:large","max-video-preview":"max-video-preview:-1"},"canonical":"https:\/\/www.organisator.ch\/it\/product\/organisator-ausgabe-4-2021\/","og_locale":"it_IT","og_type":"article","og_title":"Organisator Ausgabe 4\/2021 - Organisator","og_description":"Erhalte die deutschsprachige Fachzeitschrift \u00aborganisator\u00bb in der Organisator Ausgabe 4\/2021 als PDF-Download mit nachfolgendem Inhaltsverzeichnis:","og_url":"https:\/\/www.organisator.ch\/it\/product\/organisator-ausgabe-4-2021\/","og_site_name":"Organisator","article_publisher":"https:\/\/www.facebook.com\/OrganisatorFachmagazin","article_modified_time":"2021-11-09T17:04:17+00:00","og_image":[{"width":654,"height":370,"url":"https:\/\/www.organisator.ch\/wp-content\/uploads\/2021\/07\/organisator_2021_4-3.png","type":"image\/png"}],"twitter_card":"summary_large_image","schema":{"@context":"https:\/\/schema.org","@graph":[{"@type":"WebPage","@id":"https:\/\/www.organisator.ch\/en\/product\/organisator-ausgabe-4-2021\/","url":"https:\/\/www.organisator.ch\/en\/product\/organisator-ausgabe-4-2021\/","name":"Organizzatore Numero 4\/2021 - Organizzatore","isPartOf":{"@id":"https:\/\/www.organisator.ch\/#website"},"primaryImageOfPage":{"@id":"https:\/\/www.organisator.ch\/en\/product\/organisator-ausgabe-4-2021\/#primaryimage"},"image":{"@id":"https:\/\/www.organisator.ch\/en\/product\/organisator-ausgabe-4-2021\/#primaryimage"},"thumbnailUrl":"https:\/\/www.organisator.ch\/wp-content\/uploads\/2021\/07\/organisator_2021_4-3.png","datePublished":"2021-07-21T08:35:04+00:00","dateModified":"2021-11-09T17:04:17+00:00","description":"Ricevi la rivista specializzata in lingua tedesca \"organisator\" nel numero 4\/2021 di Organisator come download PDF con il seguente indice:","breadcrumb":{"@id":"https:\/\/www.organisator.ch\/en\/product\/organisator-ausgabe-4-2021\/#breadcrumb"},"inLanguage":"it-IT","potentialAction":[{"@type":"ReadAction","target":["https:\/\/www.organisator.ch\/en\/product\/organisator-ausgabe-4-2021\/"]}]},{"@type":"ImageObject","inLanguage":"it-IT","@id":"https:\/\/www.organisator.ch\/en\/product\/organisator-ausgabe-4-2021\/#primaryimage","url":"https:\/\/www.organisator.ch\/wp-content\/uploads\/2021\/07\/organisator_2021_4-3.png","contentUrl":"https:\/\/www.organisator.ch\/wp-content\/uploads\/2021\/07\/organisator_2021_4-3.png","width":654,"height":370},{"@type":"BreadcrumbList","@id":"https:\/\/www.organisator.ch\/en\/product\/organisator-ausgabe-4-2021\/#breadcrumb","itemListElement":[{"@type":"ListItem","position":1,"name":"Home","item":"https:\/\/www.organisator.ch\/"},{"@type":"ListItem","position":2,"name":"Shop","item":"https:\/\/www.organisator.ch\/fr\/shop\/"},{"@type":"ListItem","position":3,"name":"Organisator Ausgabe 4\/2021"}]},{"@type":"WebSite","@id":"https:\/\/www.organisator.ch\/#website","url":"https:\/\/www.organisator.ch\/","name":"Organizzatore","description":"Competente. Pratico. In 10 numeri all'anno, ORGANISATOR presenta i temi essenziali per i manager delle PMI.","publisher":{"@id":"https:\/\/www.organisator.ch\/#organization"},"potentialAction":[{"@type":"SearchAction","target":{"@type":"EntryPoint","urlTemplate":"https:\/\/www.organisator.ch\/?s={search_term_string}"},"query-input":{"@type":"PropertyValueSpecification","valueRequired":true,"valueName":"search_term_string"}}],"inLanguage":"it-IT"},{"@type":"Organization","@id":"https:\/\/www.organisator.ch\/#organization","name":"Organizzatore","url":"https:\/\/www.organisator.ch\/","logo":{"@type":"ImageObject","inLanguage":"it-IT","@id":"https:\/\/www.organisator.ch\/#\/schema\/logo\/image\/","url":"https:\/\/www.organisator.ch\/wp-content\/uploads\/2022\/01\/Logo_Organisator_Website.png","contentUrl":"https:\/\/www.organisator.ch\/wp-content\/uploads\/2022\/01\/Logo_Organisator_Website.png","width":800,"height":77,"caption":"Organisator"},"image":{"@id":"https:\/\/www.organisator.ch\/#\/schema\/logo\/image\/"},"sameAs":["https:\/\/www.facebook.com\/OrganisatorFachmagazin","https:\/\/www.linkedin.com\/showcase\/organisator-das-magazin-fr-kmu","https:\/\/www.xing.com\/news\/pages\/organisator-ch-695","https:\/\/www.youtube.com\/channel\/UCGP2Sq0iWaZwT3BdIAQFYpw"]}]}},"_links":{"self":[{"href":"https:\/\/www.organisator.ch\/it\/wp-json\/wp\/v2\/product\/5953","targetHints":{"allow":["GET"]}}],"collection":[{"href":"https:\/\/www.organisator.ch\/it\/wp-json\/wp\/v2\/product"}],"about":[{"href":"https:\/\/www.organisator.ch\/it\/wp-json\/wp\/v2\/types\/product"}],"wp:featuredmedia":[{"embeddable":true,"href":"https:\/\/www.organisator.ch\/it\/wp-json\/wp\/v2\/media\/5983"}],"wp:attachment":[{"href":"https:\/\/www.organisator.ch\/it\/wp-json\/wp\/v2\/media?parent=5953"}],"wp:term":[{"taxonomy":"product_brand","embeddable":true,"href":"https:\/\/www.organisator.ch\/it\/wp-json\/wp\/v2\/product_brand?post=5953"},{"taxonomy":"product_cat","embeddable":true,"href":"https:\/\/www.organisator.ch\/it\/wp-json\/wp\/v2\/product_cat?post=5953"},{"taxonomy":"product_tag","embeddable":true,"href":"https:\/\/www.organisator.ch\/it\/wp-json\/wp\/v2\/product_tag?post=5953"}],"curies":[{"name":"wp","href":"https:\/\/api.w.org\/{rel}","templated":true}]}}