{"id":6038,"date":"2021-07-21T10:35:27","date_gmt":"2021-07-21T08:35:27","guid":{"rendered":"https:\/\/www.organisator.ch\/?post_type=product&#038;p=6038"},"modified":"2021-11-09T18:21:53","modified_gmt":"2021-11-09T17:21:53","slug":"organisator-ausgabe-3-2015","status":"publish","type":"product","link":"https:\/\/www.organisator.ch\/it\/produkt\/organisator-ausgabe-3-2015\/","title":{"rendered":"Organizzatore Numero 3\/2015"},"content":{"rendered":"<h2>Persone<\/h2>\n<ul>\n<li>Stephan Baer, Presidente del Consiglio di Amministrazione FRXSH AG: \"C'\u00e8 molto cuore e anima nell'azienda, non solo denaro\".<\/li>\n<\/ul>\n<h2>In domanda<\/h2>\n<ul>\n<li>Job sharing: potenziale inutilizzato?<\/li>\n<\/ul>\n<h2>Focus<\/h2>\n<ul>\n<li>Dare maggior peso alla motivazione (H. Willi)<\/li>\n<li>Soluzioni IT per la gestione delle risorse umane<\/li>\n<li>Reclutamento con offerta limitata (E. Zryd)<\/li>\n<\/ul>\n<h2>Leadership<\/h2>\n<ul>\n<li>Produttivit\u00e0 del lavoro: \u00e8 tempo di un cambio di paradigma, parte 2 (E. Beretta)<\/li>\n<li>Conflitto - trampolino di lancio per pi\u00f9 successo (M. Camuglia)<\/li>\n<\/ul>\n<h2>Marketing<\/h2>\n<ul>\n<li>Share Economy: condividere \u00e8 meglio che possedere (Chr. Portmann)<\/li>\n<\/ul>\n<h2>ICT<\/h2>\n<ul>\n<li>\"Pi\u00f9 tempo per i veri affari!\" (M. Holzapfel)<\/li>\n<\/ul>\n<h2>Finanze\/Legge<\/h2>\n<ul>\n<li>La piazza finanziaria svizzera attracca in Europa (R. Wildi)<\/li>\n<li>Gli spremitori di costi (B. Bieler)<\/li>\n<\/ul>\n<h2>In forma sul lavoro<\/h2>\n<ul>\n<li>Stress e bullismo non devono essere (A. Hostettler)<\/li>\n<\/ul>\n<h2>TESTE<\/h2>\n<ul>\n<li>Editoriale<\/li>\n<li>Avvio\/Scena<\/li>\n<li>La cosa<\/li>\n<li>Mercato<\/li>\n<li>L'ospite<\/li>\n<li>Consigli per i libri<\/li>\n<li>Impronta<\/li>\n<\/ul>\n<h2>DOSSIER - Importazione ed esportazione<\/h2>\n<ul>\n<li><strong>Nuovi mercati:<\/strong> I BRICS sono coinvolti<\/li>\n<li><strong>Trasferimento<\/strong>Ostacoli strutturali<\/li>\n<li><strong>Traffico merci<\/strong> sulla pista sar\u00e0 regolato di nuovo (R. Heinzelmann)<\/li>\n<li>\"<strong>Esigenze del cliente<\/strong> sono decisivi\" (M. Tolsdorf)<\/li>\n<li><strong>La liquidit\u00e0<\/strong> Sicuro per l'esportazione<\/li>\n<li><strong>Qualit\u00e0 e sicurezza<\/strong> con personale addestrato<\/li>\n<li><strong>Salvare<\/strong> nel processo di spedizione (M. Wegm\u00fcller)<\/li>\n<li><strong>Costo-efficiente<\/strong> Cina Logistica (G. T\u00f6vishati)<\/li>\n<\/ul>","protected":false},"excerpt":{"rendered":"<p>Ricevi la rivista specializzata in lingua tedesca \"organisator\" nel numero 3\/2015 di Organisator come download in formato PDF con il seguente indice:<\/p>","protected":false},"featured_media":6068,"template":"","meta":{"_acf_changed":false,"articlekey":""},"product_brand":[],"product_cat":[546],"product_tag":[552],"class_list":{"0":"post-6038","1":"product","2":"type-product","3":"status-publish","4":"has-post-thumbnail","6":"product_cat-einzelausgaben","7":"product_tag-552","9":"first","10":"instock","11":"downloadable","12":"virtual","13":"taxable","14":"purchasable","15":"product-type-simple"},"acf":[],"yoast_head":"<!-- This site is optimized with the Yoast SEO plugin v27.4 - https:\/\/yoast.com\/product\/yoast-seo-wordpress\/ -->\n<title>Organisator Ausgabe 3\/2015 - Organisator<\/title>\n<meta name=\"description\" content=\"Erhalte die deutschsprachige Fachzeitschrift \u00aborganisator\u00bb in der Organisator Ausgabe 3\/2015 als PDF-Download mit nachfolgendem Inhaltsverzeichnis:\" \/>\n<meta name=\"robots\" content=\"index, follow, max-snippet:-1, max-image-preview:large, max-video-preview:-1\" \/>\n<link rel=\"canonical\" href=\"https:\/\/www.organisator.ch\/it\/product\/organisator-ausgabe-3-2015\/\" \/>\n<meta property=\"og:locale\" content=\"it_IT\" \/>\n<meta property=\"og:type\" content=\"article\" \/>\n<meta property=\"og:title\" content=\"Organisator Ausgabe 3\/2015 - Organisator\" \/>\n<meta property=\"og:description\" content=\"Erhalte die deutschsprachige Fachzeitschrift \u00aborganisator\u00bb in der Organisator Ausgabe 3\/2015 als PDF-Download mit nachfolgendem Inhaltsverzeichnis:\" \/>\n<meta property=\"og:url\" content=\"https:\/\/www.organisator.ch\/it\/product\/organisator-ausgabe-3-2015\/\" \/>\n<meta property=\"og:site_name\" content=\"Organisator\" \/>\n<meta property=\"article:publisher\" content=\"https:\/\/www.facebook.com\/OrganisatorFachmagazin\" \/>\n<meta property=\"article:modified_time\" content=\"2021-11-09T17:21:53+00:00\" \/>\n<meta property=\"og:image\" content=\"https:\/\/www.organisator.ch\/wp-content\/uploads\/2021\/07\/organisator_2015_3.png\" \/>\n\t<meta property=\"og:image:width\" content=\"654\" \/>\n\t<meta property=\"og:image:height\" content=\"370\" \/>\n\t<meta property=\"og:image:type\" content=\"image\/png\" \/>\n<meta name=\"twitter:card\" content=\"summary_large_image\" \/>\n<script type=\"application\/ld+json\" class=\"yoast-schema-graph\">{\"@context\":\"https:\\\/\\\/schema.org\",\"@graph\":[{\"@type\":\"WebPage\",\"@id\":\"https:\\\/\\\/www.organisator.ch\\\/en\\\/product\\\/organisator-ausgabe-3-2015\\\/\",\"url\":\"https:\\\/\\\/www.organisator.ch\\\/en\\\/product\\\/organisator-ausgabe-3-2015\\\/\",\"name\":\"Organisator Ausgabe 3\\\/2015 - Organisator\",\"isPartOf\":{\"@id\":\"https:\\\/\\\/www.organisator.ch\\\/#website\"},\"primaryImageOfPage\":{\"@id\":\"https:\\\/\\\/www.organisator.ch\\\/en\\\/product\\\/organisator-ausgabe-3-2015\\\/#primaryimage\"},\"image\":{\"@id\":\"https:\\\/\\\/www.organisator.ch\\\/en\\\/product\\\/organisator-ausgabe-3-2015\\\/#primaryimage\"},\"thumbnailUrl\":\"https:\\\/\\\/www.organisator.ch\\\/wp-content\\\/uploads\\\/2021\\\/07\\\/organisator_2015_3.png\",\"datePublished\":\"2021-07-21T08:35:27+00:00\",\"dateModified\":\"2021-11-09T17:21:53+00:00\",\"description\":\"Erhalte die deutschsprachige Fachzeitschrift \u00aborganisator\u00bb in der Organisator Ausgabe 3\\\/2015 als PDF-Download mit nachfolgendem Inhaltsverzeichnis:\",\"breadcrumb\":{\"@id\":\"https:\\\/\\\/www.organisator.ch\\\/en\\\/product\\\/organisator-ausgabe-3-2015\\\/#breadcrumb\"},\"inLanguage\":\"it-IT\",\"potentialAction\":[{\"@type\":\"ReadAction\",\"target\":[\"https:\\\/\\\/www.organisator.ch\\\/en\\\/product\\\/organisator-ausgabe-3-2015\\\/\"]}]},{\"@type\":\"ImageObject\",\"inLanguage\":\"it-IT\",\"@id\":\"https:\\\/\\\/www.organisator.ch\\\/en\\\/product\\\/organisator-ausgabe-3-2015\\\/#primaryimage\",\"url\":\"https:\\\/\\\/www.organisator.ch\\\/wp-content\\\/uploads\\\/2021\\\/07\\\/organisator_2015_3.png\",\"contentUrl\":\"https:\\\/\\\/www.organisator.ch\\\/wp-content\\\/uploads\\\/2021\\\/07\\\/organisator_2015_3.png\",\"width\":654,\"height\":370},{\"@type\":\"BreadcrumbList\",\"@id\":\"https:\\\/\\\/www.organisator.ch\\\/en\\\/product\\\/organisator-ausgabe-3-2015\\\/#breadcrumb\",\"itemListElement\":[{\"@type\":\"ListItem\",\"position\":1,\"name\":\"Home\",\"item\":\"https:\\\/\\\/www.organisator.ch\\\/\"},{\"@type\":\"ListItem\",\"position\":2,\"name\":\"Shop\",\"item\":\"https:\\\/\\\/www.organisator.ch\\\/fr\\\/shop\\\/\"},{\"@type\":\"ListItem\",\"position\":3,\"name\":\"Organisator Ausgabe 3\\\/2015\"}]},{\"@type\":\"WebSite\",\"@id\":\"https:\\\/\\\/www.organisator.ch\\\/#website\",\"url\":\"https:\\\/\\\/www.organisator.ch\\\/\",\"name\":\"Organisator\",\"description\":\"Kompetent. Praxisnah. Der ORGANISATOR bereitet in 10 Ausgaben pro Jahr die wesentlichen Themen f\u00fcr F\u00fchrungskr\u00e4fte von KMU auf.\",\"publisher\":{\"@id\":\"https:\\\/\\\/www.organisator.ch\\\/#organization\"},\"potentialAction\":[{\"@type\":\"SearchAction\",\"target\":{\"@type\":\"EntryPoint\",\"urlTemplate\":\"https:\\\/\\\/www.organisator.ch\\\/?s={search_term_string}\"},\"query-input\":{\"@type\":\"PropertyValueSpecification\",\"valueRequired\":true,\"valueName\":\"search_term_string\"}}],\"inLanguage\":\"it-IT\"},{\"@type\":\"Organization\",\"@id\":\"https:\\\/\\\/www.organisator.ch\\\/#organization\",\"name\":\"Organisator\",\"url\":\"https:\\\/\\\/www.organisator.ch\\\/\",\"logo\":{\"@type\":\"ImageObject\",\"inLanguage\":\"it-IT\",\"@id\":\"https:\\\/\\\/www.organisator.ch\\\/#\\\/schema\\\/logo\\\/image\\\/\",\"url\":\"https:\\\/\\\/www.organisator.ch\\\/wp-content\\\/uploads\\\/2022\\\/01\\\/Logo_Organisator_Website.png\",\"contentUrl\":\"https:\\\/\\\/www.organisator.ch\\\/wp-content\\\/uploads\\\/2022\\\/01\\\/Logo_Organisator_Website.png\",\"width\":800,\"height\":77,\"caption\":\"Organisator\"},\"image\":{\"@id\":\"https:\\\/\\\/www.organisator.ch\\\/#\\\/schema\\\/logo\\\/image\\\/\"},\"sameAs\":[\"https:\\\/\\\/www.facebook.com\\\/OrganisatorFachmagazin\",\"https:\\\/\\\/www.linkedin.com\\\/showcase\\\/organisator-das-magazin-fr-kmu\",\"https:\\\/\\\/www.xing.com\\\/news\\\/pages\\\/organisator-ch-695\",\"https:\\\/\\\/www.youtube.com\\\/channel\\\/UCGP2Sq0iWaZwT3BdIAQFYpw\"]}]}<\/script>\n<!-- \/ Yoast SEO plugin. -->","yoast_head_json":{"title":"Organizzatore Numero 3\/2015 - Organizzatore","description":"Ricevi la rivista specializzata in lingua tedesca \"organisator\" nel numero 3\/2015 di Organisator come download in formato PDF con il seguente indice:","robots":{"index":"index","follow":"follow","max-snippet":"max-snippet:-1","max-image-preview":"max-image-preview:large","max-video-preview":"max-video-preview:-1"},"canonical":"https:\/\/www.organisator.ch\/it\/product\/organisator-ausgabe-3-2015\/","og_locale":"it_IT","og_type":"article","og_title":"Organisator Ausgabe 3\/2015 - Organisator","og_description":"Erhalte die deutschsprachige Fachzeitschrift \u00aborganisator\u00bb in der Organisator Ausgabe 3\/2015 als PDF-Download mit nachfolgendem Inhaltsverzeichnis:","og_url":"https:\/\/www.organisator.ch\/it\/product\/organisator-ausgabe-3-2015\/","og_site_name":"Organisator","article_publisher":"https:\/\/www.facebook.com\/OrganisatorFachmagazin","article_modified_time":"2021-11-09T17:21:53+00:00","og_image":[{"width":654,"height":370,"url":"https:\/\/www.organisator.ch\/wp-content\/uploads\/2021\/07\/organisator_2015_3.png","type":"image\/png"}],"twitter_card":"summary_large_image","schema":{"@context":"https:\/\/schema.org","@graph":[{"@type":"WebPage","@id":"https:\/\/www.organisator.ch\/en\/product\/organisator-ausgabe-3-2015\/","url":"https:\/\/www.organisator.ch\/en\/product\/organisator-ausgabe-3-2015\/","name":"Organizzatore Numero 3\/2015 - Organizzatore","isPartOf":{"@id":"https:\/\/www.organisator.ch\/#website"},"primaryImageOfPage":{"@id":"https:\/\/www.organisator.ch\/en\/product\/organisator-ausgabe-3-2015\/#primaryimage"},"image":{"@id":"https:\/\/www.organisator.ch\/en\/product\/organisator-ausgabe-3-2015\/#primaryimage"},"thumbnailUrl":"https:\/\/www.organisator.ch\/wp-content\/uploads\/2021\/07\/organisator_2015_3.png","datePublished":"2021-07-21T08:35:27+00:00","dateModified":"2021-11-09T17:21:53+00:00","description":"Ricevi la rivista specializzata in lingua tedesca \"organisator\" nel numero 3\/2015 di Organisator come download in formato PDF con il seguente indice:","breadcrumb":{"@id":"https:\/\/www.organisator.ch\/en\/product\/organisator-ausgabe-3-2015\/#breadcrumb"},"inLanguage":"it-IT","potentialAction":[{"@type":"ReadAction","target":["https:\/\/www.organisator.ch\/en\/product\/organisator-ausgabe-3-2015\/"]}]},{"@type":"ImageObject","inLanguage":"it-IT","@id":"https:\/\/www.organisator.ch\/en\/product\/organisator-ausgabe-3-2015\/#primaryimage","url":"https:\/\/www.organisator.ch\/wp-content\/uploads\/2021\/07\/organisator_2015_3.png","contentUrl":"https:\/\/www.organisator.ch\/wp-content\/uploads\/2021\/07\/organisator_2015_3.png","width":654,"height":370},{"@type":"BreadcrumbList","@id":"https:\/\/www.organisator.ch\/en\/product\/organisator-ausgabe-3-2015\/#breadcrumb","itemListElement":[{"@type":"ListItem","position":1,"name":"Home","item":"https:\/\/www.organisator.ch\/"},{"@type":"ListItem","position":2,"name":"Shop","item":"https:\/\/www.organisator.ch\/fr\/shop\/"},{"@type":"ListItem","position":3,"name":"Organisator Ausgabe 3\/2015"}]},{"@type":"WebSite","@id":"https:\/\/www.organisator.ch\/#website","url":"https:\/\/www.organisator.ch\/","name":"Organizzatore","description":"Competente. Pratico. In 10 numeri all'anno, ORGANISATOR presenta i temi essenziali per i manager delle PMI.","publisher":{"@id":"https:\/\/www.organisator.ch\/#organization"},"potentialAction":[{"@type":"SearchAction","target":{"@type":"EntryPoint","urlTemplate":"https:\/\/www.organisator.ch\/?s={search_term_string}"},"query-input":{"@type":"PropertyValueSpecification","valueRequired":true,"valueName":"search_term_string"}}],"inLanguage":"it-IT"},{"@type":"Organization","@id":"https:\/\/www.organisator.ch\/#organization","name":"Organizzatore","url":"https:\/\/www.organisator.ch\/","logo":{"@type":"ImageObject","inLanguage":"it-IT","@id":"https:\/\/www.organisator.ch\/#\/schema\/logo\/image\/","url":"https:\/\/www.organisator.ch\/wp-content\/uploads\/2022\/01\/Logo_Organisator_Website.png","contentUrl":"https:\/\/www.organisator.ch\/wp-content\/uploads\/2022\/01\/Logo_Organisator_Website.png","width":800,"height":77,"caption":"Organisator"},"image":{"@id":"https:\/\/www.organisator.ch\/#\/schema\/logo\/image\/"},"sameAs":["https:\/\/www.facebook.com\/OrganisatorFachmagazin","https:\/\/www.linkedin.com\/showcase\/organisator-das-magazin-fr-kmu","https:\/\/www.xing.com\/news\/pages\/organisator-ch-695","https:\/\/www.youtube.com\/channel\/UCGP2Sq0iWaZwT3BdIAQFYpw"]}]}},"_links":{"self":[{"href":"https:\/\/www.organisator.ch\/it\/wp-json\/wp\/v2\/product\/6038","targetHints":{"allow":["GET"]}}],"collection":[{"href":"https:\/\/www.organisator.ch\/it\/wp-json\/wp\/v2\/product"}],"about":[{"href":"https:\/\/www.organisator.ch\/it\/wp-json\/wp\/v2\/types\/product"}],"wp:featuredmedia":[{"embeddable":true,"href":"https:\/\/www.organisator.ch\/it\/wp-json\/wp\/v2\/media\/6068"}],"wp:attachment":[{"href":"https:\/\/www.organisator.ch\/it\/wp-json\/wp\/v2\/media?parent=6038"}],"wp:term":[{"taxonomy":"product_brand","embeddable":true,"href":"https:\/\/www.organisator.ch\/it\/wp-json\/wp\/v2\/product_brand?post=6038"},{"taxonomy":"product_cat","embeddable":true,"href":"https:\/\/www.organisator.ch\/it\/wp-json\/wp\/v2\/product_cat?post=6038"},{"taxonomy":"product_tag","embeddable":true,"href":"https:\/\/www.organisator.ch\/it\/wp-json\/wp\/v2\/product_tag?post=6038"}],"curies":[{"name":"wp","href":"https:\/\/api.w.org\/{rel}","templated":true}]}}